{"id":1073,"date":"2020-05-05T21:28:28","date_gmt":"2020-05-05T19:28:28","guid":{"rendered":"https:\/\/rapportannuelswde.be\/2020\/?page_id=1073"},"modified":"2021-07-22T09:31:11","modified_gmt":"2021-07-22T07:31:11","slug":"actions-et-bilan-2","status":"publish","type":"page","link":"https:\/\/rapportannuelswde.be\/2020\/actions-et-bilan-2\/","title":{"rendered":"Actions et bilan-2-S\u00e9curiser l\u2019approvisionnement en eau"},"content":{"rendered":"<p>[et_pb_section fb_built=&#8221;1&#8243; admin_label=&#8221;en BREF&#8221; _builder_version=&#8221;4.4.3&#8243; background_color=&#8221;#dbedf4&#8243; use_background_color_gradient=&#8221;on&#8221; background_color_gradient_start=&#8221;#dceef5&#8243; background_color_gradient_end=&#8221;#b0e9f4&#8243; background_enable_image=&#8221;off&#8221; background_position=&#8221;top_center&#8221; custom_padding=&#8221;0px||10vw||false|false&#8221; bottom_divider_style=&#8221;slant&#8221; bottom_divider_color=&#8221;#FFFFFF&#8221; bottom_divider_height=&#8221;250px&#8221; bottom_divider_flip=&#8221;horizontal&#8221; animation_direction=&#8221;top&#8221; collapsed=&#8221;off&#8221;][et_pb_row custom_padding_last_edited=&#8221;on|phone&#8221; _builder_version=&#8221;4.4.4&#8243; background_enable_color=&#8221;off&#8221; background_image=&#8221;https:\/\/rapportannuelswde.be\/2020\/wp-content\/uploads\/2020\/05\/home-bilan-logo.svg&#8221; background_size=&#8221;contain&#8221; width=&#8221;100%&#8221; module_alignment=&#8221;center&#8221; custom_padding=&#8221;0%||0px||false|false&#8221; custom_padding_tablet=&#8221;&#8221; custom_padding_phone=&#8221;10%||20%||false|false&#8221; locked=&#8221;off&#8221;][et_pb_column type=&#8221;4_4&#8243; _builder_version=&#8221;3.25&#8243; custom_padding=&#8221;60px|||&#8221; custom_padding_tablet=&#8221;0px|||&#8221; custom_padding_phone=&#8221;&#8221; custom_padding_last_edited=&#8221;on|tablet&#8221; padding_tablet=&#8221;0px|||&#8221; padding_last_edited=&#8221;on|tablet&#8221; custom_padding__hover=&#8221;|||&#8221;][et_pb_image src=&#8221;https:\/\/rapportannuelswde.be\/2020\/wp-content\/uploads\/2020\/05\/home-loupe.svg&#8221; title_text=&#8221;home-loupe&#8221; align=&#8221;right&#8221; _builder_version=&#8221;4.4.4&#8243; transform_translate=&#8221;0vw|0px&#8221; transform_translate_linked=&#8221;off&#8221; width=&#8221;22%&#8221; custom_margin=&#8221;|10vw|-5vw||false|false&#8221; custom_padding=&#8221;||||false|false&#8221; scroll_vertical_motion_enable=&#8221;on&#8221; scroll_vertical_motion=&#8221;0|50|50|100|1|0|-0.5&#8243; scroll_horizontal_motion_enable=&#8221;on&#8221; scroll_horizontal_motion=&#8221;0|50|50|100|0|0|0.5&#8243; motion_trigger_start=&#8221;bottom&#8221;][\/et_pb_image][et_pb_text _builder_version=&#8221;4.4.4&#8243; header_font=&#8221;||||||||&#8221; header_text_align=&#8221;left&#8221; header_text_color=&#8221;#154455&#8243; header_font_size=&#8221;140px&#8221; header_2_text_color=&#8221;#154455&#8243; header_2_font_size=&#8221;70px&#8221; header_3_text_color=&#8221;#154455&#8243; header_3_font_size=&#8221;35px&#8221; scroll_horizontal_motion_enable=&#8221;on&#8221; scroll_horizontal_motion=&#8221;0|50|50|100|0|0|-0.2&#8243; scroll_scaling=&#8221;0|50|50|100|85%|100|110%&#8221; scroll_blur_enable=&#8221;on&#8221; scroll_blur=&#8221;0|33|67|100|0px|0px|3px&#8221; motion_trigger_start=&#8221;bottom&#8221; header_font_size_tablet=&#8221;&#8221; header_font_size_phone=&#8221;60px&#8221; header_font_size_last_edited=&#8221;on|phone&#8221; header_3_font_size_tablet=&#8221;&#8221; header_3_font_size_phone=&#8221;30px&#8221; header_3_font_size_last_edited=&#8221;on|phone&#8221;]<\/p>\n<h3 style=\"padding-left: 20%;\">Nos<\/h3>\n<h1 style=\"padding-left: 14%;\">Actions<\/h1>\n<h3 style=\"padding-left: 28%;\">et le bilan 2020<\/h3>\n<p>[\/et_pb_text][et_pb_image src=&#8221;https:\/\/rapportannuelswde.be\/2020\/wp-content\/uploads\/2021\/05\/home-2021-c.svg&#8221; title_text=&#8221;home-2021-c&#8221; _builder_version=&#8221;4.9.4&#8243; width=&#8221;17%&#8221; custom_margin=&#8221;-9%|||5vw|false|false&#8221; scroll_vertical_motion_enable=&#8221;on&#8221; scroll_vertical_motion=&#8221;0|50|50|100|-1|0|1&#8243; scroll_horizontal_motion=&#8221;0|50|50|100|-0.5|0|0.5&#8243; motion_trigger_start=&#8221;top&#8221;][\/et_pb_image][\/et_pb_column][\/et_pb_row][et_pb_row column_structure=&#8221;1_4,3_4&#8243; admin_label=&#8221;BTN&#8221; _builder_version=&#8221;4.4.3&#8243; width=&#8221;100%&#8221; custom_padding=&#8221;0px||0px|||&#8221;][et_pb_column type=&#8221;1_4&#8243; _builder_version=&#8221;4.4.3&#8243;][\/et_pb_column][et_pb_column type=&#8221;3_4&#8243; _builder_version=&#8221;4.4.3&#8243; custom_padding=&#8221;||||false|false&#8221;][et_pb_button button_url=&#8221;https:\/\/rapportannuelswde.be\/2020\/actions-et-bilan-1\/#maitriser-le-prix-de-leau&#8221; button_text=&#8221;Ma\u00eetriser le prix de l&#8217;eau&#8221; button_alignment=&#8221;left&#8221; _builder_version=&#8221;4.4.4&#8243; button_text_size=&#8221;18px&#8221; button_bg_color=&#8221;#ffffff&#8221; button_font=&#8221;ISIDORA &#8211; SEMIBOLD-https||||||||&#8221; button_use_icon=&#8221;on&#8221; button_icon_color=&#8221;#eb9e2b&#8221; custom_margin=&#8221;-80px||10px||false|false&#8221; custom_margin_tablet=&#8221;&#8221; custom_margin_phone=&#8221;-50px||10px||false|false&#8221; custom_margin_last_edited=&#8221;on|phone&#8221; button_text_color__hover_enabled=&#8221;on|desktop&#8221; button_text_color__hover=&#8221;#eb9e2b&#8221;][\/et_pb_button][et_pb_button button_url=&#8221;#securiser-lapprovisionnement-en-eau&#8221; button_text=&#8221;S\u00e9curiser l&#8217;approvisionnement en eau&#8221; button_alignment=&#8221;left&#8221; _builder_version=&#8221;4.4.4&#8243; button_text_size=&#8221;22px&#8221; button_text_color=&#8221;#154455&#8243; button_bg_color=&#8221;#ffffff&#8221; button_font=&#8221;ISIDORA &#8211; BOLD -ALT||||||||&#8221; custom_margin=&#8221;||10px|-20px|false|false&#8221; button_text_color__hover_enabled=&#8221;off|desktop&#8221; button_bg_color__hover_enabled=&#8221;on|hover&#8221; button_bg_color__hover=&#8221;#ffffff&#8221; button_text_color__hover=&#8221;#eb9e2b&#8221;][\/et_pb_button][et_pb_button button_url=&#8221;https:\/\/rapportannuelswde.be\/2020\/actions-et-bilan-3\/#garantir-la-qualit\u00e9-de-l-eau&#8221; button_text=&#8221;Garantir la qualit\u00e9 de l&#8217;eau&#8221; button_alignment=&#8221;left&#8221; _builder_version=&#8221;4.4.4&#8243; button_text_size=&#8221;18px&#8221; button_bg_color=&#8221;#ffffff&#8221; button_font=&#8221;ISIDORA &#8211; SEMIBOLD-https||||||||&#8221; button_use_icon=&#8221;on&#8221; button_icon_color=&#8221;#eb9e2b&#8221; custom_margin=&#8221;0px||10px||false|false&#8221; button_text_color__hover=&#8221;#eb9e2b&#8221; button_text_color__hover_enabled=&#8221;on|desktop&#8221;][\/et_pb_button][et_pb_button button_url=&#8221;https:\/\/rapportannuelswde.be\/2020\/actions-et-bilan-4\/#garantir-une-offre-de-service-optimal-aux-clients&#8221; button_text=&#8221;Garantir une offre de service optimal aux clients&#8221; button_alignment=&#8221;left&#8221; _builder_version=&#8221;4.9.4&#8243; button_text_size=&#8221;18px&#8221; button_bg_color=&#8221;#ffffff&#8221; button_font=&#8221;ISIDORA &#8211; SEMIBOLD-https||||||||&#8221; button_use_icon=&#8221;on&#8221; button_icon_color=&#8221;#eb9e2b&#8221; custom_margin=&#8221;0px||10px||false|false&#8221; button_text_color__hover=&#8221;#eb9e2b&#8221; button_text_color__hover_enabled=&#8221;on|desktop&#8221;][\/et_pb_button][et_pb_button button_url=&#8221;https:\/\/rapportannuelswde.be\/2020\/actions-et-bilan-5\/#contribuer-au-developpement-durable&#8221; button_text=&#8221;Contribuer au d\u00e9veloppement durable&#8221; button_alignment=&#8221;left&#8221; admin_label=&#8221;gouvernace de leau&#8221; _builder_version=&#8221;4.4.4&#8243; button_text_size=&#8221;18px&#8221; button_bg_color=&#8221;#ffffff&#8221; button_font=&#8221;ISIDORA &#8211; SEMIBOLD-https||||||||&#8221; button_use_icon=&#8221;on&#8221; button_icon_color=&#8221;#eb9e2b&#8221; custom_margin=&#8221;0px||10px||false|false&#8221; button_text_color__hover=&#8221;#eb9e2b&#8221; button_text_color__hover_enabled=&#8221;on|desktop&#8221;][\/et_pb_button][et_pb_button button_url=&#8221;https:\/\/rapportannuelswde.be\/2020\/actions-et-bilan-6\/#dynamiser-les-ressources-humaines&#8221; button_text=&#8221;Dynamiser les ressources humaines&#8221; button_alignment=&#8221;left&#8221; admin_label=&#8221;gouvernace de leau&#8221; _builder_version=&#8221;4.4.4&#8243; button_text_size=&#8221;18px&#8221; button_bg_color=&#8221;#ffffff&#8221; button_font=&#8221;ISIDORA &#8211; SEMIBOLD-https||||||||&#8221; button_use_icon=&#8221;on&#8221; button_icon_color=&#8221;#eb9e2b&#8221; custom_margin=&#8221;0px||10px||false|false&#8221; locked=&#8221;off&#8221; button_text_color__hover=&#8221;#eb9e2b&#8221; button_text_color__hover_enabled=&#8221;on|desktop&#8221; button_bg_color__hover_enabled=&#8221;on|hover&#8221; button_bg_color__hover=&#8221;#FFFFFF&#8221; button_bg_enable_color__hover=&#8221;on&#8221;][\/et_pb_button][et_pb_button button_url=&#8221;https:\/\/rapportannuelswde.be\/2020\/actions-et-bilan-7\/#renforcer-la-gouvernance-de-leau&#8221; button_text=&#8221;Renforcer la gouvernance de l&#8217;eau&#8221; button_alignment=&#8221;left&#8221; admin_label=&#8221;gouvernace de leau&#8221; _builder_version=&#8221;4.4.4&#8243; button_text_size=&#8221;18px&#8221; button_bg_color=&#8221;#ffffff&#8221; button_font=&#8221;ISIDORA &#8211; SEMIBOLD-https||||||||&#8221; button_use_icon=&#8221;on&#8221; button_icon_color=&#8221;#eb9e2b&#8221; custom_margin=&#8221;0px||10px||false|false&#8221; locked=&#8221;off&#8221; button_text_color__hover=&#8221;#eb9e2b&#8221; button_text_color__hover_enabled=&#8221;on|desktop&#8221; button_bg_color__hover_enabled=&#8221;on|hover&#8221; button_bg_color__hover=&#8221;#FFFFFF&#8221; button_bg_enable_color__hover=&#8221;on&#8221;][\/et_pb_button][\/et_pb_column][\/et_pb_row][\/et_pb_section][et_pb_section fb_built=&#8221;1&#8243; admin_label=&#8221;nappes &#8211; 1&#8243; module_id=&#8221;securiser-lapprovisionnement-en-eau&#8221; _builder_version=&#8221;4.4.4&#8243; custom_padding=&#8221;||||false|false&#8221; bottom_divider_color=&#8221;#dceef5&#8243; collapsed=&#8221;off&#8221;][et_pb_row column_structure=&#8221;1_4,3_4&#8243; use_custom_gutter=&#8221;on&#8221; gutter_width=&#8221;1&#8243; admin_label=&#8221;1&#8243; _builder_version=&#8221;4.9.4&#8243; width_tablet=&#8221;&#8221; width_phone=&#8221;90%&#8221; width_last_edited=&#8221;on|phone&#8221; max_width=&#8221;1280px&#8221; custom_margin=&#8221;-125px||0px||false|false&#8221; custom_margin_tablet=&#8221;-50px||100px||false|false&#8221; custom_margin_phone=&#8221;50px||||false|false&#8221; custom_margin_last_edited=&#8221;on|desktop&#8221; custom_padding=&#8221;0px||0px||false|false&#8221; locked=&#8221;off&#8221;][et_pb_column type=&#8221;1_4&#8243; _builder_version=&#8221;4.4.3&#8243;][\/et_pb_column][et_pb_column type=&#8221;3_4&#8243; _builder_version=&#8221;4.4.3&#8243;][et_pb_image src=&#8221;https:\/\/rapportannuelswde.be\/2020\/wp-content\/uploads\/2020\/04\/forme-08.svg&#8221; title_text=&#8221;forme-08&#8243; admin_label=&#8221;shape&#8221; _builder_version=&#8221;4.9.4&#8243; background_enable_color=&#8221;off&#8221; transform_translate=&#8221;-40px|0px&#8221; transform_translate_linked=&#8221;off&#8221; width=&#8221;40%&#8221; module_alignment=&#8221;right&#8221; custom_margin=&#8221;||-270px||false|false&#8221; custom_padding=&#8221;||||false|false&#8221; animation_style=&#8221;slide&#8221; animation_direction=&#8221;bottom&#8221; animation_intensity_slide=&#8221;20%&#8221; scroll_vertical_motion_enable=&#8221;on&#8221; scroll_vertical_motion=&#8221;0|50|50|100|2|0|-0.5&#8243; scroll_fade_enable=&#8221;on&#8221; scroll_fade=&#8221;0|50|50|100|100%|50%|0%&#8221; motion_trigger_start=&#8221;top&#8221; always_center_on_mobile=&#8221;off&#8221;][\/et_pb_image][et_pb_text _builder_version=&#8221;4.9.4&#8243; header_font=&#8221;ISIDORA &#8211; BOLD -ALT||||||||&#8221; header_font_size=&#8221;40px&#8221; header_2_font=&#8221;ISIDORA &#8211; BOLD -ALT||||||||&#8221; header_2_text_color=&#8221;#154455&#8243; header_2_font_size=&#8221;30px&#8221; header_2_line_height=&#8221;1.2em&#8221; header_3_font=&#8221;ISIDORA &#8211; SEMIBOLD-https||||||||&#8221; header_3_text_align=&#8221;left&#8221; header_3_text_color=&#8221;#154455&#8243; header_3_font_size=&#8221;18px&#8221; header_3_line_height=&#8221;1.3em&#8221; header_4_font=&#8221;ISIDORA &#8211; SEMIBOLD-https||||||||&#8221; header_4_text_color=&#8221;#eb9e2b&#8221; custom_margin=&#8221;||||false|false&#8221; custom_padding=&#8221;15px|||30px|false|false&#8221; custom_padding_tablet=&#8221;&#8221; custom_padding_phone=&#8221;|25px||25px|false|false&#8221; custom_padding_last_edited=&#8221;on|tablet&#8221; header_3_font_size_tablet=&#8221;15px&#8221; header_3_font_size_phone=&#8221;15px&#8221; header_3_font_size_last_edited=&#8221;on|phone&#8221; border_width_left=&#8221;6px&#8221; border_color_left=&#8221;#F7C753&#8243; border_style_left=&#8221;dotted&#8221;]<\/p>\n<h3>Dans un monde changeant (s\u00e9cheresse, augmentation de la population, \u00e9volution de la demande des entreprises, etc.), la SWDE adapte son r\u00e9seau pour garantir l\u2019acc\u00e8s a\u0300 une eau de qualit\u00e9 a\u0300 un maximum de citoyens 12 mois sur 12. La SWDE poursuit la mise en \u0153uvre de l\u2019interconnexion des r\u00e9seaux de l\u2019ensemble du territoire wallon avec les sites pr\u00e9sentant les plus grandes capacit\u00e9s de production.<\/h3>\n<p>[\/et_pb_text][\/et_pb_column][\/et_pb_row][et_pb_row use_custom_gutter=&#8221;on&#8221; gutter_width=&#8221;1&#8243; admin_label=&#8221;1&#8243; _builder_version=&#8221;4.4.4&#8243; max_width=&#8221;1280px&#8221;][et_pb_column type=&#8221;4_4&#8243; _builder_version=&#8221;4.4.3&#8243;][et_pb_image src=&#8221;https:\/\/rapportannuelswde.be\/2020\/wp-content\/uploads\/2020\/04\/forme-12.svg&#8221; admin_label=&#8221;shape&#8221; _builder_version=&#8221;4.4.3&#8243; background_enable_color=&#8221;off&#8221; transform_translate=&#8221;-40px|0px&#8221; transform_translate_linked=&#8221;off&#8221; width=&#8221;20%&#8221; module_alignment=&#8221;left&#8221; custom_margin=&#8221;||-150px||false|false&#8221; custom_padding=&#8221;||||false|false&#8221; animation_style=&#8221;slide&#8221; animation_direction=&#8221;bottom&#8221; animation_intensity_slide=&#8221;20%&#8221; scroll_vertical_motion_enable=&#8221;on&#8221; scroll_vertical_motion=&#8221;0|50|50|100|1|0|-0.5&#8243; always_center_on_mobile=&#8221;off&#8221;][\/et_pb_image][et_pb_text admin_label=&#8221;1 LA SWDE&#8221; _builder_version=&#8221;4.4.3&#8243; header_font=&#8221;ISIDORA &#8211; BOLD -ALT||||||||&#8221; header_text_color=&#8221;#008fc3&#8243; header_font_size=&#8221;55px&#8221; header_2_font=&#8221;ISIDORA &#8211; BOLD -ALT||||||||&#8221; header_2_text_color=&#8221;#154455&#8243; header_2_font_size=&#8221;50px&#8221; header_3_font=&#8221;ISIDORA &#8211; SEMIBOLD-https|||on|||||&#8221; header_3_text_color=&#8221;#eb9e2b&#8221; header_3_font_size=&#8221;15px&#8221; header_4_font=&#8221;ISIDORA &#8211; SEMIBOLD-https||||||||&#8221; header_4_text_color=&#8221;#eb9e2b&#8221; custom_margin=&#8221;||10px||false|false&#8221;]<\/p>\n<h1 style=\"padding-left: 20px;\">2<\/h1>\n<h2>S\u00e9curiser <br \/>l&#8217;approvisionnement en eau<\/h2>\n<p>[\/et_pb_text][et_pb_divider color=&#8221;#29b6c1&#8243; divider_weight=&#8221;9px&#8221; _builder_version=&#8221;4.4.3&#8243; width=&#8221;70px&#8221; module_alignment=&#8221;left&#8221;][\/et_pb_divider][\/et_pb_column][\/et_pb_row][et_pb_row column_structure=&#8221;1_4,1_2,1_4&#8243; admin_label=&#8221;1&#8243; _builder_version=&#8221;4.4.4&#8243; background_enable_color=&#8221;off&#8221; width=&#8221;100%&#8221; custom_padding=&#8221;0px|||||&#8221;][et_pb_column type=&#8221;1_4&#8243; _builder_version=&#8221;4.4.3&#8243;][\/et_pb_column][et_pb_column type=&#8221;1_2&#8243; _builder_version=&#8221;4.4.3&#8243;][et_pb_toggle title=&#8221;L&#8217;\u00e9tat de la ressource en eau&#8221; open_toggle_text_color=&#8221;#154455&#8243; open_toggle_background_color=&#8221;rgba(0,0,0,0)&#8221; closed_toggle_background_color=&#8221;rgba(0,0,0,0)&#8221; icon_color=&#8221;#29b6c1&#8243; _builder_version=&#8221;4.9.4&#8243; title_text_color=&#8221;#154455&#8243; title_level=&#8221;h4&#8243; title_font=&#8221;ISIDORA &#8211; BOLD -ALT||||||||&#8221; body_line_height=&#8221;1em&#8221; body_link_font=&#8221;ISIDORA &#8211; SEMIBOLD-https||||||||&#8221; body_link_text_color=&#8221;#eb9e2b&#8221; body_link_font_size=&#8221;16px&#8221; custom_margin=&#8221;||||false|false&#8221; title_text_color_last_edited=&#8221;off|desktop&#8221; border_width_all=&#8221;0px&#8221; body_link_text_color__hover_enabled=&#8221;on|desktop&#8221; body_link_text_color__hover=&#8221;#f7c753&#8243; title_text_color__hover_enabled=&#8221;on|hover&#8221; title_text_color__hover=&#8221;#008fc3&#8243;]<\/p>\n<p style=\"padding-left: 30px;\"><a href=\"#le-bilan-climatologique\">Le bilan climatologique<\/a><\/p>\n<p style=\"padding-left: 30px;\"><a href=\"#la-ressource\">La ressource<\/a><\/p>\n<p style=\"padding-left: 30px;\"><a href=\"#la-recharge-des-nappes-et-des-barrages\">La recharge des nappes et des barrages<\/a><\/p>\n<p style=\"padding-left: 30px;\"><a href=\"#les-impacts-de-la-secheresse\">Les impacts de la s\u00e9cheresse<\/a><\/p>\n<p>[\/et_pb_toggle][et_pb_toggle title=&#8221;Le Sch\u00e9ma r\u00e9gional des ressources en eau&#8221; open_toggle_text_color=&#8221;#154455&#8243; open_toggle_background_color=&#8221;rgba(0,0,0,0)&#8221; closed_toggle_background_color=&#8221;rgba(0,0,0,0)&#8221; icon_color=&#8221;#29b6c1&#8243; _builder_version=&#8221;4.9.4&#8243; title_text_color=&#8221;#154455&#8243; title_level=&#8221;h4&#8243; title_font=&#8221;ISIDORA &#8211; BOLD -ALT||||||||&#8221; body_line_height=&#8221;1em&#8221; body_link_font=&#8221;ISIDORA &#8211; SEMIBOLD-https||||||||&#8221; body_link_text_color=&#8221;#eb9e2b&#8221; body_link_font_size=&#8221;16px&#8221; custom_margin=&#8221;-60px||||false|false&#8221; border_width_all=&#8221;0px&#8221; body_link_text_color__hover_enabled=&#8221;on|desktop&#8221; body_link_text_color__hover=&#8221;#f7c753&#8243; title_text_color__hover_enabled=&#8221;on|hover&#8221; title_text_color__hover=&#8221;#008fc3&#8243;]<\/p>\n<p style=\"padding-left: 30px;\"><a href=\"#le-constat\">Le constat<\/a><\/p>\n<p style=\"padding-left: 30px;\"><a href=\"#la-solution-et-les-benefices\">La solution et les b\u00e9n\u00e9fices<\/a><\/p>\n<p style=\"padding-left: 30px;\"><a href=\"#les-moyens\">Les moyens<\/a><\/p>\n<p style=\"padding-left: 30px;\"><a href=\"#les-grands-chantiers\">Les grands chantiers<\/a><\/p>\n<p style=\"padding-left: 30px;\"><a href=\"#l-importance-des-synergies\">L&#8217;importance des synergies<\/a><\/p>\n<p style=\"padding-left: 30px;\"><a href=\"#le-schema-regional-des-ressources-en-eau-2-0\">Le sch\u00e9ma R\u00e9gional des Ressources en eau 2.0<\/a><\/p>\n<p>[\/et_pb_toggle][\/et_pb_column][et_pb_column type=&#8221;1_4&#8243; _builder_version=&#8221;4.4.3&#8243;][\/et_pb_column][\/et_pb_row][et_pb_row column_structure=&#8221;2_3,1_3&#8243; _builder_version=&#8221;4.9.4&#8243; max_width=&#8221;1280px&#8221; custom_margin=&#8221;60px||||false|false&#8221; custom_padding=&#8221;||0px||false|false&#8221; collapsed=&#8221;off&#8221;][et_pb_column type=&#8221;2_3&#8243; _builder_version=&#8221;4.4.3&#8243;][et_pb_text _builder_version=&#8221;4.4.4&#8243; header_font=&#8221;ISIDORA &#8211; BOLD -ALT||||||||&#8221; header_font_size=&#8221;40px&#8221; header_2_font=&#8221;ISIDORA &#8211; BOLD -ALT||||||||&#8221; header_2_text_color=&#8221;#154455&#8243; header_2_font_size=&#8221;30px&#8221; header_2_line_height=&#8221;1.2em&#8221; header_3_font=&#8221;ISIDORA &#8211; BOLD -ALT||||||||&#8221; header_4_font=&#8221;ISIDORA &#8211; SEMIBOLD-https||||||||&#8221; header_4_text_color=&#8221;#eb9e2b&#8221; custom_margin=&#8221;||10px||false|false&#8221; custom_padding=&#8221;|||30px|false|false&#8221; custom_padding_tablet=&#8221;&#8221; custom_padding_phone=&#8221;|||0px|false|false&#8221; custom_padding_last_edited=&#8221;on|phone&#8221; locked=&#8221;off&#8221;]<\/p>\n<h2>L&#8217;\u00e9tat <br \/>de la ressource en eau<\/h2>\n<p>[\/et_pb_text][et_pb_divider color=&#8221;#29b6c1&#8243; divider_weight=&#8221;7px&#8221; _builder_version=&#8221;4.4.3&#8243; max_width=&#8221;60px&#8221; custom_margin=&#8221;||20px|30px|false|false&#8221; global_module=&#8221;162&#8243; saved_tabs=&#8221;all&#8221;][\/et_pb_divider][et_pb_text _builder_version=&#8221;4.9.4&#8243; header_font=&#8221;ISIDORA &#8211; BOLD -ALT||||||||&#8221; header_font_size=&#8221;40px&#8221; header_2_font=&#8221;ISIDORA &#8211; BOLD -ALT||||||||&#8221; header_2_font_size=&#8221;30px&#8221; header_3_font=&#8221;ISIDORA &#8211; BOLD -ALT||||||||&#8221; header_4_font=&#8221;ISIDORA &#8211; SEMIBOLD-https||||||||&#8221; header_4_text_color=&#8221;#eb9e2b&#8221; background_enable_color=&#8221;off&#8221; custom_padding=&#8221;|||30px|false|false&#8221; custom_padding_tablet=&#8221;&#8221; custom_padding_phone=&#8221;|||0px|false|false&#8221; custom_padding_last_edited=&#8221;on|phone&#8221;]Les trois ann\u00e9es pr\u00e9c\u00e9dant 2020 ont \u00e9t\u00e9 marqu\u00e9es par des valeurs de pr\u00e9cipitations exceptionnellement basses et\/ou de temp\u00e9ratures exceptionnellement \u00e9lev\u00e9es par rapport aux normales d\u00e9finies depuis 1981 (source\u00a0: IRM).[\/et_pb_text][\/et_pb_column][et_pb_column type=&#8221;1_3&#8243; _builder_version=&#8221;4.4.3&#8243;][\/et_pb_column][\/et_pb_row][et_pb_row module_id=&#8221;le-bilan-climatologique&#8221; _builder_version=&#8221;4.9.4&#8243; max_width=&#8221;1280px&#8221; custom_margin=&#8221;60px||||false|false&#8221; custom_margin_tablet=&#8221;&#8221; custom_margin_phone=&#8221;0px||||false|false&#8221; custom_margin_last_edited=&#8221;on|phone&#8221; custom_padding=&#8221;||||false|false&#8221; collapsed=&#8221;off&#8221;][et_pb_column type=&#8221;4_4&#8243; _builder_version=&#8221;4.4.3&#8243;][et_pb_text _builder_version=&#8221;4.4.4&#8243; header_font=&#8221;ISIDORA &#8211; BOLD -ALT||||||||&#8221; header_font_size=&#8221;40px&#8221; header_2_font=&#8221;ISIDORA &#8211; BOLD -ALT||||||||&#8221; header_2_font_size=&#8221;30px&#8221; header_3_font=&#8221;ISIDORA &#8211; BOLD -ALT||||||||&#8221; header_4_font=&#8221;ISIDORA &#8211; SEMIBOLD-https||||||||&#8221; header_4_text_color=&#8221;#eb9e2b&#8221; custom_margin=&#8221;||30px|||&#8221; custom_padding=&#8221;|||30px|false|false&#8221; custom_padding_tablet=&#8221;&#8221; custom_padding_phone=&#8221;|||0px|false|false&#8221; custom_padding_last_edited=&#8221;on|phone&#8221;]<\/p>\n<h4>Le bilan climatologique<\/h4>\n<p>[\/et_pb_text][et_pb_text _builder_version=&#8221;4.9.4&#8243; header_font=&#8221;ISIDORA &#8211; BOLD -ALT||||||||&#8221; header_font_size=&#8221;40px&#8221; header_2_font=&#8221;ISIDORA &#8211; BOLD -ALT||||||||&#8221; header_2_font_size=&#8221;30px&#8221; header_3_font=&#8221;ISIDORA &#8211; BOLD -ALT||||||||&#8221; header_4_font=&#8221;ISIDORA &#8211; SEMIBOLD-https||||||||&#8221; header_4_text_color=&#8221;#eb9e2b&#8221; background_enable_color=&#8221;off&#8221; custom_padding=&#8221;|||30px|false|false&#8221; custom_padding_tablet=&#8221;&#8221; custom_padding_phone=&#8221;|||0px|false|false&#8221; custom_padding_last_edited=&#8221;on|phone&#8221;]Le bilan de l\u2019ann\u00e9e 2020 traduit une ann\u00e9e chaude. Apr\u00e8s un d\u00e9but d\u2019ann\u00e9e marqu\u00e9 par un hiver tr\u00e8s doux, et des pr\u00e9cipitations \u00e9lev\u00e9es, la p\u00e9riode la plus critique a eu lieu aux mois d\u2019avril et mai qui ont \u00e9t\u00e9 extr\u00eamement secs. L\u2019\u00e9t\u00e9 a b\u00e9n\u00e9fici\u00e9 de pr\u00e9cipitations anormalement peu importantes, appuyant ainsi le d\u00e9ficit entam\u00e9 d\u00e8s le d\u00e9but du printemps. Les cons\u00e9quences ont \u00e9t\u00e9 ainsi multiples en Wallonie\u00a0: outre une s\u00e9cheresse m\u00e9t\u00e9orologique, se sont manifest\u00e9es des s\u00e9cheresses agricole (incidence sur les cultures) et hydrologique (incidence sur les r\u00e9serves en eau). <\/p>\n<p>La tendance s\u2019est ensuite doucement invers\u00e9e \u00e0 la fin de l\u2019\u00e9t\u00e9, marqu\u00e9 par un mois de septembre pluvieux (101,8 mm versus 68,9 mm). Mais l\u2019automne 2020 s\u2019est lui aussi av\u00e9r\u00e9 tr\u00e8s chaud, avec des pr\u00e9cipitations normales en octobre et d\u00e9cembre mais d\u00e9ficitaires en novembre. La situation, quoiqu\u2019am\u00e9lior\u00e9e par les pluies hivernales, n\u2019a pas permis d\u2019endiguer le manque g\u00e9n\u00e9ral en eau. Toutefois, les cons\u00e9quences restent moins alarmantes qu\u2019en 2018 (pluies totales de 650 mm). [\/et_pb_text][\/et_pb_column][\/et_pb_row][et_pb_row column_structure=&#8221;1_3,1_3,1_3&#8243; _builder_version=&#8221;4.4.4&#8243; max_width=&#8221;1280px&#8221; custom_margin=&#8221;-1px|auto||auto|false|false&#8221; custom_padding=&#8221;0px||0px|||&#8221; collapsed=&#8221;off&#8221;][et_pb_column type=&#8221;1_3&#8243; _builder_version=&#8221;4.4.3&#8243;][et_pb_cta title=&#8221;12,2\u00b0C&#8221; _builder_version=&#8221;4.9.10&#8243; header_text_align=&#8221;center&#8221; header_text_color=&#8221;#e16627&#8243; body_font=&#8221;|700|||||||&#8221; body_text_align=&#8221;center&#8221; body_text_color=&#8221;#eb9e2b&#8221; body_line_height=&#8221;1.4em&#8221; background_color=&#8221;rgba(247,199,83,0.1)&#8221; custom_margin=&#8221;||||false|false&#8221; custom_padding=&#8221;10px|10px|0px|10px|false|false&#8221;]<\/p>\n<p class=\"p1\"><span class=\"s1\">Temp\u00e9rature moyenne en 2020<br \/>(pour une normale de 10,3\u00b0C)<\/span><\/p>\n<p>[\/et_pb_cta][\/et_pb_column][et_pb_column type=&#8221;1_3&#8243; _builder_version=&#8221;4.4.3&#8243;][et_pb_cta title=&#8221;182&#8243; _builder_version=&#8221;4.4.4&#8243; header_text_align=&#8221;center&#8221; header_text_color=&#8221;#e16627&#8243; body_font=&#8221;|700|||||||&#8221; body_text_align=&#8221;center&#8221; body_text_color=&#8221;#eb9e2b&#8221; body_line_height=&#8221;1.4em&#8221; background_color=&#8221;rgba(247,199,83,0.1)&#8221; custom_margin=&#8221;||||false|false&#8221; custom_padding=&#8221;10px|10px|0px|10px|false|false&#8221;]<\/p>\n<p class=\"p1\"><span class=\"s1\">Nombre de jours de pr\u00e9cipitations <br \/>(pour une normale de 198,7 jours) <\/span><\/p>\n<p>[\/et_pb_cta][\/et_pb_column][et_pb_column type=&#8221;1_3&#8243; _builder_version=&#8221;4.4.4&#8243; background_enable_color=&#8221;off&#8221;][et_pb_cta title=&#8221;731,9 mm&#8221; _builder_version=&#8221;4.4.4&#8243; header_text_align=&#8221;center&#8221; header_text_color=&#8221;#e16627&#8243; body_font=&#8221;|700|||||||&#8221; body_text_align=&#8221;center&#8221; body_text_color=&#8221;#eb9e2b&#8221; body_line_height=&#8221;1.4em&#8221; background_color=&#8221;rgba(247,199,83,0.1)&#8221; custom_margin=&#8221;||||false|false&#8221; custom_padding=&#8221;10px|10px|0px|10px|false|false&#8221;]<\/p>\n<p class=\"p1\"><span class=\"s1\">Total des pr\u00e9cipitations <br \/>(pour une normale de 852,4 mm) <\/span><\/p>\n<p>[\/et_pb_cta][\/et_pb_column][\/et_pb_row][et_pb_row module_id=&#8221;la-ressource&#8221; _builder_version=&#8221;4.9.4&#8243; max_width=&#8221;1280px&#8221; custom_margin=&#8221;60px|auto||auto|false|false&#8221; custom_padding=&#8221;||1px||false|false&#8221; collapsed=&#8221;off&#8221;][et_pb_column type=&#8221;4_4&#8243; _builder_version=&#8221;4.4.3&#8243;][et_pb_text _builder_version=&#8221;4.9.4&#8243; header_font=&#8221;ISIDORA &#8211; BOLD -ALT||||||||&#8221; header_font_size=&#8221;40px&#8221; header_2_font=&#8221;ISIDORA &#8211; BOLD -ALT||||||||&#8221; header_2_font_size=&#8221;30px&#8221; header_3_font=&#8221;ISIDORA &#8211; BOLD -ALT||||||||&#8221; header_4_font=&#8221;ISIDORA &#8211; SEMIBOLD-https||||||||&#8221; header_4_text_color=&#8221;#eb9e2b&#8221; custom_padding=&#8221;|||30px|false|false&#8221; custom_padding_tablet=&#8221;&#8221; custom_padding_phone=&#8221;|||0px|false|false&#8221; custom_padding_last_edited=&#8221;on|phone&#8221;]<\/p>\n<h4>La ressource<\/h4>\n<p>[\/et_pb_text][\/et_pb_column][\/et_pb_row][et_pb_row column_structure=&#8221;1_3,1_3,1_3&#8243; _builder_version=&#8221;4.9.4&#8243; max_width=&#8221;1280px&#8221; custom_margin=&#8221;0px|auto||auto|false|false&#8221; custom_padding=&#8221;||1px||false|false&#8221; collapsed=&#8221;off&#8221;][et_pb_column type=&#8221;1_3&#8243; _builder_version=&#8221;4.9.4&#8243; scroll_horizontal_motion=&#8221;0|50|50|100|-2|-1|0&#8243;][et_pb_image src=&#8221;https:\/\/rapportannuelswde.be\/2020\/wp-content\/uploads\/2021\/05\/OPP-1655-Illus-La-Ressource-Nappes.jpg&#8221; title_text=&#8221;OPP-1655-Illus-La-Ressource-Nappes&#8221; _builder_version=&#8221;4.9.4&#8243; _module_preset=&#8221;default&#8221; scroll_horizontal_motion_enable=&#8221;on&#8221; scroll_horizontal_motion=&#8221;0|50|50|100|1|0|-1&#8243; scroll_horizontal_motion_tablet=&#8221;&#8221; scroll_horizontal_motion_phone=&#8221;0|50|50|100|0|0|0&#8243; scroll_horizontal_motion_last_edited=&#8221;on|tablet&#8221;][\/et_pb_image][et_pb_text _builder_version=&#8221;4.9.4&#8243; header_font=&#8221;ISIDORA &#8211; BOLD -ALT||||||||&#8221; header_font_size=&#8221;40px&#8221; header_2_font=&#8221;ISIDORA &#8211; BOLD -ALT||||||||&#8221; header_2_font_size=&#8221;30px&#8221; header_3_font=&#8221;ISIDORA &#8211; BOLD -ALT||||||||&#8221; header_4_font=&#8221;ISIDORA &#8211; SEMIBOLD-https||||||||&#8221; header_4_text_color=&#8221;#29B6C1&#8243; custom_margin=&#8221;60px||||false|false&#8221; custom_padding=&#8221;|||30px|false|false&#8221; custom_padding_tablet=&#8221;&#8221; custom_padding_phone=&#8221;|||0px|false|false&#8221; custom_padding_last_edited=&#8221;on|phone&#8221;]La majorit\u00e9 de l\u2019eau produite par la SWDE est issue de captages dans les nappes d\u2019eau souterraines. Ces eaux souterraines proviennent de l\u2019infiltration des eaux de pluie dans le sol.[\/et_pb_text][\/et_pb_column][et_pb_column type=&#8221;1_3&#8243; _builder_version=&#8221;4.9.4&#8243; scroll_horizontal_motion=&#8221;0|50|50|100|-1|-0.5|0&#8243;][et_pb_image src=&#8221;https:\/\/rapportannuelswde.be\/2020\/wp-content\/uploads\/2021\/05\/OPP-1655-Illus-La-Ressource-Barrages.jpg&#8221; title_text=&#8221;OPP-1655-Illus-La-Ressource-Barrages&#8221; _builder_version=&#8221;4.9.4&#8243; _module_preset=&#8221;default&#8221; scroll_horizontal_motion_enable=&#8221;on&#8221; scroll_horizontal_motion=&#8221;0|50|50|100|0.5|0|-1&#8243; scroll_horizontal_motion_tablet=&#8221;&#8221; scroll_horizontal_motion_phone=&#8221;0|50|50|100|0|0|0&#8243; scroll_horizontal_motion_last_edited=&#8221;on|tablet&#8221;][\/et_pb_image][et_pb_text _builder_version=&#8221;4.9.4&#8243; header_font=&#8221;ISIDORA &#8211; BOLD -ALT||||||||&#8221; header_font_size=&#8221;40px&#8221; header_2_font=&#8221;ISIDORA &#8211; BOLD -ALT||||||||&#8221; header_2_font_size=&#8221;30px&#8221; header_3_font=&#8221;ISIDORA &#8211; BOLD -ALT||||||||&#8221; header_4_font=&#8221;ISIDORA &#8211; SEMIBOLD-https||||||||&#8221; header_4_text_color=&#8221;#29B6C1&#8243; custom_margin=&#8221;60px||||false|false&#8221; custom_padding=&#8221;|||30px|false|false&#8221; custom_padding_tablet=&#8221;&#8221; custom_padding_phone=&#8221;|||0px|false|false&#8221; custom_padding_last_edited=&#8221;on|phone&#8221;]<\/p>\n<p class=\"p1\"><span class=\"s1\">Les eaux de surface pr\u00e9lev\u00e9es par la SWDE proviennent essentiellement des quatre grands barrages-r\u00e9servoirs de Wallonie : <\/span><\/p>\n<p><span style=\"color: #eb9e2b;\">\u2794 <\/span>le barrage de la Gileppe (\u00e0 Verviers)<br \/><span style=\"color: #eb9e2b;\">\u2794 <\/span>le barrage de la Vesdre (\u00e0 Eupen)<br \/><span style=\"color: #eb9e2b;\">\u2794 <\/span>le barrage de Nisramont (<span class=\"s1\">\u00e0 Houffalize et la Roche-en-Ardenne<\/span>)<br \/><span style=\"color: #eb9e2b;\">\u2794 <\/span>le barrage du Ry de Rome (\u00e0 Couvin)<\/p>\n<p>[\/et_pb_text][\/et_pb_column][et_pb_column type=&#8221;1_3&#8243; _builder_version=&#8221;4.9.4&#8243; _module_preset=&#8221;default&#8221; scroll_horizontal_motion=&#8221;0|50|50|100|-0.5|0.25|0&#8243;][et_pb_image src=&#8221;https:\/\/rapportannuelswde.be\/2020\/wp-content\/uploads\/2021\/05\/OPP-1655-Illus-La-Ressource-Carrieres.jpg&#8221; title_text=&#8221;OPP-1655-Illus-La-Ressource-Carrieres&#8221; _builder_version=&#8221;4.9.4&#8243; _module_preset=&#8221;default&#8221; scroll_horizontal_motion_enable=&#8221;on&#8221; scroll_horizontal_motion=&#8221;0|50|50|100|0|0|-0.5&#8243; scroll_horizontal_motion_tablet=&#8221;&#8221; scroll_horizontal_motion_phone=&#8221;0|50|50|100|0|0|0&#8243; scroll_horizontal_motion_last_edited=&#8221;on|phone&#8221;][\/et_pb_image][et_pb_text _builder_version=&#8221;4.9.10&#8243; header_font=&#8221;ISIDORA &#8211; BOLD -ALT||||||||&#8221; header_font_size=&#8221;40px&#8221; header_2_font=&#8221;ISIDORA &#8211; BOLD -ALT||||||||&#8221; header_2_font_size=&#8221;30px&#8221; header_3_font=&#8221;ISIDORA &#8211; BOLD -ALT||||||||&#8221; header_4_font=&#8221;ISIDORA &#8211; SEMIBOLD-https||||||||&#8221; header_4_text_color=&#8221;#29B6C1&#8243; custom_margin=&#8221;60px||||false|false&#8221; custom_padding=&#8221;|||30px|false|false&#8221; custom_padding_tablet=&#8221;&#8221; custom_padding_phone=&#8221;|||0px|false|false&#8221; custom_padding_last_edited=&#8221;on|phone&#8221;]<\/p>\n<p class=\"p1\"><span class=\"s1\"> En outre, soucieuse d\u2019une utilisation raisonn\u00e9e du potentiel disponible, la SWDE travaille en synergie avec les carriers pour valoriser les eaux d\u2019exhaure. Celles-ci repr\u00e9sentent 20% de l\u2019eau produite. Exploiter l\u2019eau des carri\u00e8res concilie le maintien d\u2019une activit\u00e9 \u00e9conomique avec les n\u00e9cessit\u00e9s d\u2019une gestion durable de la ressource. La SWDE exploite l\u2019eau d\u2019exhaure de carri\u00e8res situ\u00e9es \u00e0\u00a0: <\/span><\/p>\n<p><span style=\"color: #eb9e2b;\">\u2794 <\/span>Ecaussinnes<br \/>\n<span style=\"color: #eb9e2b;\">\u2794 <\/span>Florennes<br \/>\n<span style=\"color: #eb9e2b;\">\u2794 <\/span>Gaurain-Ramecroix<br \/>\n<span style=\"color: #eb9e2b;\">\u2794 <\/span>Soignies<br \/>\n<span style=\"color: #eb9e2b;\">\u2794 <\/span>Yves-Gomez\u00e9e[\/et_pb_text][\/et_pb_column][\/et_pb_row][et_pb_row column_structure=&#8221;1_3,2_3&#8243; module_id=&#8221;la-recharge-des-nappes-et-des-barrages&#8221; _builder_version=&#8221;4.9.4&#8243; max_width=&#8221;1280px&#8221; custom_margin=&#8221;60px|auto||auto|false|false&#8221; custom_padding=&#8221;||||false|false&#8221; collapsed=&#8221;off&#8221;][et_pb_column type=&#8221;1_3&#8243; _builder_version=&#8221;4.4.3&#8243;][\/et_pb_column][et_pb_column type=&#8221;2_3&#8243; _builder_version=&#8221;4.4.3&#8243;][et_pb_text _builder_version=&#8221;4.9.4&#8243; header_font=&#8221;ISIDORA &#8211; BOLD -ALT||||||||&#8221; header_font_size=&#8221;40px&#8221; header_2_font=&#8221;ISIDORA &#8211; BOLD -ALT||||||||&#8221; header_2_font_size=&#8221;30px&#8221; header_3_font=&#8221;ISIDORA &#8211; BOLD -ALT||||||||&#8221; header_4_font=&#8221;ISIDORA &#8211; SEMIBOLD-https||||||||&#8221; header_4_text_color=&#8221;#eb9e2b&#8221; header_6_font=&#8221;||||||||&#8221; header_6_text_color=&#8221;#29b6c1&#8243; header_6_line_height=&#8221;1.7em&#8221; custom_margin=&#8221;||0px||false|false&#8221; custom_padding=&#8221;|||30px|false|false&#8221; custom_padding_tablet=&#8221;&#8221; custom_padding_phone=&#8221;|||0px|false|false&#8221; custom_padding_last_edited=&#8221;on|phone&#8221;]<\/p>\n<h4>La recharge des nappes et des barrages<\/h4>\n<h5>\u00c9volution des niveaux pi\u00e9zom\u00e9triques<\/h5>\n<p> Globalement, la diminution des niveaux des nappes, entam\u00e9e depuis le d\u00e9but de la s\u00e9cheresse, s\u2019est poursuivie en automne, sans que les pr\u00e9cipitations n\u2019engendrent de recharge perceptible. Les pr\u00e9cipitations du mois de d\u00e9cembre ont commenc\u00e9 \u00e0 inverser les tendances, entre autres dans les calcaires du sud du Condroz (station 7 dans le sch\u00e9ma), dans les craies du bassin de la Haine (4), dans les sables bruxelliens (10) et dans les gr\u00e8s du Luxembourg (9), o\u00f9 les niveaux redeviennent saisonniers.<\/p>\n<p>Quoique toujours sous les normes saisonni\u00e8res, les niveaux pi\u00e9zom\u00e9triques dans les calcaires du bord nord de la Meuse (stations 2 et 8) et ceux de P\u00e9ruwelz-Ath-Soignies (5) sont \u00e9galement remont\u00e9s de plus d\u2019un demi m\u00e8tre depuis le d\u00e9but de l\u2019automne.<\/p>\n<p>Par contre, les niveaux pi\u00e9zom\u00e9triques des nappes dans les craies du bassin de la Burdinale-Mehaigne (1.2) et du bassin de Geer (1.1), demeurent fortement sous les normes saisonni\u00e8res, avec des rabattements enregistr\u00e9s de plus de 2 m\u00e8tres, tout comme dans les calcaires du nord du Condroz (3) <\/p>\n<p>&nbsp;<\/p>\n<h6 style=\"text-align: center;\">\u00c9tat des nappes souterraines et des barrages en Wallonie (mars 2021)<br \/><span style=\"font-size: 12px; color: #154455;\">Cliquez sur l&#8217;image pour l&#8217;agrandir<\/span><\/h6>\n<p>[\/et_pb_text][et_pb_image src=&#8221;https:\/\/rapportannuelswde.be\/2020\/wp-content\/uploads\/2021\/05\/OPP-1655-Cartes-Etat-nappes-barrages.jpg&#8221; show_in_lightbox=&#8221;on&#8221; _builder_version=&#8221;4.9.4&#8243;][\/et_pb_image][\/et_pb_column][\/et_pb_row][et_pb_row column_structure=&#8221;2_3,1_3&#8243; module_id=&#8221;la-recharge-des-nappes-et-des-barrages&#8221; _builder_version=&#8221;4.4.4&#8243; max_width=&#8221;1280px&#8221; custom_margin=&#8221;60px|auto||auto|false|false&#8221; custom_padding=&#8221;||||false|false&#8221; collapsed=&#8221;off&#8221;][et_pb_column type=&#8221;2_3&#8243; _builder_version=&#8221;4.4.3&#8243;][et_pb_text _builder_version=&#8221;4.9.4&#8243; header_font=&#8221;ISIDORA &#8211; BOLD -ALT||||||||&#8221; header_font_size=&#8221;40px&#8221; header_2_font=&#8221;ISIDORA &#8211; BOLD -ALT||||||||&#8221; header_2_font_size=&#8221;30px&#8221; header_3_font=&#8221;ISIDORA &#8211; BOLD -ALT||||||||&#8221; header_4_font=&#8221;ISIDORA &#8211; SEMIBOLD-https||||||||&#8221; header_4_text_color=&#8221;#eb9e2b&#8221; custom_padding=&#8221;|||30px|false|false&#8221; custom_padding_tablet=&#8221;&#8221; custom_padding_phone=&#8221;|||0px|false|false&#8221; custom_padding_last_edited=&#8221;on|phone&#8221;]<\/p>\n<h5>Barrages<\/h5>\n<p class=\"p1\">Les barrages sont d\u00e9finis par une contenance maximale ou capacit\u00e9 totale. Le volume d\u2019eau disponible est le volume d\u2019eau actuel du barrage auquel on retire le volume d\u2019eau indisponible &#8211; \u00e0 savoir ce qui ne peut \u00eatre exploit\u00e9 &#8211; afin de tenir compte des facteurs \u00e9cologiques, logistiques (position des cr\u00e9pines des pompes) et de l\u2019envasement du fond du lac.<\/p>\n<p class=\"p1\">Les pourcentages d\u2019eau disponible et indisponible par rapport \u00e0 la capacit\u00e9 totale sont repr\u00e9sent\u00e9s sur la carte de disponibilit\u00e9 de la ressource.<\/p>\n<p class=\"p4\"><span class=\"s1\"><\/span><\/p>\n<p>[\/et_pb_text][et_pb_text disabled_on=&#8221;on|off|off&#8221; _builder_version=&#8221;4.9.4&#8243; _module_preset=&#8221;default&#8221;]<\/p>\n<p>&nbsp;<\/p>\n<table border=\"1\" style=\"height: 149px; width: 100%; border-collapse: collapse; margin-left: auto; margin-right: auto;\">\n<tbody>\n<tr style=\"height: 29px;\">\n<td style=\"width: 33.3334%; height: 53px;\" colspan=\"2\" rowspan=\"2\">\n<h4 style=\"text-align: center;\">Les barrages de la SWDE<\/h4>\n<\/td>\n<td style=\"width: 33.3334%; height: 29px; text-align: center;\" colspan=\"2\">\n<h6><strong>15 d\u00e9cembre 2019<\/strong><\/h6>\n<\/td>\n<td style=\"width: 33.3334%; height: 29px; text-align: center;\" colspan=\"3\">\n<h6><strong>15 d\u00e9cembre 2020<\/strong><\/h6>\n<\/td>\n<\/tr>\n<tr style=\"height: 24px;\">\n<td style=\"width: 16.6667%; height: 24px; text-align: center;\"><strong>Volume disponible (m3)<\/strong><\/td>\n<td style=\"width: 16.6667%; height: 24px; text-align: center;\"><strong>%<\/strong><\/td>\n<td style=\"width: 16.6667%; height: 24px; text-align: center;\"><strong>Volume disponible (m3)<\/strong><\/td>\n<td style=\"width: 8.33335%; text-align: center;\"><strong>%<\/strong><\/td>\n<td style=\"width: 8.33335%; height: 24px;\"><\/td>\n<\/tr>\n<tr style=\"height: 24px;\">\n<td style=\"width: 16.6667%; height: 24px;\" colspan=\"2\">\n<h5 style=\"text-align: center;\">Vesdre<\/h5>\n<\/td>\n<td style=\"width: 16.6667%; height: 24px; text-align: center;\">18.609.590<\/td>\n<td style=\"width: 16.6667%; height: 24px; text-align: center;\">74,4<\/td>\n<td style=\"width: 16.6667%; height: 24px; text-align: center;\">13.161.556<\/td>\n<td style=\"width: 8.33335%; text-align: center;\">52,6<\/td>\n<td style=\"width: 8.33335%; height: 24px; text-align: center;\"><span>\u2193<\/span><\/td>\n<\/tr>\n<tr style=\"height: 24px;\">\n<td style=\"width: 16.6667%; height: 24px;\" colspan=\"2\">\n<h5 style=\"text-align: center;\">Gileppe<\/h5>\n<\/td>\n<td style=\"width: 16.6667%; height: 24px; text-align: center;\">16.722.166<\/td>\n<td style=\"width: 16.6667%; height: 24px; text-align: center;\">64,3<\/td>\n<td style=\"width: 16.6667%; height: 24px; text-align: center;\">11.734.565<\/td>\n<td style=\"width: 8.33335%; text-align: center;\">45,1<\/td>\n<td style=\"width: 8.33335%; height: 24px; text-align: center;\"><span>\u2193<\/span><\/td>\n<\/tr>\n<tr style=\"height: 24px;\">\n<td style=\"width: 16.6667%; height: 24px;\" colspan=\"2\">\n<h5 style=\"text-align: center;\">Ourthe<\/h5>\n<\/td>\n<td style=\"width: 16.6667%; height: 24px; text-align: center;\">2.000.000<\/td>\n<td style=\"width: 16.6667%; height: 24px; text-align: center;\">66,7<\/td>\n<td style=\"width: 16.6667%; height: 24px; text-align: center;\">2.000.000<\/td>\n<td style=\"width: 8.33335%; text-align: center;\">66,7<\/td>\n<td style=\"width: 8.33335%; height: 24px; text-align: center;\"><span>\u27f7<\/span><\/td>\n<\/tr>\n<tr style=\"height: 24px;\">\n<td style=\"width: 16.6667%; height: 24px;\" colspan=\"2\">\n<h6 style=\"text-align: center;\"><strong>Ry de Rome<\/strong><\/h6>\n<\/td>\n<td style=\"width: 16.6667%; height: 24px; text-align: center;\">2.005.500<\/td>\n<td style=\"width: 16.6667%; height: 24px; text-align: center;\">91,2<\/td>\n<td style=\"width: 16.6667%; height: 24px; text-align: center;\">1.688.790<\/td>\n<td style=\"width: 8.33335%; text-align: center;\">76,8<\/td>\n<td style=\"width: 8.33335%; height: 24px; text-align: center;\"><span>\u2193<\/span><\/td>\n<\/tr>\n<\/tbody>\n<\/table>\n<p>&nbsp;<\/p>\n<p>[\/et_pb_text][\/et_pb_column][et_pb_column type=&#8221;1_3&#8243; _builder_version=&#8221;4.4.3&#8243;][et_pb_text _builder_version=&#8221;4.9.4&#8243; header_font=&#8221;ISIDORA &#8211; BOLD -ALT||||||||&#8221; header_font_size=&#8221;40px&#8221; header_2_font=&#8221;ISIDORA &#8211; BOLD -ALT||||||||&#8221; header_2_font_size=&#8221;30px&#8221; header_3_font=&#8221;ISIDORA &#8211; BOLD -ALT||||||||&#8221; header_4_font=&#8221;ISIDORA &#8211; SEMIBOLD-https||||||||&#8221; header_4_text_color=&#8221;#eb9e2b&#8221; custom_padding=&#8221;|||30px|false|false&#8221; custom_padding_tablet=&#8221;&#8221; custom_padding_phone=&#8221;|||0px|false|false&#8221; custom_padding_last_edited=&#8221;on|phone&#8221;]<\/p>\n<p class=\"p1\">En ce qui concerne les eaux de surface, les volumes disponibles aux barrages de l\u2019Est, qui diminuaient depuis le printemps, augmentent \u00e0 nouveau depuis le mois d\u2019octobre. La tendance est donc similaire \u00e0 l\u2019ann\u00e9e pass\u00e9e. Les volumes bien inf\u00e9rieurs (d\u00e9ficit de 5 millions de m<span class=\"s1\"><sup>3<\/sup><\/span>) cette ann\u00e9e par rapport \u00e0 ceux de d\u00e9cembre 2019 r\u00e9sultent d\u2019un facteur anthropique (r\u00e9gulation des d\u00e9bits entrant et sortant pour maintenir le d\u00e9bit du cours d\u2019eau).<\/p>\n<p class=\"p1\">Quant au volume disponible au Ry de Rome, alors qu\u2019il \u00e9tait rempli \u00e0 son potentiel maximal fin 2019, il remonte progressivement depuis la sortie de l\u2019\u00e9t\u00e9 pour atteindre les trois-quarts de sa capacit\u00e9.<\/p>\n<p class=\"p1\">Les pr\u00e9cipitations enregistr\u00e9es fin 2020 sur l\u2019ensemble du territoire wallon indiquent une fin d\u2019ann\u00e9e pluvieuse, voire neigeuse sur les hauteurs, ce qui a permis de commencer 2021 avec les r\u00e9servoirs-barrages remplis pratiquement au maximum de leur capacit\u00e9 et la poursuite de la remont\u00e9e des niveaux pi\u00e9zom\u00e9triques des nappes aquif\u00e8res.<\/p>\n<p>[\/et_pb_text][\/et_pb_column][\/et_pb_row][et_pb_row disabled_on=&#8221;off|on|on&#8221; module_id=&#8221;la-recharge-des-nappes-et-des-barrages&#8221; _builder_version=&#8221;4.9.4&#8243; background_enable_color=&#8221;off&#8221; width=&#8221;100%&#8221; max_width=&#8221;2560px&#8221; custom_margin=&#8221;||||false|false&#8221; custom_padding=&#8221;|10px||10px|false|false&#8221; collapsed=&#8221;off&#8221;][et_pb_column type=&#8221;4_4&#8243; _builder_version=&#8221;4.4.3&#8243;][et_pb_text disabled_on=&#8221;off|on|on&#8221; _builder_version=&#8221;4.9.4&#8243; _module_preset=&#8221;default&#8221;]<\/p>\n<table border=\"1\" style=\"height: 149px; width: 60%; border-collapse: collapse; margin-left: auto; margin-right: auto;\">\n<tbody>\n<tr style=\"height: 29px;\">\n<td style=\"width: 33.2491%; height: 53px;\" colspan=\"2\" rowspan=\"2\">\n<h4 style=\"text-align: center;\">Les barrages de la SWDE<\/h4>\n<\/td>\n<td style=\"width: 33.3334%; height: 29px; text-align: center;\" colspan=\"2\">\n<h6><strong>15 d\u00e9cembre 2019<\/strong><\/h6>\n<\/td>\n<\/tr>\n<tr style=\"height: 24px;\">\n<td style=\"width: 16.6667%; height: 24px; text-align: center;\"><strong>Volume disponible (m3)<\/strong><\/td>\n<td style=\"width: 16.6667%; height: 24px; text-align: center;\"><strong>%<\/strong><\/td>\n<\/tr>\n<tr style=\"height: 24px;\">\n<td style=\"width: 33.2491%; height: 24px;\" colspan=\"2\">\n<h5 style=\"text-align: center;\">Vesdre<\/h5>\n<\/td>\n<td style=\"width: 16.6667%; height: 24px; text-align: center;\">18.609.590<\/td>\n<td style=\"width: 16.6667%; height: 24px; text-align: center;\">74,4<\/td>\n<\/tr>\n<tr style=\"height: 24px;\">\n<td style=\"width: 33.2491%; height: 24px;\" colspan=\"2\">\n<h5 style=\"text-align: center;\">Gileppe<\/h5>\n<\/td>\n<td style=\"width: 16.6667%; height: 24px; text-align: center;\">16.722.166<\/td>\n<td style=\"width: 16.6667%; height: 24px; text-align: center;\">64,3<\/td>\n<\/tr>\n<tr style=\"height: 24px;\">\n<td style=\"width: 33.2491%; height: 24px;\" colspan=\"2\">\n<h5 style=\"text-align: center;\">Ourthe<\/h5>\n<\/td>\n<td style=\"width: 16.6667%; height: 24px; text-align: center;\">2.000.000<\/td>\n<td style=\"width: 16.6667%; height: 24px; text-align: center;\">66,7<\/td>\n<\/tr>\n<tr style=\"height: 24px;\">\n<td style=\"width: 33.2491%; height: 24px;\" colspan=\"2\">\n<h6 style=\"text-align: center;\"><strong>Ry de Rome<\/strong><\/h6>\n<\/td>\n<td style=\"width: 16.6667%; height: 24px; text-align: center;\">2.005.500<\/td>\n<td style=\"width: 16.6667%; height: 24px; text-align: center;\">91,2<\/td>\n<\/tr>\n<\/tbody>\n<\/table>\n<p>[\/et_pb_text][et_pb_text disabled_on=&#8221;off|on|on&#8221; _builder_version=&#8221;4.9.4&#8243; _module_preset=&#8221;default&#8221; header_4_font_size=&#8221;11px&#8221; header_5_font_size=&#8221;11px&#8221; header_6_font_size=&#8221;11px&#8221;]<\/p>\n<table border=\"1\" style=\"height: 149px; width: 40%; border-collapse: collapse; margin-left: auto; margin-right: auto;\">\n<tbody>\n<tr style=\"height: 29px;\">\n<td style=\"width: 33.3755%; height: 53px;\" colspan=\"2\" rowspan=\"2\">\n<h4 style=\"text-align: center;\">Les barrages de la SWDE<\/h4>\n<\/td>\n<td style=\"width: 33.3334%; height: 29px; text-align: center;\" colspan=\"3\">\n<h6><strong>15 d\u00e9cembre 2020<\/strong><\/h6>\n<\/td>\n<\/tr>\n<tr style=\"height: 24px;\">\n<td style=\"width: 16.6667%; height: 24px; text-align: center; font-size: 7px;\"><strong>Volume disponible (m3)<\/strong><\/td>\n<td style=\"width: 8.33335%; text-align: center; font-size: 11px;\"><strong>%<\/strong><\/td>\n<td style=\"width: 8.33335%; height: 24px;\"><\/td>\n<\/tr>\n<tr style=\"height: 24px;\">\n<td style=\"width: 33.3755%; height: 24px;\" colspan=\"2\">\n<h5 style=\"text-align: center;\">Vesdre<\/h5>\n<\/td>\n<td style=\"width: 16.6667%; height: 24px; text-align: center; font-size: 11px;\">13.161.556<\/td>\n<td style=\"width: 8.33335%; text-align: center;font-size: 11px;\">52,6<\/td>\n<td style=\"width: 8.33335%; height: 24px; text-align: center;font-size: 11px;\"><span>\u2193<\/span><\/td>\n<\/tr>\n<tr style=\"height: 24px;\">\n<td style=\"width: 33.3755%; height: 24px;\" colspan=\"2\">\n<h5 style=\"text-align: center;\">Gileppe<\/h5>\n<\/td>\n<td style=\"width: 16.6667%; height: 24px; text-align: center; font-size: 11px;\">11.734.565<\/td>\n<td style=\"width: 8.33335%; text-align: center; font-size: 11px;\">45,1<\/td>\n<td style=\"width: 8.33335%; height: 24px; text-align: center; font-size: 11px;\"><span>\u2193<\/span><\/td>\n<\/tr>\n<tr style=\"height: 24px;\">\n<td style=\"width: 33.3755%; height: 24px;\" colspan=\"2\">\n<h5 style=\"text-align: center;\">Ourthe<\/h5>\n<\/td>\n<td style=\"width: 16.6667%; height: 24px; text-align: center; font-size: 11px;\">2.000.000<\/td>\n<td style=\"width: 8.33335%; text-align: center; font-size: 11px;\">66,7<\/td>\n<td style=\"width: 8.33335%; height: 24px; text-align: center; font-size: 11px;\"><span>\u27f7<\/span><\/td>\n<\/tr>\n<tr style=\"height: 24px;\">\n<td style=\"width: 33.3755%; height: 24px;\" colspan=\"2\">\n<h6 style=\"text-align: center;\"><strong>Ry de Rome<\/strong><\/h6>\n<\/td>\n<td style=\"width: 16.6667%; height: 24px; text-align: center; font-size: 11px;\">1.688.790<\/td>\n<td style=\"width: 8.33335%; text-align: center; font-size: 11px;\">76,8<\/td>\n<td style=\"width: 8.33335%; height: 24px; text-align: center; font-size: 11px;\"><span>\u2193<\/span><\/td>\n<\/tr>\n<\/tbody>\n<\/table>\n<p>[\/et_pb_text][\/et_pb_column][\/et_pb_row][et_pb_row module_id=&#8221;les-impacts-de-la-secheresse&#8221; _builder_version=&#8221;4.9.4&#8243; max_width=&#8221;1280px&#8221; custom_margin=&#8221;60px|auto|30px|auto|false|false&#8221; custom_padding=&#8221;||0px||false|false&#8221; collapsed=&#8221;off&#8221;][et_pb_column type=&#8221;4_4&#8243; _builder_version=&#8221;4.4.3&#8243;][et_pb_text _builder_version=&#8221;4.9.4&#8243; header_font=&#8221;ISIDORA &#8211; BOLD -ALT||||||||&#8221; header_font_size=&#8221;40px&#8221; header_2_font=&#8221;ISIDORA &#8211; BOLD -ALT||||||||&#8221; header_2_font_size=&#8221;30px&#8221; header_3_font=&#8221;ISIDORA &#8211; BOLD -ALT||||||||&#8221; header_4_font=&#8221;ISIDORA &#8211; SEMIBOLD-https||||||||&#8221; header_4_text_color=&#8221;#eb9e2b&#8221; header_6_font=&#8221;||||||||&#8221; header_6_text_color=&#8221;#29b6c1&#8243; header_6_line_height=&#8221;1.7em&#8221; custom_margin=&#8221;||0px||false|false&#8221; custom_padding=&#8221;|||30px|false|false&#8221; custom_padding_tablet=&#8221;&#8221; custom_padding_phone=&#8221;|||0px|false|false&#8221; custom_padding_last_edited=&#8221;on|phone&#8221;]<\/p>\n<h4>Les impacts de la s\u00e9cheresse<\/h4>\n<p class=\"p1\">Durant l\u2019\u00e9t\u00e9 2020, voire m\u00eame au-del\u00e0, jusqu\u2019\u00e0 18 communes ont \u00e9t\u00e9 sous arr\u00eat\u00e9 de restriction de l\u2019usage de l\u2019eau d\u00fb, d\u2019une part, \u00e0 la s\u00e9cheresse, d\u2019autre part \u00e0 la canicule et \u00e0 une surconsommation de l\u2019eau d\u00e9coulant de l\u2019absence de d\u00e9parts en vacances de nombreux belges.<\/p>\n<p class=\"p1\">Il s\u2019agit des communes de Bouillon, Habay, Gouvy, L\u00e9glise, Libin, Libramont-Chevigny, Manhay, Rochefort, Stoumont, Tellin, Tenneville, Theux, Trois-Ponts, Vresse-sur-Semois, Beauraing, Gesves, Ohey et Vielsalm. La SWDE n\u2019assure la distribution en eau (en tout ou en partie) que de ces quatre derni\u00e8res communes.<\/p>\n<p>[\/et_pb_text][et_pb_image src=&#8221;https:\/\/rapportannuelswde.be\/2020\/wp-content\/uploads\/2021\/07\/OPP-1655-Cartes-Secheresse_V2.jpg&#8221; title_text=&#8221;OPP-1655-Cartes-Secheresse_V2&#8243; _builder_version=&#8221;4.9.10&#8243; _module_preset=&#8221;default&#8221; width=&#8221;75%&#8221; module_alignment=&#8221;center&#8221; custom_margin=&#8221;6vh||4vh||false|false&#8221; hover_enabled=&#8221;0&#8243; sticky_enabled=&#8221;0&#8243;][\/et_pb_image][et_pb_text _builder_version=&#8221;4.9.4&#8243; header_font=&#8221;ISIDORA &#8211; BOLD -ALT||||||||&#8221; header_font_size=&#8221;40px&#8221; header_2_font=&#8221;ISIDORA &#8211; BOLD -ALT||||||||&#8221; header_2_font_size=&#8221;30px&#8221; header_3_font=&#8221;ISIDORA &#8211; BOLD -ALT||||||||&#8221; header_4_font=&#8221;ISIDORA &#8211; SEMIBOLD-https||||||||&#8221; header_4_text_color=&#8221;#eb9e2b&#8221; header_6_font=&#8221;||||||||&#8221; header_6_text_color=&#8221;#29b6c1&#8243; header_6_line_height=&#8221;1.7em&#8221; custom_margin=&#8221;||0px||false|false&#8221; custom_padding=&#8221;|||30px|false|false&#8221; custom_padding_tablet=&#8221;&#8221; custom_padding_phone=&#8221;|||0px|false|false&#8221; custom_padding_last_edited=&#8221;on|phone&#8221;]<\/p>\n<p class=\"p1\">La SWDE prend au s\u00e9rieux ces probl\u00e8mes r\u00e9currents li\u00e9s \u00e0 une situation dont elle n\u2019a pas la ma\u00eetrise.<span class=\"Apple-converted-space\">\u00a0 <\/span>Elle multiplie les pistes de r\u00e9flexion pour anticiper la survenance de nouvelles situations de manque d\u2019eau\u00a0: fournitures alternatives via l\u2019\u00e9quipement de nouveaux puits, la r\u00e9habilitation d\u2019ouvrages ou la pose de conduites, stockages d\u00e9centralis\u00e9s, etc.<\/p>\n<p class=\"p1\">Outre le recours aux camions citernes dont les co\u00fbts financier et environnemental ne sont pas n\u00e9gligeables, diff\u00e9rentes m\u00e9thodes sont d\u00e9j\u00e0 utilis\u00e9es pour faire face \u00e0 la s\u00e9cheresse, selon la localisation ou la nature du probl\u00e8me\u00a0:<\/p>\n<p><span style=\"color: #eb9e2b;\">\u2794 <\/span>en basculant vers d\u2019autres ouvrages<br \/><span style=\"color: #eb9e2b;\">\u2794 <\/span>en intensifiant la prospection des fuites<br \/><span style=\"color: #eb9e2b;\">\u2794 <\/span>en poursuivant les travaux du sch\u00e9ma directeur de Production<\/p>\n<p>[\/et_pb_text][\/et_pb_column][\/et_pb_row][\/et_pb_section][et_pb_section fb_built=&#8221;1&#8243; prev_background_color=&#8221;#ffffff&#8221; disabled_on=&#8221;on|on|off&#8221; admin_label=&#8221;Section 1 &#8221; _builder_version=&#8221;4.9.4&#8243; background_color=&#8221;#dceef5&#8243; min_height=&#8221;250px&#8221; custom_margin=&#8221;-40px||||false|false&#8221; custom_padding=&#8221;0px||40px|||&#8221; top_divider_style=&#8221;wave2&#8243; top_divider_height=&#8221;240px&#8221; top_divider_height_tablet=&#8221;&#8221; top_divider_height_phone=&#8221;200px&#8221; top_divider_height_last_edited=&#8221;on|phone&#8221; bottom_divider_style=&#8221;wave2&#8243; bottom_divider_color=&#8221;#ffffff&#8221; bottom_divider_height=&#8221;125px&#8221; collapsed=&#8221;on&#8221;][\/et_pb_section][et_pb_section fb_built=&#8221;1&#8243; admin_label=&#8221;Start&#8221; _builder_version=&#8221;4.4.4&#8243; custom_padding=&#8221;||0px|||&#8221; bottom_divider_color=&#8221;#dceef5&#8243; collapsed=&#8221;off&#8221;][et_pb_row column_structure=&#8221;1_3,2_3&#8243; module_id=&#8221;le-constat&#8221; _builder_version=&#8221;4.9.4&#8243; max_width=&#8221;1280px&#8221; custom_margin=&#8221;30px||||false|false&#8221; custom_padding=&#8221;30px||0px||false|false&#8221; collapsed=&#8221;on&#8221;][et_pb_column type=&#8221;1_3&#8243; _builder_version=&#8221;4.4.3&#8243;][et_pb_text _builder_version=&#8221;4.4.4&#8243; header_font=&#8221;ISIDORA &#8211; BOLD -ALT||||||||&#8221; header_font_size=&#8221;40px&#8221; header_2_font=&#8221;ISIDORA &#8211; BOLD -ALT||||||||&#8221; header_2_text_color=&#8221;#154455&#8243; header_2_font_size=&#8221;30px&#8221; header_2_line_height=&#8221;1.2em&#8221; header_3_font=&#8221;ISIDORA &#8211; BOLD -ALT||||||||&#8221; header_4_font=&#8221;ISIDORA &#8211; SEMIBOLD-https||||||||&#8221; header_4_text_color=&#8221;#eb9e2b&#8221; custom_margin=&#8221;||10px||false|false&#8221; custom_padding=&#8221;|||30px|false|false&#8221; custom_padding_tablet=&#8221;&#8221; custom_padding_phone=&#8221;|||0px|false|false&#8221; custom_padding_last_edited=&#8221;on|phone&#8221;]<\/p>\n<h2>Sch\u00e9ma r\u00e9gional <br \/>des ressources en eau<\/h2>\n<p>[\/et_pb_text][et_pb_divider color=&#8221;#29b6c1&#8243; divider_weight=&#8221;7px&#8221; _builder_version=&#8221;4.4.3&#8243; max_width=&#8221;60px&#8221; custom_margin=&#8221;||20px|30px|false|false&#8221; global_module=&#8221;162&#8243; saved_tabs=&#8221;all&#8221;][\/et_pb_divider][et_pb_text _builder_version=&#8221;4.4.4&#8243; header_font=&#8221;ISIDORA &#8211; BOLD -ALT||||||||&#8221; header_font_size=&#8221;40px&#8221; header_2_font=&#8221;ISIDORA &#8211; BOLD -ALT||||||||&#8221; header_2_text_color=&#8221;#154455&#8243; header_2_font_size=&#8221;30px&#8221; header_2_line_height=&#8221;1.2em&#8221; header_3_font=&#8221;ISIDORA &#8211; BOLD -ALT||||||||&#8221; header_4_font=&#8221;ISIDORA &#8211; SEMIBOLD-https||||||||&#8221; header_4_text_color=&#8221;#eb9e2b&#8221; custom_padding=&#8221;|||30px|false|false&#8221; custom_padding_tablet=&#8221;&#8221; custom_padding_phone=&#8221;|||0px|false|false&#8221; custom_padding_last_edited=&#8221;on|phone&#8221;]<\/p>\n<p class=\"p1\"><span class=\"s1\">En 2011, le Gouvernement wallon a d\u00e9sign\u00e9 la SWDE comme le coordinateur de la mise en \u0153uvre du Sch\u00e9ma R\u00e9gional des Ressources en Eau (SRRE). Le double objectif de ce programme d\u2019investissement de grande ampleur consiste \u00e0 assurer, sur l\u2019ensemble du territoire wallon :<\/span><\/p>\n<p><span style=\"color: #eb9e2b;\">\u2794 <\/span>la p\u00e9rennit\u00e9 des ressources hydriques<\/p>\n<p><span style=\"color: #eb9e2b;\">\u2794 <\/span> \u00a0la s\u00e9curit\u00e9 d\u2019approvisionnement, de mani\u00e8re \u00e0 ce qu\u2019une solution d\u2019alimentation\u00a0<span style=\"font-size: 14px;\">alternative puisse exister dans chaque commune<\/span><\/p>\n<p>[\/et_pb_text][et_pb_cta title=&#8221;30%&#8221; _builder_version=&#8221;4.4.4&#8243; header_text_align=&#8221;center&#8221; header_text_color=&#8221;#e16627&#8243; body_font=&#8221;|700|||||||&#8221; body_text_align=&#8221;center&#8221; body_text_color=&#8221;#eb9e2b&#8221; body_line_height=&#8221;1.4em&#8221; background_color=&#8221;rgba(247,199,83,0.1)&#8221; custom_margin=&#8221;||||false|false&#8221; custom_padding=&#8221;10px|10px|0px|10px|false|false&#8221;]<\/p>\n<p>L&#8217;objectif du SRRE est de permettre l\u2019acheminement, en tout point du territoire, d\u2019un volume d\u2019eau suppl\u00e9mentaire de 30% de la consommation normale, \u00e0 partir d\u2019une source d\u2019alimentation alternative, de fa\u00e7on qu\u2019aucune commune (ou partie de commune) se retrouve \u00e0 sec en cas de d\u00e9faillance de la ressource en eau qui l\u2019alimente en g\u00e9n\u00e9ral.<\/p>\n<p>[\/et_pb_cta][\/et_pb_column][et_pb_column type=&#8221;2_3&#8243; _builder_version=&#8221;4.4.3&#8243;][et_pb_text _builder_version=&#8221;4.9.4&#8243; header_font=&#8221;ISIDORA &#8211; BOLD -ALT||||||||&#8221; header_font_size=&#8221;40px&#8221; header_2_font=&#8221;ISIDORA &#8211; BOLD -ALT||||||||&#8221; header_2_font_size=&#8221;30px&#8221; header_3_font=&#8221;ISIDORA &#8211; BOLD -ALT||||||||&#8221; header_4_font=&#8221;ISIDORA &#8211; SEMIBOLD-https||||||||&#8221; header_4_text_color=&#8221;#eb9e2b&#8221; custom_margin=&#8221;20px||||false|false&#8221; custom_padding=&#8221;|||30px|false|false&#8221; custom_padding_tablet=&#8221;&#8221; custom_padding_phone=&#8221;|||0px|false|false&#8221; custom_padding_last_edited=&#8221;on|phone&#8221;]<\/p>\n<h4>Le constat<\/h4>\n<h5>Une r\u00e9partition des ressources en eau in\u00e9quitable<\/h5>\n<p class=\"p1\">Au regard des besoins pour la consommation humaine, les r\u00e9serves d\u2019eau en Wallonie sont abondantes. N\u00e9anmoins, dans la distribution d\u2019eau jusqu\u2019au robinet, la Wallonie reste confront\u00e9e \u00e0 des difficult\u00e9s structurelles par endroits, ponctuelles dans d\u2019autres, car la r\u00e9partition des ressources n\u2019est pas uniforme. Certaines zones comme le centre de la Province de Luxembourg, le Sud de la Province de Namur ou l\u2019Est de la Province de Li\u00e8ge manquent de r\u00e9serves disponibles au niveau local, quand ce n\u2019est pas la qualit\u00e9 de l\u2019eau qui est probl\u00e9matique ! Plusieurs facteurs de perturbation (fuites, s\u00e9cheresse, pollution, augmentation de la population ou de l\u2019activit\u00e9 \u00e9conomique) peuvent mettre en p\u00e9ril la p\u00e9rennit\u00e9 de leur alimentation en eau.<\/p>\n<p class=\"p1\">Ce constat est de plus en plus criant suite aux \u00e9pisodes successifs de s\u00e9cheresse rencontr\u00e9s ces derni\u00e8res ann\u00e9es.<\/p>\n<p>[\/et_pb_text][et_pb_text module_id=&#8221;la-solution-et-les-benefices&#8221; _builder_version=&#8221;4.9.4&#8243; header_font=&#8221;ISIDORA &#8211; BOLD -ALT||||||||&#8221; header_font_size=&#8221;40px&#8221; header_2_font=&#8221;ISIDORA &#8211; BOLD -ALT||||||||&#8221; header_2_font_size=&#8221;30px&#8221; header_3_font=&#8221;ISIDORA &#8211; BOLD -ALT||||||||&#8221; header_4_font=&#8221;ISIDORA &#8211; SEMIBOLD-https||||||||&#8221; header_4_text_color=&#8221;#eb9e2b&#8221; custom_padding=&#8221;|||30px|false|false&#8221; custom_padding_tablet=&#8221;&#8221; custom_padding_phone=&#8221;|||0px|false|false&#8221; custom_padding_last_edited=&#8221;on|tablet&#8221;]<\/p>\n<h4>La solution et les b\u00e9n\u00e9fices<\/h4>\n<h5>Interconnecter les r\u00e9seaux entre eux<\/h5>\n<p class=\"p1\">Pour rendre possible cet appoint suppl\u00e9mentaire de 30%, l\u2019id\u00e9e ma\u00eetresse du SRRE consiste \u00e0 interconnecter les grandes adductions entre elles, elles-m\u00eames reli\u00e9es aux principales prises d\u2019eau et grands barrages de la Wallonie. De la sorte, en tout point du territoire, les r\u00e9seaux de distribution pourront reposer sur une ressource suffisamment abondante pour assurer la continuit\u00e9 de service, hors situations exceptionnelles.<\/p>\n<p>[\/et_pb_text][et_pb_cta title=&#8221;700.000&#8243; _builder_version=&#8221;4.9.4&#8243; header_text_align=&#8221;center&#8221; header_text_color=&#8221;#e16627&#8243; body_font=&#8221;|700|||||||&#8221; body_text_align=&#8221;center&#8221; body_text_color=&#8221;#eb9e2b&#8221; body_line_height=&#8221;1.4em&#8221; background_color=&#8221;rgba(247,199,83,0.1)&#8221; width=&#8221;75%&#8221; custom_margin=&#8221;||||false|false&#8221; custom_padding=&#8221;10px|10px|0px|10px|false|false&#8221;]<\/p>\n<p class=\"p1\"><span class=\"s1\"> <\/span>C\u2019est le nombre de raccordements qui seront s\u00e9curis\u00e9s au terme de la mise en \u0153uvre du SRRE. Pas moins de 78 communes sont concern\u00e9es.<\/p>\n<p>[\/et_pb_cta][et_pb_text _builder_version=&#8221;4.9.4&#8243; header_font=&#8221;ISIDORA &#8211; BOLD -ALT||||||||&#8221; header_font_size=&#8221;40px&#8221; header_2_font=&#8221;ISIDORA &#8211; BOLD -ALT||||||||&#8221; header_2_font_size=&#8221;30px&#8221; header_3_font=&#8221;ISIDORA &#8211; BOLD -ALT||||||||&#8221; header_4_font=&#8221;ISIDORA &#8211; SEMIBOLD-https||||||||&#8221; header_4_text_color=&#8221;#eb9e2b&#8221; custom_padding=&#8221;|||30px|false|false&#8221; custom_padding_tablet=&#8221;&#8221; custom_padding_phone=&#8221;|||0px|false|false&#8221; custom_padding_last_edited=&#8221;on|tablet&#8221;]<\/p>\n<p class=\"p1\">Outre la s\u00e9curisation \u00e0 terme de l\u2019alimentation en eau des citoyens et des entreprises en Wallonie, la mise en \u0153uvre et la concr\u00e9tisation du SRRE permettra \u00e9galement\u00a0:<\/p>\n<p><span style=\"color: #eb9e2b;\">\u2794 <\/span>d\u2019apporter une solution \u00e0 long terme pour les communes d\u00e9j\u00e0 en stress hydrique<br \/><span style=\"color: #eb9e2b;\">\u2794 <\/span>d\u2019anticiper l\u2019\u00e9volution de la demande en eau et du climat<br \/><span style=\"color: #eb9e2b;\">\u2794 <\/span>d\u2019exploiter durablement les ressources<br \/><span style=\"color: #eb9e2b;\">\u2794 <\/span>de ma\u00eetriser le prix de l\u2019eau par des synergies entre op\u00e9rateurs<\/p>\n<p>[\/et_pb_text][et_pb_text module_id=&#8221;les-moyens&#8221; _builder_version=&#8221;4.9.4&#8243; header_font=&#8221;ISIDORA &#8211; BOLD -ALT||||||||&#8221; header_font_size=&#8221;40px&#8221; header_2_font=&#8221;ISIDORA &#8211; BOLD -ALT||||||||&#8221; header_2_font_size=&#8221;30px&#8221; header_3_font=&#8221;ISIDORA &#8211; BOLD -ALT||||||||&#8221; header_4_font=&#8221;ISIDORA &#8211; SEMIBOLD-https||||||||&#8221; header_4_text_color=&#8221;#eb9e2b&#8221; custom_padding=&#8221;|||30px|false|false&#8221; custom_padding_tablet=&#8221;&#8221; custom_padding_phone=&#8221;|||0px|false|false&#8221; custom_padding_last_edited=&#8221;on|tablet&#8221;]<\/p>\n<h4>Les moyens<\/h4>\n<p><span style=\"color: #eb9e2b;\">\u2794 <\/span>le partage des ressources en eau et en infrastructures\u00a0<br \/>\n<span style=\"color: #eb9e2b;\">\u2794 <\/span>la valorisation des ressources disponibles et non exploit\u00e9es<br \/>\n<span style=\"color: #eb9e2b;\">\u2794 <\/span>l\u2019abandon des petits captages qui posent des probl\u00e8mes de qualit\u00e9 ou qui ne fournissent que de faibles quantit\u00e9s, engendrant des co\u00fbts de traitement ou d\u2019entretien \u00e9lev\u00e9s\u00a0<br \/>\n<span style=\"color: #eb9e2b;\">\u2794 <\/span>les synergies entre les op\u00e9rateurs wallons et ceux des r\u00e9gions ou pays limitrophes.[\/et_pb_text][\/et_pb_column][\/et_pb_row][et_pb_row module_id=&#8221;les-grands-chantiers&#8221; _builder_version=&#8221;4.9.4&#8243; max_width=&#8221;1280px&#8221; custom_margin=&#8221;60px||||false|false&#8221; custom_padding=&#8221;||||false|false&#8221; collapsed=&#8221;on&#8221;][et_pb_column type=&#8221;4_4&#8243; _builder_version=&#8221;4.4.3&#8243;][et_pb_text _builder_version=&#8221;4.4.4&#8243; header_font=&#8221;ISIDORA &#8211; BOLD -ALT||||||||&#8221; header_font_size=&#8221;40px&#8221; header_2_font=&#8221;ISIDORA &#8211; BOLD -ALT||||||||&#8221; header_2_font_size=&#8221;30px&#8221; header_3_font=&#8221;ISIDORA &#8211; BOLD -ALT||||||||&#8221; header_4_font=&#8221;ISIDORA &#8211; SEMIBOLD-https||||||||&#8221; header_4_text_color=&#8221;#eb9e2b&#8221; custom_padding=&#8221;|||30px|false|false&#8221; custom_padding_tablet=&#8221;&#8221; custom_padding_phone=&#8221;|||0px|false|false&#8221; custom_padding_last_edited=&#8221;on|phone&#8221;]<\/p>\n<h4>Les grands chantiers<\/h4>\n<p>Initialement, le SRRE pr\u00e9voyait l\u2019engagement d\u2019un montant de l\u2019ordre de 270.000.000 \u20ac sur 10 ans pour financer les infrastructures de production n\u00e9cessaires \u00e0 la finalisation du projet. Douze grands chantiers avaient \u00e9t\u00e9 identifi\u00e9s pour la r\u00e9alisation de cette phase. Compte tenu de nouvelles solutions mises en \u0153uvre par d\u2019autres acteurs ou de nouvelles synergies op\u00e9r\u00e9es dans le secteur, le SRRE est r\u00e9guli\u00e8rement actualis\u00e9.<\/p>\n<p>Au 31 d\u00e9cembre 2020, l\u2019\u00e9tat d\u2019avancement de la r\u00e9alisation des 12 projets \u00e9tait le suivant :<\/p>\n<p>[\/et_pb_text][\/et_pb_column][\/et_pb_row][et_pb_row column_structure=&#8221;3_4,1_4&#8243; _builder_version=&#8221;4.4.4&#8243; max_width=&#8221;1280px&#8221; custom_margin=&#8221;15px||||false|false&#8221; custom_padding=&#8221;0px|||||&#8221; collapsed=&#8221;on&#8221;][et_pb_column type=&#8221;3_4&#8243; _builder_version=&#8221;4.4.3&#8243;][et_pb_image src=&#8221;https:\/\/rapportannuelswde.be\/2020\/wp-content\/uploads\/2021\/07\/OPP-1655-Graphiques-SRRE-etat-avancement_V2.jpg&#8221; title_text=&#8221;OPP-1655-Graphiques-SRRE-etat-avancement_V2&#8243; show_in_lightbox=&#8221;on&#8221; _builder_version=&#8221;4.9.10&#8243; background_color=&#8221;#ffffff&#8221; hover_enabled=&#8221;0&#8243; sticky_enabled=&#8221;0&#8243;][\/et_pb_image][\/et_pb_column][et_pb_column type=&#8221;1_4&#8243; _builder_version=&#8221;4.4.4&#8243; link_option_url=&#8221;#chantiers-plus-precisement&#8221;][et_pb_text _builder_version=&#8221;4.9.4&#8243; header_font=&#8221;ISIDORA &#8211; BOLD -ALT||||||||&#8221; header_font_size=&#8221;40px&#8221; header_2_font=&#8221;ISIDORA &#8211; BOLD -ALT||||||||&#8221; header_2_font_size=&#8221;30px&#8221; header_3_font=&#8221;ISIDORA &#8211; BOLD -ALT||||||||&#8221; header_4_font=&#8221;ISIDORA &#8211; SEMIBOLD-https||||||||&#8221; header_4_text_color=&#8221;#008fc3&#8243; custom_margin=&#8221;60px||20px||false|false&#8221; custom_padding=&#8221;||||false|false&#8221; custom_padding_tablet=&#8221;&#8221; custom_padding_phone=&#8221;|||0px|false|false&#8221; custom_padding_last_edited=&#8221;on|phone&#8221;]<\/p>\n<h3>Plusieurs projets sont termin\u00e9s et en service :<\/h3>\n<p>[\/et_pb_text][et_pb_text _builder_version=&#8221;4.9.4&#8243; header_font=&#8221;ISIDORA &#8211; BOLD -ALT||||||||&#8221; header_font_size=&#8221;40px&#8221; header_2_font=&#8221;ISIDORA &#8211; BOLD -ALT||||||||&#8221; header_2_font_size=&#8221;30px&#8221; header_3_font=&#8221;ISIDORA &#8211; BOLD -ALT||||||||&#8221; header_4_font=&#8221;ISIDORA &#8211; SEMIBOLD-https||||||||&#8221; header_4_text_color=&#8221;#eb9e2b&#8221; header_5_text_color=&#8221;#75c9da&#8221; custom_padding=&#8221;||||false|false&#8221; custom_padding_tablet=&#8221;&#8221; custom_padding_phone=&#8221;|||0px|false|false&#8221; custom_padding_last_edited=&#8221;on|desktop&#8221;]<\/p>\n<p><span style=\"color: #75c9da;\">\u2794 <\/span>la s\u00e9curisation de la <span style=\"color: #75c9da;\"><strong>Louvi\u00e8re<\/strong><\/span><\/p>\n<p>[\/et_pb_text][et_pb_button button_url=&#8221;https:\/\/nous.swde.be\/article\/plus-une-goutte-pour-les-loups-12-ans-plus-tard-episode-final?utm_source=rapportannuelswde.be&#038;utm_medium=referral&#038;utm_campaign=LaLouvi%C3%A8re_2009&#038;utm_content=ra2020%20&#8243; url_new_window=&#8221;on&#8221; button_text=&#8221;En savoir +&#8221; button_alignment=&#8221;right&#8221; _builder_version=&#8221;4.9.4&#8243; _module_preset=&#8221;default&#8221; button_text_size=&#8221;10px&#8221; button_text_color=&#8221;#FFFFFF&#8221; button_bg_color=&#8221;#75c9da&#8221; custom_margin=&#8221;-30px||20px|10px|false|false&#8221; locked=&#8221;off&#8221; button_bg_color__hover=&#8221;#E16627&#8243; button_text_color__hover=&#8221;#FFFFFF&#8221;][\/et_pb_button][et_pb_text _builder_version=&#8221;4.9.4&#8243; header_font=&#8221;ISIDORA &#8211; BOLD -ALT||||||||&#8221; header_font_size=&#8221;40px&#8221; header_2_font=&#8221;ISIDORA &#8211; BOLD -ALT||||||||&#8221; header_2_font_size=&#8221;30px&#8221; header_3_font=&#8221;ISIDORA &#8211; BOLD -ALT||||||||&#8221; header_4_font=&#8221;ISIDORA &#8211; SEMIBOLD-https||||||||&#8221; header_4_text_color=&#8221;#eb9e2b&#8221; header_5_text_color=&#8221;#75c9da&#8221; custom_margin=&#8221;||20px||false|false&#8221; custom_padding=&#8221;||||false|false&#8221; custom_padding_tablet=&#8221;&#8221; custom_padding_phone=&#8221;|||0px|false|false&#8221; custom_padding_last_edited=&#8221;on|desktop&#8221;]<\/p>\n<p><span style=\"color: #75c9da;\">\u2794 <\/span>le bouclage de <span style=\"color: #75c9da;\"><strong>Charleroi<\/strong><\/span> gr\u00e2ce \u00e0 une liaison de s\u00e9curit\u00e9 Villers-Perwin \u2013 Brye avec les infrastructures de Vivaqua<\/p>\n<p>[\/et_pb_text][et_pb_text _builder_version=&#8221;4.9.4&#8243; header_font=&#8221;ISIDORA &#8211; BOLD -ALT||||||||&#8221; header_font_size=&#8221;40px&#8221; header_2_font=&#8221;ISIDORA &#8211; BOLD -ALT||||||||&#8221; header_2_font_size=&#8221;30px&#8221; header_3_font=&#8221;ISIDORA &#8211; BOLD -ALT||||||||&#8221; header_4_font=&#8221;ISIDORA &#8211; SEMIBOLD-https||||||||&#8221; header_4_text_color=&#8221;#eb9e2b&#8221; header_5_text_color=&#8221;#75c9da&#8221; custom_margin=&#8221;||20px||false|false&#8221; custom_padding=&#8221;||||false|false&#8221; custom_padding_tablet=&#8221;&#8221; custom_padding_phone=&#8221;|||0px|false|false&#8221; custom_padding_last_edited=&#8221;on|desktop&#8221;]<\/p>\n<p><span style=\"color: #75c9da;\">\u2794 <\/span>la valorisation de l\u2019eau d\u2019exhaure de la carri\u00e8re Berthe \u00e0 Florennes (projet conjoint INASEP \u2013 SWDE)<\/p>\n<p>[\/et_pb_text][et_pb_text _builder_version=&#8221;4.9.4&#8243; header_font=&#8221;ISIDORA &#8211; BOLD -ALT||||||||&#8221; header_font_size=&#8221;40px&#8221; header_2_font=&#8221;ISIDORA &#8211; BOLD -ALT||||||||&#8221; header_2_font_size=&#8221;30px&#8221; header_3_font=&#8221;ISIDORA &#8211; BOLD -ALT||||||||&#8221; header_4_font=&#8221;ISIDORA &#8211; SEMIBOLD-https||||||||&#8221; header_4_text_color=&#8221;#eb9e2b&#8221; header_5_text_color=&#8221;#75c9da&#8221; custom_margin=&#8221;||22px|||&#8221; custom_padding=&#8221;||||false|false&#8221; custom_padding_tablet=&#8221;&#8221; custom_padding_phone=&#8221;|||0px|false|false&#8221; custom_padding_last_edited=&#8221;on|desktop&#8221;]<span style=\"color: #75c9da;\">\u2794 <\/span> le premier tron\u00e7on de l\u2019autoroute de l\u2019eau jusqu\u2019\u00e0 la chambre de m\u00e9lange de Hollogne (synergie CILE \u2013 SWDE)[\/et_pb_text][et_pb_text _builder_version=&#8221;4.9.4&#8243; header_font=&#8221;ISIDORA &#8211; BOLD -ALT||||||||&#8221; header_font_size=&#8221;40px&#8221; header_2_font=&#8221;ISIDORA &#8211; BOLD -ALT||||||||&#8221; header_2_font_size=&#8221;30px&#8221; header_3_font=&#8221;ISIDORA &#8211; BOLD -ALT||||||||&#8221; header_4_font=&#8221;ISIDORA &#8211; SEMIBOLD-https||||||||&#8221; header_4_text_color=&#8221;#eb9e2b&#8221; header_5_text_color=&#8221;#75c9da&#8221; custom_margin=&#8221;||22px|||&#8221; custom_padding=&#8221;||||false|false&#8221; custom_padding_tablet=&#8221;&#8221; custom_padding_phone=&#8221;|||0px|false|false&#8221; custom_padding_last_edited=&#8221;on|desktop&#8221;]<span style=\"color: #75c9da;\">\u2794 <\/span> la s\u00e9curisation de l\u2019alimentation en eau du Sud-Luxembourg (Arlon \u2013 Aubange \u2013 Messancy).[\/et_pb_text][et_pb_button button_url=&#8221;https:\/\/nous.swde.be\/article\/parce-quensemble-on-va-plus-loin?utm_source=rapportannuelswde.be&#038;utm_medium=referral&#038;utm_campaign=SD11_idelux_swde&#038;utm_content=ra2020%20&#8243; url_new_window=&#8221;on&#8221; button_text=&#8221;En savoir +&#8221; button_alignment=&#8221;right&#8221; _builder_version=&#8221;4.9.4&#8243; _module_preset=&#8221;default&#8221; button_text_size=&#8221;10px&#8221; button_text_color=&#8221;#FFFFFF&#8221; button_bg_color=&#8221;#75c9da&#8221; custom_margin=&#8221;-30px||20px|10px|false|false&#8221; locked=&#8221;off&#8221; button_bg_color__hover=&#8221;#E16627&#8243; button_text_color__hover=&#8221;#FFFFFF&#8221;][\/et_pb_button][\/et_pb_column][\/et_pb_row][\/et_pb_section][et_pb_section fb_built=&#8221;1&#8243; admin_label=&#8221;Section 1 &#8221; _builder_version=&#8221;4.4.4&#8243; custom_margin=&#8221;||||false|false&#8221; custom_padding=&#8221;||||false|false&#8221; bottom_divider_color=&#8221;#dceef5&#8243; collapsed=&#8221;off&#8221;][et_pb_row _builder_version=&#8221;4.9.4&#8243; _module_preset=&#8221;default&#8221; max_width=&#8221;1280px&#8221;][et_pb_column type=&#8221;4_4&#8243; _builder_version=&#8221;4.9.4&#8243; _module_preset=&#8221;default&#8221;][et_pb_text _builder_version=&#8221;4.9.4&#8243; header_font=&#8221;ISIDORA &#8211; BOLD -ALT||||||||&#8221; header_font_size=&#8221;40px&#8221; header_2_font=&#8221;ISIDORA &#8211; BOLD -ALT||||||||&#8221; header_2_font_size=&#8221;30px&#8221; header_3_font=&#8221;ISIDORA &#8211; BOLD -ALT||||||||&#8221; header_4_font=&#8221;ISIDORA &#8211; SEMIBOLD-https||||||||&#8221; header_4_text_color=&#8221;#008fc3&#8243; custom_padding=&#8221;||||false|false&#8221; custom_padding_tablet=&#8221;&#8221; custom_padding_phone=&#8221;|||0px|false|false&#8221; custom_padding_last_edited=&#8221;on|phone&#8221;]<\/p>\n<h3>L&#8217;\u00e9tat d&#8217;avancement ( f\u00e9vrier 2021 )<\/h3>\n<p>[\/et_pb_text][et_pb_image src=&#8221;https:\/\/rapportannuelswde.be\/2020\/wp-content\/uploads\/2021\/05\/OPP-1655-Cartes-Etat-avancement.jpg&#8221; title_text=&#8221;OPP-1655-Cartes-Etat-avancement&#8221; align=&#8221;center&#8221; _builder_version=&#8221;4.9.4&#8243; scroll_scaling_enable=&#8221;on&#8221; scroll_scaling=&#8221;0|50|50|100|70|110%|85%&#8221;][\/et_pb_image][\/et_pb_column][\/et_pb_row][et_pb_row column_structure=&#8221;1_3,1_3,1_3&#8243; _builder_version=&#8221;4.4.4&#8243; max_width=&#8221;1280px&#8221; custom_margin=&#8221;60px||||false|false&#8221; custom_padding=&#8221;||0px||false|false&#8221; collapsed=&#8221;on&#8221;][et_pb_column type=&#8221;1_3&#8243; _builder_version=&#8221;4.4.3&#8243;][et_pb_cta title=&#8221;55&#8243; _builder_version=&#8221;4.9.4&#8243; header_text_align=&#8221;center&#8221; header_text_color=&#8221;#e16627&#8243; body_font=&#8221;|700|||||||&#8221; body_text_align=&#8221;center&#8221; body_text_color=&#8221;#eb9e2b&#8221; body_line_height=&#8221;1.4em&#8221; background_color=&#8221;rgba(247,199,83,0.1)&#8221; custom_margin=&#8221;||||false|false&#8221; custom_padding=&#8221;10px|10px|0px|10px|false|false&#8221;]<\/p>\n<p class=\"p1\"><span class=\"s1\"> C\u2019est le nombre de kilom\u00e8tres de nouvelles conduites d\u00e9j\u00e0 pos\u00e9es sur les 427 km envisag\u00e9s (12,9 %) <br \/> <\/span><\/p>\n<p>[\/et_pb_cta][\/et_pb_column][et_pb_column type=&#8221;1_3&#8243; _builder_version=&#8221;4.4.3&#8243;][et_pb_cta title=&#8221;9&#8243; _builder_version=&#8221;4.9.4&#8243; header_text_align=&#8221;center&#8221; header_text_color=&#8221;#e16627&#8243; body_font=&#8221;|700|||||||&#8221; body_text_align=&#8221;left&#8221; body_text_color=&#8221;#eb9e2b&#8221; body_line_height=&#8221;1.4em&#8221; background_color=&#8221;rgba(247,199,83,0.1)&#8221; custom_margin=&#8221;||||false|false&#8221; custom_padding=&#8221;10px|10px|0px|10px|false|false&#8221;]<\/p>\n<p class=\"p1\" style=\"text-align: center;\"><span class=\"s1\"> <\/span><span class=\"s2\"> C\u2019est le nombre de b\u00e2timents construits (et pour certains d\u00e9j\u00e0 en service) sur les 27 nouvelles installations de stockage, de traitement ou de pompage pr\u00e9vues par le SRRE.<\/span><\/p>\n<p>[\/et_pb_cta][\/et_pb_column][et_pb_column type=&#8221;1_3&#8243; _builder_version=&#8221;4.4.3&#8243;][et_pb_cta title=&#8221;356 millions \u20ac&#8221; _builder_version=&#8221;4.9.4&#8243; header_text_align=&#8221;center&#8221; header_text_color=&#8221;#e16627&#8243; body_font=&#8221;|700|||||||&#8221; body_text_align=&#8221;center&#8221; body_text_color=&#8221;#eb9e2b&#8221; body_line_height=&#8221;1.4em&#8221; background_color=&#8221;rgba(247,199,83,0.1)&#8221; custom_margin=&#8221;||||false|false&#8221; custom_padding=&#8221;10px|10px|0px|10px|false|false&#8221;]<\/p>\n<p class=\"p1\"><span class=\"s1\"> <\/span>C\u2019est le montant de l\u2019investissement du SRRE arr\u00eat\u00e9 au 31\/12\/2020<span class=\"s1\"><\/span><\/p>\n<p>[\/et_pb_cta][\/et_pb_column][\/et_pb_row][et_pb_row column_structure=&#8221;1_3,2_3&#8243; _builder_version=&#8221;4.4.4&#8243; max_width=&#8221;1280px&#8221; custom_margin=&#8221;60px||||false|false&#8221; custom_padding=&#8221;||0px||false|false&#8221; collapsed=&#8221;on&#8221;][et_pb_column type=&#8221;1_3&#8243; _builder_version=&#8221;4.4.3&#8243;][\/et_pb_column][et_pb_column type=&#8221;2_3&#8243; _builder_version=&#8221;4.4.3&#8243;][et_pb_text _builder_version=&#8221;4.9.4&#8243; header_font=&#8221;ISIDORA &#8211; BOLD -ALT||||||||&#8221; header_font_size=&#8221;40px&#8221; header_2_font=&#8221;ISIDORA &#8211; BOLD -ALT||||||||&#8221; header_2_text_color=&#8221;#154455&#8243; header_2_font_size=&#8221;30px&#8221; header_2_line_height=&#8221;1.2em&#8221; header_3_font=&#8221;ISIDORA &#8211; BOLD -ALT||||||||&#8221; header_4_font=&#8221;ISIDORA &#8211; SEMIBOLD-https||||||||&#8221; header_4_text_color=&#8221;#eb9e2b&#8221; custom_padding=&#8221;|||30px|false|false&#8221; custom_padding_tablet=&#8221;&#8221; custom_padding_phone=&#8221;|||0px|false|false&#8221; custom_padding_last_edited=&#8221;on|phone&#8221;]<\/p>\n<p class=\"p1\">Le projet de s\u00e9curisation de la Famenne-Ardenne (projet 3) au niveau de Durbuy sera op\u00e9rationnel pour l\u2019\u00e9t\u00e9 2021.<\/p>\n<p class=\"p2\"><span class=\"s1\">La s\u00e9curisation de Vielsalm est en cours de travaux : construction d\u2019un r\u00e9servoir de 5.000 m\u00b3 (projet 10)<\/span><span class=\"s1\"> .<\/span><\/p>\n<p class=\"p1\">Pistes d\u2019optimalisation actuellement suivies<span class=\"s1\">:<\/span><\/p>\n<p><span style=\"color: #eb9e2b;\">\u2794 <\/span>l\u2019am\u00e9lioration de la continuit\u00e9 des \u00e9tudes dans le respect strict des \u00e9ch\u00e9ances programm\u00e9es.<\/p>\n<p><span style=\"color: #eb9e2b;\">\u2794 <\/span> \u00a0l\u2019acc\u00e9l\u00e9ration de l\u2019acquisition des emprises.<\/p>\n<p><span style=\"color: #eb9e2b;\">\u2794 <\/span>la prospection du march\u00e9 et pr\u00e9paration de la mise en concurrence des dossiers.<\/p>\n<p><span style=\"color: #eb9e2b;\">\u2794 <\/span> \u00a0la pr\u00e9paration du contr\u00f4le des futurs chantiers.<\/p>\n<p>[\/et_pb_text][\/et_pb_column][\/et_pb_row][et_pb_row column_structure=&#8221;2_3,1_3&#8243; module_id=&#8221;l-importance-des-synergies&#8221; _builder_version=&#8221;4.9.4&#8243; max_width=&#8221;1280px&#8221; custom_margin=&#8221;60px||||false|false&#8221; custom_padding=&#8221;||0px||false|false&#8221; collapsed=&#8221;on&#8221;][et_pb_column type=&#8221;2_3&#8243; _builder_version=&#8221;4.4.3&#8243;][et_pb_text _builder_version=&#8221;4.9.4&#8243; header_font=&#8221;ISIDORA &#8211; BOLD -ALT||||||||&#8221; header_font_size=&#8221;40px&#8221; header_2_font=&#8221;ISIDORA &#8211; BOLD -ALT||||||||&#8221; header_2_font_size=&#8221;30px&#8221; header_3_font=&#8221;ISIDORA &#8211; BOLD -ALT||||||||&#8221; header_4_font=&#8221;ISIDORA &#8211; SEMIBOLD-https||||||||&#8221; header_4_text_color=&#8221;#eb9e2b&#8221; custom_padding=&#8221;|||30px|false|false&#8221; custom_padding_tablet=&#8221;&#8221; custom_padding_phone=&#8221;|||0px|false|false&#8221; custom_padding_last_edited=&#8221;on|phone&#8221;]<\/p>\n<h4>L\u2019importance des synergies<\/h4>\n<p>Le sch\u00e9ma r\u00e9gional des ressources en eau est un outil \u00e9volutif.\u00a0Il a \u00e0 la fois pour ambition de lever les difficult\u00e9s existantes dans le domaine de l\u2019eau que d\u2019anticiper celles \u00e0 venir en d\u00e9finissant les conditions durables d\u2019une alimentation par de l\u2019eau publique, en coh\u00e9rence avec les autres politiques r\u00e9gionales. <\/p>\n<p>Le SRRE encourage les synergies entre op\u00e9rateurs wallons ainsi qu\u2019avec les op\u00e9rateurs des r\u00e9gions ou pays limitrophes.  Il est d\u00e8s lors r\u00e9guli\u00e8rement actualis\u00e9, ce qui peut conduire \u00e0 faire \u00e9voluer les solutions propos\u00e9es, notamment au travers de nouvelles synergies entre op\u00e9rateurs et le retour d\u2019informations \u00e0 propos des solutions retenues vers les autres op\u00e9rateurs du domaine de l\u2019eau.[\/et_pb_text][\/et_pb_column][et_pb_column type=&#8221;1_3&#8243; _builder_version=&#8221;4.4.3&#8243;][\/et_pb_column][\/et_pb_row][et_pb_row _builder_version=&#8221;4.4.4&#8243; max_width=&#8221;1280px&#8221; custom_margin=&#8221;60px||||false|false&#8221; custom_padding=&#8221;||||false|false&#8221; collapsed=&#8221;on&#8221;][et_pb_column type=&#8221;4_4&#8243; _builder_version=&#8221;4.4.3&#8243;][et_pb_text _builder_version=&#8221;4.9.4&#8243; header_font=&#8221;ISIDORA &#8211; BOLD -ALT||||||||&#8221; header_font_size=&#8221;40px&#8221; header_2_font=&#8221;ISIDORA &#8211; BOLD -ALT||||||||&#8221; header_2_font_size=&#8221;30px&#8221; header_3_font=&#8221;ISIDORA &#8211; BOLD -ALT||||||||&#8221; header_4_font=&#8221;ISIDORA &#8211; SEMIBOLD-https||||||||&#8221; header_4_text_color=&#8221;#eb9e2b&#8221; custom_padding=&#8221;|||30px|false|false&#8221; custom_padding_tablet=&#8221;&#8221; custom_padding_phone=&#8221;|||0px|false|false&#8221; custom_padding_last_edited=&#8221;on|phone&#8221;]<\/p>\n<h5>Les partenariats conclus<\/h5>\n<p>Le dialogue avec l\u2019ensemble des op\u00e9rateurs permet une meilleure int\u00e9gration des potentiels en eau afin de renforcer la s\u00e9curisation des r\u00e9seaux et \u00e9viter le double emploi au niveau des infrastructures.<\/p>\n<p>En 2020, des discussions ont \u00e9t\u00e9 initi\u00e9es ou se sont poursuivies, notamment dans le cadre du groupe de travail du SRRE 2.0 d\u00e9di\u00e9 \u00e0 l\u2019adaptation des infrastructures publiques d\u2019eau potable (voir plus bas)<\/p>\n<p class=\"p1\">Les synergies entre op\u00e9rateurs continuent d\u00e8s lors \u00e0 se d\u00e9velopper :<\/p>\n<p>[\/et_pb_text][et_pb_image src=&#8221;https:\/\/rapportannuelswde.be\/2020\/wp-content\/uploads\/2021\/05\/OPP-1655-Cartes-Partenariats.jpg&#8221; title_text=&#8221;OPP-1655-Cartes-Partenariats&#8221; _builder_version=&#8221;4.9.4&#8243; _module_preset=&#8221;default&#8221;][\/et_pb_image][\/et_pb_column][\/et_pb_row][et_pb_row column_structure=&#8221;1_2,1_2&#8243; _builder_version=&#8221;4.9.4&#8243; max_width=&#8221;1280px&#8221; custom_margin=&#8221;||||false|false&#8221; custom_padding=&#8221;|30px|0px|30px|false|false&#8221; collapsed=&#8221;on&#8221;][et_pb_column type=&#8221;1_2&#8243; _builder_version=&#8221;4.4.3&#8243;][et_pb_text _builder_version=&#8221;4.9.4&#8243; header_font=&#8221;ISIDORA &#8211; BOLD -ALT||||||||&#8221; header_font_size=&#8221;40px&#8221; header_2_font=&#8221;ISIDORA &#8211; BOLD -ALT||||||||&#8221; header_2_font_size=&#8221;30px&#8221; header_3_font=&#8221;ISIDORA &#8211; BOLD -ALT||||||||&#8221; header_4_font=&#8221;ISIDORA &#8211; SEMIBOLD-https||||||||&#8221; header_4_text_color=&#8221;#154455&#8243; custom_padding=&#8221;||||false|false&#8221; custom_padding_tablet=&#8221;&#8221; custom_padding_phone=&#8221;|||0px|false|false&#8221; custom_padding_last_edited=&#8221;on|phone&#8221;]<\/p>\n<h4>Avec la CILE\u00a0:<\/h4>\n<p class=\"p1\">Outre les liaisons en Hesbaye (chambre de m\u00e9lange \u00e0 Hollogne entre les eaux des Galeries de Hesbaye et celles venant des Barrages de l\u2019Est) et en Famenne (s\u00e9curisation de Durbuy par l\u2019eau venant des Galeries du N\u00e9blon), la CILE et la SWDE pr\u00e9voient maintenant une collaboration sur un territoire plus large dans la Province de Li\u00e8ge.<\/p>\n<p>[\/et_pb_text][et_pb_text _builder_version=&#8221;4.9.4&#8243; header_font=&#8221;ISIDORA &#8211; BOLD -ALT||||||||&#8221; header_font_size=&#8221;40px&#8221; header_2_font=&#8221;ISIDORA &#8211; BOLD -ALT||||||||&#8221; header_2_font_size=&#8221;30px&#8221; header_3_font=&#8221;ISIDORA &#8211; BOLD -ALT||||||||&#8221; header_4_font=&#8221;ISIDORA &#8211; SEMIBOLD-https||||||||&#8221; header_4_text_color=&#8221;#154455&#8243; custom_padding=&#8221;||||false|false&#8221; custom_padding_tablet=&#8221;&#8221; custom_padding_phone=&#8221;|||0px|false|false&#8221; custom_padding_last_edited=&#8221;on|phone&#8221;]<\/p>\n<h4>Avec l\u2019INASEP :<\/h4>\n<p class=\"p1\">La collaboration public-public entre les deux op\u00e9rateurs est en place. Elle sera \u00e9tendue pour valoriser davantage l\u2019exhaure de la carri\u00e8re Berthe \u00e0 Florennes et du barrage du Ry de Rome, en envoyant les volumes vers la Famenne.<\/p>\n<p>[\/et_pb_text][et_pb_text _builder_version=&#8221;4.9.4&#8243; header_font=&#8221;ISIDORA &#8211; BOLD -ALT||||||||&#8221; header_font_size=&#8221;40px&#8221; header_2_font=&#8221;ISIDORA &#8211; BOLD -ALT||||||||&#8221; header_2_font_size=&#8221;30px&#8221; header_3_font=&#8221;ISIDORA &#8211; BOLD -ALT||||||||&#8221; header_4_font=&#8221;ISIDORA &#8211; SEMIBOLD-https||||||||&#8221; header_4_text_color=&#8221;#154455&#8243; custom_padding=&#8221;||||false|false&#8221; custom_padding_tablet=&#8221;&#8221; custom_padding_phone=&#8221;|||0px|false|false&#8221; custom_padding_last_edited=&#8221;on|phone&#8221;]<\/p>\n<h4>Avec l\u2019IDEA :<\/h4>\n<p class=\"p1\">Un Groupement d\u2019Int\u00e9r\u00eat Economique unit d\u00e9j\u00e0 IDEA et la SWDE pour la valorisation de l\u2019eau d\u2019exhaure des carri\u00e8res d\u2019\u00c9caussinnes et de Soignies-Neufvilles. Des discussions sont en cours pour aller plus loin \u00e0 l\u2019\u00e9chelle du territoire du c\u0153ur du Hainaut.<\/p>\n<p>[\/et_pb_text][\/et_pb_column][et_pb_column type=&#8221;1_2&#8243; _builder_version=&#8221;4.4.3&#8243;][et_pb_text _builder_version=&#8221;4.9.4&#8243; header_font=&#8221;ISIDORA &#8211; BOLD -ALT||||||||&#8221; header_font_size=&#8221;40px&#8221; header_2_font=&#8221;ISIDORA &#8211; BOLD -ALT||||||||&#8221; header_2_font_size=&#8221;30px&#8221; header_3_font=&#8221;ISIDORA &#8211; BOLD -ALT||||||||&#8221; header_4_font=&#8221;ISIDORA &#8211; SEMIBOLD-https||||||||&#8221; header_4_text_color=&#8221;#154455&#8243; custom_padding=&#8221;||||false|false&#8221; custom_padding_tablet=&#8221;&#8221; custom_padding_phone=&#8221;|||0px|false|false&#8221; custom_padding_last_edited=&#8221;on|phone&#8221;]<\/p>\n<h4>Avec VIVIAQUA :<\/h4>\n<p class=\"p1\">Comme les volumes fournis par VIVAQUA \u00e0 la Flandre diminuent structurellement, il y a d\u00e9sormais davantage d\u2019eau disponible pour s\u00e9curiser les op\u00e9rateurs wallons. C\u2019est ainsi que leur captage de Modave est liaisonn\u00e9 avec les galeries du N\u00e9blon (CILE) et que Charleroi peut \u00eatre aliment\u00e9 en partie par de l\u2019eau capt\u00e9e par VIVAQUA \u00e0 Tailfer ou \u00e0 Spontin.<\/p>\n<p class=\"p1\">La s\u00e9curisation du Borinage (projet 8) repose \u00e9galement sur une liaison avec VIVAQUA \u00e0 Ghlin.<\/p>\n<p>[\/et_pb_text][et_pb_text _builder_version=&#8221;4.9.4&#8243; header_font=&#8221;ISIDORA &#8211; BOLD -ALT||||||||&#8221; header_font_size=&#8221;40px&#8221; header_2_font=&#8221;ISIDORA &#8211; BOLD -ALT||||||||&#8221; header_2_font_size=&#8221;30px&#8221; header_3_font=&#8221;ISIDORA &#8211; BOLD -ALT||||||||&#8221; header_4_font=&#8221;ISIDORA &#8211; SEMIBOLD-https||||||||&#8221; header_4_text_color=&#8221;#154455&#8243; custom_padding=&#8221;||||false|false&#8221; custom_padding_tablet=&#8221;&#8221; custom_padding_phone=&#8221;|||0px|false|false&#8221; custom_padding_last_edited=&#8221;on|phone&#8221;]<\/p>\n<h4>Avec l\u2019IEG :<br \/><span style=\"font-size: 12px;\">(Intercommunale d\u2019\u00c9tude et de Gestion de Mouscron\/Comines\/Estaimpuis)<\/span><\/h4>\n<h5 style=\"padding-left: 30px;\"><\/h5>\n<p class=\"p1\">A Mouscron, IEG et la SWDE vont continuer \u00e0 produire 4,2 millions m\u00b3 par an, mais au d\u00e9part des deux sites\u00a0suivant\u00a0:<\/p>\n<ul class=\"ul1\">\n<li class=\"li1\"><span class=\"s1\"><\/span>celui de Risquons Tout o\u00f9 3 des 5 puits seront r\u00e9habilit\u00e9s\u00a0<\/li>\n<li class=\"li1\"><span class=\"s1\"><\/span>celui de Bois Fichaux o\u00f9 2 nouveaux puits et une station de traitement seront mis en service en 2024.<\/li>\n<\/ul>\n<p class=\"p1\">Les deux op\u00e9rateurs ont conclu une convention tripartite avec le carrier CCB afin de compenser l\u2019\u00e9ventuelle perte de rendement des ouvrages de prise d\u2019eau suite \u00e0 l\u2019exploitation et l\u2019approfondissement des carri\u00e8res dans la r\u00e9gion de Tournai.<\/p>\n<p>[\/et_pb_text][\/et_pb_column][\/et_pb_row][et_pb_row column_structure=&#8221;2_3,1_3&#8243; module_id=&#8221;le-schema-regional-des-ressources-en-eau-2-0&#8243; _builder_version=&#8221;4.9.4&#8243; max_width=&#8221;1280px&#8221; custom_margin=&#8221;60px||||false|false&#8221; custom_padding=&#8221;||0px||false|false&#8221; collapsed=&#8221;on&#8221;][et_pb_column type=&#8221;2_3&#8243; _builder_version=&#8221;4.4.3&#8243;][et_pb_text _builder_version=&#8221;4.9.4&#8243; header_font=&#8221;ISIDORA &#8211; BOLD -ALT||||||||&#8221; header_font_size=&#8221;40px&#8221; header_2_font=&#8221;ISIDORA &#8211; BOLD -ALT||||||||&#8221; header_2_font_size=&#8221;30px&#8221; header_3_font=&#8221;ISIDORA &#8211; BOLD -ALT||||||||&#8221; header_4_font=&#8221;ISIDORA &#8211; SEMIBOLD-https||||||||&#8221; header_4_text_color=&#8221;#eb9e2b&#8221; custom_padding=&#8221;|||30px|false|false&#8221; custom_padding_tablet=&#8221;&#8221; custom_padding_phone=&#8221;|||0px|false|false&#8221; custom_padding_last_edited=&#8221;on|phone&#8221;]<\/p>\n<h4 class=\"p1\">Le Sch\u00e9ma R\u00e9gional des Ressources en eau 2.0<\/h4>\n<p class=\"p1\">Si le Sch\u00e9ma r\u00e9gional des ressources en eau (SRRE) tente de s\u00e9curiser les r\u00e9seaux en cr\u00e9ant des connexions entre eux, le SRRE 2.0 se focalise plut\u00f4t sur la gestion de l\u2019offre (\u00e9volution de la disponibilit\u00e9 de la ressource, mise en \u0153uvre de nouvelles ressources, analyse des risques sur la ressource et adaptation des infrastructures publiques d\u2019eau potable) et de la demande grandissante des agriculteurs, des industries ou encore l\u2019aquatourisme\u00a0; autant de secteurs impact\u00e9s par les p\u00e9riodes de manque d\u2019eau par temps de s\u00e9cheresse.<\/p>\n<p class=\"p1\">Lanc\u00e9 en octobre 2019, le programme du SRRE 2.0 va se d\u00e9rouler en plusieurs phases. En collaboration avec les universit\u00e9s de Mons et de Li\u00e8ge, la SWDE va d\u2019abord mod\u00e9liser <b>14 des 33 nappes d\u2019eau souterraine wallonnes<\/b>. Les derni\u00e8res donn\u00e9es enregistr\u00e9es lors des s\u00e9cheresses vont \u00eatre int\u00e9gr\u00e9es dans ce mod\u00e8le afin de pouvoir mieux les anticiper et r\u00e9agir avant que les crises ne surviennent.<\/p>\n<p class=\"p1\">L\u2019objectif de la SWDE est de ne pas devoir imposer de restrictions \u00e0 ses clients.<\/p>\n<p class=\"p1\">Par ailleurs, dans le cadre du SRRE 2.0, le Gouvernement wallon a confi\u00e9 \u00e0 la SWDE la r\u00e9alisation d\u2019une \u00e9tude pilote en vue d\u2019int\u00e9grer <b>les r\u00e9seaux d\u2019eau d\u00e9centralis\u00e9s<\/b> (r\u00e9seaux s\u00e9curisables pour une alimentation diff\u00e9rente de l\u2019alimentation principale d\u2019une zone fonctionnelle) dans l\u2019offre d\u2019eau destin\u00e9e \u00e0 la consommation humaine. Il s\u2019agit de voir comment int\u00e9grer les r\u00e9seaux d\u00e9centralis\u00e9s dans la gestion globale et circulaire de l\u2019eau utilis\u00e9e \u00e0 des fins anthropiques.<\/p>\n<p>[\/et_pb_text][et_pb_button button_url=&#8221;https:\/\/nous.swde.be\/article\/et-si-la-swde-etait-au-centre-du-changement-climatique?utm_source=rapportannuelswde.be&#038;utm_medium=referral&#038;utm_campaign=sd2.0&#038;utm_content=ra2020&#8243; url_new_window=&#8221;on&#8221; button_text=&#8221;En savoir +&#8221; button_alignment=&#8221;right&#8221; _builder_version=&#8221;4.9.4&#8243; _module_preset=&#8221;default&#8221; button_text_size=&#8221;10px&#8221; button_text_color=&#8221;#FFFFFF&#8221; button_bg_color=&#8221;#75c9da&#8221; custom_margin=&#8221;-30px||20px|10px|false|false&#8221; locked=&#8221;off&#8221; button_bg_color__hover=&#8221;#E16627&#8243; button_text_color__hover=&#8221;#FFFFFF&#8221;][\/et_pb_button][\/et_pb_column][et_pb_column type=&#8221;1_3&#8243; _builder_version=&#8221;4.4.3&#8243;][\/et_pb_column][\/et_pb_row][\/et_pb_section][et_pb_section fb_built=&#8221;1&#8243; admin_label=&#8221;section 2&#8243; _builder_version=&#8221;4.4.4&#8243; background_color=&#8221;#dceef5&#8243; custom_padding=&#8221;100px||0px|||&#8221; top_divider_height=&#8221;60px&#8221; top_divider_repeat=&#8221;0x&#8221; bottom_divider_color=&#8221;#dceef5&#8243; locked=&#8221;off&#8221; collapsed=&#8221;off&#8221;][\/et_pb_section]<\/p>\n","protected":false},"excerpt":{"rendered":"<p>Nos Actions et le bilan 2020Dans un monde changeant (s\u00e9cheresse, augmentation de la population, \u00e9volution de la demande des entreprises, etc.), la SWDE adapte son r\u00e9seau pour garantir l\u2019acc\u00e8s a\u0300 une eau de qualit\u00e9 a\u0300 un maximum de citoyens 12 mois sur 12. La SWDE poursuit la mise en \u0153uvre de l\u2019interconnexion des r\u00e9seaux de [&hellip;]<\/p>\n","protected":false},"author":2,"featured_media":0,"parent":0,"menu_order":0,"comment_status":"closed","ping_status":"closed","template":"","meta":{"_et_pb_use_builder":"on","_et_pb_old_content":"","_et_gb_content_width":""},"yoast_head":"<!-- This site is optimized with the Yoast SEO plugin v16.3 - https:\/\/yoast.com\/wordpress\/plugins\/seo\/ -->\n<title>Actions et bilan-2-S\u00e9curiser l\u2019approvisionnement en eau - Rapport Annuel SWDE<\/title>\n<meta name=\"robots\" content=\"index, follow, max-snippet:-1, max-image-preview:large, max-video-preview:-1\" \/>\n<link rel=\"canonical\" href=\"https:\/\/rapportannuelswde.be\/2020\/actions-et-bilan-2\/\" \/>\n<meta property=\"og:locale\" content=\"fr_FR\" \/>\n<meta property=\"og:type\" content=\"article\" \/>\n<meta property=\"og:title\" content=\"Actions et bilan-2-S\u00e9curiser l\u2019approvisionnement en eau - Rapport Annuel SWDE\" \/>\n<meta property=\"og:description\" content=\"Nos Actions et le bilan 2020Dans un monde changeant (s\u00e9cheresse, augmentation de la population, \u00e9volution de la demande des entreprises, etc.), la SWDE adapte son r\u00e9seau pour garantir l\u2019acc\u00e8s a\u0300 une eau de qualit\u00e9 a\u0300 un maximum de citoyens 12 mois sur 12. La SWDE poursuit la mise en \u0153uvre de l\u2019interconnexion des r\u00e9seaux de [&hellip;]\" \/>\n<meta property=\"og:url\" content=\"https:\/\/rapportannuelswde.be\/2020\/actions-et-bilan-2\/\" \/>\n<meta property=\"og:site_name\" content=\"Rapport Annuel SWDE\" \/>\n<meta property=\"article:modified_time\" content=\"2021-07-22T07:31:11+00:00\" \/>\n<meta property=\"og:image\" content=\"https:\/\/rapportannuelswde.be\/2020\/wp-content\/uploads\/2021\/05\/safe-rapport-annuel_2020.jpg\" \/>\n\t<meta property=\"og:image:width\" content=\"1200\" \/>\n\t<meta property=\"og:image:height\" content=\"630\" \/>\n<meta name=\"twitter:card\" content=\"summary_large_image\" \/>\n<meta name=\"twitter:label1\" content=\"Dur\u00e9e de lecture est.\">\n\t<meta name=\"twitter:data1\" content=\"46 minutes\">\n<script type=\"application\/ld+json\" class=\"yoast-schema-graph\">{\"@context\":\"https:\/\/schema.org\",\"@graph\":[{\"@type\":\"Organization\",\"@id\":\"https:\/\/rapportannuelswde.be\/2020\/#organization\",\"name\":\"SWDE\",\"url\":\"https:\/\/rapportannuelswde.be\/2020\/\",\"sameAs\":[],\"logo\":{\"@type\":\"ImageObject\",\"@id\":\"https:\/\/rapportannuelswde.be\/2020\/#logo\",\"inLanguage\":\"fr-FR\",\"url\":\"https:\/\/rapportannuelswde.be\/2020\/wp-content\/uploads\/2020\/05\/header-logo-swde.svg\",\"contentUrl\":\"https:\/\/rapportannuelswde.be\/2020\/wp-content\/uploads\/2020\/05\/header-logo-swde.svg\",\"width\":\"1024\",\"height\":\"1024\",\"caption\":\"SWDE\"},\"image\":{\"@id\":\"https:\/\/rapportannuelswde.be\/2020\/#logo\"}},{\"@type\":\"WebSite\",\"@id\":\"https:\/\/rapportannuelswde.be\/2020\/#website\",\"url\":\"https:\/\/rapportannuelswde.be\/2020\/\",\"name\":\"Rapport Annuel SWDE\",\"description\":\"le rapport d&#039;activit\\u00e9 de la SWDE\",\"publisher\":{\"@id\":\"https:\/\/rapportannuelswde.be\/2020\/#organization\"},\"potentialAction\":[{\"@type\":\"SearchAction\",\"target\":\"https:\/\/rapportannuelswde.be\/2020\/?s={search_term_string}\",\"query-input\":\"required name=search_term_string\"}],\"inLanguage\":\"fr-FR\"},{\"@type\":\"WebPage\",\"@id\":\"https:\/\/rapportannuelswde.be\/2020\/actions-et-bilan-2\/#webpage\",\"url\":\"https:\/\/rapportannuelswde.be\/2020\/actions-et-bilan-2\/\",\"name\":\"Actions et bilan-2-S\\u00e9curiser l\\u2019approvisionnement en eau - Rapport Annuel SWDE\",\"isPartOf\":{\"@id\":\"https:\/\/rapportannuelswde.be\/2020\/#website\"},\"datePublished\":\"2020-05-05T19:28:28+00:00\",\"dateModified\":\"2021-07-22T07:31:11+00:00\",\"breadcrumb\":{\"@id\":\"https:\/\/rapportannuelswde.be\/2020\/actions-et-bilan-2\/#breadcrumb\"},\"inLanguage\":\"fr-FR\",\"potentialAction\":[{\"@type\":\"ReadAction\",\"target\":[\"https:\/\/rapportannuelswde.be\/2020\/actions-et-bilan-2\/\"]}]},{\"@type\":\"BreadcrumbList\",\"@id\":\"https:\/\/rapportannuelswde.be\/2020\/actions-et-bilan-2\/#breadcrumb\",\"itemListElement\":[{\"@type\":\"ListItem\",\"position\":1,\"item\":{\"@type\":\"WebPage\",\"@id\":\"https:\/\/rapportannuelswde.be\/2020\/\",\"url\":\"https:\/\/rapportannuelswde.be\/2020\/\",\"name\":\"Accueil\"}},{\"@type\":\"ListItem\",\"position\":2,\"item\":{\"@id\":\"https:\/\/rapportannuelswde.be\/2020\/actions-et-bilan-2\/#webpage\"}}]}]}<\/script>\n<!-- \/ Yoast SEO plugin. -->","_links":{"self":[{"href":"https:\/\/rapportannuelswde.be\/2020\/wp-json\/wp\/v2\/pages\/1073"}],"collection":[{"href":"https:\/\/rapportannuelswde.be\/2020\/wp-json\/wp\/v2\/pages"}],"about":[{"href":"https:\/\/rapportannuelswde.be\/2020\/wp-json\/wp\/v2\/types\/page"}],"author":[{"embeddable":true,"href":"https:\/\/rapportannuelswde.be\/2020\/wp-json\/wp\/v2\/users\/2"}],"replies":[{"embeddable":true,"href":"https:\/\/rapportannuelswde.be\/2020\/wp-json\/wp\/v2\/comments?post=1073"}],"version-history":[{"count":138,"href":"https:\/\/rapportannuelswde.be\/2020\/wp-json\/wp\/v2\/pages\/1073\/revisions"}],"predecessor-version":[{"id":2965,"href":"https:\/\/rapportannuelswde.be\/2020\/wp-json\/wp\/v2\/pages\/1073\/revisions\/2965"}],"wp:attachment":[{"href":"https:\/\/rapportannuelswde.be\/2020\/wp-json\/wp\/v2\/media?parent=1073"}],"curies":[{"name":"wp","href":"https:\/\/api.w.org\/{rel}","templated":true}]}}