{"id":1150,"date":"2020-05-06T11:33:05","date_gmt":"2020-05-06T09:33:05","guid":{"rendered":"https:\/\/rapportannuelswde.be\/2020\/?page_id=1150"},"modified":"2021-07-22T09:25:00","modified_gmt":"2021-07-22T07:25:00","slug":"actions-et-bilan-7","status":"publish","type":"page","link":"https:\/\/rapportannuelswde.be\/2020\/actions-et-bilan-7\/","title":{"rendered":"Actions et bilan-7-Renforcer la gouvernance de l&#8217;eau"},"content":{"rendered":"<p>[et_pb_section fb_built=&#8221;1&#8243; admin_label=&#8221;en BREF&#8221; _builder_version=&#8221;4.4.3&#8243; background_color=&#8221;#dbedf4&#8243; use_background_color_gradient=&#8221;on&#8221; background_color_gradient_start=&#8221;#dceef5&#8243; background_color_gradient_end=&#8221;#b0e9f4&#8243; background_enable_image=&#8221;off&#8221; background_position=&#8221;top_center&#8221; custom_padding=&#8221;0px||10vw||false|false&#8221; bottom_divider_style=&#8221;slant&#8221; bottom_divider_color=&#8221;#FFFFFF&#8221; bottom_divider_height=&#8221;250px&#8221; bottom_divider_flip=&#8221;horizontal&#8221; animation_direction=&#8221;top&#8221; collapsed=&#8221;off&#8221;][et_pb_row custom_padding_last_edited=&#8221;on|phone&#8221; _builder_version=&#8221;4.4.4&#8243; background_enable_color=&#8221;off&#8221; background_image=&#8221;https:\/\/rapportannuelswde.be\/2020\/wp-content\/uploads\/2020\/05\/home-bilan-logo.svg&#8221; background_size=&#8221;contain&#8221; width=&#8221;100%&#8221; module_alignment=&#8221;center&#8221; custom_padding=&#8221;0%||0px||false|false&#8221; custom_padding_tablet=&#8221;&#8221; custom_padding_phone=&#8221;10%||20%||false|false&#8221;][et_pb_column type=&#8221;4_4&#8243; _builder_version=&#8221;3.25&#8243; custom_padding=&#8221;60px|||&#8221; custom_padding_tablet=&#8221;0px|||&#8221; custom_padding_phone=&#8221;&#8221; custom_padding_last_edited=&#8221;on|tablet&#8221; padding_tablet=&#8221;0px|||&#8221; padding_last_edited=&#8221;on|tablet&#8221; custom_padding__hover=&#8221;|||&#8221;][et_pb_image src=&#8221;https:\/\/rapportannuelswde.be\/2020\/wp-content\/uploads\/2020\/05\/home-loupe.svg&#8221; title_text=&#8221;home-loupe&#8221; align=&#8221;right&#8221; _builder_version=&#8221;4.4.4&#8243; transform_translate=&#8221;0vw|0px&#8221; transform_translate_linked=&#8221;off&#8221; width=&#8221;22%&#8221; custom_margin=&#8221;|10vw|-5vw||false|false&#8221; custom_padding=&#8221;||||false|false&#8221; scroll_vertical_motion_enable=&#8221;on&#8221; scroll_vertical_motion=&#8221;0|50|50|100|1|0|-0.5&#8243; scroll_horizontal_motion_enable=&#8221;on&#8221; scroll_horizontal_motion=&#8221;0|50|50|100|0|0|0.5&#8243; motion_trigger_start=&#8221;bottom&#8221;][\/et_pb_image][et_pb_text _builder_version=&#8221;4.9.4&#8243; header_font=&#8221;||||||||&#8221; header_text_align=&#8221;left&#8221; header_text_color=&#8221;#154455&#8243; header_font_size=&#8221;140px&#8221; header_2_text_color=&#8221;#154455&#8243; header_2_font_size=&#8221;70px&#8221; header_3_text_color=&#8221;#154455&#8243; header_3_font_size=&#8221;35px&#8221; scroll_horizontal_motion_enable=&#8221;on&#8221; scroll_horizontal_motion=&#8221;0|50|50|100|0|0|-0.2&#8243; scroll_scaling=&#8221;0|50|50|100|85%|100|110%&#8221; scroll_blur_enable=&#8221;on&#8221; scroll_blur=&#8221;0|33|67|100|0px|0px|3px&#8221; motion_trigger_start=&#8221;bottom&#8221; header_font_size_tablet=&#8221;&#8221; header_font_size_phone=&#8221;60px&#8221; header_font_size_last_edited=&#8221;on|phone&#8221; header_3_font_size_tablet=&#8221;&#8221; header_3_font_size_phone=&#8221;30px&#8221; header_3_font_size_last_edited=&#8221;on|phone&#8221;]<\/p>\n<h3 style=\"padding-left: 20%;\">Nos<\/h3>\n<h1 style=\"padding-left: 14%;\">Actions<\/h1>\n<h3 style=\"padding-left: 28%;\">et le bilan 2020<\/h3>\n<p>[\/et_pb_text][et_pb_image src=&#8221;https:\/\/rapportannuelswde.be\/2020\/wp-content\/uploads\/2021\/05\/home-2021-c.svg&#8221; title_text=&#8221;home-2021-c&#8221; _builder_version=&#8221;4.9.4&#8243; width=&#8221;17%&#8221; custom_margin=&#8221;-9%|||5vw|false|false&#8221; scroll_vertical_motion_enable=&#8221;on&#8221; scroll_vertical_motion=&#8221;0|50|50|100|-1|0|1&#8243; scroll_horizontal_motion=&#8221;0|50|50|100|-0.5|0|0.5&#8243; motion_trigger_start=&#8221;top&#8221;][\/et_pb_image][\/et_pb_column][\/et_pb_row][et_pb_row column_structure=&#8221;1_4,3_4&#8243; admin_label=&#8221;BTN&#8221; _builder_version=&#8221;4.4.3&#8243; width=&#8221;100%&#8221; custom_padding=&#8221;0px||0px|||&#8221;][et_pb_column type=&#8221;1_4&#8243; _builder_version=&#8221;4.4.3&#8243;][\/et_pb_column][et_pb_column type=&#8221;3_4&#8243; _builder_version=&#8221;4.4.3&#8243; custom_padding=&#8221;||||false|false&#8221;][et_pb_button button_url=&#8221;https:\/\/rapportannuelswde.be\/2020\/actions-et-bilan-1\/#maitriser-le-prix-de-leau&#8221; button_text=&#8221;Ma\u00eetriser le prix de l&#8217;eau&#8221; button_alignment=&#8221;left&#8221; _builder_version=&#8221;4.4.4&#8243; button_text_size=&#8221;18px&#8221; button_bg_color=&#8221;#ffffff&#8221; button_font=&#8221;ISIDORA &#8211; SEMIBOLD-https||||||||&#8221; button_use_icon=&#8221;on&#8221; button_icon_color=&#8221;#eb9e2b&#8221; custom_margin=&#8221;-80px||10px||false|false&#8221; custom_margin_tablet=&#8221;&#8221; custom_margin_phone=&#8221;-50px||10px||false|false&#8221; custom_margin_last_edited=&#8221;on|phone&#8221; button_text_color__hover_enabled=&#8221;on|desktop&#8221; button_text_color__hover=&#8221;#eb9e2b&#8221;][\/et_pb_button][et_pb_button button_url=&#8221;https:\/\/rapportannuelswde.be\/2020\/actions-et-bilan-2\/#securiser-lapprovisionnement-en-eau&#8221; button_text=&#8221;S\u00e9curiser l&#8217;approvisionnement en eau&#8221; button_alignment=&#8221;left&#8221; _builder_version=&#8221;4.4.4&#8243; button_text_size=&#8221;18px&#8221; button_bg_color=&#8221;#ffffff&#8221; button_font=&#8221;ISIDORA &#8211; SEMIBOLD-https||||||||&#8221; button_use_icon=&#8221;on&#8221; button_icon_color=&#8221;#eb9e2b&#8221; custom_margin=&#8221;0px||10px||false|false&#8221; button_text_color__hover_enabled=&#8221;on|desktop&#8221; button_bg_color__hover_enabled=&#8221;on|hover&#8221; button_bg_color__hover=&#8221;#ffffff&#8221; button_text_color__hover=&#8221;#eb9e2b&#8221;][\/et_pb_button][et_pb_button button_url=&#8221;https:\/\/rapportannuelswde.be\/2020\/actions-et-bilan-3\/#garantir-la-qualit\u00e9-de-l-eau&#8221; button_text=&#8221;Garantir la qualit\u00e9 de l&#8217;eau&#8221; button_alignment=&#8221;left&#8221; _builder_version=&#8221;4.4.4&#8243; button_text_size=&#8221;18px&#8221; button_bg_color=&#8221;#ffffff&#8221; button_font=&#8221;ISIDORA &#8211; SEMIBOLD-https||||||||&#8221; button_use_icon=&#8221;on&#8221; button_icon_color=&#8221;#eb9e2b&#8221; custom_margin=&#8221;0px||10px||false|false&#8221; button_text_color__hover_enabled=&#8221;on|desktop&#8221; button_bg_color__hover_enabled=&#8221;on|hover&#8221; button_bg_color__hover=&#8221;#ffffff&#8221; button_text_color__hover=&#8221;#eb9e2b&#8221;][\/et_pb_button][et_pb_button button_url=&#8221;https:\/\/rapportannuelswde.be\/2020\/actions-et-bilan-4\/#garantir-une-offre-de-service-optimal-aux-clients&#8221; button_text=&#8221;Garantir une offre de service optimal aux clients&#8221; button_alignment=&#8221;left&#8221; _builder_version=&#8221;4.9.4&#8243; button_text_size=&#8221;18px&#8221; button_bg_color=&#8221;#ffffff&#8221; button_font=&#8221;ISIDORA &#8211; SEMIBOLD-https||||||||&#8221; button_use_icon=&#8221;on&#8221; button_icon_color=&#8221;#eb9e2b&#8221; custom_margin=&#8221;0px||10px||false|false&#8221; button_text_color__hover=&#8221;#eb9e2b&#8221; button_text_color__hover_enabled=&#8221;on|desktop&#8221;][\/et_pb_button][et_pb_button button_url=&#8221;https:\/\/rapportannuelswde.be\/2020\/actions-et-bilan-5\/#contribuer-au-developpement-durable&#8221; button_text=&#8221;Contribuer au d\u00e9veloppement durable&#8221; button_alignment=&#8221;left&#8221; admin_label=&#8221;gouvernace de leau&#8221; _builder_version=&#8221;4.4.4&#8243; button_text_size=&#8221;18px&#8221; button_bg_color=&#8221;#ffffff&#8221; button_font=&#8221;ISIDORA &#8211; SEMIBOLD-https||||||||&#8221; button_use_icon=&#8221;on&#8221; button_icon_color=&#8221;#eb9e2b&#8221; custom_margin=&#8221;0px||10px||false|false&#8221; button_text_color__hover=&#8221;#eb9e2b&#8221; button_text_color__hover_enabled=&#8221;on|desktop&#8221;][\/et_pb_button][et_pb_button button_url=&#8221;https:\/\/rapportannuelswde.be\/2020\/actions-et-bilan-6\/#dynamiser-les-ressources-humaines&#8221; button_text=&#8221;Dynamiser les ressources humaines&#8221; button_alignment=&#8221;left&#8221; admin_label=&#8221;gouvernace de leau&#8221; _builder_version=&#8221;4.4.4&#8243; button_text_size=&#8221;18px&#8221; button_bg_color=&#8221;#ffffff&#8221; button_font=&#8221;ISIDORA &#8211; SEMIBOLD-https||||||||&#8221; button_use_icon=&#8221;on&#8221; button_icon_color=&#8221;#eb9e2b&#8221; custom_margin=&#8221;0px||10px||false|false&#8221; button_text_color__hover=&#8221;#eb9e2b&#8221; button_text_color__hover_enabled=&#8221;on|desktop&#8221;][\/et_pb_button][et_pb_button button_url=&#8221;#renforcer-la-gouvernance-de-leau&#8221; button_text=&#8221;Renforcer la gouvernance de l&#8217;eau&#8221; button_alignment=&#8221;left&#8221; _builder_version=&#8221;4.4.4&#8243; button_text_size=&#8221;22px&#8221; button_text_color=&#8221;#154455&#8243; button_bg_color=&#8221;#ffffff&#8221; button_font=&#8221;ISIDORA &#8211; BOLD -ALT||||||||&#8221; custom_margin=&#8221;||10px|-20px|false|false&#8221; button_text_color__hover_enabled=&#8221;off|desktop&#8221; button_bg_color__hover=&#8221;#ffffff&#8221; button_bg_color__hover_enabled=&#8221;on|hover&#8221; button_text_color__hover=&#8221;#eb9e2b&#8221;][\/et_pb_button][\/et_pb_column][\/et_pb_row][\/et_pb_section][et_pb_section fb_built=&#8221;1&#8243; admin_label=&#8221;Section 1 &#8221; module_id=&#8221;renforcer-la-gouvernance-de-leau&#8221; _builder_version=&#8221;4.4.4&#8243; custom_padding=&#8221;||0px||false|false&#8221; bottom_divider_color=&#8221;#dceef5&#8243; locked=&#8221;off&#8221; collapsed=&#8221;on&#8221;][et_pb_row column_structure=&#8221;1_4,3_4&#8243; use_custom_gutter=&#8221;on&#8221; gutter_width=&#8221;1&#8243; admin_label=&#8221;1&#8243; _builder_version=&#8221;4.9.4&#8243; width_tablet=&#8221;&#8221; width_phone=&#8221;90%&#8221; width_last_edited=&#8221;on|phone&#8221; max_width=&#8221;1280px&#8221; custom_margin=&#8221;-125px||0px||false|false&#8221; custom_margin_tablet=&#8221;-50px||100px||false|false&#8221; custom_margin_phone=&#8221;50px||||false|false&#8221; custom_margin_last_edited=&#8221;on|desktop&#8221; custom_padding=&#8221;0px||0px||false|false&#8221; locked=&#8221;off&#8221;][et_pb_column type=&#8221;1_4&#8243; _builder_version=&#8221;4.4.3&#8243;][\/et_pb_column][et_pb_column type=&#8221;3_4&#8243; _builder_version=&#8221;4.4.3&#8243;][et_pb_image src=&#8221;https:\/\/rapportannuelswde.be\/2020\/wp-content\/uploads\/2020\/04\/forme-08.svg&#8221; title_text=&#8221;forme-08&#8243; admin_label=&#8221;shape&#8221; _builder_version=&#8221;4.9.4&#8243; background_enable_color=&#8221;off&#8221; transform_translate=&#8221;-40px|0px&#8221; transform_translate_linked=&#8221;off&#8221; width=&#8221;40%&#8221; module_alignment=&#8221;right&#8221; custom_margin=&#8221;||-270px||false|false&#8221; custom_padding=&#8221;||||false|false&#8221; animation_style=&#8221;slide&#8221; animation_direction=&#8221;bottom&#8221; animation_intensity_slide=&#8221;20%&#8221; scroll_vertical_motion_enable=&#8221;on&#8221; scroll_vertical_motion=&#8221;0|50|50|100|2|0|-0.5&#8243; scroll_fade_enable=&#8221;on&#8221; scroll_fade=&#8221;0|50|50|100|100%|50%|0%&#8221; motion_trigger_start=&#8221;top&#8221; always_center_on_mobile=&#8221;off&#8221;][\/et_pb_image][et_pb_text _builder_version=&#8221;4.9.4&#8243; header_font=&#8221;ISIDORA &#8211; BOLD -ALT||||||||&#8221; header_font_size=&#8221;40px&#8221; header_2_font=&#8221;ISIDORA &#8211; BOLD -ALT||||||||&#8221; header_2_text_color=&#8221;#154455&#8243; header_2_font_size=&#8221;30px&#8221; header_2_line_height=&#8221;1.2em&#8221; header_3_font=&#8221;ISIDORA &#8211; SEMIBOLD-https||||||||&#8221; header_3_text_align=&#8221;left&#8221; header_3_text_color=&#8221;#154455&#8243; header_3_font_size=&#8221;18px&#8221; header_3_line_height=&#8221;1.3em&#8221; header_4_font=&#8221;ISIDORA &#8211; SEMIBOLD-https||||||||&#8221; header_4_text_color=&#8221;#eb9e2b&#8221; custom_margin=&#8221;||||false|false&#8221; custom_padding=&#8221;15px|||30px|false|false&#8221; custom_padding_tablet=&#8221;&#8221; custom_padding_phone=&#8221;|25px||25px|false|false&#8221; custom_padding_last_edited=&#8221;on|tablet&#8221; header_3_font_size_tablet=&#8221;15px&#8221; header_3_font_size_phone=&#8221;15px&#8221; header_3_font_size_last_edited=&#8221;on|phone&#8221; border_width_left=&#8221;6px&#8221; border_color_left=&#8221;#F7C753&#8243; border_style_left=&#8221;dotted&#8221;]<\/p>\n<h3> Les organes d\u00e9cisionnels de la SWDE sont rationnalis\u00e9s, en veillant \u00e0 maintenir un lien fort avec les communes. La SWDE est moteur dans le d\u00e9veloppement de collaborations entre les acteurs du secteur de l\u2019eau au b\u00e9n\u00e9fice de leurs clients afin de permettre des \u00e9conomies d\u2019\u00e9chelle.<\/h3>\n<p>[\/et_pb_text][\/et_pb_column][\/et_pb_row][et_pb_row use_custom_gutter=&#8221;on&#8221; gutter_width=&#8221;1&#8243; admin_label=&#8221;1&#8243; _builder_version=&#8221;4.4.4&#8243; max_width=&#8221;1280px&#8221; collapsed=&#8221;on&#8221;][et_pb_column type=&#8221;4_4&#8243; _builder_version=&#8221;4.4.3&#8243;][et_pb_image src=&#8221;https:\/\/rapportannuelswde.be\/2020\/wp-content\/uploads\/2020\/04\/forme-12.svg&#8221; admin_label=&#8221;shape&#8221; _builder_version=&#8221;4.4.3&#8243; background_enable_color=&#8221;off&#8221; transform_translate=&#8221;-40px|0px&#8221; transform_translate_linked=&#8221;off&#8221; width=&#8221;20%&#8221; module_alignment=&#8221;left&#8221; custom_margin=&#8221;||-150px||false|false&#8221; custom_padding=&#8221;||||false|false&#8221; animation_style=&#8221;slide&#8221; animation_direction=&#8221;bottom&#8221; animation_intensity_slide=&#8221;20%&#8221; scroll_vertical_motion_enable=&#8221;on&#8221; scroll_vertical_motion=&#8221;0|50|50|100|1|0|-0.5&#8243; always_center_on_mobile=&#8221;off&#8221;][\/et_pb_image][et_pb_text admin_label=&#8221;1 LA SWDE&#8221; _builder_version=&#8221;4.4.3&#8243; header_font=&#8221;ISIDORA &#8211; BOLD -ALT||||||||&#8221; header_text_color=&#8221;#008fc3&#8243; header_font_size=&#8221;55px&#8221; header_2_font=&#8221;ISIDORA &#8211; BOLD -ALT||||||||&#8221; header_2_text_color=&#8221;#154455&#8243; header_2_font_size=&#8221;50px&#8221; header_3_font=&#8221;ISIDORA &#8211; SEMIBOLD-https|||on|||||&#8221; header_3_text_color=&#8221;#eb9e2b&#8221; header_3_font_size=&#8221;15px&#8221; header_4_font=&#8221;ISIDORA &#8211; SEMIBOLD-https||||||||&#8221; header_4_text_color=&#8221;#eb9e2b&#8221; custom_margin=&#8221;||10px||false|false&#8221;]<\/p>\n<h1 style=\"padding-left: 20px;\">7<\/h1>\n<h2>Renforcer\u00a0<br \/>la gouvernance de l&#8217;eau<\/h2>\n<p>[\/et_pb_text][et_pb_divider color=&#8221;#29b6c1&#8243; divider_weight=&#8221;9px&#8221; _builder_version=&#8221;4.4.3&#8243; width=&#8221;70px&#8221; module_alignment=&#8221;left&#8221;][\/et_pb_divider][\/et_pb_column][\/et_pb_row][et_pb_row column_structure=&#8221;1_4,1_2,1_4&#8243; admin_label=&#8221;1&#8243; _builder_version=&#8221;4.4.4&#8243; background_enable_color=&#8221;off&#8221; width=&#8221;100%&#8221; custom_padding=&#8221;0px|||||&#8221;][et_pb_column type=&#8221;1_4&#8243; _builder_version=&#8221;4.4.3&#8243;][\/et_pb_column][et_pb_column type=&#8221;1_2&#8243; _builder_version=&#8221;4.4.3&#8243;][et_pb_toggle title=&#8221;Dans le secteur de l&#8217;eau&#8221; open_toggle_text_color=&#8221;#154455&#8243; open_toggle_background_color=&#8221;rgba(0,0,0,0)&#8221; closed_toggle_background_color=&#8221;rgba(0,0,0,0)&#8221; icon_color=&#8221;#29b6c1&#8243; _builder_version=&#8221;4.9.4&#8243; title_text_color=&#8221;#154455&#8243; title_level=&#8221;h4&#8243; title_font=&#8221;ISIDORA &#8211; BOLD -ALT||||||||&#8221; body_line_height=&#8221;1em&#8221; body_link_font=&#8221;ISIDORA &#8211; SEMIBOLD-https||||||||&#8221; body_link_text_color=&#8221;#eb9e2b&#8221; body_link_font_size=&#8221;16px&#8221; border_width_all=&#8221;0px&#8221; body_link_text_color__hover_enabled=&#8221;on|desktop&#8221; body_link_text_color__hover=&#8221;#f7c753&#8243; title_text_color__hover_enabled=&#8221;on|hover&#8221; title_text_color__hover=&#8221;#008fc3&#8243;]<\/p>\n<p style=\"padding-left: 30px;\"><a href=\"#vers-une-gouvernance-collaborative-du-secteur-de-l-eau\"> Vers une gouvernance collaborative du secteur de l\u2019eau <\/a><\/p>\n<p>[\/et_pb_toggle][et_pb_toggle title=&#8221;Au sein de la SWDE&#8221; open_toggle_text_color=&#8221;#154455&#8243; open_toggle_background_color=&#8221;rgba(0,0,0,0)&#8221; closed_toggle_background_color=&#8221;rgba(0,0,0,0)&#8221; icon_color=&#8221;#29b6c1&#8243; _builder_version=&#8221;4.9.4&#8243; title_text_color=&#8221;#154455&#8243; title_level=&#8221;h4&#8243; title_font=&#8221;ISIDORA &#8211; BOLD -ALT||||||||&#8221; body_line_height=&#8221;1em&#8221; body_link_font=&#8221;ISIDORA &#8211; SEMIBOLD-https||||||||&#8221; body_link_text_color=&#8221;#eb9e2b&#8221; body_link_font_size=&#8221;16px&#8221; custom_margin=&#8221;-60px||||false|false&#8221; title_text_color_last_edited=&#8221;off|desktop&#8221; border_width_all=&#8221;0px&#8221; body_link_text_color__hover_enabled=&#8221;on|desktop&#8221; body_link_text_color__hover=&#8221;#f7c753&#8243; title_text_color__hover_enabled=&#8221;on|hover&#8221; title_text_color__hover=&#8221;#008fc3&#8243;]<\/p>\n<p style=\"padding-left: 30px;\"><a href=\"#declaration-de-gouvernance\">D\u00e9claration de gouvernance<\/a><\/p>\n<p style=\"padding-left: 30px;\"><a href=\"#composition-des-organes-de-gestion\">Composition des organes de gestion<\/a><\/p>\n<p style=\"padding-left: 30px;\"><a href=\"#les-mandats-de-la-swde\">Les mandats de la SWDE<\/a><\/p>\n<p style=\"padding-left: 30px;\"><a href=\"#organigramme\">L&#8217;organigramme<\/a><\/p>\n<p>[\/et_pb_toggle][\/et_pb_column][et_pb_column type=&#8221;1_4&#8243; _builder_version=&#8221;4.4.3&#8243;][\/et_pb_column][\/et_pb_row][et_pb_row column_structure=&#8221;1_3,2_3&#8243; module_id=&#8221;vers-une-gouvernance-collaborative-du-secteur-de-l-eau&#8221; _builder_version=&#8221;4.9.4&#8243; max_width=&#8221;1280px&#8221; custom_margin=&#8221;30px||||false|false&#8221; custom_padding=&#8221;30px||0px||false|false&#8221; collapsed=&#8221;on&#8221;][et_pb_column type=&#8221;1_3&#8243; _builder_version=&#8221;4.4.3&#8243;][et_pb_text _builder_version=&#8221;4.4.4&#8243; header_font=&#8221;ISIDORA &#8211; BOLD -ALT||||||||&#8221; header_font_size=&#8221;40px&#8221; header_2_font=&#8221;ISIDORA &#8211; BOLD -ALT||||||||&#8221; header_2_text_color=&#8221;#154455&#8243; header_2_font_size=&#8221;30px&#8221; header_2_line_height=&#8221;1.2em&#8221; header_3_font=&#8221;ISIDORA &#8211; BOLD -ALT||||||||&#8221; header_4_font=&#8221;ISIDORA &#8211; SEMIBOLD-https||||||||&#8221; header_4_text_color=&#8221;#eb9e2b&#8221; custom_margin=&#8221;||10px||false|false&#8221; custom_padding=&#8221;|||30px|false|false&#8221; custom_padding_tablet=&#8221;&#8221; custom_padding_phone=&#8221;|||0px|false|false&#8221; custom_padding_last_edited=&#8221;on|phone&#8221;]<\/p>\n<h2>Dans le<br \/>\nsecteur de l&#8217;eau<\/h2>\n<p>[\/et_pb_text][et_pb_divider color=&#8221;#29b6c1&#8243; divider_weight=&#8221;7px&#8221; _builder_version=&#8221;4.4.3&#8243; max_width=&#8221;60px&#8221; custom_margin=&#8221;||20px|30px|false|false&#8221; global_module=&#8221;162&#8243; saved_tabs=&#8221;all&#8221;][\/et_pb_divider][et_pb_text _builder_version=&#8221;4.9.4&#8243; header_font=&#8221;ISIDORA &#8211; BOLD -ALT||||||||&#8221; header_font_size=&#8221;40px&#8221; header_2_font=&#8221;ISIDORA &#8211; BOLD -ALT||||||||&#8221; header_2_text_color=&#8221;#154455&#8243; header_2_font_size=&#8221;30px&#8221; header_2_line_height=&#8221;1.2em&#8221; header_3_font=&#8221;ISIDORA &#8211; BOLD -ALT||||||||&#8221; header_4_font=&#8221;ISIDORA &#8211; SEMIBOLD-https||||||||&#8221; header_4_text_color=&#8221;#eb9e2b&#8221; custom_padding=&#8221;|||30px|false|false&#8221; custom_padding_tablet=&#8221;&#8221; custom_padding_phone=&#8221;|||0px|false|false&#8221; custom_padding_last_edited=&#8221;on|phone&#8221;]<\/p>\n<p>La gouvernance de l\u2019eau se refl\u00e8te \u00e0 travers la mise en place des grands leviers qui sous-tendent le Sch\u00e9ma r\u00e9gional des ressources en eau. Il importe que tous les acteurs du secteur de la production et de la distribution d\u2019eau en Wallonie, sous l\u2019impulsion de la SWDE, op\u00e8rent avec une vision claire pour garantir l\u2019acc\u00e8s de l\u2019eau \u00e0 tous.<\/p>\n<p>Les <strong>partenariats<\/strong> et <strong>synergies<\/strong> en cours sont d\u00e9taill\u00e9s dans plusieurs chapitres de ce rapport, notamment ceux li\u00e9s \u00e0 la s\u00e9curisation de l\u2019approvisionnement et la garantie de la qualit\u00e9 de l\u2019eau.<\/p>\n<p>[\/et_pb_text][\/et_pb_column][et_pb_column type=&#8221;2_3&#8243; _builder_version=&#8221;4.4.3&#8243;][et_pb_text _builder_version=&#8221;4.9.10&#8243; header_font=&#8221;ISIDORA &#8211; BOLD -ALT||||||||&#8221; header_font_size=&#8221;40px&#8221; header_2_font=&#8221;ISIDORA &#8211; BOLD -ALT||||||||&#8221; header_2_font_size=&#8221;30px&#8221; header_3_font=&#8221;ISIDORA &#8211; BOLD -ALT||||||||&#8221; header_4_font=&#8221;ISIDORA &#8211; SEMIBOLD-https||||||||&#8221; header_4_text_color=&#8221;#eb9e2b&#8221; custom_margin=&#8221;||30px||false|false&#8221; custom_padding=&#8221;30px|||30px|false|false&#8221; custom_padding_tablet=&#8221;&#8221; custom_padding_phone=&#8221;|||0px|false|false&#8221; custom_padding_last_edited=&#8221;on|phone&#8221; hover_enabled=&#8221;0&#8243; sticky_enabled=&#8221;0&#8243;]<\/p>\n<h4>Vers une gouvernance collaborative du secteur de l\u2019eau<\/h4>\n<p>En 2020, la SWDE s\u2019est engag\u00e9e au c\u00f4t\u00e9 des principaux op\u00e9rateurs de l\u2019eau*, au travers d\u2019<strong>une convention multilat\u00e9rale de coop\u00e9ration publique<\/strong>, \u00e0 faire \u00e9voluer de mani\u00e8re proactive la gouvernance du secteur de l\u2019eau \u00e0 travers une plateforme de coop\u00e9ration transversale.<\/p>\n<p>Face aux d\u00e9fis du secteur de l\u2019eau, la mission premi\u00e8re de la plateforme est de permettre d\u2019\u00e9laborer et de mettre en \u0153uvre une strat\u00e9gie sectorielle concert\u00e9e et int\u00e9gr\u00e9e. Les parties conviennent de capitaliser les recommandations de l\u2019\u00e9tude sur la rationalisation du secteur de l\u2019eau command\u00e9e par le Gouvernement, sans exclure la possibilit\u00e9 de d\u00e9velopper de nouveaux leviers ou de prendre des initiatives compl\u00e9mentaires qui contribueraient \u00e9galement \u00e0 am\u00e9liorer la performance globale pour assurer la p\u00e9rennit\u00e9 et l\u2019accessibilit\u00e9 du service public de l\u2019eau.<\/p>\n<p>Dans le cadre de leur coop\u00e9ration, les parties s\u2019engagent\u00a0\u00e0\u00a0:<\/p>\n<p><span style=\"color: #eb9e2b;\">\u2794 <\/span>contribuer de mani\u00e8re loyale et constructive aux objectifs communs<br \/>\n<span style=\"color: #eb9e2b;\">\u2794 <\/span>privil\u00e9gier les collaborations entre op\u00e9rateurs du secteur de l\u2019eau, sans exclure les collaborations individuelles ou collectives avec d\u2019autres secteurs ou organismes dans l\u2019int\u00e9r\u00eat du service aux citoyens ou \u00e0 leurs associ\u00e9s<br \/>\n<span style=\"color: #eb9e2b;\">\u2794 <\/span>mettre en place une gouvernance participative et collaborative.<\/p>\n<p>Les 3 th\u00e8mes de collaboration sont actuellement\u00a0:<\/p>\n<p><span style=\"color: #eb9e2b;\">\u2794 <\/span>l\u2019activation de la politique d\u2019investissement<br \/>\n<span style=\"color: #eb9e2b;\">\u2794 <\/span>la formation<br \/>\n<span style=\"color: #eb9e2b;\">\u2794 <\/span>la transition \u00e9nerg\u00e9tique.<\/p>\n<p>En date du 26 novembre 2020, le Gouvernement wallon a marqu\u00e9 son soutien \u00e0 cette d\u00e9marche de transition \u00e9nerg\u00e9tique en octroyant 13 millions \u20ac \u00e0 la SA BE.FIN pour des pr\u00eats en mati\u00e8re \u00e9nerg\u00e9tique dans le secteur public de l\u2019eau.<\/p>\n<p><em>* la CILE, la SPGE et les 7 OAA (INASEP, IDEA, in BW, IGRETEC, IPALLE, AIDE et IDELUX Eau)<\/em>[\/et_pb_text][\/et_pb_column][\/et_pb_row][\/et_pb_section][et_pb_section fb_built=&#8221;1&#8243; prev_background_color=&#8221;#ffffff&#8221; admin_label=&#8221;section 2&#8243; _builder_version=&#8221;4.4.4&#8243; background_color=&#8221;#dceef5&#8243; custom_margin=&#8221;||||false|false&#8221; custom_padding=&#8221;0px||0px||false|false&#8221; top_divider_style=&#8221;wave2&#8243; top_divider_height=&#8221;400px&#8221; top_divider_repeat=&#8221;0x&#8221; top_divider_height_tablet=&#8221;&#8221; top_divider_height_phone=&#8221;200px&#8221; top_divider_height_last_edited=&#8221;on|phone&#8221; bottom_divider_style=&#8221;wave2&#8243; bottom_divider_color=&#8221;#ffffff&#8221; locked=&#8221;off&#8221; collapsed=&#8221;on&#8221;][et_pb_row module_id=&#8221;les-grands-chantiers&#8221; _builder_version=&#8221;4.4.4&#8243; max_width=&#8221;1280px&#8221; custom_margin=&#8221;60px||||false|false&#8221; custom_padding=&#8221;||0px||false|false&#8221; collapsed=&#8221;on&#8221;][et_pb_column type=&#8221;4_4&#8243; _builder_version=&#8221;4.4.3&#8243;][et_pb_image src=&#8221;https:\/\/rapportannuelswde.be\/2020\/wp-content\/uploads\/2020\/05\/header-logo-swde.svg&#8221; title_text=&#8221;header-logo-swde&#8221; _builder_version=&#8221;4.9.4&#8243; _module_preset=&#8221;default&#8221; width=&#8221;15%&#8221; module_alignment=&#8221;center&#8221; scroll_vertical_motion=&#8221;0|50|50|100|-1|0|-1&#8243; scroll_horizontal_motion_enable=&#8221;on&#8221; scroll_horizontal_motion=&#8221;0|50|50|100|2|0|-2&#8243; scroll_scaling=&#8221;0|50|50|100|30%|80%|130%&#8221; scroll_rotating_enable=&#8221;on&#8221; scroll_rotating=&#8221;0|50|50|100|15\u00b0|0|-15\u00b0&#8221;][\/et_pb_image][\/et_pb_column][\/et_pb_row][\/et_pb_section][et_pb_section fb_built=&#8221;1&#8243; _builder_version=&#8221;4.4.4&#8243; custom_padding=&#8221;||60px|||&#8221;][et_pb_row column_structure=&#8221;2_3,1_3&#8243; module_id=&#8221;declaration-de-gouvernance&#8221; _builder_version=&#8221;4.9.4&#8243; max_width=&#8221;1280px&#8221; custom_margin=&#8221;30px||||false|false&#8221; custom_padding=&#8221;30px||0px||false|false&#8221; locked=&#8221;off&#8221; collapsed=&#8221;on&#8221;][et_pb_column type=&#8221;2_3&#8243; _builder_version=&#8221;4.4.3&#8243;][et_pb_text _builder_version=&#8221;4.4.4&#8243; header_font=&#8221;ISIDORA &#8211; BOLD -ALT||||||||&#8221; header_font_size=&#8221;40px&#8221; header_2_font=&#8221;ISIDORA &#8211; BOLD -ALT||||||||&#8221; header_2_text_color=&#8221;#154455&#8243; header_2_font_size=&#8221;30px&#8221; header_2_line_height=&#8221;1.2em&#8221; header_3_font=&#8221;ISIDORA &#8211; BOLD -ALT||||||||&#8221; header_4_font=&#8221;ISIDORA &#8211; SEMIBOLD-https||||||||&#8221; header_4_text_color=&#8221;#eb9e2b&#8221; custom_margin=&#8221;||10px||false|false&#8221; custom_padding=&#8221;|||30px|false|false&#8221; custom_padding_tablet=&#8221;&#8221; custom_padding_phone=&#8221;|||0px|false|false&#8221; custom_padding_last_edited=&#8221;on|phone&#8221;]<\/p>\n<h2>Au sein<br \/>\nde la SWDE<\/h2>\n<p>[\/et_pb_text][et_pb_divider color=&#8221;#29b6c1&#8243; divider_weight=&#8221;7px&#8221; _builder_version=&#8221;4.4.3&#8243; max_width=&#8221;60px&#8221; custom_margin=&#8221;||20px|30px|false|false&#8221; global_module=&#8221;162&#8243; saved_tabs=&#8221;all&#8221;][\/et_pb_divider][et_pb_text _builder_version=&#8221;4.9.4&#8243; header_font=&#8221;ISIDORA &#8211; BOLD -ALT||||||||&#8221; header_font_size=&#8221;40px&#8221; header_2_font=&#8221;ISIDORA &#8211; BOLD -ALT||||||||&#8221; header_2_font_size=&#8221;30px&#8221; header_3_font=&#8221;ISIDORA &#8211; BOLD -ALT||||||||&#8221; header_4_font=&#8221;ISIDORA &#8211; SEMIBOLD-https||||||||&#8221; header_4_text_color=&#8221;#eb9e2b&#8221; custom_margin=&#8221;20px||||false|false&#8221; custom_padding=&#8221;|||30px|false|false&#8221; custom_padding_tablet=&#8221;&#8221; custom_padding_phone=&#8221;|||0px|false|false&#8221; custom_padding_last_edited=&#8221;on|phone&#8221;]<\/p>\n<h4>D\u00e9claration de gouvernance<\/h4>\n<p class=\"p1\">Le Comit\u00e9 strat\u00e9gique et le Conseil d\u2019administration r\u00e9alisent au moins une fois par an une revue de la gouvernance d\u2019entreprise.<\/p>\n<p class=\"p1\">En tant qu\u2019organisme d\u2019int\u00e9r\u00eat public, la SWDE est essentiellement r\u00e9gie par le Code de l\u2019eau, le d\u00e9cret du 12 f\u00e9vrier 2004 relatif au contrat de gestion et aux obligations d\u2019information, le d\u00e9cret du 12 f\u00e9vrier 2004 relatif aux commissaires du Gouvernement et aux missions de contr\u00f4le des r\u00e9viseurs au sein des organismes d\u2019int\u00e9r\u00eat public, ainsi que le d\u00e9cret du 12 f\u00e9vrier 2004 relatif au statut de l\u2019administrateur public. Pour les mati\u00e8res non sp\u00e9cifiquement vis\u00e9es par ces l\u00e9gislations, la SWDE est r\u00e9gie par le droit belge des soci\u00e9t\u00e9s en tant que soci\u00e9t\u00e9 coop\u00e9rative.<\/p>\n<p>[\/et_pb_text][et_pb_text _builder_version=&#8221;4.9.4&#8243; header_font=&#8221;ISIDORA &#8211; BOLD -ALT||||||||&#8221; header_font_size=&#8221;40px&#8221; header_2_font=&#8221;ISIDORA &#8211; BOLD -ALT||||||||&#8221; header_2_font_size=&#8221;30px&#8221; header_3_font=&#8221;ISIDORA &#8211; BOLD -ALT||||||||&#8221; header_4_font=&#8221;ISIDORA &#8211; SEMIBOLD-https||||||||&#8221; header_4_text_color=&#8221;#eb9e2b&#8221; custom_margin=&#8221;20px||||false|false&#8221; custom_padding=&#8221;|||30px|false|false&#8221; custom_padding_tablet=&#8221;&#8221; custom_padding_phone=&#8221;|||0px|false|false&#8221; custom_padding_last_edited=&#8221;on|phone&#8221;]<span style=\"color: #008fc3; font-family: 'ISIDORA - BOLD -ALT', Helvetica, Arial, Lucida, sans-serif; font-size: 16px;\">La d\u00e9marche<\/span><\/p>\n<p>La SWDE estime que, m\u00eame si le code belge de gouvernance d\u2019entreprise ne lui est pas pleinement adapt\u00e9, il est de son devoir, en tant que service public se voulant exemplaire, de se soumettre \u00e0 une obligation de large Information et de rendre compte de ses activit\u00e9s au public en g\u00e9n\u00e9ral. C\u2019est dans cet esprit de transparence qu\u2019elle revoit chaque ann\u00e9e sa charte de gouvernance d&#8217;entreprise. [\/et_pb_text][\/et_pb_column][et_pb_column type=&#8221;1_3&#8243; _builder_version=&#8221;4.4.3&#8243;][et_pb_cta title=&#8221;Charte de gouvernance&#8221; _builder_version=&#8221;4.9.4&#8243; header_text_align=&#8221;center&#8221; header_text_color=&#8221;#e16627&#8243; body_font=&#8221;|700|||||||&#8221; body_text_align=&#8221;center&#8221; body_text_color=&#8221;#eb9e2b&#8221; body_line_height=&#8221;1.4em&#8221; background_color=&#8221;rgba(247,199,83,0.1)&#8221; custom_margin=&#8221;200px||||false|false&#8221; custom_margin_tablet=&#8221;&#8221; custom_margin_phone=&#8221;0px||||false|false&#8221; custom_margin_last_edited=&#8221;on|phone&#8221; custom_padding=&#8221;10px|10px|0px|10px|false|false&#8221; link_option_url=&#8221;www.swde.be\/fr\/la-swde\/missions-valeurs\/notre-mission&#8221; link_option_url_new_window=&#8221;on&#8221; locked=&#8221;off&#8221;]<\/p>\n<p class=\"p1\"><span class=\"s1\">La derni\u00e8re version de la Charte de gouvernance de la SWDE est t\u00e9l\u00e9chargeable ici<\/span><\/p>\n<p>[\/et_pb_cta][\/et_pb_column][\/et_pb_row][et_pb_row column_structure=&#8221;2_3,1_3&#8243; module_id=&#8221;le-srre-dans-les-grandes-lignes&#8221; _builder_version=&#8221;4.4.4&#8243; max_width=&#8221;1280px&#8221; custom_margin=&#8221;30px|auto||auto|false|false&#8221; custom_padding=&#8221;0px||0px||false|false&#8221; locked=&#8221;off&#8221; collapsed=&#8221;on&#8221;][et_pb_column type=&#8221;2_3&#8243; _builder_version=&#8221;4.4.3&#8243;][et_pb_text _builder_version=&#8221;4.4.4&#8243; header_font=&#8221;ISIDORA &#8211; BOLD -ALT||||||||&#8221; header_font_size=&#8221;40px&#8221; header_2_font=&#8221;ISIDORA &#8211; BOLD -ALT||||||||&#8221; header_2_font_size=&#8221;30px&#8221; header_3_font=&#8221;ISIDORA &#8211; BOLD -ALT||||||||&#8221; header_4_font=&#8221;ISIDORA &#8211; SEMIBOLD-https||||||||&#8221; header_4_text_color=&#8221;#eb9e2b&#8221; custom_margin=&#8221;||||false|false&#8221; custom_padding=&#8221;|||30px|false|false&#8221; custom_padding_tablet=&#8221;&#8221; custom_padding_phone=&#8221;|||0px|false|false&#8221; custom_padding_last_edited=&#8221;on|phone&#8221;]<\/p>\n<h5>Le mod\u00e8le<\/h5>\n<p>Les principales caract\u00e9ristiques du mod\u00e8le de gouvernance de la SWDE sont les suivantes:[\/et_pb_text][\/et_pb_column][et_pb_column type=&#8221;1_3&#8243; _builder_version=&#8221;4.4.3&#8243;][\/et_pb_column][\/et_pb_row][et_pb_row column_structure=&#8221;1_3,2_3&#8243; _builder_version=&#8221;4.4.4&#8243; max_width=&#8221;1280px&#8221; custom_padding=&#8221;||||false|false&#8221; locked=&#8221;off&#8221; collapsed=&#8221;off&#8221;][et_pb_column type=&#8221;1_3&#8243; _builder_version=&#8221;4.4.3&#8243;][et_pb_text _builder_version=&#8221;4.9.10&#8243; header_font=&#8221;ISIDORA &#8211; BOLD -ALT||||||||&#8221; header_font_size=&#8221;40px&#8221; header_2_font=&#8221;ISIDORA &#8211; BOLD -ALT||||||||&#8221; header_2_font_size=&#8221;30px&#8221; header_3_font=&#8221;ISIDORA &#8211; BOLD -ALT||||||||&#8221; header_4_font=&#8221;ISIDORA &#8211; SEMIBOLD-https||||||||&#8221; header_4_text_color=&#8221;#eb9e2b&#8221; text_orientation=&#8221;right&#8221; custom_margin=&#8221;20px||||false|false&#8221; custom_padding=&#8221;|||30px|false|false&#8221; custom_padding_tablet=&#8221;&#8221; custom_padding_phone=&#8221;|||0px|false|false&#8221; custom_padding_last_edited=&#8221;on|phone&#8221; hover_enabled=&#8221;0&#8243; locked=&#8221;off&#8221; sticky_enabled=&#8221;0&#8243;]<\/p>\n<p style=\"text-align: left;\"><span style=\"color: #eb9e2b;\">\u2794 <\/span>Un <span style=\"color: #eb9e2b;\"><strong>CONSEIL D\u2019ADMINISTRATION (CA)<\/strong><\/span> qui d\u00e9finit la politique et la strat\u00e9gie g\u00e9n\u00e9rale et supervise la gestion op\u00e9rationnelle.<\/p>\n<p style=\"text-align: left;\">Suite \u00e0 l\u2019adoption du d\u00e9cret du 17 juillet 2018, le Conseil d\u2019administration a \u00e9t\u00e9 renouvel\u00e9 en 2019 etl est d\u00e9sormais compos\u00e9 de 14 membres nomm\u00e9s par le Gouvernement pour un mandat de 5 ans.<\/p>\n<p style=\"text-align: left;\">Parmi les administrateurs, 2 sont nomm\u00e9s sur proposition de la SPGE et 8 sont membres du coll\u00e8ge ou du conseil communal d\u2019une commune associ\u00e9e, \u00e0 raison d\u2019un administrateur pour l\u2019ensemble des communes associ\u00e9es du ressort g\u00e9ographique de chaque succursale d\u2019exploitation.<\/p>\n<p>[\/et_pb_text][\/et_pb_column][et_pb_column type=&#8221;2_3&#8243; _builder_version=&#8221;4.4.3&#8243;][et_pb_text _builder_version=&#8221;4.4.4&#8243; header_font=&#8221;ISIDORA &#8211; BOLD -ALT||||||||&#8221; header_font_size=&#8221;40px&#8221; header_2_font=&#8221;ISIDORA &#8211; BOLD -ALT||||||||&#8221; header_2_font_size=&#8221;30px&#8221; header_3_font=&#8221;ISIDORA &#8211; BOLD -ALT||||||||&#8221; header_4_font=&#8221;ISIDORA &#8211; SEMIBOLD-https||||||||&#8221; header_4_text_color=&#8221;#eb9e2b&#8221; custom_margin=&#8221;20px||||false|false&#8221; custom_padding=&#8221;|||30px|false|false&#8221; custom_padding_tablet=&#8221;&#8221; custom_padding_phone=&#8221;|||0px|false|false&#8221; custom_padding_last_edited=&#8221;on|phone&#8221; locked=&#8221;off&#8221;]<span style=\"color: #eb9e2b;\">\u2794 <\/span>Des <span style=\"color: #eb9e2b;\"><strong> COMIT\u00c9S SP\u00c9CIALIS\u00c9S <\/strong><\/span> cr\u00e9\u00e9s au sein du CA proc\u00e8dent \u00e0 l\u2019examen de questions sp\u00e9cifiques et conseillent le CA \u00e0 ce sujet. Ils se r\u00e9unissent \u00e0 la demande du CA, du Comit\u00e9 de direction ou d\u2019initiative. Ils peuvent se r\u00e9unir conjointement. Chaque administrateur si\u00e8ge dans un Comit\u00e9 sp\u00e9cialis\u00e9.<br \/>\n<\/p>\n<ul>\n<li>Le <strong>Comit\u00e9 strat\u00e9gique<\/strong><br \/> Compos\u00e9 de 6 administrateurs, il assiste le CA dans la d\u00e9finition de la strat\u00e9gie de la SWDE, en particulier au travers du plan d\u2019entreprise, du contrat de gestion et de leur suivi. Il se r\u00e9unit au moins deux fois par an<\/li>\n<\/ul>\n<ul>\n<li>Le <strong>Comit\u00e9 d\u2019audit<\/strong><br \/> Compos\u00e9 de 3 administrateurs, il est notamment charg\u00e9 du suivi\u00a0:<br \/> &#8211; de l\u2019efficacit\u00e9 des syst\u00e8mes de contr\u00f4le interne et de gestion des risques de la soci\u00e9t\u00e9<br \/> &#8211; du contr\u00f4le l\u00e9gal des comptes annuels et des comptes consolid\u00e9s<br \/> &#8211; de l\u2019ind\u00e9pendance du commissaire charg\u00e9 du contr\u00f4le des comptes consolid\u00e9s<br \/> &#8211; &#8230; <br \/>En outre, le CA d\u00e9signe un expert ind\u00e9pendant en audit pour participer aux travaux du comit\u00e9. Il se r\u00e9unit au moins deux fois par an.<\/li>\n<\/ul>\n<ul>\n<li>Le<strong> Comit\u00e9 de r\u00e9mun\u00e9ration<\/strong><br \/> Compos\u00e9 de 5 administrateurs, il formule des propositions au CA notamment sur la politique de r\u00e9mun\u00e9ration et la r\u00e9mun\u00e9ration individuelle des administrateurs, des membres du Comit\u00e9 de direction et des autres mandataires. Il se r\u00e9unit au moins deux fois par an.<\/li>\n<\/ul>\n<p>[\/et_pb_text][et_pb_text _builder_version=&#8221;4.4.4&#8243; header_font=&#8221;ISIDORA &#8211; BOLD -ALT||||||||&#8221; header_font_size=&#8221;40px&#8221; header_2_font=&#8221;ISIDORA &#8211; BOLD -ALT||||||||&#8221; header_2_font_size=&#8221;30px&#8221; header_3_font=&#8221;ISIDORA &#8211; BOLD -ALT||||||||&#8221; header_4_font=&#8221;ISIDORA &#8211; SEMIBOLD-https||||||||&#8221; header_4_text_color=&#8221;#eb9e2b&#8221; custom_margin=&#8221;20px||||false|false&#8221; custom_padding=&#8221;|||30px|false|false&#8221; custom_padding_tablet=&#8221;&#8221; custom_padding_phone=&#8221;|||0px|false|false&#8221; custom_padding_last_edited=&#8221;on|phone&#8221; locked=&#8221;off&#8221;]<\/p>\n<p><span style=\"color: #eb9e2b;\">\u2794 <\/span>Un <span style=\"color: #eb9e2b;\"><strong>COMIT\u00c9 DE DIRECTION <\/strong><\/span> (CD) qui est charg\u00e9 de mani\u00e8re coll\u00e9giale de la gestion journali\u00e8re, la repr\u00e9sentation de la SWDE et de l\u2019ex\u00e9cution des d\u00e9cisions du CA.<\/p>\n<p>Il est compos\u00e9 de 4 membres nomm\u00e9s par le Gouvernement pour un mandat renouvelable d\u2019une dur\u00e9e de 6 ans.<\/p>\n<p>[\/et_pb_text][et_pb_text _builder_version=&#8221;4.9.4&#8243; header_font=&#8221;ISIDORA &#8211; BOLD -ALT||||||||&#8221; header_font_size=&#8221;40px&#8221; header_2_font=&#8221;ISIDORA &#8211; BOLD -ALT||||||||&#8221; header_2_font_size=&#8221;30px&#8221; header_3_font=&#8221;ISIDORA &#8211; BOLD -ALT||||||||&#8221; header_4_font=&#8221;ISIDORA &#8211; SEMIBOLD-https||||||||&#8221; header_4_text_color=&#8221;#eb9e2b&#8221; custom_margin=&#8221;20px||||false|false&#8221; custom_padding=&#8221;|||30px|false|false&#8221; custom_padding_tablet=&#8221;&#8221; custom_padding_phone=&#8221;|||0px|false|false&#8221; custom_padding_last_edited=&#8221;on|phone&#8221; locked=&#8221;off&#8221;]<span style=\"color: #eb9e2b;\">\u2794 <\/span>Des <span style=\"color: #eb9e2b;\"><strong> CONSEILS D\u2019EXPLOITATION <\/strong><\/span> dont la forme et les missions ont \u00e9volu\u00e9 depuis le 1er janvier 2019<br \/>\n<\/p>\n<ul>\n<li>Ils sont devenus des organes uniquement consultatifs. Ils remettent un avis sur les programmes de travaux, leur ex\u00e9cution et la coordination avec les chantiers communaux, ainsi que sur toute question leur soumise par le CA ou CD.<\/li>\n<\/ul>\n<ul>\n<li>Ils sont compos\u00e9s d\u2019un d\u00e9l\u00e9gu\u00e9 par commune associ\u00e9e du ressort de la succursale, choisi par la commune au sein du coll\u00e8ge communal. Le mandat est gratuit.<\/li>\n<\/ul>\n<p>[\/et_pb_text][\/et_pb_column][\/et_pb_row][\/et_pb_section][et_pb_section fb_built=&#8221;1&#8243; admin_label=&#8221;section 2&#8243; module_id=&#8221;composition-des-organes-de-gestion&#8221; _builder_version=&#8221;4.4.4&#8243; background_color=&#8221;#dceef5&#8243; custom_padding=&#8221;60px||60px|||&#8221; top_divider_color=&#8221;#ffffff&#8221; top_divider_flip=&#8221;horizontal&#8221; bottom_divider_color=&#8221;#ffffff&#8221; locked=&#8221;off&#8221; collapsed=&#8221;off&#8221;][et_pb_row column_structure=&#8221;2_3,1_3&#8243; module_id=&#8221;le-srre-dans-les-grandes-lignes&#8221; _builder_version=&#8221;4.4.4&#8243; max_width=&#8221;1280px&#8221; custom_margin=&#8221;60px|auto||auto|false|false&#8221; custom_padding=&#8221;30px||0px||false|false&#8221; locked=&#8221;off&#8221; collapsed=&#8221;on&#8221;][et_pb_column type=&#8221;2_3&#8243; _builder_version=&#8221;4.4.3&#8243;][et_pb_text _builder_version=&#8221;4.9.4&#8243; header_font=&#8221;ISIDORA &#8211; BOLD -ALT||||||||&#8221; header_font_size=&#8221;40px&#8221; header_2_font=&#8221;ISIDORA &#8211; BOLD -ALT||||||||&#8221; header_2_font_size=&#8221;30px&#8221; header_3_font=&#8221;ISIDORA &#8211; BOLD -ALT||||||||&#8221; header_4_font=&#8221;ISIDORA &#8211; SEMIBOLD-https||||||||&#8221; header_4_text_color=&#8221;#eb9e2b&#8221; custom_margin=&#8221;||||false|false&#8221; custom_padding=&#8221;|||30px|false|false&#8221; custom_padding_tablet=&#8221;&#8221; custom_padding_phone=&#8221;|||0px|false|false&#8221; custom_padding_last_edited=&#8221;on|phone&#8221;]<\/p>\n<h4>Composition des organes de gestion<\/h4>\n<p>( composition au 31\/12\/2020 )<\/p>\n<p>[\/et_pb_text][\/et_pb_column][et_pb_column type=&#8221;1_3&#8243; _builder_version=&#8221;4.4.3&#8243;][\/et_pb_column][\/et_pb_row][et_pb_row column_structure=&#8221;1_3,1_3,1_3&#8243; module_id=&#8221;le-srre-dans-les-grandes-lignes&#8221; _builder_version=&#8221;4.4.4&#8243; max_width=&#8221;1280px&#8221; custom_margin=&#8221;|auto||auto|false|false&#8221; custom_padding=&#8221;||0px||false|false&#8221; locked=&#8221;off&#8221; collapsed=&#8221;off&#8221;][et_pb_column type=&#8221;1_3&#8243; _builder_version=&#8221;4.4.3&#8243;][et_pb_text _builder_version=&#8221;4.9.4&#8243; ul_font=&#8221;ISIDORA &#8211; SEMIBOLD-https||||||||&#8221; ul_font_size=&#8221;13px&#8221; header_font=&#8221;ISIDORA &#8211; BOLD -ALT||||||||&#8221; header_font_size=&#8221;40px&#8221; header_2_font=&#8221;ISIDORA &#8211; BOLD -ALT||||||||&#8221; header_2_font_size=&#8221;30px&#8221; header_3_font=&#8221;ISIDORA &#8211; BOLD -ALT||||||||&#8221; header_4_font=&#8221;ISIDORA &#8211; SEMIBOLD-https||||||||&#8221; header_4_text_color=&#8221;#eb9e2b&#8221; custom_margin=&#8221;||||false|false&#8221; custom_padding=&#8221;|||30px|false|false&#8221; custom_padding_tablet=&#8221;&#8221; custom_padding_phone=&#8221;|||0px|false|false&#8221; custom_padding_last_edited=&#8221;on|phone&#8221;]<\/p>\n<h5>Le Conseil d\u2019administration<\/h5>\n<ul>\n<li>Aurore Tourneur, Pr\u00e9sidente<\/li>\n<li>\n<p class=\"p1\">Thomas Salden, Vice-Pr\u00e9sident<\/p>\n<\/li>\n<li>\n<p class=\"p1\">Gonzague Delbar, Administrateur<\/p>\n<\/li>\n<li>\n<p class=\"p1\">Philippe Delcuve, Administrateur<\/p>\n<\/li>\n<li>\n<p class=\"p1\">Sophie Delettre, Administratrice<\/p>\n<\/li>\n<li>\n<p class=\"p1\">G\u00e9raldine Desille, Administratrice<\/p>\n<\/li>\n<li>\n<p class=\"p1\">Christina Dewart, Administratrice<\/p>\n<\/li>\n<li>\n<p class=\"p1\">Virginie Di Notte, Administratrice<\/p>\n<\/li>\n<li>\n<p class=\"p1\">Adrien Dolimont, Administrateur<\/p>\n<\/li>\n<li>\n<p class=\"p1\">Mireille Francotte, Administratrice<\/p>\n<\/li>\n<li>\n<p class=\"p1\">Marc Lejeune, Administrateur<\/p>\n<\/li>\n<li>\n<p class=\"p1\">Carl Lukalu, Administrateur<\/p>\n<\/li>\n<li>\n<p class=\"p1\">Jean-Luc Meurice, Administrateur<\/p>\n<\/li>\n<li>\n<p class=\"p1\">Luc Vansaingele, Administrateur<\/p>\n<\/li>\n<\/ul>\n<p>[\/et_pb_text][\/et_pb_column][et_pb_column type=&#8221;1_3&#8243; _builder_version=&#8221;4.4.3&#8243;][et_pb_text _builder_version=&#8221;4.4.4&#8243; ul_font=&#8221;ISIDORA &#8211; SEMIBOLD-https||||||||&#8221; ul_text_color=&#8221;#154455&#8243; ul_font_size=&#8221;13px&#8221; header_font=&#8221;ISIDORA &#8211; BOLD -ALT||||||||&#8221; header_font_size=&#8221;40px&#8221; header_2_font=&#8221;ISIDORA &#8211; BOLD -ALT||||||||&#8221; header_2_font_size=&#8221;30px&#8221; header_3_font=&#8221;ISIDORA &#8211; BOLD -ALT||||||||&#8221; header_4_font=&#8221;ISIDORA &#8211; SEMIBOLD-https||||||||&#8221; header_4_text_color=&#8221;#eb9e2b&#8221; custom_margin=&#8221;||15px||false|false&#8221; custom_padding=&#8221;|||30px|false|false&#8221; custom_padding_tablet=&#8221;&#8221; custom_padding_phone=&#8221;|||0px|false|false&#8221; custom_padding_last_edited=&#8221;on|phone&#8221;]<\/p>\n<h5>Le Comit\u00e9 de direction<\/h5>\n<ul>\n<li class=\"p1\"><span class=\"s1\">Eric Van Sevenant, Pr\u00e9sident <\/span><\/li>\n<li class=\"p1\"><span class=\"s1\">Eric Smit<\/span><\/li>\n<li class=\"p1\"><span class=\"s1\">Isabelle Jeurissen <\/span><\/li>\n<li class=\"p1\"><span class=\"s1\">Philippe Boury<\/span><\/li>\n<\/ul>\n<p>[\/et_pb_text][et_pb_text _builder_version=&#8221;4.4.4&#8243; ul_font=&#8221;ISIDORA &#8211; SEMIBOLD-https||||||||&#8221; ul_text_color=&#8221;#154455&#8243; ul_font_size=&#8221;13px&#8221; header_font=&#8221;ISIDORA &#8211; BOLD -ALT||||||||&#8221; header_font_size=&#8221;40px&#8221; header_2_font=&#8221;ISIDORA &#8211; BOLD -ALT||||||||&#8221; header_2_font_size=&#8221;30px&#8221; header_3_font=&#8221;ISIDORA &#8211; BOLD -ALT||||||||&#8221; header_4_font=&#8221;ISIDORA &#8211; SEMIBOLD-https||||||||&#8221; header_4_text_color=&#8221;#eb9e2b&#8221; header_5_line_height=&#8221;1.2em&#8221; custom_margin=&#8221;||15px||false|false&#8221; custom_padding=&#8221;||0px|30px|false|false&#8221; custom_padding_tablet=&#8221;&#8221; custom_padding_phone=&#8221;|||0px|false|false&#8221; custom_padding_last_edited=&#8221;on|phone&#8221;]<\/p>\n<h5>Les Commissaires<br \/> du Gouvernement wallon<\/h5>\n<ul>\n<li class=\"p1\">Renaud Baiwir<\/li>\n<li class=\"p1\">S\u00e9bastien Bertrand<\/li>\n<\/ul>\n<p>[\/et_pb_text][et_pb_text _builder_version=&#8221;4.9.4&#8243; ul_font=&#8221;ISIDORA &#8211; SEMIBOLD-https||||||||&#8221; ul_text_color=&#8221;#154455&#8243; ul_font_size=&#8221;13px&#8221; header_font=&#8221;ISIDORA &#8211; BOLD -ALT||||||||&#8221; header_font_size=&#8221;40px&#8221; header_2_font=&#8221;ISIDORA &#8211; BOLD -ALT||||||||&#8221; header_2_font_size=&#8221;30px&#8221; header_3_font=&#8221;ISIDORA &#8211; BOLD -ALT||||||||&#8221; header_4_font=&#8221;ISIDORA &#8211; SEMIBOLD-https||||||||&#8221; header_4_text_color=&#8221;#eb9e2b&#8221; custom_margin=&#8221;||15px||false|false&#8221; custom_padding=&#8221;||0px|30px|false|false&#8221; custom_padding_tablet=&#8221;&#8221; custom_padding_phone=&#8221;|||0px|false|false&#8221; custom_padding_last_edited=&#8221;on|phone&#8221;]<\/p>\n<h5>Les observateurs<\/h5>\n<ul>\n<li>\n<p class=\"p1\">Jean-Marie Br\u00e9ban<\/p>\n<\/li>\n<li>\n<p class=\"p1\">Fran\u00e7ois Fontaine<\/p>\n<\/li>\n<li>\n<p class=\"p1\">Alain Palmans<\/p>\n<\/li>\n<\/ul>\n<p>[\/et_pb_text][\/et_pb_column][et_pb_column type=&#8221;1_3&#8243; _builder_version=&#8221;4.4.3&#8243;][et_pb_text _builder_version=&#8221;4.4.4&#8243; ul_font=&#8221;ISIDORA &#8211; SEMIBOLD-https||||||||&#8221; ul_text_color=&#8221;#154455&#8243; ul_font_size=&#8221;13px&#8221; header_font=&#8221;ISIDORA &#8211; BOLD -ALT||||||||&#8221; header_font_size=&#8221;40px&#8221; header_2_font=&#8221;ISIDORA &#8211; BOLD -ALT||||||||&#8221; header_2_font_size=&#8221;30px&#8221; header_3_font=&#8221;ISIDORA &#8211; BOLD -ALT||||||||&#8221; header_4_font=&#8221;ISIDORA &#8211; SEMIBOLD-https||||||||&#8221; header_4_text_color=&#8221;#eb9e2b&#8221; custom_margin=&#8221;||15px||false|false&#8221; custom_padding=&#8221;||0px|30px|false|false&#8221; custom_padding_tablet=&#8221;&#8221; custom_padding_phone=&#8221;|||0px|false|false&#8221; custom_padding_last_edited=&#8221;on|phone&#8221;]<\/p>\n<h5> Commissaire aux comptes <\/h5>\n<ul>\n<li><span class=\"s1\"> Pierre Rion, Cour des Comptes <\/span><\/li>\n<\/ul>\n<p>[\/et_pb_text][\/et_pb_column][\/et_pb_row][\/et_pb_section][et_pb_section fb_built=&#8221;1&#8243; admin_label=&#8221;section 2&#8243; module_id=&#8221;les-mandats-de-la-swde&#8221; _builder_version=&#8221;4.4.4&#8243; background_enable_color=&#8221;off&#8221; custom_padding=&#8221;60px||60px|||&#8221; top_divider_color=&#8221;#ffffff&#8221; top_divider_flip=&#8221;horizontal&#8221; bottom_divider_color=&#8221;#ffffff&#8221; locked=&#8221;off&#8221; collapsed=&#8221;off&#8221;][et_pb_row column_structure=&#8221;1_3,2_3&#8243; module_id=&#8221;le-srre-dans-les-grandes-lignes&#8221; _builder_version=&#8221;4.4.4&#8243; max_width=&#8221;1280px&#8221; custom_margin=&#8221;60px|auto||auto|false|false&#8221; custom_padding=&#8221;30px||0px||false|false&#8221; locked=&#8221;off&#8221; collapsed=&#8221;on&#8221;][et_pb_column type=&#8221;1_3&#8243; _builder_version=&#8221;4.4.3&#8243;][et_pb_text _builder_version=&#8221;4.4.4&#8243; header_font=&#8221;ISIDORA &#8211; BOLD -ALT||||||||&#8221; header_font_size=&#8221;40px&#8221; header_2_font=&#8221;ISIDORA &#8211; BOLD -ALT||||||||&#8221; header_2_font_size=&#8221;30px&#8221; header_3_font=&#8221;ISIDORA &#8211; BOLD -ALT||||||||&#8221; header_4_font=&#8221;ISIDORA &#8211; SEMIBOLD-https||||||||&#8221; header_4_text_color=&#8221;#eb9e2b&#8221; custom_margin=&#8221;||||false|false&#8221; custom_padding=&#8221;|||30px|false|false&#8221; custom_padding_tablet=&#8221;&#8221; custom_padding_phone=&#8221;|||0px|false|false&#8221; custom_padding_last_edited=&#8221;on|phone&#8221;]<\/p>\n<h4>Les mandats de la SWDE<\/h4>\n<p>Un ou plusieurs membres du Conseil d\u2019administration, du Comit\u00e9 de direction ou du personnel ont \u00e9t\u00e9 d\u00e9sign\u00e9s par les instances de la SWDE pour si\u00e9ger au sein des soci\u00e9t\u00e9s, associations ou organismes suivants :<\/p>\n<p>[\/et_pb_text][\/et_pb_column][et_pb_column type=&#8221;2_3&#8243; _builder_version=&#8221;4.4.3&#8243;][et_pb_text _builder_version=&#8221;4.4.4&#8243; ul_font=&#8221;||||||||&#8221; header_font=&#8221;ISIDORA &#8211; BOLD -ALT||||||||&#8221; header_font_size=&#8221;40px&#8221; header_2_font=&#8221;ISIDORA &#8211; BOLD -ALT||||||||&#8221; header_2_font_size=&#8221;30px&#8221; header_3_font=&#8221;ISIDORA &#8211; BOLD -ALT||||||||&#8221; header_4_font=&#8221;ISIDORA &#8211; SEMIBOLD-https||||||||&#8221; header_4_text_color=&#8221;#eb9e2b&#8221; custom_margin=&#8221;||||false|false&#8221; custom_padding=&#8221;|||30px|false|false&#8221; custom_padding_tablet=&#8221;&#8221; custom_padding_phone=&#8221;|||0px|false|false&#8221; custom_padding_last_edited=&#8221;on|phone&#8221;]<\/p>\n<ul>\n<li class=\"li1\"><span class=\"s1\"><\/span><span class=\"s2\">A l\u2019Assembl\u00e9e g\u00e9n\u00e9rale d\u2019<strong>AQUAPOLE<\/strong><\/span><span class=\"s3\"><br \/> <\/span><span class=\"s2\"> <\/span><\/li>\n<li class=\"li1\"><span class=\"s1\"><\/span><span class=\"s2\">A l\u2019Assembl\u00e9e g\u00e9n\u00e9rale et au Conseil d\u2019administration d\u2019<strong>AQUA PUBLICA EUROPEA <\/strong><\/span><\/li>\n<li class=\"li1\"><span class=\"s1\"><\/span><span class=\"s2\">A l\u2019Assembl\u00e9e g\u00e9n\u00e9rale, au Conseil d\u2019administration et aux commissions d\u2019<strong>AQUAWAL<\/strong><\/span><span class=\"s3\"><br \/> <\/span><span class=\"s2\"> <\/span><\/li>\n<li class=\"li1\"><span class=\"s1\"><\/span><span class=\"s2\">A l\u2019Assembl\u00e9e g\u00e9n\u00e9rale du <strong>CEBEDEAU<\/strong><br \/> (Centre belge d\u2019\u00e9tudes et de documentation sur l\u2019eau) <\/span><\/li>\n<li class=\"li1\"><span class=\"s1\"><\/span><span class=\"s2\">A l\u2019Assembl\u00e9e g\u00e9n\u00e9rale et au Conseil d\u2019administration (observateur) de la <strong>CILE <\/strong><\/span><\/li>\n<li class=\"li1\"><span class=\"s4\"><\/span><span class=\"s2\">Au Comit\u00e9 de contr\u00f4le de l\u2019eau en qualit\u00e9 d\u2019observateur<\/span><\/li>\n<li class=\"li1\"><span class=\"s4\"><\/span><span class=\"s2\">Au p\u00f4le Environnement du <strong>CESW<\/strong> (sections Eau et Sols)<\/span><\/li>\n<li class=\"li1\"><span class=\"s1\"><\/span><span class=\"s2\">A l\u2019Assembl\u00e9e g\u00e9n\u00e9rale de De Watergroep <\/span><\/li>\n<li class=\"li1\"><span class=\"s1\"><\/span><span class=\"s2\">A l\u2019Assembl\u00e9e g\u00e9n\u00e9rale d\u2019<strong>ETHIAS <\/strong><\/span><\/li>\n<li class=\"li1\"><span class=\"s1\"><\/span><span class=\"s2\">A l\u2019Assembl\u00e9e g\u00e9n\u00e9rale de <strong>GIE<\/strong> SWDE\/IDEA<br \/> (valorisation des eaux d\u2019exhaure des carri\u00e8res de Soignies et \u00c9caussinnes) <\/span><\/li>\n<li class=\"li1\"><span class=\"s1\"><\/span><span class=\"s2\">A l\u2019Assembl\u00e9e g\u00e9n\u00e9rale d\u2019<strong>IGRETEC <\/strong><\/span><\/li>\n<li class=\"li1\"><span class=\"s1\"><\/span><span class=\"s2\">A l\u2019Assembl\u00e9e g\u00e9n\u00e9rale et au Conseil d\u2019administration de <strong>NRB <\/strong><\/span><\/li>\n<li class=\"li1\"><span class=\"s1\"><\/span><span class=\"s2\">Au Conseil d\u2019administration de la <strong>SPGE <\/strong><\/span><\/li>\n<li class=\"li1\"><span class=\"s4\"><\/span><span class=\"s2\">Au Conseil d\u2019administration de <strong>PROTECTEAU<\/strong><\/span><\/li>\n<li class=\"li1\"><span class=\"s4\"><\/span><span class=\"s2\">Au Conseil d\u2019administration de <strong>POWALCO <\/strong><\/span><\/li>\n<li class=\"li1\"><span class=\"s4\"><\/span><span class=\"s2\">A l\u2019Assembl\u00e9e g\u00e9n\u00e9rale et au Conseil d\u2019administration de la <strong>SFE<\/strong><\/span><\/li>\n<\/ul>\n<p>[\/et_pb_text][\/et_pb_column][\/et_pb_row][et_pb_row module_id=&#8221;organigramme&#8221; _builder_version=&#8221;4.4.4&#8243; max_width=&#8221;1280px&#8221; custom_margin=&#8221;60px|auto||auto|false|false&#8221; custom_padding=&#8221;30px||0px||false|false&#8221; locked=&#8221;off&#8221; collapsed=&#8221;on&#8221;][et_pb_column type=&#8221;4_4&#8243; _builder_version=&#8221;4.4.3&#8243;][et_pb_text _builder_version=&#8221;4.4.4&#8243; header_font=&#8221;ISIDORA &#8211; BOLD -ALT||||||||&#8221; header_font_size=&#8221;40px&#8221; header_2_font=&#8221;ISIDORA &#8211; BOLD -ALT||||||||&#8221; header_2_font_size=&#8221;30px&#8221; header_3_font=&#8221;ISIDORA &#8211; BOLD -ALT||||||||&#8221; header_4_font=&#8221;ISIDORA &#8211; SEMIBOLD-https||||||||&#8221; header_4_text_color=&#8221;#eb9e2b&#8221; custom_margin=&#8221;||||false|false&#8221; custom_padding=&#8221;|||30px|false|false&#8221; custom_padding_tablet=&#8221;&#8221; custom_padding_phone=&#8221;|||0px|false|false&#8221; custom_padding_last_edited=&#8221;on|phone&#8221;]<\/p>\n<h4> Organisation de la SWDE<\/h4>\n<p>[\/et_pb_text][\/et_pb_column][\/et_pb_row][et_pb_row module_id=&#8221;le-srre-dans-les-grandes-lignes&#8221; _builder_version=&#8221;4.4.4&#8243; max_width=&#8221;1280px&#8221; custom_margin=&#8221;|auto||auto|false|false&#8221; custom_padding=&#8221;0px||0px||false|false&#8221; locked=&#8221;off&#8221; collapsed=&#8221;off&#8221;][et_pb_column type=&#8221;4_4&#8243; _builder_version=&#8221;4.4.3&#8243;][et_pb_image src=&#8221;https:\/\/rapportannuelswde.be\/2020\/wp-content\/uploads\/2021\/05\/organigram.svg&#8221; title_text=&#8221;organigram&#8221; show_in_lightbox=&#8221;on&#8221; _builder_version=&#8221;4.9.4&#8243; background_color=&#8221;#FFFFFF&#8221;][\/et_pb_image][\/et_pb_column][\/et_pb_row][\/et_pb_section][et_pb_section fb_built=&#8221;1&#8243; prev_background_color=&#8221;#ffffff&#8221; _builder_version=&#8221;4.4.4&#8243; background_color=&#8221;#dceef5&#8243; custom_padding=&#8221;100px||0px|||&#8221; top_divider_style=&#8221;curve&#8221; top_divider_height=&#8221;60px&#8221; top_divider_repeat=&#8221;0x&#8221;][\/et_pb_section]<\/p>\n","protected":false},"excerpt":{"rendered":"<p>Nos Actions et le bilan 2020 Les organes d\u00e9cisionnels de la SWDE sont rationnalis\u00e9s, en veillant \u00e0 maintenir un lien fort avec les communes. La SWDE est moteur dans le d\u00e9veloppement de collaborations entre les acteurs du secteur de l\u2019eau au b\u00e9n\u00e9fice de leurs clients afin de permettre des \u00e9conomies d\u2019\u00e9chelle.7 Renforcer\u00a0la gouvernance de l&#8217;eau [&hellip;]<\/p>\n","protected":false},"author":2,"featured_media":0,"parent":0,"menu_order":0,"comment_status":"closed","ping_status":"closed","template":"","meta":{"_et_pb_use_builder":"on","_et_pb_old_content":"","_et_gb_content_width":""},"yoast_head":"<!-- This site is optimized with the Yoast SEO plugin v16.3 - https:\/\/yoast.com\/wordpress\/plugins\/seo\/ -->\n<title>Actions et bilan-7-Renforcer la gouvernance de l&#039;eau - Rapport Annuel SWDE<\/title>\n<meta name=\"robots\" content=\"index, follow, max-snippet:-1, max-image-preview:large, max-video-preview:-1\" \/>\n<link rel=\"canonical\" href=\"https:\/\/rapportannuelswde.be\/2020\/actions-et-bilan-7\/\" \/>\n<meta property=\"og:locale\" content=\"fr_FR\" \/>\n<meta property=\"og:type\" content=\"article\" \/>\n<meta property=\"og:title\" content=\"Actions et bilan-7-Renforcer la gouvernance de l&#039;eau - Rapport Annuel SWDE\" \/>\n<meta property=\"og:description\" content=\"Nos Actions et le bilan 2020 Les organes d\u00e9cisionnels de la SWDE sont rationnalis\u00e9s, en veillant \u00e0 maintenir un lien fort avec les communes. La SWDE est moteur dans le d\u00e9veloppement de collaborations entre les acteurs du secteur de l\u2019eau au b\u00e9n\u00e9fice de leurs clients afin de permettre des \u00e9conomies d\u2019\u00e9chelle.7 Renforcer\u00a0la gouvernance de l&#039;eau [&hellip;]\" \/>\n<meta property=\"og:url\" content=\"https:\/\/rapportannuelswde.be\/2020\/actions-et-bilan-7\/\" \/>\n<meta property=\"og:site_name\" content=\"Rapport Annuel SWDE\" \/>\n<meta property=\"article:modified_time\" content=\"2021-07-22T07:25:00+00:00\" \/>\n<meta property=\"og:image\" content=\"https:\/\/rapportannuelswde.be\/2020\/wp-content\/uploads\/2021\/05\/safe-rapport-annuel_2020.jpg\" \/>\n\t<meta property=\"og:image:width\" content=\"1200\" \/>\n\t<meta property=\"og:image:height\" content=\"630\" \/>\n<meta name=\"twitter:card\" content=\"summary_large_image\" \/>\n<meta name=\"twitter:label1\" content=\"Dur\u00e9e de lecture est.\">\n\t<meta name=\"twitter:data1\" content=\"28 minutes\">\n<script type=\"application\/ld+json\" class=\"yoast-schema-graph\">{\"@context\":\"https:\/\/schema.org\",\"@graph\":[{\"@type\":\"Organization\",\"@id\":\"https:\/\/rapportannuelswde.be\/2020\/#organization\",\"name\":\"SWDE\",\"url\":\"https:\/\/rapportannuelswde.be\/2020\/\",\"sameAs\":[],\"logo\":{\"@type\":\"ImageObject\",\"@id\":\"https:\/\/rapportannuelswde.be\/2020\/#logo\",\"inLanguage\":\"fr-FR\",\"url\":\"https:\/\/rapportannuelswde.be\/2020\/wp-content\/uploads\/2020\/05\/header-logo-swde.svg\",\"contentUrl\":\"https:\/\/rapportannuelswde.be\/2020\/wp-content\/uploads\/2020\/05\/header-logo-swde.svg\",\"width\":\"1024\",\"height\":\"1024\",\"caption\":\"SWDE\"},\"image\":{\"@id\":\"https:\/\/rapportannuelswde.be\/2020\/#logo\"}},{\"@type\":\"WebSite\",\"@id\":\"https:\/\/rapportannuelswde.be\/2020\/#website\",\"url\":\"https:\/\/rapportannuelswde.be\/2020\/\",\"name\":\"Rapport Annuel SWDE\",\"description\":\"le rapport d&#039;activit\\u00e9 de la SWDE\",\"publisher\":{\"@id\":\"https:\/\/rapportannuelswde.be\/2020\/#organization\"},\"potentialAction\":[{\"@type\":\"SearchAction\",\"target\":\"https:\/\/rapportannuelswde.be\/2020\/?s={search_term_string}\",\"query-input\":\"required name=search_term_string\"}],\"inLanguage\":\"fr-FR\"},{\"@type\":\"WebPage\",\"@id\":\"https:\/\/rapportannuelswde.be\/2020\/actions-et-bilan-7\/#webpage\",\"url\":\"https:\/\/rapportannuelswde.be\/2020\/actions-et-bilan-7\/\",\"name\":\"Actions et bilan-7-Renforcer la gouvernance de l'eau - Rapport Annuel SWDE\",\"isPartOf\":{\"@id\":\"https:\/\/rapportannuelswde.be\/2020\/#website\"},\"datePublished\":\"2020-05-06T09:33:05+00:00\",\"dateModified\":\"2021-07-22T07:25:00+00:00\",\"breadcrumb\":{\"@id\":\"https:\/\/rapportannuelswde.be\/2020\/actions-et-bilan-7\/#breadcrumb\"},\"inLanguage\":\"fr-FR\",\"potentialAction\":[{\"@type\":\"ReadAction\",\"target\":[\"https:\/\/rapportannuelswde.be\/2020\/actions-et-bilan-7\/\"]}]},{\"@type\":\"BreadcrumbList\",\"@id\":\"https:\/\/rapportannuelswde.be\/2020\/actions-et-bilan-7\/#breadcrumb\",\"itemListElement\":[{\"@type\":\"ListItem\",\"position\":1,\"item\":{\"@type\":\"WebPage\",\"@id\":\"https:\/\/rapportannuelswde.be\/2020\/\",\"url\":\"https:\/\/rapportannuelswde.be\/2020\/\",\"name\":\"Accueil\"}},{\"@type\":\"ListItem\",\"position\":2,\"item\":{\"@id\":\"https:\/\/rapportannuelswde.be\/2020\/actions-et-bilan-7\/#webpage\"}}]}]}<\/script>\n<!-- \/ Yoast SEO plugin. -->","_links":{"self":[{"href":"https:\/\/rapportannuelswde.be\/2020\/wp-json\/wp\/v2\/pages\/1150"}],"collection":[{"href":"https:\/\/rapportannuelswde.be\/2020\/wp-json\/wp\/v2\/pages"}],"about":[{"href":"https:\/\/rapportannuelswde.be\/2020\/wp-json\/wp\/v2\/types\/page"}],"author":[{"embeddable":true,"href":"https:\/\/rapportannuelswde.be\/2020\/wp-json\/wp\/v2\/users\/2"}],"replies":[{"embeddable":true,"href":"https:\/\/rapportannuelswde.be\/2020\/wp-json\/wp\/v2\/comments?post=1150"}],"version-history":[{"count":77,"href":"https:\/\/rapportannuelswde.be\/2020\/wp-json\/wp\/v2\/pages\/1150\/revisions"}],"predecessor-version":[{"id":2961,"href":"https:\/\/rapportannuelswde.be\/2020\/wp-json\/wp\/v2\/pages\/1150\/revisions\/2961"}],"wp:attachment":[{"href":"https:\/\/rapportannuelswde.be\/2020\/wp-json\/wp\/v2\/media?parent=1150"}],"curies":[{"name":"wp","href":"https:\/\/api.w.org\/{rel}","templated":true}]}}