{"id":1286,"date":"2020-05-06T20:18:17","date_gmt":"2020-05-06T18:18:17","guid":{"rendered":"https:\/\/rapportannuelswde.be\/2020\/?page_id=1286"},"modified":"2021-07-22T08:57:44","modified_gmt":"2021-07-22T06:57:44","slug":"actions-et-bilan-6","status":"publish","type":"page","link":"https:\/\/rapportannuelswde.be\/2020\/actions-et-bilan-6\/","title":{"rendered":"Actions et bilan-6-Dynamiser les ressources humaines"},"content":{"rendered":"<p>[et_pb_section fb_built=&#8221;1&#8243; admin_label=&#8221;en BREF&#8221; _builder_version=&#8221;4.4.3&#8243; background_color=&#8221;#dbedf4&#8243; use_background_color_gradient=&#8221;on&#8221; background_color_gradient_start=&#8221;#dceef5&#8243; background_color_gradient_end=&#8221;#b0e9f4&#8243; background_enable_image=&#8221;off&#8221; background_position=&#8221;top_center&#8221; custom_padding=&#8221;0px||10vw||false|false&#8221; bottom_divider_style=&#8221;slant&#8221; bottom_divider_color=&#8221;#FFFFFF&#8221; bottom_divider_height=&#8221;250px&#8221; bottom_divider_flip=&#8221;horizontal&#8221; animation_direction=&#8221;top&#8221; collapsed=&#8221;off&#8221;][et_pb_row custom_padding_last_edited=&#8221;on|phone&#8221; _builder_version=&#8221;4.4.4&#8243; background_enable_color=&#8221;off&#8221; background_image=&#8221;https:\/\/rapportannuelswde.be\/2020\/wp-content\/uploads\/2020\/05\/home-bilan-logo.svg&#8221; background_size=&#8221;contain&#8221; width=&#8221;100%&#8221; module_alignment=&#8221;center&#8221; custom_padding=&#8221;0%||0px||false|false&#8221; custom_padding_tablet=&#8221;&#8221; custom_padding_phone=&#8221;10%||20%||false|false&#8221; locked=&#8221;off&#8221;][et_pb_column type=&#8221;4_4&#8243; _builder_version=&#8221;3.25&#8243; custom_padding=&#8221;60px|||&#8221; custom_padding_tablet=&#8221;0px|||&#8221; custom_padding_phone=&#8221;&#8221; custom_padding_last_edited=&#8221;on|tablet&#8221; padding_tablet=&#8221;0px|||&#8221; padding_last_edited=&#8221;on|tablet&#8221; custom_padding__hover=&#8221;|||&#8221;][et_pb_image src=&#8221;https:\/\/rapportannuelswde.be\/2020\/wp-content\/uploads\/2020\/05\/home-loupe.svg&#8221; title_text=&#8221;home-loupe&#8221; align=&#8221;right&#8221; _builder_version=&#8221;4.4.4&#8243; transform_translate=&#8221;0vw|0px&#8221; transform_translate_linked=&#8221;off&#8221; width=&#8221;22%&#8221; custom_margin=&#8221;|10vw|-5vw||false|false&#8221; custom_padding=&#8221;||||false|false&#8221; scroll_vertical_motion_enable=&#8221;on&#8221; scroll_vertical_motion=&#8221;0|50|50|100|1|0|-0.5&#8243; scroll_horizontal_motion_enable=&#8221;on&#8221; scroll_horizontal_motion=&#8221;0|50|50|100|0|0|0.5&#8243; motion_trigger_start=&#8221;bottom&#8221;][\/et_pb_image][et_pb_text _builder_version=&#8221;4.4.4&#8243; header_font=&#8221;||||||||&#8221; header_text_align=&#8221;left&#8221; header_text_color=&#8221;#154455&#8243; header_font_size=&#8221;140px&#8221; header_2_text_color=&#8221;#154455&#8243; header_2_font_size=&#8221;70px&#8221; header_3_text_color=&#8221;#154455&#8243; header_3_font_size=&#8221;35px&#8221; scroll_horizontal_motion_enable=&#8221;on&#8221; scroll_horizontal_motion=&#8221;0|50|50|100|0|0|-0.2&#8243; scroll_scaling=&#8221;0|50|50|100|85%|100|110%&#8221; scroll_blur_enable=&#8221;on&#8221; scroll_blur=&#8221;0|33|67|100|0px|0px|3px&#8221; motion_trigger_start=&#8221;bottom&#8221; header_font_size_tablet=&#8221;&#8221; header_font_size_phone=&#8221;60px&#8221; header_font_size_last_edited=&#8221;on|phone&#8221; header_3_font_size_tablet=&#8221;&#8221; header_3_font_size_phone=&#8221;30px&#8221; header_3_font_size_last_edited=&#8221;on|phone&#8221;]<\/p>\n<h3 style=\"padding-left: 20%;\">Nos<\/h3>\n<h1 style=\"padding-left: 14%;\">Actions<\/h1>\n<h3 style=\"padding-left: 28%;\">et le bilan 2020<\/h3>\n<p>[\/et_pb_text][et_pb_image src=&#8221;https:\/\/rapportannuelswde.be\/2020\/wp-content\/uploads\/2020\/05\/home-bulle.svg&#8221; title_text=&#8221;home-bulle&#8221; _builder_version=&#8221;4.4.4&#8243; width=&#8221;17%&#8221; custom_margin=&#8221;-9%|||5vw|false|false&#8221; scroll_vertical_motion_enable=&#8221;on&#8221; scroll_vertical_motion=&#8221;0|50|50|100|-1|0|1&#8243; scroll_horizontal_motion=&#8221;0|50|50|100|-0.5|0|0.5&#8243; motion_trigger_start=&#8221;top&#8221;][\/et_pb_image][\/et_pb_column][\/et_pb_row][et_pb_row column_structure=&#8221;1_4,3_4&#8243; admin_label=&#8221;BTN&#8221; _builder_version=&#8221;4.4.3&#8243; width=&#8221;100%&#8221; custom_padding=&#8221;0px||0px|||&#8221;][et_pb_column type=&#8221;1_4&#8243; _builder_version=&#8221;4.4.3&#8243;][\/et_pb_column][et_pb_column type=&#8221;3_4&#8243; _builder_version=&#8221;4.4.3&#8243; custom_padding=&#8221;||||false|false&#8221;][et_pb_button button_url=&#8221;https:\/\/rapportannuelswde.be\/2020\/actions-et-bilan-1\/#maitriser-le-prix-de-leau&#8221; button_text=&#8221;Ma\u00eetriser le prix de l&#8217;eau&#8221; button_alignment=&#8221;left&#8221; _builder_version=&#8221;4.4.4&#8243; button_text_size=&#8221;18px&#8221; button_bg_color=&#8221;#ffffff&#8221; button_font=&#8221;ISIDORA &#8211; SEMIBOLD-https||||||||&#8221; button_use_icon=&#8221;on&#8221; button_icon_color=&#8221;#eb9e2b&#8221; custom_margin=&#8221;-80px||10px||false|false&#8221; custom_margin_tablet=&#8221;&#8221; custom_margin_phone=&#8221;-50px||10px||false|false&#8221; custom_margin_last_edited=&#8221;on|phone&#8221; button_text_color__hover_enabled=&#8221;on|desktop&#8221; button_text_color__hover=&#8221;#eb9e2b&#8221;][\/et_pb_button][et_pb_button button_url=&#8221;https:\/\/rapportannuelswde.be\/2020\/actions-et-bilan-2\/#securiser-lapprovisionnement-en-eau&#8221; button_text=&#8221;S\u00e9curiser l&#8217;approvisionnement en eau&#8221; button_alignment=&#8221;left&#8221; _builder_version=&#8221;4.4.4&#8243; button_text_size=&#8221;18px&#8221; button_bg_color=&#8221;#ffffff&#8221; button_font=&#8221;ISIDORA &#8211; SEMIBOLD-https||||||||&#8221; button_use_icon=&#8221;on&#8221; button_icon_color=&#8221;#eb9e2b&#8221; custom_margin=&#8221;0px||10px||false|false&#8221; button_text_color__hover_enabled=&#8221;on|desktop&#8221; button_bg_color__hover_enabled=&#8221;on|hover&#8221; button_bg_color__hover=&#8221;#ffffff&#8221; button_text_color__hover=&#8221;#eb9e2b&#8221;][\/et_pb_button][et_pb_button button_url=&#8221;https:\/\/rapportannuelswde.be\/2020\/actions-et-bilan-3\/#garantir-la-qualit\u00e9-de-l-eau&#8221; button_text=&#8221;Garantir la qualit\u00e9 de l&#8217;eau&#8221; button_alignment=&#8221;left&#8221; _builder_version=&#8221;4.4.4&#8243; button_text_size=&#8221;18px&#8221; button_bg_color=&#8221;#ffffff&#8221; button_font=&#8221;ISIDORA &#8211; SEMIBOLD-https||||||||&#8221; button_use_icon=&#8221;on&#8221; button_icon_color=&#8221;#eb9e2b&#8221; custom_margin=&#8221;0px||10px||false|false&#8221; button_text_color__hover=&#8221;#eb9e2b&#8221; button_text_color__hover_enabled=&#8221;on|desktop&#8221;][\/et_pb_button][et_pb_button button_url=&#8221;https:\/\/rapportannuelswde.be\/2020\/actions-et-bilan-4\/#garantir-une-offre-de-service-optimal-aux-clients&#8221; button_text=&#8221;Garantir une offre de service optimal aux clients&#8221; button_alignment=&#8221;left&#8221; _builder_version=&#8221;4.9.4&#8243; button_text_size=&#8221;18px&#8221; button_bg_color=&#8221;#ffffff&#8221; button_font=&#8221;ISIDORA &#8211; SEMIBOLD-https||||||||&#8221; button_use_icon=&#8221;on&#8221; button_icon_color=&#8221;#eb9e2b&#8221; custom_margin=&#8221;0px||10px||false|false&#8221; button_text_color__hover=&#8221;#eb9e2b&#8221; button_text_color__hover_enabled=&#8221;on|desktop&#8221;][\/et_pb_button][et_pb_button button_url=&#8221;https:\/\/rapportannuelswde.be\/2020\/actions-et-bilan-5\/#contribuer-au-developpement-durable&#8221; button_text=&#8221;Contribuer au d\u00e9veloppement durable&#8221; button_alignment=&#8221;left&#8221; admin_label=&#8221;gouvernace de leau&#8221; _builder_version=&#8221;4.4.4&#8243; button_text_size=&#8221;18px&#8221; button_bg_color=&#8221;#ffffff&#8221; button_font=&#8221;ISIDORA &#8211; SEMIBOLD-https||||||||&#8221; button_use_icon=&#8221;on&#8221; button_icon_color=&#8221;#eb9e2b&#8221; custom_margin=&#8221;0px||10px||false|false&#8221; button_text_color__hover=&#8221;#eb9e2b&#8221; button_text_color__hover_enabled=&#8221;on|desktop&#8221;][\/et_pb_button][et_pb_button button_url=&#8221;#dynamiser-les-ressources-humaines&#8221; button_text=&#8221;Dynamiser les ressources humaines&#8221; button_alignment=&#8221;left&#8221; admin_label=&#8221;gouvernace de leau&#8221; _builder_version=&#8221;4.4.4&#8243; button_text_size=&#8221;22px&#8221; button_text_color=&#8221;#154455&#8243; button_bg_color=&#8221;#ffffff&#8221; button_font=&#8221;ISIDORA &#8211; BOLD -ALT||||||||&#8221; custom_margin=&#8221;||10px|-20px|false|false&#8221; button_text_color__hover=&#8221;#eb9e2b&#8221; button_text_color__hover_enabled=&#8221;on|desktop&#8221; button_bg_color__hover=&#8221;#ffffff&#8221; button_bg_color__hover_enabled=&#8221;on|hover&#8221;][\/et_pb_button][et_pb_button button_url=&#8221;https:\/\/rapportannuelswde.be\/2020\/actions-et-bilan-7\/#renforcer-la-gouvernance-de-leau&#8221; button_text=&#8221;Renforcer la gouvernance de l&#8217;eau&#8221; button_alignment=&#8221;left&#8221; admin_label=&#8221;gouvernace de leau&#8221; _builder_version=&#8221;4.4.4&#8243; button_text_size=&#8221;18px&#8221; button_bg_color=&#8221;#ffffff&#8221; button_font=&#8221;ISIDORA &#8211; SEMIBOLD-https||||||||&#8221; button_use_icon=&#8221;on&#8221; button_icon_color=&#8221;#eb9e2b&#8221; custom_margin=&#8221;0px||10px||false|false&#8221; locked=&#8221;off&#8221; button_text_color__hover=&#8221;#eb9e2b&#8221; button_text_color__hover_enabled=&#8221;on|desktop&#8221; button_bg_color__hover_enabled=&#8221;on|hover&#8221; button_bg_color__hover=&#8221;#FFFFFF&#8221; button_bg_enable_color__hover=&#8221;on&#8221;][\/et_pb_button][\/et_pb_column][\/et_pb_row][\/et_pb_section][et_pb_section fb_built=&#8221;1&#8243; admin_label=&#8221;Section 1 &#8221; module_id=&#8221;dynamiser-les-ressources-humaines&#8221; _builder_version=&#8221;4.4.4&#8243; custom_padding=&#8221;||0px|||&#8221; bottom_divider_color=&#8221;#dceef5&#8243; collapsed=&#8221;off&#8221;][et_pb_row column_structure=&#8221;1_4,3_4&#8243; use_custom_gutter=&#8221;on&#8221; gutter_width=&#8221;1&#8243; admin_label=&#8221;1&#8243; _builder_version=&#8221;4.9.4&#8243; width_tablet=&#8221;&#8221; width_phone=&#8221;90%&#8221; width_last_edited=&#8221;on|phone&#8221; max_width=&#8221;1280px&#8221; custom_margin=&#8221;-125px||0px||false|false&#8221; custom_margin_tablet=&#8221;-50px||100px||false|false&#8221; custom_margin_phone=&#8221;50px||||false|false&#8221; custom_margin_last_edited=&#8221;on|desktop&#8221; custom_padding=&#8221;0px||0px||false|false&#8221; locked=&#8221;off&#8221;][et_pb_column type=&#8221;1_4&#8243; _builder_version=&#8221;4.4.3&#8243;][\/et_pb_column][et_pb_column type=&#8221;3_4&#8243; _builder_version=&#8221;4.4.3&#8243;][et_pb_image src=&#8221;https:\/\/rapportannuelswde.be\/2020\/wp-content\/uploads\/2020\/04\/forme-08.svg&#8221; title_text=&#8221;forme-08&#8243; admin_label=&#8221;shape&#8221; _builder_version=&#8221;4.9.4&#8243; background_enable_color=&#8221;off&#8221; transform_translate=&#8221;-40px|0px&#8221; transform_translate_linked=&#8221;off&#8221; width=&#8221;40%&#8221; module_alignment=&#8221;right&#8221; custom_margin=&#8221;||-270px||false|false&#8221; custom_padding=&#8221;||||false|false&#8221; animation_style=&#8221;slide&#8221; animation_direction=&#8221;bottom&#8221; animation_intensity_slide=&#8221;20%&#8221; scroll_vertical_motion_enable=&#8221;on&#8221; scroll_vertical_motion=&#8221;0|50|50|100|2|0|-0.5&#8243; scroll_fade_enable=&#8221;on&#8221; scroll_fade=&#8221;0|50|50|100|100%|50%|0%&#8221; motion_trigger_start=&#8221;top&#8221; always_center_on_mobile=&#8221;off&#8221;][\/et_pb_image][et_pb_text _builder_version=&#8221;4.9.4&#8243; header_font=&#8221;ISIDORA &#8211; BOLD -ALT||||||||&#8221; header_font_size=&#8221;40px&#8221; header_2_font=&#8221;ISIDORA &#8211; BOLD -ALT||||||||&#8221; header_2_text_color=&#8221;#154455&#8243; header_2_font_size=&#8221;30px&#8221; header_2_line_height=&#8221;1.2em&#8221; header_3_font=&#8221;ISIDORA &#8211; SEMIBOLD-https||||||||&#8221; header_3_text_align=&#8221;left&#8221; header_3_text_color=&#8221;#154455&#8243; header_3_font_size=&#8221;18px&#8221; header_3_line_height=&#8221;1.3em&#8221; header_4_font=&#8221;ISIDORA &#8211; SEMIBOLD-https||||||||&#8221; header_4_text_color=&#8221;#eb9e2b&#8221; custom_margin=&#8221;||||false|false&#8221; custom_padding=&#8221;15px|||30px|false|false&#8221; custom_padding_tablet=&#8221;&#8221; custom_padding_phone=&#8221;|25px||25px|false|false&#8221; custom_padding_last_edited=&#8221;on|tablet&#8221; header_3_font_size_tablet=&#8221;15px&#8221; header_3_font_size_phone=&#8221;15px&#8221; header_3_font_size_last_edited=&#8221;on|phone&#8221; border_width_left=&#8221;6px&#8221; border_color_left=&#8221;#F7C753&#8243; border_style_left=&#8221;dotted&#8221;]<\/p>\n<h3>D\u00e9sireuse de p\u00e9renniser les talents internes, de stimuler leur \u00e9closion et d\u2019attirer de nouveaux profils, la SWDE s\u2019est lanc\u00e9 un challenge ambitieux de modernisation et dynamisation des ressources humaines. En l\u2019espace de quelques ann\u00e9es, une nouvelle impulsion a permis de promouvoir une gestion positive et efficiente du capital humain au sein de l\u2019entreprise.<\/h3>\n<p>[\/et_pb_text][\/et_pb_column][\/et_pb_row][et_pb_row use_custom_gutter=&#8221;on&#8221; gutter_width=&#8221;1&#8243; admin_label=&#8221;1&#8243; _builder_version=&#8221;4.4.4&#8243; max_width=&#8221;1280px&#8221;][et_pb_column type=&#8221;4_4&#8243; _builder_version=&#8221;4.4.3&#8243;][et_pb_image src=&#8221;https:\/\/rapportannuelswde.be\/2020\/wp-content\/uploads\/2020\/04\/forme-12.svg&#8221; admin_label=&#8221;shape&#8221; _builder_version=&#8221;4.4.3&#8243; background_enable_color=&#8221;off&#8221; transform_translate=&#8221;-40px|0px&#8221; transform_translate_linked=&#8221;off&#8221; width=&#8221;20%&#8221; module_alignment=&#8221;left&#8221; custom_margin=&#8221;||-150px||false|false&#8221; custom_padding=&#8221;||||false|false&#8221; animation_style=&#8221;slide&#8221; animation_direction=&#8221;bottom&#8221; animation_intensity_slide=&#8221;20%&#8221; scroll_vertical_motion_enable=&#8221;on&#8221; scroll_vertical_motion=&#8221;0|50|50|100|1|0|-0.5&#8243; always_center_on_mobile=&#8221;off&#8221;][\/et_pb_image][et_pb_text admin_label=&#8221;1 LA SWDE&#8221; _builder_version=&#8221;4.4.3&#8243; header_font=&#8221;ISIDORA &#8211; BOLD -ALT||||||||&#8221; header_text_color=&#8221;#008fc3&#8243; header_font_size=&#8221;55px&#8221; header_2_font=&#8221;ISIDORA &#8211; BOLD -ALT||||||||&#8221; header_2_text_color=&#8221;#154455&#8243; header_2_font_size=&#8221;50px&#8221; header_3_font=&#8221;ISIDORA &#8211; SEMIBOLD-https|||on|||||&#8221; header_3_text_color=&#8221;#eb9e2b&#8221; header_3_font_size=&#8221;15px&#8221; header_4_font=&#8221;ISIDORA &#8211; SEMIBOLD-https||||||||&#8221; header_4_text_color=&#8221;#eb9e2b&#8221; custom_margin=&#8221;||10px||false|false&#8221;]<\/p>\n<h1 style=\"padding-left: 20px;\">6<\/h1>\n<h2>Dynamiser<br \/>les ressources humaines<\/h2>\n<p>[\/et_pb_text][et_pb_divider color=&#8221;#29b6c1&#8243; divider_weight=&#8221;9px&#8221; _builder_version=&#8221;4.4.3&#8243; width=&#8221;70px&#8221; module_alignment=&#8221;left&#8221;][\/et_pb_divider][\/et_pb_column][\/et_pb_row][et_pb_row column_structure=&#8221;1_4,1_2,1_4&#8243; admin_label=&#8221;1&#8243; _builder_version=&#8221;4.4.4&#8243; background_enable_color=&#8221;off&#8221; width=&#8221;100%&#8221; custom_padding=&#8221;0px|||||&#8221;][et_pb_column type=&#8221;1_4&#8243; _builder_version=&#8221;4.4.3&#8243;][\/et_pb_column][et_pb_column type=&#8221;1_2&#8243; _builder_version=&#8221;4.4.3&#8243;][et_pb_toggle title=&#8221;Formations &#038; d\u00e9veloppement des comp\u00e9tences&#8221; open_toggle_text_color=&#8221;#154455&#8243; open_toggle_background_color=&#8221;rgba(0,0,0,0)&#8221; closed_toggle_background_color=&#8221;rgba(0,0,0,0)&#8221; icon_color=&#8221;#29b6c1&#8243; _builder_version=&#8221;4.9.4&#8243; title_text_color=&#8221;#154455&#8243; title_level=&#8221;h4&#8243; title_font=&#8221;ISIDORA &#8211; BOLD -ALT||||||||&#8221; body_line_height=&#8221;1em&#8221; body_link_font=&#8221;ISIDORA &#8211; SEMIBOLD-https||||||||&#8221; body_link_text_color=&#8221;#eb9e2b&#8221; body_link_font_size=&#8221;16px&#8221; border_width_all=&#8221;0px&#8221; body_link_text_color__hover_enabled=&#8221;on|desktop&#8221; body_link_text_color__hover=&#8221;#f7c753&#8243; title_text_color__hover_enabled=&#8221;on|hover&#8221; title_text_color__hover=&#8221;#008fc3&#8243;]<\/p>\n<p style=\"padding-left: 30px;\"><a href=\"#amelioration-des-competences-et-valorisation-du-savoir-faire-interne\">Am\u00e9lioration des comp\u00e9tences et valorisation du savoir-faire interne<\/a><\/p>\n<p>[\/et_pb_toggle][et_pb_toggle title=&#8221;Gestion des talents &#038; mobilit\u00e9&#8221; open_toggle_text_color=&#8221;#154455&#8243; open_toggle_background_color=&#8221;rgba(0,0,0,0)&#8221; closed_toggle_background_color=&#8221;rgba(0,0,0,0)&#8221; icon_color=&#8221;#29b6c1&#8243; _builder_version=&#8221;4.9.4&#8243; title_text_color=&#8221;#154455&#8243; title_level=&#8221;h4&#8243; title_font=&#8221;ISIDORA &#8211; BOLD -ALT||||||||&#8221; body_line_height=&#8221;1em&#8221; body_link_font=&#8221;ISIDORA &#8211; SEMIBOLD-https||||||||&#8221; body_link_text_color=&#8221;#eb9e2b&#8221; body_link_font_size=&#8221;16px&#8221; custom_margin=&#8221;-60px||||false|false&#8221; title_text_color_last_edited=&#8221;off|desktop&#8221; border_width_all=&#8221;0px&#8221; body_link_text_color__hover_enabled=&#8221;on|desktop&#8221; body_link_text_color__hover=&#8221;#f7c753&#8243; title_text_color__hover_enabled=&#8221;on|hover&#8221; title_text_color__hover=&#8221;#008fc3&#8243;]<\/p>\n<p style=\"padding-left: 30px;\"><a href=\"#un-plan-de-recrutement-ambitieux-atteint\">Un plan de recrutement ambitieux atteint<\/a><\/p>\n<p style=\"padding-left: 30px;\"><a href=\"#une-collaboration-renforcee-avec-le-forem\">Une collaboration renforc\u00e9e avec le Forem<\/a><\/p>\n<p>[\/et_pb_toggle][\/et_pb_column][et_pb_column type=&#8221;1_4&#8243; _builder_version=&#8221;4.4.3&#8243;][\/et_pb_column][\/et_pb_row][et_pb_row module_id=&#8221;amelioration-des-competences-et-valorisation-du-savoir-faire-interne&#8221; _builder_version=&#8221;4.9.4&#8243; max_width=&#8221;1280px&#8221; custom_margin=&#8221;30px||||false|false&#8221; custom_padding=&#8221;||0px||false|false&#8221; collapsed=&#8221;on&#8221;][et_pb_column type=&#8221;4_4&#8243; _builder_version=&#8221;4.4.3&#8243;][et_pb_text _builder_version=&#8221;4.4.4&#8243; header_font=&#8221;ISIDORA &#8211; BOLD -ALT||||||||&#8221; header_font_size=&#8221;40px&#8221; header_2_font=&#8221;ISIDORA &#8211; BOLD -ALT||||||||&#8221; header_2_text_color=&#8221;#154455&#8243; header_2_font_size=&#8221;30px&#8221; header_2_line_height=&#8221;1.2em&#8221; header_3_font=&#8221;ISIDORA &#8211; BOLD -ALT||||||||&#8221; header_4_font=&#8221;ISIDORA &#8211; SEMIBOLD-https||||||||&#8221; header_4_text_color=&#8221;#eb9e2b&#8221; custom_margin=&#8221;||10px||false|false&#8221; custom_padding=&#8221;|||30px|false|false&#8221; custom_padding_tablet=&#8221;&#8221; custom_padding_phone=&#8221;|||0px|false|false&#8221; custom_padding_last_edited=&#8221;on|phone&#8221;]<\/p>\n<h2>Formations &amp;<br \/>d\u00e9veloppement des comp\u00e9tences<\/h2>\n<p>[\/et_pb_text][et_pb_divider color=&#8221;#29b6c1&#8243; divider_weight=&#8221;7px&#8221; _builder_version=&#8221;4.4.3&#8243; max_width=&#8221;60px&#8221; custom_margin=&#8221;||20px|30px|false|false&#8221; global_module=&#8221;162&#8243; saved_tabs=&#8221;all&#8221;][\/et_pb_divider][\/et_pb_column][\/et_pb_row][et_pb_row column_structure=&#8221;1_3,2_3&#8243; _builder_version=&#8221;4.9.4&#8243; max_width=&#8221;1280px&#8221; custom_margin=&#8221;30px||||false|false&#8221; custom_padding=&#8221;0px||||false|false&#8221; collapsed=&#8221;on&#8221;][et_pb_column type=&#8221;1_3&#8243; _builder_version=&#8221;4.4.3&#8243;][et_pb_text _builder_version=&#8221;4.9.4&#8243; header_font=&#8221;ISIDORA &#8211; BOLD -ALT||||||||&#8221; header_font_size=&#8221;40px&#8221; header_2_font=&#8221;ISIDORA &#8211; BOLD -ALT||||||||&#8221; header_2_text_color=&#8221;#154455&#8243; header_2_font_size=&#8221;30px&#8221; header_2_line_height=&#8221;1.2em&#8221; header_3_font=&#8221;ISIDORA &#8211; BOLD -ALT||||||||&#8221; header_4_font=&#8221;ISIDORA &#8211; SEMIBOLD-https||||||||&#8221; header_4_text_color=&#8221;#eb9e2b&#8221; custom_margin=&#8221;||||false|false&#8221; custom_padding=&#8221;|||30px|false|false&#8221; custom_padding_tablet=&#8221;&#8221; custom_padding_phone=&#8221;|||0px|false|false&#8221; custom_padding_last_edited=&#8221;on|phone&#8221;]<\/p>\n<h4>Am\u00e9lioration des comp\u00e9tences et valorisation du savoir-faire interne<\/h4>\n<p class=\"p1\">La crise sanitaire a fortement impact\u00e9 l\u2019organisation des formations, tant\u00f4t interdites en p\u00e9riode de confinement, tant\u00f4t autoris\u00e9es sous conditions s\u00e9v\u00e8res (nombre de participants limit\u00e9s\u2026).<\/p>\n<p class=\"p1\">La pand\u00e9mie a donc rendu l\u2019organisation plus difficile. Il a fallu convaincre les formateurs, rassurer les participants, trouver des locaux plus grands, adapter les formats, digitaliser en partie les supports. La SWDE a pu faire preuve d\u2019agilit\u00e9 en la mati\u00e8re\u00a0puisqu\u2019<b>un peu plus de 500 heures <\/b>de formation ont \u00e9t\u00e9 dispens\u00e9es int\u00e9gralement \u00e0 distance en 2020.<\/p>\n<p>[\/et_pb_text][\/et_pb_column][et_pb_column type=&#8221;2_3&#8243; _builder_version=&#8221;4.4.3&#8243;][et_pb_image src=&#8221;https:\/\/rapportannuelswde.be\/2020\/wp-content\/uploads\/2021\/05\/OPP-1655-Graphique-ETP.png&#8221; title_text=&#8221;OPP-1655-Graphique-ETP&#8221; _builder_version=&#8221;4.9.4&#8243; _module_preset=&#8221;default&#8221; width=&#8221;100%&#8221; module_alignment=&#8221;right&#8221; custom_margin=&#8221;-180px||-44px||false|false&#8221; custom_margin_tablet=&#8221;0px||||false|false&#8221; custom_margin_phone=&#8221;0px||-10px||false|false&#8221; custom_margin_last_edited=&#8221;on|phone&#8221; scroll_rotating_enable=&#8221;on&#8221; scroll_rotating=&#8221;0|50|50|100|5\u00b0|0|-5\u00b0&#8221; motion_trigger_start=&#8221;top&#8221;][\/et_pb_image][et_pb_cta title=&#8221;29&#8243; _builder_version=&#8221;4.9.4&#8243; header_text_align=&#8221;center&#8221; header_text_color=&#8221;#e16627&#8243; body_font=&#8221;|700|||||||&#8221; body_text_align=&#8221;center&#8221; body_text_color=&#8221;#eb9e2b&#8221; body_line_height=&#8221;1.4em&#8221; background_color=&#8221;rgba(247,199,83,0.1)&#8221; custom_margin=&#8221;||||false|false&#8221; custom_padding=&#8221;10px|10px|10px|10px|false|false&#8221; border_radii=&#8221;off||||&#8221;]<\/p>\n<p class=\"p1\"><span class=\"s1\"> <\/span>En 2018 et 2019, la SWDE a dispens\u00e9 une moyenne de 29 heures de formation par ETP.<br \/>En 2020, malgr\u00e9 les difficult\u00e9s li\u00e9es aux restrictions sanitaires, 17,17 heures de formation par ETP ont malgr\u00e9 tout pu \u00eatre dispens\u00e9es. Si le nombre d\u2019heures consacr\u00e9 \u00e0 la formation a fortement diminu\u00e9 par rapport aux 2 derni\u00e8res ann\u00e9es,<br \/>c\u2019est en grande partie d\u00fb aux formations donn\u00e9es \u00e0 distance\u00a0: un cours online de 2 ou 3 heures correspond<br \/>en moyenne \u00e0 8 heures de formation en pr\u00e9sentiel.<\/p>\n<p>[\/et_pb_cta][et_pb_button button_url=&#8221;https:\/\/nous.swde.be\/article\/parce-quensemble-on-va-plus-loin?utm_source=rapportannuelswde.be&#038;utm_medium=referral&#038;utm_campaign=SD11_idelux_swde&#038;utm_content=ra2020%20&#8243; url_new_window=&#8221;on&#8221; button_text=&#8221;En savoir +&#8221; button_alignment=&#8221;right&#8221; _builder_version=&#8221;4.9.4&#8243; _module_preset=&#8221;default&#8221; button_text_size=&#8221;10px&#8221; button_text_color=&#8221;#FFFFFF&#8221; button_bg_color=&#8221;#75c9da&#8221; custom_margin=&#8221;-50px|20px|20px||false|false&#8221; locked=&#8221;off&#8221; button_bg_color__hover=&#8221;#E16627&#8243; button_text_color__hover=&#8221;#FFFFFF&#8221;][\/et_pb_button][\/et_pb_column][\/et_pb_row][et_pb_row module_id=&#8221;filieres-de-carriere&#8221; _builder_version=&#8221;4.4.4&#8243; max_width=&#8221;1280px&#8221; custom_margin=&#8221;30px||||false|false&#8221; custom_padding=&#8221;0px||||false|false&#8221; collapsed=&#8221;on&#8221;][et_pb_column type=&#8221;4_4&#8243; _builder_version=&#8221;4.4.3&#8243;][et_pb_text _builder_version=&#8221;4.9.4&#8243; header_font=&#8221;ISIDORA &#8211; BOLD -ALT||||||||&#8221; header_font_size=&#8221;40px&#8221; header_2_font=&#8221;ISIDORA &#8211; BOLD -ALT||||||||&#8221; header_2_text_color=&#8221;#154455&#8243; header_2_font_size=&#8221;30px&#8221; header_2_line_height=&#8221;1.2em&#8221; header_3_font=&#8221;ISIDORA &#8211; BOLD -ALT||||||||&#8221; header_4_font=&#8221;ISIDORA &#8211; SEMIBOLD-https||||||||&#8221; header_4_text_color=&#8221;#eb9e2b&#8221; custom_margin=&#8221;||-1px||false|false&#8221; custom_padding=&#8221;|||30px|false|false&#8221; custom_padding_tablet=&#8221;&#8221; custom_padding_phone=&#8221;|||0px|false|false&#8221; custom_padding_last_edited=&#8221;on|phone&#8221;]<\/p>\n<h5>Le catalogue de formation<\/h5>\n<p>[\/et_pb_text][et_pb_image src=&#8221;https:\/\/rapportannuelswde.be\/2020\/wp-content\/uploads\/2021\/05\/OPP-1655-Graphique-formations-arborescence.png&#8221; title_text=&#8221;OPP-1655-Graphique-formations-arborescence&#8221; _builder_version=&#8221;4.9.4&#8243; _module_preset=&#8221;default&#8221; width=&#8221;85%&#8221; module_alignment=&#8221;left&#8221;][\/et_pb_image][\/et_pb_column][\/et_pb_row][et_pb_row column_structure=&#8221;1_3,2_3&#8243; module_id=&#8221;filieres-de-carriere&#8221; _builder_version=&#8221;4.4.4&#8243; max_width=&#8221;1280px&#8221; custom_margin=&#8221;30px||||false|false&#8221; custom_padding=&#8221;0px||||false|false&#8221; collapsed=&#8221;on&#8221;][et_pb_column type=&#8221;1_3&#8243; _builder_version=&#8221;4.4.3&#8243;][\/et_pb_column][et_pb_column type=&#8221;2_3&#8243; _builder_version=&#8221;4.4.3&#8243;][et_pb_cta title=&#8221;236&#8243; _builder_version=&#8221;4.9.4&#8243; header_text_align=&#8221;center&#8221; header_text_color=&#8221;#e16627&#8243; body_font=&#8221;|700|||||||&#8221; body_text_align=&#8221;center&#8221; body_text_color=&#8221;#eb9e2b&#8221; body_line_height=&#8221;1.4em&#8221; background_color=&#8221;rgba(247,199,83,0.1)&#8221; custom_margin=&#8221;||||false|false&#8221; custom_padding=&#8221;10px|10px|10px|10px|false|false&#8221; border_radii=&#8221;off||||&#8221;]Par rapport \u00e0 2019, le catalogue de formations dont s\u2019est dot\u00e9e la SWDE s\u2019est enrichi de 8 titres de formations suppl\u00e9mentaires. Ce catalogue de formation continue est accessible et consultable en ligne. Les 236 titres de formation concernent les domaines de comp\u00e9tence suivants\u00a0: la production, la distribution et la qualit\u00e9 d\u2019eau, la sant\u00e9 et la s\u00e9curit\u00e9 des travailleurs, le management, la gestion de projets, etc. Une bonne moiti\u00e9 de ces formations ont par ailleurs \u00e9t\u00e9 propos\u00e9es par les formateurs internes et experts de la SWDE.[\/et_pb_cta][\/et_pb_column][\/et_pb_row][\/et_pb_section][et_pb_section fb_built=&#8221;1&#8243; prev_background_color=&#8221;#ffffff&#8221; admin_label=&#8221;Section 1 &#8221; module_id=&#8221;bien-etre&#8221; _builder_version=&#8221;4.4.4&#8243; background_color=&#8221;#dceef5&#8243; custom_margin=&#8221;||||false|false&#8221; custom_padding=&#8221;||||false|false&#8221; top_divider_style=&#8221;wave2&#8243; top_divider_height=&#8221;400px&#8221; top_divider_height_tablet=&#8221;&#8221; top_divider_height_phone=&#8221;200px&#8221; top_divider_height_last_edited=&#8221;on|phone&#8221; bottom_divider_style=&#8221;wave2&#8243; bottom_divider_color=&#8221;#ffffff&#8221; bottom_divider_height=&#8221;75px&#8221; collapsed=&#8221;on&#8221;][et_pb_row column_structure=&#8221;1_3,2_3&#8243; module_id=&#8221;un-plan-de-recrutement-ambitieux-atteint&#8221; _builder_version=&#8221;4.9.4&#8243; max_width=&#8221;1280px&#8221; custom_margin=&#8221;60px||||false|false&#8221; custom_padding=&#8221;||||false|false&#8221; collapsed=&#8221;on&#8221;][et_pb_column type=&#8221;1_3&#8243; _builder_version=&#8221;4.4.3&#8243;][et_pb_text _builder_version=&#8221;4.9.4&#8243; header_font=&#8221;ISIDORA &#8211; BOLD -ALT||||||||&#8221; header_font_size=&#8221;40px&#8221; header_2_font=&#8221;ISIDORA &#8211; BOLD -ALT||||||||&#8221; header_2_text_color=&#8221;#154455&#8243; header_2_font_size=&#8221;30px&#8221; header_2_line_height=&#8221;1.2em&#8221; header_3_font=&#8221;ISIDORA &#8211; BOLD -ALT||||||||&#8221; header_4_font=&#8221;ISIDORA &#8211; SEMIBOLD-https||||||||&#8221; header_4_text_color=&#8221;#eb9e2b&#8221; custom_margin=&#8221;||10px||false|false&#8221; custom_padding=&#8221;|||30px|false|false&#8221; custom_padding_tablet=&#8221;&#8221; custom_padding_phone=&#8221;|||0px|false|false&#8221; custom_padding_last_edited=&#8221;on|phone&#8221;]<\/p>\n<h2>Gestion des talents <br \/>&amp; mobilit\u00e9<\/h2>\n<p>[\/et_pb_text][et_pb_divider color=&#8221;#29b6c1&#8243; divider_weight=&#8221;7px&#8221; _builder_version=&#8221;4.4.3&#8243; max_width=&#8221;60px&#8221; custom_margin=&#8221;||20px|30px|false|false&#8221; global_module=&#8221;162&#8243; saved_tabs=&#8221;all&#8221;][\/et_pb_divider][\/et_pb_column][et_pb_column type=&#8221;2_3&#8243; _builder_version=&#8221;4.4.3&#8243;][et_pb_text _builder_version=&#8221;4.9.4&#8243; header_font=&#8221;ISIDORA &#8211; BOLD -ALT||||||||&#8221; header_font_size=&#8221;40px&#8221; header_2_font=&#8221;ISIDORA &#8211; BOLD -ALT||||||||&#8221; header_2_text_color=&#8221;#154455&#8243; header_2_font_size=&#8221;30px&#8221; header_2_line_height=&#8221;1.2em&#8221; header_3_font=&#8221;ISIDORA &#8211; BOLD -ALT||||||||&#8221; header_4_font=&#8221;ISIDORA &#8211; SEMIBOLD-https||||||||&#8221; header_4_text_color=&#8221;#eb9e2b&#8221; custom_margin=&#8221;||||false|false&#8221; custom_padding=&#8221;|||30px|false|false&#8221; custom_padding_tablet=&#8221;&#8221; custom_padding_phone=&#8221;|||0px|false|false&#8221; custom_padding_last_edited=&#8221;on|phone&#8221;]<\/p>\n<h4>Un plan de recrutement ambitieux atteint<\/h4>\n<p>La transformation de l\u2019organisation fix\u00e9e \u00e0 l\u2019horizon 2022 n\u00e9cessite des efforts importants de la part du personnel qui, en plus d\u2019assurer les t\u00e2ches quotidiennes, est amen\u00e9 \u00e0 g\u00e9rer les \u00e9v\u00e9nements impr\u00e9vus, planifier la mise en \u0153uvre de projets ambitieux, se former \u00e0 de nouvelles proc\u00e9dures, int\u00e9grer de nouvelles technologies, etc.<\/p>\n<p>En 2019, face \u00e0 la n\u00e9cessit\u00e9 de devancer ses besoins en mati\u00e8re de ressources humaines et de pr\u00e9parer le d\u00e9part de quelque 300 membres du personnel qui atteindront l\u2019\u00e2ge de la pension dans les proches ann\u00e9es \u00e0 venir, la SWDE a fait le choix d\u2019anticiper les engagements pr\u00e9vus pour 2020, 2021 et 2022 via un plan de recrutement ambitieux int\u00e9grant <strong>103 postes \u00e0 pourvoir<\/strong>. En 18 mois, l\u2019objectif a \u00e9t\u00e9 atteint. Par ce recrutement massif, la SWDE entend\u00a0:<\/p>\n<p><span style=\"color: #eb9e2b;\">\u2794 <\/span>maintenir une charge de travail acceptable<br \/><span style=\"color: #eb9e2b;\">\u2794 <\/span>renforcer le bien-\u00eatre des collaborateurs<br \/><span style=\"color: #eb9e2b;\">\u2794 <\/span>assurer le transfert des connaissances et du savoir-faire.<\/p>\n<p>[\/et_pb_text][\/et_pb_column][\/et_pb_row][\/et_pb_section][et_pb_section fb_built=&#8221;1&#8243; admin_label=&#8221;Section 1 &#8221; module_id=&#8221;securiser-lapprovisionnement-en-eau&#8221; _builder_version=&#8221;4.4.4&#8243; custom_padding=&#8221;0px||0px|||&#8221; bottom_divider_color=&#8221;#dceef5&#8243; collapsed=&#8221;off&#8221;][et_pb_row column_structure=&#8221;2_3,1_3&#8243; module_id=&#8221;filieres-de-carriere&#8221; _builder_version=&#8221;4.9.10&#8243; max_width=&#8221;1280px&#8221; custom_margin=&#8221;60px||||false|false&#8221; custom_padding=&#8221;||||false|false&#8221; collapsed=&#8221;on&#8221;][et_pb_column type=&#8221;2_3&#8243; _builder_version=&#8221;4.4.3&#8243;][et_pb_text _builder_version=&#8221;4.9.4&#8243; header_font=&#8221;ISIDORA &#8211; BOLD -ALT||||||||&#8221; header_font_size=&#8221;40px&#8221; header_2_font=&#8221;ISIDORA &#8211; BOLD -ALT||||||||&#8221; header_2_text_color=&#8221;#154455&#8243; header_2_font_size=&#8221;30px&#8221; header_2_line_height=&#8221;1.2em&#8221; header_3_font=&#8221;ISIDORA &#8211; BOLD -ALT||||||||&#8221; header_4_font=&#8221;ISIDORA &#8211; BOLD -ALT||||||||&#8221; header_4_text_color=&#8221;#29B6C1&#8243; header_4_font_size=&#8221;30px&#8221; header_4_line_height=&#8221;1.2em&#8221; custom_margin=&#8221;||||false|false&#8221; custom_padding=&#8221;|||30px|false|false&#8221; custom_padding_tablet=&#8221;&#8221; custom_padding_phone=&#8221;|||0px|false|false&#8221; custom_padding_last_edited=&#8221;on|phone&#8221;]<\/p>\n<h4>Marge de progression <br \/>2019-2020<\/h4>\n<p>[\/et_pb_text][et_pb_text _builder_version=&#8221;4.9.10&#8243; header_font=&#8221;ISIDORA &#8211; BOLD -ALT||||||||&#8221; header_font_size=&#8221;40px&#8221; header_2_font=&#8221;ISIDORA &#8211; BOLD -ALT||||||||&#8221; header_2_text_color=&#8221;#29b6c1&#8243; header_2_font_size=&#8221;30px&#8221; header_3_font=&#8221;ISIDORA &#8211; BOLD -ALT||||||||&#8221; header_3_text_color=&#8221;#ffffff&#8221; header_4_font=&#8221;ISIDORA &#8211; SEMIBOLD-https||||||||&#8221; header_4_text_color=&#8221;#29b6c1&#8243; header_4_font_size=&#8221;14px&#8221; background_color=&#8221;#E16627&#8243; width=&#8221;220px&#8221; module_alignment=&#8221;center&#8221; custom_margin=&#8221;||-25px||false|false&#8221; custom_padding=&#8221;12px|||10px|false|false&#8221; custom_padding_tablet=&#8221;&#8221; custom_padding_phone=&#8221;|||10px|false|false&#8221; custom_padding_last_edited=&#8221;on|desktop&#8221; locked=&#8221;off&#8221;]<\/p>\n<h3>Nouveau engag\u00e9s<\/h3>\n<p>[\/et_pb_text][et_pb_image src=&#8221;https:\/\/rapportannuelswde.be\/2020\/wp-content\/uploads\/2021\/05\/OPP-1655-Graphique-Recrutement-Mains.png&#8221; title_text=&#8221;OPP-1655-Graphique-Recrutement-Mains&#8221; _builder_version=&#8221;4.9.4&#8243; _module_preset=&#8221;default&#8221; width_tablet=&#8221;&#8221; width_phone=&#8221;150%&#8221; width_last_edited=&#8221;on|phone&#8221; custom_margin_tablet=&#8221;&#8221; custom_margin_phone=&#8221;|||-95px|false|false&#8221; custom_margin_last_edited=&#8221;on|phone&#8221;][\/et_pb_image][\/et_pb_column][et_pb_column type=&#8221;1_3&#8243; _builder_version=&#8221;4.9.10&#8243; custom_padding=&#8221;50px||||false|false&#8221;][et_pb_text _builder_version=&#8221;4.9.10&#8243; header_font=&#8221;ISIDORA &#8211; BOLD -ALT||||||||&#8221; header_font_size=&#8221;40px&#8221; header_2_font=&#8221;ISIDORA &#8211; BOLD -ALT||||||||&#8221; header_2_text_color=&#8221;#29b6c1&#8243; header_2_font_size=&#8221;30px&#8221; header_3_font=&#8221;ISIDORA &#8211; BOLD -ALT||||||||&#8221; header_3_text_color=&#8221;#ffffff&#8221; header_4_font=&#8221;ISIDORA &#8211; SEMIBOLD-https||||||||&#8221; header_4_text_color=&#8221;#29b6c1&#8243; header_4_font_size=&#8221;14px&#8221; background_color=&#8221;#E16627&#8243; width=&#8221;225px&#8221; module_alignment=&#8221;center&#8221; custom_margin=&#8221;||-25px||false|false&#8221; custom_padding=&#8221;12px|||10px|false|false&#8221; custom_padding_tablet=&#8221;&#8221; custom_padding_phone=&#8221;|||10px|false|false&#8221; custom_padding_last_edited=&#8221;on|desktop&#8221; hover_enabled=&#8221;0&#8243; locked=&#8221;off&#8221; sticky_enabled=&#8221;0&#8243;]<\/p>\n<h3>Personnel de terrain<\/h3>\n<p>[\/et_pb_text][et_pb_image src=&#8221;https:\/\/rapportannuelswde.be\/2020\/wp-content\/uploads\/2021\/05\/OPP-1655-Graphique-Recrutement-Terrain-crop.png&#8221; title_text=&#8221;OPP-1655-Graphique-Recrutement-Terrain-crop&#8221; _builder_version=&#8221;4.9.4&#8243; _module_preset=&#8221;default&#8221; scroll_horizontal_motion_enable=&#8221;on&#8221; scroll_horizontal_motion=&#8221;0|50|50|100|-2|-1.5|-1&#8243; scroll_horizontal_motion_tablet=&#8221;&#8221; scroll_horizontal_motion_phone=&#8221;0|50|50|100|0|0|0&#8243; scroll_horizontal_motion_last_edited=&#8221;on|phone&#8221;][\/et_pb_image][et_pb_text _builder_version=&#8221;4.9.10&#8243; header_font=&#8221;ISIDORA &#8211; BOLD -ALT||||||||&#8221; header_font_size=&#8221;40px&#8221; header_2_font=&#8221;ISIDORA &#8211; BOLD -ALT||||||||&#8221; header_2_text_color=&#8221;#29b6c1&#8243; header_2_font_size=&#8221;30px&#8221; header_3_font=&#8221;ISIDORA &#8211; BOLD -ALT||||||||&#8221; header_3_text_color=&#8221;#ffffff&#8221; header_4_font=&#8221;ISIDORA &#8211; SEMIBOLD-https||||||||&#8221; header_4_text_color=&#8221;#29b6c1&#8243; header_4_font_size=&#8221;14px&#8221; background_color=&#8221;#E16627&#8243; width=&#8221;120px&#8221; module_alignment=&#8221;left&#8221; custom_margin=&#8221;||-25px||false|false&#8221; custom_padding=&#8221;12px|||10px|false|false&#8221; custom_padding_tablet=&#8221;&#8221; custom_padding_phone=&#8221;|||10px|false|false&#8221; custom_padding_last_edited=&#8221;on|desktop&#8221; hover_enabled=&#8221;0&#8243; locked=&#8221;off&#8221; sticky_enabled=&#8221;0&#8243;]<\/p>\n<h3>Employ\u00e9s<\/h3>\n<p>[\/et_pb_text][et_pb_image src=&#8221;https:\/\/rapportannuelswde.be\/2020\/wp-content\/uploads\/2021\/05\/OPP-1655-Graphique-Recrutement-Employes-crop.png&#8221; title_text=&#8221;OPP-1655-Graphique-Recrutement-Employes-crop&#8221; _builder_version=&#8221;4.9.4&#8243; _module_preset=&#8221;default&#8221; scroll_horizontal_motion_enable=&#8221;on&#8221; scroll_horizontal_motion=&#8221;0|50|50|100|-4|-3|-2&#8243; motion_trigger_start=&#8221;top&#8221; scroll_horizontal_motion_tablet=&#8221;&#8221; scroll_horizontal_motion_phone=&#8221;0|50|50|100|0|0|0&#8243; scroll_horizontal_motion_last_edited=&#8221;on|phone&#8221;][\/et_pb_image][\/et_pb_column][\/et_pb_row][et_pb_row column_structure=&#8221;1_2,1_2&#8243; use_custom_gutter=&#8221;on&#8221; gutter_width=&#8221;1&#8243; module_id=&#8221;filieres-de-carriere&#8221; _builder_version=&#8221;4.9.4&#8243; max_width=&#8221;1280px&#8221; custom_margin=&#8221;60px||||false|false&#8221; custom_padding=&#8221;||||false|false&#8221; collapsed=&#8221;on&#8221;][et_pb_column type=&#8221;1_2&#8243; _builder_version=&#8221;4.4.3&#8243;][et_pb_text _builder_version=&#8221;4.9.10&#8243; header_font=&#8221;ISIDORA &#8211; BOLD -ALT||||||||&#8221; header_font_size=&#8221;40px&#8221; header_2_font=&#8221;ISIDORA &#8211; BOLD -ALT||||||||&#8221; header_2_text_color=&#8221;#154455&#8243; header_2_font_size=&#8221;30px&#8221; header_2_line_height=&#8221;1.2em&#8221; header_3_font=&#8221;ISIDORA &#8211; BOLD -ALT||||||||&#8221; header_4_font=&#8221;ISIDORA &#8211; BOLD -ALT||||||||&#8221; header_4_text_align=&#8221;right&#8221; header_4_text_color=&#8221;#29B6C1&#8243; header_4_font_size=&#8221;30px&#8221; custom_margin=&#8221;||||false|false&#8221; custom_padding=&#8221;|||30px|false|false&#8221; custom_padding_tablet=&#8221;&#8221; custom_padding_phone=&#8221;|||0px|false|false&#8221; custom_padding_last_edited=&#8221;on|phone&#8221; hover_enabled=&#8221;0&#8243; sticky_enabled=&#8221;0&#8243;]<\/p>\n<h4>Profils des recrut\u00e9s<\/h4>\n<p>[\/et_pb_text][et_pb_image src=&#8221;https:\/\/rapportannuelswde.be\/2020\/wp-content\/uploads\/2021\/05\/OPP-1655-Graphique-Recrutement_Age.png&#8221; title_text=&#8221;OPP-1655-Graphique-Recrutement_Age&#8221; _builder_version=&#8221;4.9.4&#8243; _module_preset=&#8221;default&#8221; width_tablet=&#8221;&#8221; width_phone=&#8221;140%&#8221; width_last_edited=&#8221;on|phone&#8221; custom_margin_tablet=&#8221;&#8221; custom_margin_phone=&#8221;|||-50px|false|false&#8221; custom_margin_last_edited=&#8221;on|phone&#8221; scroll_horizontal_motion_enable=&#8221;on&#8221; scroll_horizontal_motion=&#8221;0|50|50|100|-0.5|0|0.5&#8243; scroll_horizontal_motion_tablet=&#8221;&#8221; scroll_horizontal_motion_phone=&#8221;0|50|50|100|0|0|0&#8243; scroll_horizontal_motion_last_edited=&#8221;on|phone&#8221;][\/et_pb_image][\/et_pb_column][et_pb_column type=&#8221;1_2&#8243; _builder_version=&#8221;4.4.3&#8243;][et_pb_image src=&#8221;https:\/\/rapportannuelswde.be\/2020\/wp-content\/uploads\/2021\/05\/OPP-1655-Graphique-Recrutement-Sexe.png&#8221; title_text=&#8221;OPP-1655-Graphique-Recrutement-Sexe&#8221; _builder_version=&#8221;4.9.4&#8243; _module_preset=&#8221;default&#8221; scroll_horizontal_motion=&#8221;0|50|50|100|-2|-1.5|-1&#8243; scroll_scaling_enable=&#8221;on&#8221; scroll_scaling=&#8221;0|50|50|100|100%|100|100&#8243; motion_trigger_start=&#8221;top&#8221; scroll_scaling_tablet=&#8221;&#8221; scroll_scaling_phone=&#8221;0|50|50|100|50%|100|150%&#8221; scroll_scaling_last_edited=&#8221;on|phone&#8221;][\/et_pb_image][\/et_pb_column][\/et_pb_row][et_pb_row use_custom_gutter=&#8221;on&#8221; gutter_width=&#8221;1&#8243; module_id=&#8221;filieres-de-carriere&#8221; _builder_version=&#8221;4.9.4&#8243; width_tablet=&#8221;&#8221; width_phone=&#8221;100%&#8221; width_last_edited=&#8221;on|phone&#8221; max_width=&#8221;1280px&#8221; custom_margin=&#8221;60px||||false|false&#8221; custom_padding=&#8221;||||false|false&#8221; collapsed=&#8221;on&#8221;][et_pb_column type=&#8221;4_4&#8243; _builder_version=&#8221;4.4.3&#8243;][et_pb_text content_tablet=&#8221;&#8221; content_phone=&#8221;<\/p>\n<h4 style=%22padding-left: 40px;%22>Profils des recut\u00e9s<\/h4>\n<p>&#8221; content_last_edited=&#8221;on|phone&#8221; _builder_version=&#8221;4.9.10&#8243; header_font=&#8221;ISIDORA &#8211; BOLD -ALT||||||||&#8221; header_font_size=&#8221;40px&#8221; header_2_font=&#8221;ISIDORA &#8211; BOLD -ALT||||||||&#8221; header_2_text_color=&#8221;#154455&#8243; header_2_font_size=&#8221;30px&#8221; header_2_line_height=&#8221;1.2em&#8221; header_3_font=&#8221;ISIDORA &#8211; BOLD -ALT||||||||&#8221; header_4_font=&#8221;ISIDORA &#8211; BOLD -ALT||||||||&#8221; header_4_text_align=&#8221;left&#8221; header_4_text_color=&#8221;#29B6C1&#8243; header_4_font_size=&#8221;30px&#8221; custom_margin=&#8221;||||false|false&#8221; custom_padding=&#8221;|||30px|false|false&#8221; custom_padding_tablet=&#8221;&#8221; custom_padding_phone=&#8221;|||0px|false|false&#8221; custom_padding_last_edited=&#8221;on|phone&#8221; hover_enabled=&#8221;0&#8243; sticky_enabled=&#8221;0&#8243;]<\/p>\n<h4>R\u00e9partition par p\u00f4les<\/h4>\n<p>[\/et_pb_text][et_pb_image src=&#8221;https:\/\/rapportannuelswde.be\/2020\/wp-content\/uploads\/2021\/05\/OPP-1655-Graphique-Recrutement_Poles.png&#8221; title_text=&#8221;OPP-1655-Graphique-Recrutement_Poles&#8221; _builder_version=&#8221;4.9.4&#8243; _module_preset=&#8221;default&#8221; transform_scale_last_edited=&#8221;off|phone&#8221; transform_translate_last_edited=&#8221;off|phone&#8221; transform_translate_linked_phone=&#8221;off&#8221; transform_rotate_last_edited=&#8221;off|phone&#8221; transform_skew_last_edited=&#8221;off|phone&#8221; transform_origin_last_edited=&#8221;off|phone&#8221; transform_styles_last_edited=&#8221;off|phone&#8221; width=&#8221;80%&#8221; width_tablet=&#8221;&#8221; width_phone=&#8221;100%&#8221; width_last_edited=&#8221;on|phone&#8221; module_alignment=&#8221;center&#8221; custom_margin_tablet=&#8221;&#8221; custom_margin_phone=&#8221;||||false|false&#8221; custom_margin_last_edited=&#8221;on|phone&#8221; scroll_horizontal_motion_enable=&#8221;on&#8221; scroll_horizontal_motion=&#8221;0|50|50|100|-0.5|0|0.5&#8243; scroll_horizontal_motion_tablet=&#8221;&#8221; scroll_horizontal_motion_phone=&#8221;0|50|50|100|0|0|0&#8243; scroll_horizontal_motion_last_edited=&#8221;on|phone&#8221;][\/et_pb_image][et_pb_button button_url=&#8221;https:\/\/nous.swde.be\/article\/8-faits-marquants-sur-notre-recrutement?utm_source=rapportannuelswde.be&#038;utm_medium=referral&#038;utm_campaign=retro_recrutement&#038;utm_content=ra2020&#8243; url_new_window=&#8221;on&#8221; button_text=&#8221;En savoir +&#8221; button_alignment=&#8221;center&#8221; _builder_version=&#8221;4.9.4&#8243; _module_preset=&#8221;default&#8221; button_text_size=&#8221;10px&#8221; button_text_color=&#8221;#FFFFFF&#8221; button_bg_color=&#8221;#75c9da&#8221; custom_margin=&#8221;-50px|20px|20px||false|false&#8221; locked=&#8221;off&#8221; button_bg_color__hover=&#8221;#E16627&#8243; button_text_color__hover=&#8221;#FFFFFF&#8221;][\/et_pb_button][\/et_pb_column][\/et_pb_row][et_pb_row column_structure=&#8221;1_3,2_3&#8243; module_id=&#8221;une-collaboration-renforcee-avec-le-forem&#8221; _builder_version=&#8221;4.9.4&#8243; max_width=&#8221;1280px&#8221; custom_margin=&#8221;60px||||false|false&#8221; custom_margin_tablet=&#8221;&#8221; custom_margin_phone=&#8221;0px||||false|false&#8221; custom_margin_last_edited=&#8221;on|phone&#8221; custom_padding=&#8221;||||false|false&#8221; collapsed=&#8221;on&#8221;][et_pb_column type=&#8221;1_3&#8243; _builder_version=&#8221;4.4.3&#8243;][\/et_pb_column][et_pb_column type=&#8221;2_3&#8243; _builder_version=&#8221;4.4.3&#8243;][et_pb_text _builder_version=&#8221;4.9.4&#8243; header_font=&#8221;ISIDORA &#8211; BOLD -ALT||||||||&#8221; header_font_size=&#8221;40px&#8221; header_2_font=&#8221;ISIDORA &#8211; BOLD -ALT||||||||&#8221; header_2_text_color=&#8221;#154455&#8243; header_2_font_size=&#8221;30px&#8221; header_2_line_height=&#8221;1.2em&#8221; header_3_font=&#8221;ISIDORA &#8211; BOLD -ALT||||||||&#8221; header_4_font=&#8221;ISIDORA &#8211; SEMIBOLD-https||||||||&#8221; header_4_text_color=&#8221;#eb9e2b&#8221; custom_margin=&#8221;||||false|false&#8221; custom_padding=&#8221;|||30px|false|false&#8221; custom_padding_tablet=&#8221;&#8221; custom_padding_phone=&#8221;|||0px|false|false&#8221; custom_padding_last_edited=&#8221;on|phone&#8221;]<\/p>\n<h4>Une collaboration renforc\u00e9e avec le Forem<\/h4>\n<p>En 2019, le Centre de comp\u00e9tence Forem Polygone de l\u2019eau et la SWDE donnaient en coup d\u2019acc\u00e9l\u00e9rateur \u00e0 leur collaboration au travers de l\u2019op\u00e9ration<strong> Coup de poing p\u00e9nurie<\/strong> cibl\u00e9e, pour la SWDE, \u00e0 la formation exclusive de fontainiers.<\/p>\n<p>Du personnel technique de la SWDE a particip\u00e9 \u00e0 la d\u00e9finition du programme de formation et d\u2019une grille d\u2019\u00e9valuation pr\u00e9figurant la validation des acquis de l\u2019exp\u00e9rience \u00e0 l\u2019\u00e9chelle r\u00e9gionale.<\/p>\n<p>La SWDE et le Forem ont mis en place un CECAF (Certificat des comp\u00e9tences acquises en formation) et une validation des comp\u00e9tences pour les fontainiers. Cela permet aux titulaires de valoriser leurs comp\u00e9tences techniques sur le march\u00e9 du travail et contribue d\u00e8s lors \u00e0 leur employabilit\u00e9, attestant de leur ma\u00eetrise des standards actuels du m\u00e9tier.<\/p>\n<p>[\/et_pb_text][\/et_pb_column][\/et_pb_row][\/et_pb_section][et_pb_section fb_built=&#8221;1&#8243; admin_label=&#8221;section 2&#8243; module_id=&#8221;marie-laurence-horemans&#8221; _builder_version=&#8221;4.9.4&#8243; background_color=&#8221;#dceef5&#8243; custom_padding=&#8221;90px||160px|||&#8221; top_divider_style=&#8221;waves2&#8243; top_divider_color=&#8221;#ffffff&#8221; top_divider_flip=&#8221;horizontal&#8221; top_divider_height_tablet=&#8221;&#8221; top_divider_height_phone=&#8221;50px&#8221; top_divider_height_last_edited=&#8221;on|phone&#8221; bottom_divider_style=&#8221;waves2&#8243; bottom_divider_color=&#8221;#ffffff&#8221; bottom_divider_flip=&#8221;horizontal&#8221; locked=&#8221;off&#8221; collapsed=&#8221;on&#8221;][et_pb_row column_structure=&#8221;2_3,1_3&#8243; _builder_version=&#8221;4.4.4&#8243; max_width=&#8221;1280px&#8221; custom_margin=&#8221;60px||||false|false&#8221; custom_padding=&#8221;||0px||false|false&#8221; collapsed=&#8221;on&#8221;][et_pb_column type=&#8221;2_3&#8243; _builder_version=&#8221;4.4.3&#8243;][et_pb_divider color=&#8221;#29b6c1&#8243; divider_weight=&#8221;7px&#8221; _builder_version=&#8221;4.4.3&#8243; max_width=&#8221;60px&#8221; custom_margin=&#8221;||20px|30px|false|false&#8221; global_module=&#8221;162&#8243; saved_tabs=&#8221;all&#8221;][\/et_pb_divider][et_pb_text _builder_version=&#8221;4.9.4&#8243; text_font=&#8221;ISIDORA &#8211; SEMIBOLD-https||||||||&#8221; text_text_color=&#8221;#eb9e2b&#8221; text_font_size=&#8221;25px&#8221; text_line_height=&#8221;1.4em&#8221; header_font=&#8221;ISIDORA &#8211; BOLD -ALT||||||||&#8221; header_font_size=&#8221;40px&#8221; header_2_font=&#8221;ISIDORA &#8211; BOLD -ALT||||||||&#8221; header_2_font_size=&#8221;30px&#8221; header_3_font=&#8221;ISIDORA &#8211; BOLD -ALT||||||||&#8221; header_4_font=&#8221;ISIDORA &#8211; SEMIBOLD-https||||||||&#8221; header_4_text_color=&#8221;#eb9e2b&#8221; text_orientation=&#8221;center&#8221; custom_padding=&#8221;|||30px|false|false&#8221; custom_padding_tablet=&#8221;&#8221; custom_padding_phone=&#8221;|||0px|false|false&#8221; custom_padding_last_edited=&#8221;on|phone&#8221; text_font_size_tablet=&#8221;&#8221; text_font_size_phone=&#8221;18px&#8221; text_font_size_last_edited=&#8221;on|phone&#8221;]<\/p>\n<p>Les CECAF sont en passe de devenir des certificats<br \/>de validation des comp\u00e9tences qui ont valeur de document l\u00e9gal reconnu en F\u00e9d\u00e9ration Wallonie-Bruxelles. Nos fontainiers auront ainsi un dipl\u00f4me qui attestent de la ma\u00eetrise de leur m\u00e9tier.<\/p>\n<p>[\/et_pb_text][\/et_pb_column][et_pb_column type=&#8221;1_3&#8243; _builder_version=&#8221;4.4.3&#8243;][et_pb_image src=&#8221;https:\/\/rapportannuelswde.be\/2020\/wp-content\/uploads\/2021\/05\/Carine-RA-2020.png&#8221; title_text=&#8221;Carine-RA-2020&#8243; _builder_version=&#8221;4.9.4&#8243; custom_margin=&#8221;-50px||-100px||false|false&#8221;][\/et_pb_image][et_pb_text _builder_version=&#8221;4.9.4&#8243; header_font=&#8221;ISIDORA &#8211; BOLD -ALT||||||||&#8221; header_font_size=&#8221;40px&#8221; header_2_font=&#8221;ISIDORA &#8211; BOLD -ALT||||||||&#8221; header_2_text_color=&#8221;#29b6c1&#8243; header_2_font_size=&#8221;30px&#8221; header_3_font=&#8221;ISIDORA &#8211; BOLD -ALT||||||||&#8221; header_3_text_color=&#8221;#ffffff&#8221; header_4_font=&#8221;ISIDORA &#8211; SEMIBOLD-https||||||||&#8221; header_4_text_color=&#8221;#29b6c1&#8243; header_4_font_size=&#8221;14px&#8221; background_color=&#8221;#29b6c1&#8243; width=&#8221;170px&#8221; module_alignment=&#8221;left&#8221; custom_margin=&#8221;||||false|false&#8221; custom_padding=&#8221;12px|||12px|false|false&#8221; custom_padding_tablet=&#8221;&#8221; custom_padding_phone=&#8221;|||10px|false|false&#8221; custom_padding_last_edited=&#8221;on|phone&#8221; locked=&#8221;off&#8221;]<\/p>\n<h3> Carine Courtin <\/h3>\n<p>[\/et_pb_text][et_pb_text _builder_version=&#8221;4.9.4&#8243; header_font=&#8221;ISIDORA &#8211; BOLD -ALT||||||||&#8221; header_font_size=&#8221;40px&#8221; header_2_font=&#8221;ISIDORA &#8211; BOLD -ALT||||||||&#8221; header_2_text_color=&#8221;#29b6c1&#8243; header_2_font_size=&#8221;30px&#8221; header_3_font=&#8221;ISIDORA &#8211; BOLD -ALT||||||||&#8221; header_3_text_color=&#8221;#154455&#8243; header_4_font=&#8221;ISIDORA &#8211; SEMIBOLD-https||||||||&#8221; header_4_text_color=&#8221;#154455&#8243; header_4_font_size=&#8221;14px&#8221; background_color=&#8221;#dceef5&#8243; module_alignment=&#8221;left&#8221; custom_margin=&#8221;-25px||||false|false&#8221; custom_padding=&#8221;15px||0px|30px|false|false&#8221; custom_padding_phone=&#8221;|||0px|false|false&#8221; custom_padding_last_edited=&#8221;off|desktop&#8221; locked=&#8221;off&#8221;]<\/p>\n<h4> Manager du Centre de comp\u00e9tences <\/h4>\n<p>[\/et_pb_text][\/et_pb_column][\/et_pb_row][\/et_pb_section][et_pb_section fb_built=&#8221;1&#8243; admin_label=&#8221;Section 1 &#8221; module_id=&#8221;securiser-lapprovisionnement-en-eau&#8221; _builder_version=&#8221;4.9.4&#8243; custom_padding=&#8221;40px||90px||false|false&#8221; bottom_divider_color=&#8221;#dceef5&#8243; collapsed=&#8221;off&#8221;][et_pb_row column_structure=&#8221;1_3,2_3&#8243; _builder_version=&#8221;4.4.4&#8243; max_width=&#8221;1280px&#8221; custom_margin=&#8221;60px||||false|false&#8221; custom_padding=&#8221;||||false|false&#8221; collapsed=&#8221;on&#8221;][et_pb_column type=&#8221;1_3&#8243; _builder_version=&#8221;4.4.3&#8243;][et_pb_text _builder_version=&#8221;4.9.4&#8243; header_font=&#8221;ISIDORA &#8211; BOLD -ALT||||||||&#8221; header_font_size=&#8221;40px&#8221; header_2_font=&#8221;ISIDORA &#8211; BOLD -ALT||||||||&#8221; header_2_text_color=&#8221;#154455&#8243; header_2_font_size=&#8221;30px&#8221; header_2_line_height=&#8221;1.2em&#8221; header_3_font=&#8221;ISIDORA &#8211; BOLD -ALT||||||||&#8221; header_4_font=&#8221;ISIDORA &#8211; SEMIBOLD-https||||||||&#8221; header_4_text_color=&#8221;#eb9e2b&#8221; custom_margin=&#8221;||||false|false&#8221; custom_padding=&#8221;|||30px|false|false&#8221; custom_padding_tablet=&#8221;&#8221; custom_padding_phone=&#8221;|||0px|false|false&#8221; custom_padding_last_edited=&#8221;on|phone&#8221;]La SWDE et le Forem ont renforc\u00e9 leur collaboration par la signature, le 14 septembre 2020, d\u2019une convention de coop\u00e9ration qui vise\u00a0\u00e0\u00a0:<\/p>\n<p><span style=\"color: #eb9e2b;\">\u2794 <\/span>augmenter les moyens humains et mat\u00e9riels consacr\u00e9s \u00e0 la formation aux m\u00e9tiers de l\u2019eau en Wallonie<\/p>\n<p><span style=\"color: #eb9e2b;\">\u2794 <\/span>faciliter la formation continue du personnel de la SWDE d\u00e9j\u00e0 en activit\u00e9, de mani\u00e8re \u00e0 suivre les \u00e9volutions techniques et technologiques des m\u00e9tiers concern\u00e9s<\/p>\n<p><span style=\"color: #eb9e2b;\">\u2794 <\/span>contribuer au d\u00e9veloppement d\u2019une fili\u00e8re d\u2019excellence en Wallonie[\/et_pb_text][et_pb_button button_url=&#8221;https:\/\/nous.swde.be\/article\/michael-un-fontainier-engage-a-bertrix-au-bout-dune-formation-solide?utm_source=rapportannuelswde.be&#038;utm_medium=referral&#038;utm_campaign=formation_fontainiers_michael_marquet&#038;utm_content=ra2020&#8243; url_new_window=&#8221;on&#8221; button_text=&#8221;En savoir +&#8221; button_alignment=&#8221;right&#8221; _builder_version=&#8221;4.9.4&#8243; _module_preset=&#8221;default&#8221; button_text_size=&#8221;10px&#8221; button_text_color=&#8221;#FFFFFF&#8221; button_bg_color=&#8221;#75c9da&#8221; custom_margin=&#8221;-30px||20px|10px|false|false&#8221; locked=&#8221;off&#8221; button_bg_color__hover=&#8221;#E16627&#8243; button_text_color__hover=&#8221;#FFFFFF&#8221;][\/et_pb_button][\/et_pb_column][et_pb_column type=&#8221;2_3&#8243; _builder_version=&#8221;4.4.3&#8243;][et_pb_text _builder_version=&#8221;4.9.4&#8243; header_font=&#8221;ISIDORA &#8211; BOLD -ALT||||||||&#8221; header_font_size=&#8221;40px&#8221; header_2_font=&#8221;ISIDORA &#8211; BOLD -ALT||||||||&#8221; header_2_text_color=&#8221;#154455&#8243; header_2_font_size=&#8221;30px&#8221; header_2_line_height=&#8221;1.2em&#8221; header_3_font=&#8221;ISIDORA &#8211; BOLD -ALT||||||||&#8221; header_4_font=&#8221;ISIDORA &#8211; SEMIBOLD-https||||||||&#8221; header_4_text_color=&#8221;#eb9e2b&#8221; custom_margin=&#8221;||||false|false&#8221; custom_padding=&#8221;|||30px|false|false&#8221; custom_padding_tablet=&#8221;&#8221; custom_padding_phone=&#8221;|||0px|false|false&#8221; custom_padding_last_edited=&#8221;on|phone&#8221;]<\/p>\n<p>Tous secteurs confondus, op\u00e9rateurs publics et entreprises priv\u00e9es, il y a en Wallonie <strong>une vraie fili\u00e8re\u00a0\u00ab\u00a0Eau \u00bb<\/strong> qui occupe environ 3.000 personnes.\u00a0Ses performances d\u00e9pendent \u00e9galement des comp\u00e9tences et de l\u2019expertise des effectifs qu\u2019elle peut recruter.<\/p>\n<p>Dans la convention, le Forem et la SWDE s\u2019engagent notamment \u00e0\u00a0:<\/p>\n<p><span style=\"color: #eb9e2b;\">\u2794 <\/span>partager les \u00e9quipements n\u00e9cessaires au d\u00e9ploiement de l\u2019offre de formation<\/p>\n<p><span style=\"color: #eb9e2b;\">\u2794 <\/span>d\u00e9velopper et mettre en \u0153uvre des actions de d\u00e9veloppement et de certification des comp\u00e9tences dans le domaine de l\u2019eau \u00e0 destination de diff\u00e9rents publics (demandeurs d\u2019emploi, travailleurs, etc.)<\/p>\n<p><span style=\"color: #eb9e2b;\">\u2794 <\/span>d\u00e9velopper et mettre en \u0153uvre des actions d\u2019information et de sensibilisation \u00e0 destination de diff\u00e9rents publics (organisation de conf\u00e9rence, actions vers les enfants, \u00e9l\u00e8ves, \u00e9tudiants, etc.)<\/p>\n<p><span style=\"color: #eb9e2b;\">\u2794 <\/span>d\u00e9velopper et mettre en \u0153uvre des actions d\u2019information et de sensibilisation sur le plan international<\/p>\n<p><span style=\"color: #eb9e2b;\">\u2794 <\/span>partager les infrastructures, le mat\u00e9riel, l\u2019\u00e9quipement, les outils p\u00e9dagogiques<\/p>\n<p><span style=\"color: #eb9e2b;\">\u2794 <\/span>participer conjointement \u00e0 des projets dans le secteur de l\u2019eau<\/p>\n<p>[\/et_pb_text][\/et_pb_column][\/et_pb_row][\/et_pb_section]<\/p>\n","protected":false},"excerpt":{"rendered":"<p>Nos Actions et le bilan 2020D\u00e9sireuse de p\u00e9renniser les talents internes, de stimuler leur \u00e9closion et d\u2019attirer de nouveaux profils, la SWDE s\u2019est lanc\u00e9 un challenge ambitieux de modernisation et dynamisation des ressources humaines. En l\u2019espace de quelques ann\u00e9es, une nouvelle impulsion a permis de promouvoir une gestion positive et efficiente du capital humain au [&hellip;]<\/p>\n","protected":false},"author":2,"featured_media":0,"parent":0,"menu_order":0,"comment_status":"closed","ping_status":"closed","template":"","meta":{"_et_pb_use_builder":"on","_et_pb_old_content":"","_et_gb_content_width":""},"yoast_head":"<!-- This site is optimized with the Yoast SEO plugin v16.3 - https:\/\/yoast.com\/wordpress\/plugins\/seo\/ -->\n<title>Actions et bilan-6-Dynamiser les ressources humaines - Rapport Annuel SWDE<\/title>\n<meta name=\"robots\" content=\"index, follow, max-snippet:-1, max-image-preview:large, max-video-preview:-1\" \/>\n<link rel=\"canonical\" href=\"https:\/\/rapportannuelswde.be\/2020\/actions-et-bilan-6\/\" \/>\n<meta property=\"og:locale\" content=\"fr_FR\" \/>\n<meta property=\"og:type\" content=\"article\" \/>\n<meta property=\"og:title\" content=\"Actions et bilan-6-Dynamiser les ressources humaines - Rapport Annuel SWDE\" \/>\n<meta property=\"og:description\" content=\"Nos Actions et le bilan 2020D\u00e9sireuse de p\u00e9renniser les talents internes, de stimuler leur \u00e9closion et d\u2019attirer de nouveaux profils, la SWDE s\u2019est lanc\u00e9 un challenge ambitieux de modernisation et dynamisation des ressources humaines. En l\u2019espace de quelques ann\u00e9es, une nouvelle impulsion a permis de promouvoir une gestion positive et efficiente du capital humain au [&hellip;]\" \/>\n<meta property=\"og:url\" content=\"https:\/\/rapportannuelswde.be\/2020\/actions-et-bilan-6\/\" \/>\n<meta property=\"og:site_name\" content=\"Rapport Annuel SWDE\" \/>\n<meta property=\"article:modified_time\" content=\"2021-07-22T06:57:44+00:00\" \/>\n<meta property=\"og:image\" content=\"https:\/\/rapportannuelswde.be\/2020\/wp-content\/uploads\/2021\/05\/safe-rapport-annuel_2020.jpg\" \/>\n\t<meta property=\"og:image:width\" content=\"1200\" \/>\n\t<meta property=\"og:image:height\" content=\"630\" \/>\n<meta name=\"twitter:card\" content=\"summary_large_image\" \/>\n<meta name=\"twitter:label1\" content=\"Dur\u00e9e de lecture est.\">\n\t<meta name=\"twitter:data1\" content=\"29 minutes\">\n<script type=\"application\/ld+json\" class=\"yoast-schema-graph\">{\"@context\":\"https:\/\/schema.org\",\"@graph\":[{\"@type\":\"Organization\",\"@id\":\"https:\/\/rapportannuelswde.be\/2020\/#organization\",\"name\":\"SWDE\",\"url\":\"https:\/\/rapportannuelswde.be\/2020\/\",\"sameAs\":[],\"logo\":{\"@type\":\"ImageObject\",\"@id\":\"https:\/\/rapportannuelswde.be\/2020\/#logo\",\"inLanguage\":\"fr-FR\",\"url\":\"https:\/\/rapportannuelswde.be\/2020\/wp-content\/uploads\/2020\/05\/header-logo-swde.svg\",\"contentUrl\":\"https:\/\/rapportannuelswde.be\/2020\/wp-content\/uploads\/2020\/05\/header-logo-swde.svg\",\"width\":\"1024\",\"height\":\"1024\",\"caption\":\"SWDE\"},\"image\":{\"@id\":\"https:\/\/rapportannuelswde.be\/2020\/#logo\"}},{\"@type\":\"WebSite\",\"@id\":\"https:\/\/rapportannuelswde.be\/2020\/#website\",\"url\":\"https:\/\/rapportannuelswde.be\/2020\/\",\"name\":\"Rapport Annuel SWDE\",\"description\":\"le rapport d&#039;activit\\u00e9 de la SWDE\",\"publisher\":{\"@id\":\"https:\/\/rapportannuelswde.be\/2020\/#organization\"},\"potentialAction\":[{\"@type\":\"SearchAction\",\"target\":\"https:\/\/rapportannuelswde.be\/2020\/?s={search_term_string}\",\"query-input\":\"required name=search_term_string\"}],\"inLanguage\":\"fr-FR\"},{\"@type\":\"WebPage\",\"@id\":\"https:\/\/rapportannuelswde.be\/2020\/actions-et-bilan-6\/#webpage\",\"url\":\"https:\/\/rapportannuelswde.be\/2020\/actions-et-bilan-6\/\",\"name\":\"Actions et bilan-6-Dynamiser les ressources humaines - Rapport Annuel SWDE\",\"isPartOf\":{\"@id\":\"https:\/\/rapportannuelswde.be\/2020\/#website\"},\"datePublished\":\"2020-05-06T18:18:17+00:00\",\"dateModified\":\"2021-07-22T06:57:44+00:00\",\"breadcrumb\":{\"@id\":\"https:\/\/rapportannuelswde.be\/2020\/actions-et-bilan-6\/#breadcrumb\"},\"inLanguage\":\"fr-FR\",\"potentialAction\":[{\"@type\":\"ReadAction\",\"target\":[\"https:\/\/rapportannuelswde.be\/2020\/actions-et-bilan-6\/\"]}]},{\"@type\":\"BreadcrumbList\",\"@id\":\"https:\/\/rapportannuelswde.be\/2020\/actions-et-bilan-6\/#breadcrumb\",\"itemListElement\":[{\"@type\":\"ListItem\",\"position\":1,\"item\":{\"@type\":\"WebPage\",\"@id\":\"https:\/\/rapportannuelswde.be\/2020\/\",\"url\":\"https:\/\/rapportannuelswde.be\/2020\/\",\"name\":\"Accueil\"}},{\"@type\":\"ListItem\",\"position\":2,\"item\":{\"@id\":\"https:\/\/rapportannuelswde.be\/2020\/actions-et-bilan-6\/#webpage\"}}]}]}<\/script>\n<!-- \/ Yoast SEO plugin. -->","_links":{"self":[{"href":"https:\/\/rapportannuelswde.be\/2020\/wp-json\/wp\/v2\/pages\/1286"}],"collection":[{"href":"https:\/\/rapportannuelswde.be\/2020\/wp-json\/wp\/v2\/pages"}],"about":[{"href":"https:\/\/rapportannuelswde.be\/2020\/wp-json\/wp\/v2\/types\/page"}],"author":[{"embeddable":true,"href":"https:\/\/rapportannuelswde.be\/2020\/wp-json\/wp\/v2\/users\/2"}],"replies":[{"embeddable":true,"href":"https:\/\/rapportannuelswde.be\/2020\/wp-json\/wp\/v2\/comments?post=1286"}],"version-history":[{"count":68,"href":"https:\/\/rapportannuelswde.be\/2020\/wp-json\/wp\/v2\/pages\/1286\/revisions"}],"predecessor-version":[{"id":2960,"href":"https:\/\/rapportannuelswde.be\/2020\/wp-json\/wp\/v2\/pages\/1286\/revisions\/2960"}],"wp:attachment":[{"href":"https:\/\/rapportannuelswde.be\/2020\/wp-json\/wp\/v2\/media?parent=1286"}],"curies":[{"name":"wp","href":"https:\/\/api.w.org\/{rel}","templated":true}]}}