{"id":485,"date":"2020-04-28T12:26:02","date_gmt":"2020-04-28T10:26:02","guid":{"rendered":"https:\/\/rapportannuelswde.be\/2020\/?page_id=485"},"modified":"2021-07-20T17:00:12","modified_gmt":"2021-07-20T15:00:12","slug":"actions-et-bilan-5","status":"publish","type":"page","link":"https:\/\/rapportannuelswde.be\/2020\/actions-et-bilan-5\/","title":{"rendered":"Actions et bilan-5-Contribuer au d\u00e9veloppement durable"},"content":{"rendered":"<p>[et_pb_section fb_built=&#8221;1&#8243; admin_label=&#8221;en BREF&#8221; _builder_version=&#8221;4.4.3&#8243; background_color=&#8221;#dbedf4&#8243; use_background_color_gradient=&#8221;on&#8221; background_color_gradient_start=&#8221;#dceef5&#8243; background_color_gradient_end=&#8221;#b0e9f4&#8243; background_enable_image=&#8221;off&#8221; background_position=&#8221;top_center&#8221; custom_padding=&#8221;0px||10vw||false|false&#8221; bottom_divider_style=&#8221;slant&#8221; bottom_divider_color=&#8221;#FFFFFF&#8221; bottom_divider_height=&#8221;250px&#8221; bottom_divider_flip=&#8221;horizontal&#8221; animation_direction=&#8221;top&#8221; locked=&#8221;off&#8221; collapsed=&#8221;off&#8221;][et_pb_row custom_padding_last_edited=&#8221;on|phone&#8221; _builder_version=&#8221;4.4.4&#8243; background_enable_color=&#8221;off&#8221; background_image=&#8221;https:\/\/rapportannuelswde.be\/2020\/wp-content\/uploads\/2020\/05\/home-bilan-logo.svg&#8221; background_size=&#8221;contain&#8221; width=&#8221;100%&#8221; module_alignment=&#8221;center&#8221; custom_padding=&#8221;0%||0px||false|false&#8221; custom_padding_tablet=&#8221;&#8221; custom_padding_phone=&#8221;10%||20%||false|false&#8221;][et_pb_column type=&#8221;4_4&#8243; _builder_version=&#8221;3.25&#8243; custom_padding=&#8221;60px|||&#8221; custom_padding_tablet=&#8221;0px|||&#8221; custom_padding_phone=&#8221;&#8221; custom_padding_last_edited=&#8221;on|tablet&#8221; padding_tablet=&#8221;0px|||&#8221; padding_last_edited=&#8221;on|tablet&#8221; custom_padding__hover=&#8221;|||&#8221;][et_pb_image src=&#8221;https:\/\/rapportannuelswde.be\/2020\/wp-content\/uploads\/2020\/05\/home-loupe.svg&#8221; title_text=&#8221;home-loupe&#8221; align=&#8221;right&#8221; _builder_version=&#8221;4.4.4&#8243; transform_translate=&#8221;0vw|0px&#8221; transform_translate_linked=&#8221;off&#8221; width=&#8221;22%&#8221; custom_margin=&#8221;|10vw|-5vw||false|false&#8221; custom_padding=&#8221;||||false|false&#8221; scroll_vertical_motion_enable=&#8221;on&#8221; scroll_vertical_motion=&#8221;0|50|50|100|1|0|-0.5&#8243; scroll_horizontal_motion_enable=&#8221;on&#8221; scroll_horizontal_motion=&#8221;0|50|50|100|0|0|0.5&#8243; motion_trigger_start=&#8221;bottom&#8221;][\/et_pb_image][et_pb_text _builder_version=&#8221;4.4.4&#8243; header_font=&#8221;||||||||&#8221; header_text_align=&#8221;left&#8221; header_text_color=&#8221;#154455&#8243; header_font_size=&#8221;140px&#8221; header_2_text_color=&#8221;#154455&#8243; header_2_font_size=&#8221;70px&#8221; header_3_text_color=&#8221;#154455&#8243; header_3_font_size=&#8221;35px&#8221; scroll_horizontal_motion_enable=&#8221;on&#8221; scroll_horizontal_motion=&#8221;0|50|50|100|0|0|-0.2&#8243; scroll_scaling=&#8221;0|50|50|100|85%|100|110%&#8221; scroll_blur_enable=&#8221;on&#8221; scroll_blur=&#8221;0|33|67|100|0px|0px|3px&#8221; motion_trigger_start=&#8221;bottom&#8221; header_font_size_tablet=&#8221;&#8221; header_font_size_phone=&#8221;60px&#8221; header_font_size_last_edited=&#8221;on|phone&#8221; header_3_font_size_tablet=&#8221;&#8221; header_3_font_size_phone=&#8221;30px&#8221; header_3_font_size_last_edited=&#8221;on|phone&#8221;]<\/p>\n<h3 style=\"padding-left: 20%;\">Nos<\/h3>\n<h1 style=\"padding-left: 14%;\">Actions<\/h1>\n<h3 style=\"padding-left: 28%;\">et le bilan 2020<\/h3>\n<p>[\/et_pb_text][et_pb_image src=&#8221;https:\/\/rapportannuelswde.be\/2020\/wp-content\/uploads\/2021\/05\/home-2021-c.svg&#8221; title_text=&#8221;home-2021-c&#8221; _builder_version=&#8221;4.9.4&#8243; width=&#8221;17%&#8221; custom_margin=&#8221;-9%|||5vw|false|false&#8221; scroll_vertical_motion_enable=&#8221;on&#8221; scroll_vertical_motion=&#8221;0|50|50|100|-1|0|1&#8243; scroll_horizontal_motion=&#8221;0|50|50|100|-0.5|0|0.5&#8243; motion_trigger_start=&#8221;top&#8221;][\/et_pb_image][\/et_pb_column][\/et_pb_row][et_pb_row column_structure=&#8221;1_4,3_4&#8243; admin_label=&#8221;BTN&#8221; _builder_version=&#8221;4.4.3&#8243; width=&#8221;100%&#8221; custom_padding=&#8221;0px||0px|||&#8221;][et_pb_column type=&#8221;1_4&#8243; _builder_version=&#8221;4.4.3&#8243;][\/et_pb_column][et_pb_column type=&#8221;3_4&#8243; _builder_version=&#8221;4.4.3&#8243; custom_padding=&#8221;||||false|false&#8221;][et_pb_button button_url=&#8221;https:\/\/rapportannuelswde.be\/2020\/actions-et-bilan-1\/#maitriser-le-prix-de-leau&#8221; button_text=&#8221;Ma\u00eetriser le prix de l&#8217;eau&#8221; button_alignment=&#8221;left&#8221; _builder_version=&#8221;4.4.4&#8243; button_text_size=&#8221;18px&#8221; button_bg_color=&#8221;#ffffff&#8221; button_font=&#8221;ISIDORA &#8211; SEMIBOLD-https||||||||&#8221; button_use_icon=&#8221;on&#8221; button_icon_color=&#8221;#eb9e2b&#8221; custom_margin=&#8221;-80px||10px||false|false&#8221; custom_margin_tablet=&#8221;&#8221; custom_margin_phone=&#8221;-50px||10px||false|false&#8221; custom_margin_last_edited=&#8221;on|phone&#8221; button_text_color__hover_enabled=&#8221;on|desktop&#8221; button_text_color__hover=&#8221;#eb9e2b&#8221;][\/et_pb_button][et_pb_button button_url=&#8221;https:\/\/rapportannuelswde.be\/2020\/actions-et-bilan-2\/#securiser-lapprovisionnement-en-eau&#8221; button_text=&#8221;S\u00e9curiser l&#8217;approvisionnement en eau&#8221; button_alignment=&#8221;left&#8221; _builder_version=&#8221;4.4.4&#8243; button_text_size=&#8221;18px&#8221; button_bg_color=&#8221;#ffffff&#8221; button_font=&#8221;ISIDORA &#8211; SEMIBOLD-https||||||||&#8221; button_use_icon=&#8221;on&#8221; button_icon_color=&#8221;#eb9e2b&#8221; custom_margin=&#8221;0px||10px||false|false&#8221; button_text_color__hover_enabled=&#8221;on|desktop&#8221; button_bg_color__hover_enabled=&#8221;on|hover&#8221; button_bg_color__hover=&#8221;#ffffff&#8221; button_text_color__hover=&#8221;#eb9e2b&#8221;][\/et_pb_button][et_pb_button button_url=&#8221;https:\/\/rapportannuelswde.be\/2020\/actions-et-bilan-3\/#garantir-la-qualit\u00e9-de-l-eau&#8221; button_text=&#8221;Garantir la qualit\u00e9 de l&#8217;eau&#8221; button_alignment=&#8221;left&#8221; _builder_version=&#8221;4.4.4&#8243; button_text_size=&#8221;18px&#8221; button_bg_color=&#8221;#ffffff&#8221; button_font=&#8221;ISIDORA &#8211; SEMIBOLD-https||||||||&#8221; button_use_icon=&#8221;on&#8221; button_icon_color=&#8221;#eb9e2b&#8221; custom_margin=&#8221;0px||10px||false|false&#8221; button_text_color__hover_enabled=&#8221;on|desktop&#8221; button_bg_color__hover_enabled=&#8221;on|hover&#8221; button_bg_color__hover=&#8221;#ffffff&#8221; button_text_color__hover=&#8221;#eb9e2b&#8221;][\/et_pb_button][et_pb_button button_url=&#8221;https:\/\/rapportannuelswde.be\/2020\/actions-et-bilan-4\/#garantir-une-offre-de-service-optimal-aux-clients&#8221; button_text=&#8221;Garantir une offre de service optimal aux clients&#8221; button_alignment=&#8221;left&#8221; _builder_version=&#8221;4.9.4&#8243; button_text_size=&#8221;18px&#8221; button_bg_color=&#8221;#ffffff&#8221; button_font=&#8221;ISIDORA &#8211; SEMIBOLD-https||||||||&#8221; button_use_icon=&#8221;on&#8221; button_icon_color=&#8221;#eb9e2b&#8221; custom_margin=&#8221;0px||10px||false|false&#8221; button_text_color__hover=&#8221;#eb9e2b&#8221; button_text_color__hover_enabled=&#8221;on|desktop&#8221; button_bg_color__hover=&#8221;#ffffff&#8221; button_bg_color__hover_enabled=&#8221;on|hover&#8221;][\/et_pb_button][et_pb_button button_url=&#8221;#contribuer-au-developpement-durable&#8221; button_text=&#8221;Contribuer au d\u00e9veloppement durable&#8221; button_alignment=&#8221;left&#8221; admin_label=&#8221;gouvernace de leau&#8221; _builder_version=&#8221;4.4.4&#8243; button_text_size=&#8221;22px&#8221; button_text_color=&#8221;#154455&#8243; button_bg_color=&#8221;#ffffff&#8221; button_font=&#8221;ISIDORA &#8211; BOLD -ALT||||||||&#8221; custom_margin=&#8221;||10px|-20px|false|false&#8221; button_text_color__hover=&#8221;#eb9e2b&#8221; button_text_color__hover_enabled=&#8221;on|desktop&#8221; button_bg_color__hover=&#8221;#ffffff&#8221; button_bg_color__hover_enabled=&#8221;on|hover&#8221;][\/et_pb_button][et_pb_button button_url=&#8221;https:\/\/rapportannuelswde.be\/2020\/actions-et-bilan-6\/#dynamiser-les-ressources-humaines&#8221; button_text=&#8221;Dynamiser les ressources humaines&#8221; button_alignment=&#8221;left&#8221; admin_label=&#8221;gouvernace de leau&#8221; _builder_version=&#8221;4.4.4&#8243; button_text_size=&#8221;18px&#8221; button_bg_color=&#8221;#ffffff&#8221; button_font=&#8221;ISIDORA &#8211; SEMIBOLD-https||||||||&#8221; button_use_icon=&#8221;on&#8221; button_icon_color=&#8221;#eb9e2b&#8221; custom_margin=&#8221;0px||10px||false|false&#8221; button_text_color__hover=&#8221;#eb9e2b&#8221; button_text_color__hover_enabled=&#8221;on|desktop&#8221;][\/et_pb_button][et_pb_button button_url=&#8221;https:\/\/rapportannuelswde.be\/2020\/actions-et-bilan-7\/#renforcer-la-gouvernance-de-leau&#8221; button_text=&#8221;Renforcer la gouvernance de l&#8217;eau&#8221; button_alignment=&#8221;left&#8221; _builder_version=&#8221;4.4.4&#8243; button_text_size=&#8221;18px&#8221; button_bg_color=&#8221;#ffffff&#8221; button_font=&#8221;ISIDORA &#8211; SEMIBOLD-https||||||||&#8221; button_use_icon=&#8221;on&#8221; button_icon_color=&#8221;#eb9e2b&#8221; custom_margin=&#8221;0px||10px||false|false&#8221; button_text_color__hover_enabled=&#8221;on|desktop&#8221; button_bg_color__hover=&#8221;#ffffff&#8221; button_bg_color__hover_enabled=&#8221;on|hover&#8221; button_text_color__hover=&#8221;#eb9e2b&#8221;][\/et_pb_button][\/et_pb_column][\/et_pb_row][\/et_pb_section][et_pb_section fb_built=&#8221;1&#8243; admin_label=&#8221;1 &#8221; module_id=&#8221;contribuer-au-developpement-durable&#8221; _builder_version=&#8221;4.4.4&#8243; custom_padding=&#8221;||0px|||&#8221; bottom_divider_color=&#8221;#dceef5&#8243; locked=&#8221;off&#8221; collapsed=&#8221;off&#8221;][et_pb_row column_structure=&#8221;1_4,3_4&#8243; use_custom_gutter=&#8221;on&#8221; gutter_width=&#8221;1&#8243; admin_label=&#8221;1&#8243; _builder_version=&#8221;4.9.4&#8243; width_tablet=&#8221;&#8221; width_phone=&#8221;90%&#8221; width_last_edited=&#8221;on|phone&#8221; max_width=&#8221;1280px&#8221; custom_margin=&#8221;-125px||0px||false|false&#8221; custom_margin_tablet=&#8221;-50px||100px||false|false&#8221; custom_margin_phone=&#8221;50px||||false|false&#8221; custom_margin_last_edited=&#8221;on|desktop&#8221; custom_padding=&#8221;0px||0px||false|false&#8221; locked=&#8221;off&#8221;][et_pb_column type=&#8221;1_4&#8243; _builder_version=&#8221;4.4.3&#8243;][\/et_pb_column][et_pb_column type=&#8221;3_4&#8243; _builder_version=&#8221;4.4.3&#8243;][et_pb_image src=&#8221;https:\/\/rapportannuelswde.be\/2020\/wp-content\/uploads\/2020\/04\/forme-08.svg&#8221; title_text=&#8221;forme-08&#8243; admin_label=&#8221;shape&#8221; _builder_version=&#8221;4.9.4&#8243; background_enable_color=&#8221;off&#8221; transform_translate=&#8221;-40px|0px&#8221; transform_translate_linked=&#8221;off&#8221; width=&#8221;40%&#8221; module_alignment=&#8221;right&#8221; custom_margin=&#8221;||-270px||false|false&#8221; custom_padding=&#8221;||||false|false&#8221; animation_style=&#8221;slide&#8221; animation_direction=&#8221;bottom&#8221; animation_intensity_slide=&#8221;20%&#8221; scroll_vertical_motion_enable=&#8221;on&#8221; scroll_vertical_motion=&#8221;0|50|50|100|2|0|-0.5&#8243; scroll_fade_enable=&#8221;on&#8221; scroll_fade=&#8221;0|50|50|100|100%|50%|0%&#8221; motion_trigger_start=&#8221;top&#8221; always_center_on_mobile=&#8221;off&#8221;][\/et_pb_image][et_pb_text _builder_version=&#8221;4.9.4&#8243; header_font=&#8221;ISIDORA &#8211; BOLD -ALT||||||||&#8221; header_font_size=&#8221;40px&#8221; header_2_font=&#8221;ISIDORA &#8211; BOLD -ALT||||||||&#8221; header_2_text_color=&#8221;#154455&#8243; header_2_font_size=&#8221;30px&#8221; header_2_line_height=&#8221;1.2em&#8221; header_3_font=&#8221;ISIDORA &#8211; SEMIBOLD-https||||||||&#8221; header_3_text_align=&#8221;left&#8221; header_3_text_color=&#8221;#154455&#8243; header_3_font_size=&#8221;18px&#8221; header_3_line_height=&#8221;1.3em&#8221; header_4_font=&#8221;ISIDORA &#8211; SEMIBOLD-https||||||||&#8221; header_4_text_color=&#8221;#eb9e2b&#8221; custom_margin=&#8221;||||false|false&#8221; custom_padding=&#8221;15px|||30px|false|false&#8221; custom_padding_tablet=&#8221;&#8221; custom_padding_phone=&#8221;|25px||25px|false|false&#8221; custom_padding_last_edited=&#8221;on|tablet&#8221; header_3_font_size_tablet=&#8221;15px&#8221; header_3_font_size_phone=&#8221;15px&#8221; header_3_font_size_last_edited=&#8221;on|phone&#8221; border_width_left=&#8221;6px&#8221; border_color_left=&#8221;#F7C753&#8243; border_style_left=&#8221;dotted&#8221;]<\/p>\n<h3>L\u2019eau wallonne est une ressource essentielle, a\u0300 pr\u00e9server pour les g\u00e9n\u00e9rations futures. <br \/>Dans cet esprit, la SWDE continue a\u0300 valoriser son expertise dans les m\u00e9tiers de l\u2019eau et a\u0300 faire de l\u2019environnement une pr\u00e9occupation permanente.<\/h3>\n<p>[\/et_pb_text][\/et_pb_column][\/et_pb_row][et_pb_row use_custom_gutter=&#8221;on&#8221; gutter_width=&#8221;1&#8243; admin_label=&#8221;1&#8243; _builder_version=&#8221;4.4.4&#8243; max_width=&#8221;1280px&#8221;][et_pb_column type=&#8221;4_4&#8243; _builder_version=&#8221;4.4.3&#8243;][et_pb_image src=&#8221;https:\/\/rapportannuelswde.be\/2020\/wp-content\/uploads\/2020\/04\/forme-12.svg&#8221; admin_label=&#8221;shape&#8221; _builder_version=&#8221;4.4.3&#8243; background_enable_color=&#8221;off&#8221; transform_translate=&#8221;-40px|0px&#8221; transform_translate_linked=&#8221;off&#8221; width=&#8221;20%&#8221; module_alignment=&#8221;left&#8221; custom_margin=&#8221;||-150px||false|false&#8221; custom_padding=&#8221;||||false|false&#8221; animation_style=&#8221;slide&#8221; animation_direction=&#8221;bottom&#8221; animation_intensity_slide=&#8221;20%&#8221; scroll_vertical_motion_enable=&#8221;on&#8221; scroll_vertical_motion=&#8221;0|50|50|100|1|0|-0.5&#8243; always_center_on_mobile=&#8221;off&#8221;][\/et_pb_image][et_pb_text admin_label=&#8221;1 LA SWDE&#8221; _builder_version=&#8221;4.4.3&#8243; header_font=&#8221;ISIDORA &#8211; BOLD -ALT||||||||&#8221; header_text_color=&#8221;#008fc3&#8243; header_font_size=&#8221;55px&#8221; header_2_font=&#8221;ISIDORA &#8211; BOLD -ALT||||||||&#8221; header_2_text_color=&#8221;#154455&#8243; header_2_font_size=&#8221;50px&#8221; header_3_font=&#8221;ISIDORA &#8211; SEMIBOLD-https|||on|||||&#8221; header_3_text_color=&#8221;#eb9e2b&#8221; header_3_font_size=&#8221;15px&#8221; header_4_font=&#8221;ISIDORA &#8211; SEMIBOLD-https||||||||&#8221; header_4_text_color=&#8221;#eb9e2b&#8221; custom_margin=&#8221;||10px||false|false&#8221;]<\/p>\n<h1 style=\"padding-left: 20px;\">5<\/h1>\n<h2>Contribuer<br \/>au d\u00e9veloppement durable<\/h2>\n<p>[\/et_pb_text][\/et_pb_column][\/et_pb_row][et_pb_row column_structure=&#8221;1_4,3_4&#8243; use_custom_gutter=&#8221;on&#8221; gutter_width=&#8221;1&#8243; admin_label=&#8221;1&#8243; _builder_version=&#8221;4.9.4&#8243; width_tablet=&#8221;&#8221; width_phone=&#8221;90%&#8221; width_last_edited=&#8221;on|phone&#8221; max_width=&#8221;1280px&#8221; custom_margin=&#8221;0px||30px||false|false&#8221; custom_margin_tablet=&#8221;-50px||100px||false|false&#8221; custom_margin_phone=&#8221;50px||||false|false&#8221; custom_margin_last_edited=&#8221;on|desktop&#8221; custom_padding=&#8221;0px||0px||false|false&#8221; locked=&#8221;off&#8221;][et_pb_column type=&#8221;1_4&#8243; _builder_version=&#8221;4.4.3&#8243;][\/et_pb_column][et_pb_column type=&#8221;3_4&#8243; _builder_version=&#8221;4.4.3&#8243;][et_pb_text _builder_version=&#8221;4.9.4&#8243; header_font=&#8221;ISIDORA &#8211; BOLD -ALT||||||||&#8221; header_font_size=&#8221;40px&#8221; header_2_font=&#8221;ISIDORA &#8211; BOLD -ALT||||||||&#8221; header_2_text_color=&#8221;#154455&#8243; header_2_font_size=&#8221;30px&#8221; header_2_line_height=&#8221;1.2em&#8221; header_3_font=&#8221;ISIDORA &#8211; SEMIBOLD-https||||||||&#8221; header_3_text_align=&#8221;left&#8221; header_3_text_color=&#8221;#154455&#8243; header_3_font_size=&#8221;18px&#8221; header_3_line_height=&#8221;1.3em&#8221; header_4_font=&#8221;ISIDORA &#8211; SEMIBOLD-https||||||||&#8221; header_4_text_color=&#8221;#eb9e2b&#8221; custom_margin=&#8221;||||false|false&#8221; custom_padding=&#8221;15px|||30px|false|false&#8221; custom_padding_tablet=&#8221;&#8221; custom_padding_phone=&#8221;|25px||25px|false|false&#8221; custom_padding_last_edited=&#8221;on|tablet&#8221; header_3_font_size_tablet=&#8221;15px&#8221; header_3_font_size_phone=&#8221;15px&#8221; header_3_font_size_last_edited=&#8221;on|phone&#8221; border_width_left=&#8221;6px&#8221; border_color_left=&#8221;#F7C753&#8243; border_style_left=&#8221;dotted&#8221;]<\/p>\n<h3>Compte tenu du caract\u00e8re essentiel de son activit\u00e9, <br \/>la contribution de la SWDE au d\u00e9veloppement durable s\u2019articule autour de 3 piliers\u00a0:<\/h3>\n<p>[\/et_pb_text][\/et_pb_column][\/et_pb_row][et_pb_row column_structure=&#8221;1_4,1_2,1_4&#8243; admin_label=&#8221;1&#8243; _builder_version=&#8221;4.4.4&#8243; background_enable_color=&#8221;off&#8221; width=&#8221;100%&#8221; custom_padding=&#8221;0px|||||&#8221;][et_pb_column type=&#8221;1_4&#8243; _builder_version=&#8221;4.4.3&#8243;][\/et_pb_column][et_pb_column type=&#8221;1_2&#8243; _builder_version=&#8221;4.4.3&#8243;][et_pb_toggle title=&#8221;La ma\u00eetrise des impacts environnementaux des activit\u00e9s&#8221; open_toggle_text_color=&#8221;#154455&#8243; open_toggle_background_color=&#8221;rgba(0,0,0,0)&#8221; closed_toggle_background_color=&#8221;rgba(0,0,0,0)&#8221; icon_color=&#8221;#29b6c1&#8243; _builder_version=&#8221;4.9.4&#8243; title_text_color=&#8221;#154455&#8243; title_level=&#8221;h4&#8243; title_font=&#8221;ISIDORA &#8211; BOLD -ALT||||||||&#8221; body_line_height=&#8221;1em&#8221; body_link_font=&#8221;ISIDORA &#8211; SEMIBOLD-https||||||||&#8221; body_link_text_color=&#8221;#eb9e2b&#8221; body_link_font_size=&#8221;16px&#8221; border_width_all=&#8221;0px&#8221; body_link_text_color__hover_enabled=&#8221;on|desktop&#8221; body_link_text_color__hover=&#8221;#f7c753&#8243; title_text_color__hover_enabled=&#8221;on|hover&#8221; title_text_color__hover=&#8221;#008fc3&#8243;]<\/p>\n<p style=\"padding-left: 30px;\"><a href=\"#preservation-de-la-biodiversite-et-du-patrimoine-naturel\"> Pr\u00e9servation de la biodiversit\u00e9 et du patrimoine naturel <\/a><\/p>\n<p style=\"padding-left: 30px;\"><a href=\"#integrer-l-environnement-lors-de-la-conception-de-projets-techniques\"> Int\u00e9grer l\u2019environnement lors de la conception de projets techniques <\/a><\/p>\n<p style=\"padding-left: 30px;\"><a href=\"#utiliser-moins-de-consommables\"> Utiliser moins de consommables <\/a><\/p>\n<p>[\/et_pb_toggle][et_pb_toggle title=&#8221;La r\u00e9duction de l&#8217;empreinte carbone&#8221; open_toggle_text_color=&#8221;#154455&#8243; open_toggle_background_color=&#8221;rgba(0,0,0,0)&#8221; closed_toggle_background_color=&#8221;rgba(0,0,0,0)&#8221; icon_color=&#8221;#29b6c1&#8243; _builder_version=&#8221;4.9.4&#8243; title_text_color=&#8221;#154455&#8243; title_level=&#8221;h4&#8243; title_font=&#8221;ISIDORA &#8211; BOLD -ALT||||||||&#8221; body_line_height=&#8221;1em&#8221; body_link_font=&#8221;ISIDORA &#8211; SEMIBOLD-https||||||||&#8221; body_link_text_color=&#8221;#eb9e2b&#8221; body_link_font_size=&#8221;16px&#8221; custom_margin=&#8221;-60px||||false|false&#8221; title_text_color_last_edited=&#8221;off|desktop&#8221; border_width_all=&#8221;0px&#8221; body_link_text_color__hover_enabled=&#8221;on|desktop&#8221; body_link_text_color__hover=&#8221;#f7c753&#8243; title_text_color__hover_enabled=&#8221;on|hover&#8221; title_text_color__hover=&#8221;#008fc3&#8243;]<\/p>\n<p style=\"padding-left: 30px;\"><a href=\"#reduire-les-consommations-energetiques\"> R\u00e9duire les consommations \u00e9nerg\u00e9tiques <\/a><\/p>\n<p style=\"padding-left: 30px;\"><a href=\"#accelerer-le-recours-aux-energies-renouvelables\"> Acc\u00e9l\u00e9rer le recours aux \u00e9nergies renouvelables <\/a><\/p>\n<p style=\"padding-left: 30px;\"><a href=\"#optimiser-la-performance-energetique-des-batiments\"> Optimiser la performance \u00e9nerg\u00e9tique des b\u00e2timents <\/a><\/p>\n<p style=\"padding-left: 30px;\"><a href=\"#favoriser-la-mobilite-verte\"> Favoriser la mobilit\u00e9 verte <\/a><\/p>\n<p style=\"padding-left: 30px;\"><a href=\"#priorite-a-la-mobilite-douce-et-durable\"> Priorit\u00e9 \u00e0 la mobilit\u00e9 douce et durable <\/a><\/p>\n<p>[\/et_pb_toggle][et_pb_toggle title=&#8221;La sensibillisation et la mobilisation&#8221; open_toggle_text_color=&#8221;#154455&#8243; open_toggle_background_color=&#8221;rgba(0,0,0,0)&#8221; closed_toggle_background_color=&#8221;rgba(0,0,0,0)&#8221; icon_color=&#8221;#29b6c1&#8243; _builder_version=&#8221;4.9.4&#8243; title_text_color=&#8221;#154455&#8243; title_level=&#8221;h4&#8243; title_font=&#8221;ISIDORA &#8211; BOLD -ALT||||||||&#8221; body_line_height=&#8221;1em&#8221; body_link_font=&#8221;ISIDORA &#8211; SEMIBOLD-https||||||||&#8221; body_link_text_color=&#8221;#eb9e2b&#8221; body_link_font_size=&#8221;16px&#8221; custom_margin=&#8221;-60px||0px||false|false&#8221; title_text_color_last_edited=&#8221;off|desktop&#8221; border_width_all=&#8221;0px&#8221; body_link_text_color__hover_enabled=&#8221;on|desktop&#8221; body_link_text_color__hover=&#8221;#f7c753&#8243; title_text_color__hover_enabled=&#8221;on|hover&#8221; title_text_color__hover=&#8221;#008fc3&#8243;]<\/p>\n<p style=\"padding-left: 30px;\"><a href=\"#promotion-de-l-eau-du-robinet\"> Promotion de l\u2019eau du robinet  <\/a><\/p>\n<p style=\"padding-left: 30px;\"><a href=\"#la-dimension-internationale\"> La dimension internationale <\/a><\/p>\n<p>[\/et_pb_toggle][\/et_pb_column][et_pb_column type=&#8221;1_4&#8243; _builder_version=&#8221;4.4.3&#8243;][\/et_pb_column][\/et_pb_row][et_pb_row column_structure=&#8221;2_3,1_3&#8243; module_id=&#8221;preservation-de-la-biodiversite-et-du-patrimoine-naturel&#8221; _builder_version=&#8221;4.9.4&#8243; max_width=&#8221;1280px&#8221; custom_margin=&#8221;30px||||false|false&#8221; custom_padding=&#8221;||0px||false|false&#8221; locked=&#8221;off&#8221; collapsed=&#8221;on&#8221;][et_pb_column type=&#8221;2_3&#8243; _builder_version=&#8221;4.4.3&#8243;][et_pb_text _builder_version=&#8221;4.9.4&#8243; header_font=&#8221;ISIDORA &#8211; BOLD -ALT||||||||&#8221; header_font_size=&#8221;40px&#8221; header_2_font=&#8221;ISIDORA &#8211; BOLD -ALT||||||||&#8221; header_2_text_color=&#8221;#154455&#8243; header_2_font_size=&#8221;30px&#8221; header_2_line_height=&#8221;1.2em&#8221; header_3_font=&#8221;ISIDORA &#8211; BOLD -ALT||||||||&#8221; header_4_font=&#8221;ISIDORA &#8211; SEMIBOLD-https||||||||&#8221; header_4_text_color=&#8221;#eb9e2b&#8221; custom_margin=&#8221;||10px||false|false&#8221; custom_padding=&#8221;|||30px|false|false&#8221; custom_padding_tablet=&#8221;&#8221; custom_padding_phone=&#8221;|||0px|false|false&#8221; custom_padding_last_edited=&#8221;on|phone&#8221;]<\/p>\n<h2> La ma\u00eetrise des impacts<br \/>\nenvironnementaux des activit\u00e9s <\/h2>\n<p>[\/et_pb_text][et_pb_divider color=&#8221;#29b6c1&#8243; divider_weight=&#8221;7px&#8221; _builder_version=&#8221;4.4.3&#8243; max_width=&#8221;60px&#8221; custom_margin=&#8221;||20px|30px|false|false&#8221; global_module=&#8221;162&#8243; saved_tabs=&#8221;all&#8221;][\/et_pb_divider][et_pb_text _builder_version=&#8221;4.9.10&#8243; header_font=&#8221;ISIDORA &#8211; BOLD -ALT||||||||&#8221; header_font_size=&#8221;40px&#8221; header_2_font=&#8221;ISIDORA &#8211; BOLD -ALT||||||||&#8221; header_2_text_color=&#8221;#154455&#8243; header_2_font_size=&#8221;30px&#8221; header_2_line_height=&#8221;1.2em&#8221; header_3_font=&#8221;ISIDORA &#8211; BOLD -ALT||||||||&#8221; header_4_font=&#8221;ISIDORA &#8211; SEMIBOLD-https||||||||&#8221; header_4_text_color=&#8221;#eb9e2b&#8221; header_6_font=&#8221;ISIDORA &#8211; REGULAR|300|||||||&#8221; header_6_text_color=&#8221;#000000&#8243; custom_margin=&#8221;||||false|false&#8221; custom_padding=&#8221;|||30px|false|false&#8221; custom_padding_tablet=&#8221;&#8221; custom_padding_phone=&#8221;|||0px|false|false&#8221; custom_padding_last_edited=&#8221;on|phone&#8221;]<\/p>\n<h4>Pr\u00e9servation de la biodiversit\u00e9 et du patrimoine naturel<\/h4>\n<p>Pour une qualit\u00e9 d\u2019eau optimale, les sites de captage de la SWDE sont g\u00e9r\u00e9s comme s\u2019il s\u2019agissait de zones prot\u00e9g\u00e9es. De nombreuses mesures ont \u00e9t\u00e9 mises en \u0153uvre pour se pr\u00e9munir des sources potentielles de pollution \u00e0 proximit\u00e9 des ouvrages de prise d\u2019eau. Au-del\u00e0 de la protection de la ressource, la SWDE vise \u00e9galement \u00e0 pr\u00e9server et \u00e0 valoriser la biodiversit\u00e9 sur les terrains de ses sites de captage. Quotidiennement, des actions sont\u00a0mises en \u0153uvre sur les quatre principaux types de milieu :<\/p>\n<h5>Les prairies<\/h5>\n<p>Dans le cadre de l\u2019\u00e9tude du <strong>Plan Bee<\/strong>*, la SWDE met quelques-uns de ses terrains \u00e0 disposition de l\u2019ASBL Nature et Progr\u00e8s depuis 2019\u00a0:<\/p>\n<p><span style=\"color: #eb9e2b;\">\u2794 <\/span>\u00e0 Ciney : une premi\u00e8re parcelle (13 hectares) a \u00e9t\u00e9 mise \u00e0 disposition de l&#8217;op\u00e9ration en 2019. Les semis sont r\u00e9alis\u00e9s et les ruches bien pr\u00e9sentes.<br \/>\n<span style=\"color: #eb9e2b;\">\u2794 <\/span>\u00e0 Orp-Jauche : le site est \u00e0 l&#8217;essai. L&#8217;implantation de fleurs est en cours et quelques ruches ont d\u00e9j\u00e0 \u00e9t\u00e9 install\u00e9es.<br \/>\n<span style=\"color: #eb9e2b;\">\u2794 <\/span>\u00e0 Gerpinnes et Viesville : l&#8217;installation de ruches est pr\u00e9vue sur ces deux sites de captage dans le courant de l&#8217;ann\u00e9e 2021.<br \/>\n<\/br><\/p>\n<h6 style=\"font-size: 11px; line-height: 1.5em;\">* Le projet Plan Bee consiste \u00e0 \u00e9valuer la faisabilit\u00e9 agronomique, apicole et \u00e9conomique de semer des fleurs mellif\u00e8res sur de grandes surfaces pour produire du miel et accueillir la faune sauvage. Les abeilles sont \u00e9galement \u00e9tudi\u00e9es comme traceurs des pollutions environnementales.<\/h6>\n<p>[\/et_pb_text][et_pb_button button_url=&#8221;https:\/\/nous.swde.be\/article\/pourquoi-la-swde-accueille-des-ruches-sur-ses-sites-de-captage?utm_source=rapportannuelswde.be&#038;utm_medium=referral&#038;utm_campaign=ruches_sur_sites_de_captage&#038;utm_content=ra2020%20%20&#8243; url_new_window=&#8221;on&#8221; button_text=&#8221;En savoir +&#8221; button_alignment=&#8221;right&#8221; _builder_version=&#8221;4.9.4&#8243; _module_preset=&#8221;default&#8221; button_text_size=&#8221;10px&#8221; button_text_color=&#8221;#FFFFFF&#8221; button_bg_color=&#8221;#75c9da&#8221; custom_margin=&#8221;-30px||20px|10px|false|false&#8221; locked=&#8221;off&#8221; button_bg_color__hover=&#8221;#E16627&#8243; button_text_color__hover=&#8221;#FFFFFF&#8221;][\/et_pb_button][\/et_pb_column][et_pb_column type=&#8221;1_3&#8243; _builder_version=&#8221;4.4.3&#8243;][\/et_pb_column][\/et_pb_row][\/et_pb_section][et_pb_section fb_built=&#8221;1&#8243; admin_label=&#8221;interv&#8221; _builder_version=&#8221;4.9.4&#8243; background_color=&#8221;#dceef5&#8243; custom_padding=&#8221;90px||0px|||&#8221; top_divider_style=&#8221;waves2&#8243; top_divider_color=&#8221;#ffffff&#8221; top_divider_flip=&#8221;horizontal&#8221; top_divider_height_tablet=&#8221;&#8221; top_divider_height_phone=&#8221;50px&#8221; top_divider_height_last_edited=&#8221;on|phone&#8221; bottom_divider_style=&#8221;waves2&#8243; bottom_divider_color=&#8221;#ffffff&#8221; bottom_divider_height=&#8221;175px&#8221; bottom_divider_height_tablet=&#8221;&#8221; bottom_divider_height_phone=&#8221;80px&#8221; bottom_divider_height_last_edited=&#8221;on|phone&#8221; locked=&#8221;off&#8221; collapsed=&#8221;on&#8221;][et_pb_row column_structure=&#8221;2_3,1_3&#8243; _builder_version=&#8221;4.4.4&#8243; max_width=&#8221;1280px&#8221; custom_margin=&#8221;60px||||false|false&#8221; custom_padding=&#8221;||0px||false|false&#8221; collapsed=&#8221;on&#8221;][et_pb_column type=&#8221;2_3&#8243; _builder_version=&#8221;4.4.3&#8243;][et_pb_divider color=&#8221;#29b6c1&#8243; divider_weight=&#8221;7px&#8221; _builder_version=&#8221;4.4.3&#8243; max_width=&#8221;60px&#8221; custom_margin=&#8221;||20px|30px|false|false&#8221; global_module=&#8221;162&#8243; saved_tabs=&#8221;all&#8221;][\/et_pb_divider][et_pb_text _builder_version=&#8221;4.9.4&#8243; text_font=&#8221;ISIDORA &#8211; SEMIBOLD-https||||||||&#8221; text_text_color=&#8221;#eb9e2b&#8221; text_font_size=&#8221;25px&#8221; text_line_height=&#8221;2em&#8221; header_font=&#8221;ISIDORA &#8211; BOLD -ALT||||||||&#8221; header_font_size=&#8221;40px&#8221; header_2_font=&#8221;ISIDORA &#8211; BOLD -ALT||||||||&#8221; header_2_font_size=&#8221;30px&#8221; header_3_font=&#8221;ISIDORA &#8211; BOLD -ALT||||||||&#8221; header_4_font=&#8221;ISIDORA &#8211; SEMIBOLD-https||||||||&#8221; header_4_text_color=&#8221;#eb9e2b&#8221; text_orientation=&#8221;center&#8221; custom_padding=&#8221;|||30px|false|false&#8221; custom_padding_tablet=&#8221;&#8221; custom_padding_phone=&#8221;|||0px|false|false&#8221; custom_padding_last_edited=&#8221;on|phone&#8221; text_font_size_tablet=&#8221;&#8221; text_font_size_phone=&#8221;18px&#8221; text_font_size_last_edited=&#8221;on|phone&#8221;]<\/p>\n<p> Le b\u00e9n\u00e9fice pour la SWDE est double : la biodiversit\u00e9 des sites s\u2019enrichit gr\u00e2ce aux fleurs plant\u00e9es et l\u2019analyse du miel tous les 6 mois permet de d\u00e9tecter des \u00e9ventuels polluants. <\/p>\n<p>[\/et_pb_text][\/et_pb_column][et_pb_column type=&#8221;1_3&#8243; _builder_version=&#8221;4.4.3&#8243;][et_pb_image src=&#8221;https:\/\/rapportannuelswde.be\/2020\/wp-content\/uploads\/2021\/05\/Cedric-RA-2020.png&#8221; title_text=&#8221;Cedric-RA-2020&#8243; _builder_version=&#8221;4.9.4&#8243; background_color=&#8221;rgba(0,0,0,0)&#8221; custom_margin=&#8221;-50px||-100px||false|false&#8221;][\/et_pb_image][et_pb_text _builder_version=&#8221;4.9.4&#8243; header_font=&#8221;ISIDORA &#8211; BOLD -ALT||||||||&#8221; header_font_size=&#8221;40px&#8221; header_2_font=&#8221;ISIDORA &#8211; BOLD -ALT||||||||&#8221; header_2_text_color=&#8221;#29b6c1&#8243; header_2_font_size=&#8221;30px&#8221; header_3_font=&#8221;ISIDORA &#8211; BOLD -ALT||||||||&#8221; header_3_text_color=&#8221;#ffffff&#8221; header_4_font=&#8221;ISIDORA &#8211; SEMIBOLD-https||||||||&#8221; header_4_text_color=&#8221;#29b6c1&#8243; header_4_font_size=&#8221;14px&#8221; background_color=&#8221;#29b6c1&#8243; width=&#8221;175px&#8221; module_alignment=&#8221;left&#8221; custom_margin=&#8221;||||false|false&#8221; custom_padding=&#8221;12px|||12px|false|false&#8221; custom_padding_tablet=&#8221;&#8221; custom_padding_phone=&#8221;|||10px|false|false&#8221; custom_padding_last_edited=&#8221;on|phone&#8221; locked=&#8221;off&#8221;]<\/p>\n<h3> C\u00e9dric Wengler <\/h3>\n<p>[\/et_pb_text][et_pb_text _builder_version=&#8221;4.9.4&#8243; header_font=&#8221;ISIDORA &#8211; BOLD -ALT||||||||&#8221; header_font_size=&#8221;40px&#8221; header_2_font=&#8221;ISIDORA &#8211; BOLD -ALT||||||||&#8221; header_2_text_color=&#8221;#29b6c1&#8243; header_2_font_size=&#8221;30px&#8221; header_3_font=&#8221;ISIDORA &#8211; BOLD -ALT||||||||&#8221; header_3_text_color=&#8221;#154455&#8243; header_4_font=&#8221;ISIDORA &#8211; SEMIBOLD-https||||||||&#8221; header_4_text_color=&#8221;#154455&#8243; header_4_font_size=&#8221;14px&#8221; background_color=&#8221;#dceef5&#8243; module_alignment=&#8221;left&#8221; custom_margin=&#8221;-25px||||false|false&#8221; custom_padding=&#8221;15px||0px|30px|false|false&#8221; custom_padding_phone=&#8221;|||0px|false|false&#8221; custom_padding_last_edited=&#8221;off|desktop&#8221; locked=&#8221;off&#8221;]<\/p>\n<h4> Ing\u00e9nieur en charge des am\u00e9nagements<br \/>\net de la protection des sites de captage <\/h4>\n<p>[\/et_pb_text][\/et_pb_column][\/et_pb_row][et_pb_row column_structure=&#8221;1_3,2_3&#8243; use_custom_gutter=&#8221;on&#8221; gutter_width=&#8221;2&#8243; _builder_version=&#8221;4.4.4&#8243; max_width=&#8221;1280px&#8221; custom_margin=&#8221;||||false|false&#8221; custom_padding=&#8221;0px||0px|||&#8221; collapsed=&#8221;on&#8221;][et_pb_column type=&#8221;1_3&#8243; _builder_version=&#8221;4.4.3&#8243;][\/et_pb_column][et_pb_column type=&#8221;2_3&#8243; _builder_version=&#8221;4.4.3&#8243;][\/et_pb_column][\/et_pb_row][\/et_pb_section][et_pb_section fb_built=&#8221;1&#8243; admin_label=&#8221;1 &#8221; module_id=&#8221;contribuer-au-developpement-durable&#8221; _builder_version=&#8221;4.9.4&#8243; background_color=&#8221;RGBA(0,0,0,0)&#8221; custom_padding=&#8221;||0px|||&#8221; bottom_divider_color=&#8221;#dceef5&#8243; locked=&#8221;off&#8221; collapsed=&#8221;off&#8221;][et_pb_row column_structure=&#8221;2_3,1_3&#8243; _builder_version=&#8221;4.9.4&#8243; z_index=&#8221;50&#8243; max_width=&#8221;1280px&#8221; custom_margin=&#8221;30px||-170px||false|false&#8221; custom_padding=&#8221;||0px||false|false&#8221; locked=&#8221;off&#8221; collapsed=&#8221;on&#8221;][et_pb_column type=&#8221;2_3&#8243; _builder_version=&#8221;4.4.3&#8243;][et_pb_text _builder_version=&#8221;4.9.4&#8243; header_font=&#8221;ISIDORA &#8211; BOLD -ALT||||||||&#8221; header_font_size=&#8221;40px&#8221; header_2_font=&#8221;ISIDORA &#8211; BOLD -ALT||||||||&#8221; header_2_text_color=&#8221;#154455&#8243; header_2_font_size=&#8221;30px&#8221; header_2_line_height=&#8221;1.2em&#8221; header_3_font=&#8221;ISIDORA &#8211; BOLD -ALT||||||||&#8221; header_4_font=&#8221;ISIDORA &#8211; SEMIBOLD-https||||||||&#8221; header_4_text_color=&#8221;#eb9e2b&#8221; custom_margin=&#8221;||||false|false&#8221; custom_padding=&#8221;|||30px|false|false&#8221; custom_padding_tablet=&#8221;&#8221; custom_padding_phone=&#8221;|||0px|false|false&#8221; custom_padding_last_edited=&#8221;on|phone&#8221;]<\/p>\n<h5>Les carri\u00e8res<\/h5>\n<p class=\"p1\">Certaines carri\u00e8res abritent des esp\u00e8ces rares pour lesquelles un suivi est r\u00e9alis\u00e9 par le D\u00e9partement de la Nature et des For\u00eats (DNF) : chauves-souris, hiboux grands-ducs, faucons p\u00e8lerins, etc.)<\/p>\n<p>[\/et_pb_text][et_pb_button button_url=&#8221;https:\/\/nous.swde.be\/article\/batman-fait-carriere-sur-nos-sites-de-captage?utm_source=rapportannuelswde.be&#038;utm_medium=referral&#038;utm_campaign=chauves_souris_sites_de_captage&#038;utm_content=ra2020%20&#8243; url_new_window=&#8221;on&#8221; button_text=&#8221;En savoir +&#8221; button_alignment=&#8221;right&#8221; _builder_version=&#8221;4.9.4&#8243; _module_preset=&#8221;default&#8221; button_text_size=&#8221;10px&#8221; button_text_color=&#8221;#FFFFFF&#8221; button_bg_color=&#8221;#75c9da&#8221; custom_margin=&#8221;-30px||20px|10px|false|false&#8221; locked=&#8221;off&#8221; button_bg_color__hover=&#8221;#E16627&#8243; button_text_color__hover=&#8221;#FFFFFF&#8221;][\/et_pb_button][et_pb_image src=&#8221;https:\/\/rapportannuelswde.be\/2020\/wp-content\/uploads\/2021\/05\/OPP-1655-Illus-chauve-souris-01.png&#8221; title_text=&#8221;OPP-1655-Illus-chauve-souris-01&#8243; _builder_version=&#8221;4.9.4&#8243; _module_preset=&#8221;default&#8221; width=&#8221;60%&#8221; scroll_vertical_motion_enable=&#8221;on&#8221; scroll_vertical_motion=&#8221;40|70|70|100|-4|-1|-4&#8243; scroll_fade_enable=&#8221;on&#8221; scroll_fade=&#8221;40|50|50|100|0|100|100&#8243; scroll_scaling_enable=&#8221;on&#8221; scroll_scaling=&#8221;40|70|70|100|40%|100|150%&#8221; scroll_rotating_enable=&#8221;on&#8221; scroll_rotating=&#8221;40|70|70|100|25\u00b0|0|-15\u00b0&#8221; motion_trigger_start=&#8221;top&#8221;][\/et_pb_image][\/et_pb_column][et_pb_column type=&#8221;1_3&#8243; _builder_version=&#8221;4.4.3&#8243;][et_pb_image src=&#8221;https:\/\/rapportannuelswde.be\/2020\/wp-content\/uploads\/2021\/05\/OPP-1655-Illus-chauve-souris-02.png&#8221; title_text=&#8221;OPP-1655-Illus-chauve-souris-02&#8243; _builder_version=&#8221;4.9.4&#8243; _module_preset=&#8221;default&#8221; z_index=&#8221;20&#8243; custom_margin=&#8221;100px||||false|false&#8221; custom_margin_tablet=&#8221;&#8221; custom_margin_phone=&#8221;0px||||false|false&#8221; custom_margin_last_edited=&#8221;on|phone&#8221; scroll_vertical_motion_enable=&#8221;on&#8221; scroll_vertical_motion=&#8221;0|25|25|100|-4|0|-4&#8243; scroll_horizontal_motion_enable=&#8221;on&#8221; scroll_horizontal_motion=&#8221;0|25|25|100|5|-2|0&#8243; scroll_fade_enable=&#8221;on&#8221; scroll_fade=&#8221;25|60|60|100|0|100|100&#8243; scroll_scaling_enable=&#8221;on&#8221; scroll_scaling=&#8221;0|50|50|100|50%|100|250%&#8221; scroll_rotating_enable=&#8221;on&#8221; scroll_rotating=&#8221;0|30|30|100|-50\u00b0|0|50\u00b0&#8221; motion_trigger_start=&#8221;top&#8221; scroll_horizontal_motion_tablet=&#8221;&#8221; scroll_horizontal_motion_phone=&#8221;0|25|25|100|0|-2|0&#8243; scroll_horizontal_motion_last_edited=&#8221;on|phone&#8221;][\/et_pb_image][\/et_pb_column][\/et_pb_row][\/et_pb_section][et_pb_section fb_built=&#8221;1&#8243; admin_label=&#8221;interv&#8221; _builder_version=&#8221;4.9.4&#8243; background_color=&#8221;rgba(220,238,245,0.5)&#8221; custom_padding=&#8221;20px||0px|||&#8221; top_divider_style=&#8221;waves2&#8243; top_divider_color=&#8221;#ffffff&#8221; top_divider_flip=&#8221;horizontal&#8221; top_divider_height_tablet=&#8221;&#8221; top_divider_height_phone=&#8221;50px&#8221; top_divider_height_last_edited=&#8221;on|phone&#8221; bottom_divider_style=&#8221;waves2&#8243; bottom_divider_color=&#8221;#ffffff&#8221; bottom_divider_height=&#8221;175px&#8221; bottom_divider_height_tablet=&#8221;&#8221; bottom_divider_height_phone=&#8221;80px&#8221; bottom_divider_height_last_edited=&#8221;on|phone&#8221; locked=&#8221;off&#8221; collapsed=&#8221;on&#8221;][et_pb_row _builder_version=&#8221;4.9.4&#8243; max_width=&#8221;1280px&#8221; custom_margin=&#8221;60px||||false|false&#8221; custom_padding=&#8221;||0px||false|false&#8221; collapsed=&#8221;on&#8221;][et_pb_column type=&#8221;4_4&#8243; _builder_version=&#8221;4.4.3&#8243;][et_pb_text _builder_version=&#8221;4.9.4&#8243; text_font=&#8221;ISIDORA &#8211; SEMIBOLD-https||||||||&#8221; text_text_color=&#8221;#eb9e2b&#8221; text_font_size=&#8221;25px&#8221; text_line_height=&#8221;2em&#8221; header_font=&#8221;ISIDORA &#8211; BOLD -ALT||||||||&#8221; header_font_size=&#8221;40px&#8221; header_2_font=&#8221;ISIDORA &#8211; BOLD -ALT||||||||&#8221; header_2_font_size=&#8221;30px&#8221; header_3_font=&#8221;ISIDORA &#8211; BOLD -ALT||||||||&#8221; header_4_font=&#8221;ISIDORA &#8211; SEMIBOLD-https||||||||&#8221; header_4_text_color=&#8221;#eb9e2b&#8221; text_orientation=&#8221;center&#8221; custom_padding=&#8221;|||30px|false|false&#8221; custom_padding_tablet=&#8221;&#8221; custom_padding_phone=&#8221;|||0px|false|false&#8221; custom_padding_last_edited=&#8221;on|phone&#8221; text_font_size_tablet=&#8221;&#8221; text_font_size_phone=&#8221;18px&#8221; text_font_size_last_edited=&#8221;on|phone&#8221;]En pr\u00e9servant la biodiversit\u00e9 de nos sites de captage, nous contribuons au maillage \u00e9cologique de la Wallonie. Et nous garantissons du m\u00eame coup la qualit\u00e9 de nos ressources en eau.[\/et_pb_text][et_pb_text _builder_version=&#8221;4.9.4&#8243; header_font=&#8221;ISIDORA &#8211; BOLD -ALT||||||||&#8221; header_font_size=&#8221;40px&#8221; header_2_font=&#8221;ISIDORA &#8211; BOLD -ALT||||||||&#8221; header_2_text_color=&#8221;#29b6c1&#8243; header_2_font_size=&#8221;30px&#8221; header_3_font=&#8221;ISIDORA &#8211; BOLD -ALT||||||||&#8221; header_3_text_color=&#8221;#ffffff&#8221; header_4_font=&#8221;ISIDORA &#8211; SEMIBOLD-https||||||||&#8221; header_4_text_color=&#8221;#29b6c1&#8243; header_4_font_size=&#8221;14px&#8221; background_color=&#8221;#29b6c1&#8243; width=&#8221;190px&#8221; module_alignment=&#8221;right&#8221; custom_margin=&#8221;||||false|false&#8221; custom_padding=&#8221;12px|||12px|false|false&#8221; custom_padding_tablet=&#8221;&#8221; custom_padding_phone=&#8221;|||10px|false|false&#8221; custom_padding_last_edited=&#8221;on|phone&#8221; locked=&#8221;off&#8221;]<\/p>\n<h3>C\u00e9dric Wengler<\/h3>\n<p>[\/et_pb_text][et_pb_text _builder_version=&#8221;4.9.4&#8243; header_font=&#8221;ISIDORA &#8211; BOLD -ALT||||||||&#8221; header_font_size=&#8221;40px&#8221; header_2_font=&#8221;ISIDORA &#8211; BOLD -ALT||||||||&#8221; header_2_text_color=&#8221;#29b6c1&#8243; header_2_font_size=&#8221;30px&#8221; header_3_font=&#8221;ISIDORA &#8211; BOLD -ALT||||||||&#8221; header_3_text_color=&#8221;#154455&#8243; header_4_font=&#8221;ISIDORA &#8211; SEMIBOLD-https||||||||&#8221; header_4_text_color=&#8221;#154455&#8243; header_4_font_size=&#8221;14px&#8221; background_color=&#8221;#dceef5&#8243; width=&#8221;320px&#8221; module_alignment=&#8221;right&#8221; custom_margin=&#8221;-25px||||false|false&#8221; custom_padding=&#8221;15px||0px|30px|false|false&#8221; custom_padding_phone=&#8221;|||0px|false|false&#8221; custom_padding_last_edited=&#8221;off|desktop&#8221; locked=&#8221;off&#8221;]<\/p>\n<h4>Ing\u00e9nieur en charge des am\u00e9nagements<br \/>et de la protection des sites de captage<\/h4>\n<p>[\/et_pb_text][\/et_pb_column][\/et_pb_row][\/et_pb_section][et_pb_section fb_built=&#8221;1&#8243; admin_label=&#8221;1 &#8221; module_id=&#8221;contribuer-au-developpement-durable&#8221; _builder_version=&#8221;4.9.4&#8243; background_enable_color=&#8221;off&#8221; custom_padding=&#8221;||0px|||&#8221; bottom_divider_color=&#8221;#dceef5&#8243; locked=&#8221;off&#8221; collapsed=&#8221;off&#8221;][et_pb_row column_structure=&#8221;2_3,1_3&#8243; _builder_version=&#8221;4.9.4&#8243; max_width=&#8221;1280px&#8221; custom_margin=&#8221;30px||||false|false&#8221; custom_padding=&#8221;||0px||false|false&#8221; locked=&#8221;off&#8221; collapsed=&#8221;on&#8221;][et_pb_column type=&#8221;2_3&#8243; _builder_version=&#8221;4.4.3&#8243;][et_pb_text _builder_version=&#8221;4.9.4&#8243; header_font=&#8221;ISIDORA &#8211; BOLD -ALT||||||||&#8221; header_font_size=&#8221;40px&#8221; header_2_font=&#8221;ISIDORA &#8211; BOLD -ALT||||||||&#8221; header_2_text_color=&#8221;#154455&#8243; header_2_font_size=&#8221;30px&#8221; header_2_line_height=&#8221;1.2em&#8221; header_3_font=&#8221;ISIDORA &#8211; BOLD -ALT||||||||&#8221; header_4_font=&#8221;ISIDORA &#8211; SEMIBOLD-https||||||||&#8221; header_4_text_color=&#8221;#eb9e2b&#8221; custom_margin=&#8221;||||false|false&#8221; custom_padding=&#8221;|||30px|false|false&#8221; custom_padding_tablet=&#8221;&#8221; custom_padding_phone=&#8221;|||0px|false|false&#8221; custom_padding_last_edited=&#8221;on|phone&#8221;]<\/p>\n<h5>Les sites bois\u00e9s\u00a0<\/h5>\n<p>En partenariat avec le\u00a0DNF, les peuplements de r\u00e9sineux sont progressivement remplac\u00e9s par des plantations de feuillus qui ont une meilleure influence sur la qualit\u00e9 de l\u2019eau capt\u00e9e. Certains grands sites pr\u00e9c\u00e9demment fauch\u00e9s ou tondus sont\/seront plant\u00e9s de feuillus \u00e9galement.<\/p>\n<h5>Les zones humides<\/h5>\n<p> \u00a0<br \/>\nLes zones humides sont g\u00e9r\u00e9es de mani\u00e8re \u00e0 maintenir cet habitat particulier tout en veillant \u00e0 ce qu\u2019elles ne d\u00e9gradent pas la qualit\u00e9 de l\u2019eau capt\u00e9e.[\/et_pb_text][et_pb_button button_url=&#8221;https:\/\/nous.swde.be\/article\/batman-fait-carriere-sur-nos-sites-de-captage?utm_source=rapportannuelswde.be&#038;utm_medium=referral&#038;utm_campaign=chauves_souris_sites_de_captage&#038;utm_content=ra2020%20&#8243; url_new_window=&#8221;on&#8221; button_text=&#8221;En savoir +&#8221; button_alignment=&#8221;right&#8221; _builder_version=&#8221;4.9.4&#8243; _module_preset=&#8221;default&#8221; button_text_size=&#8221;10px&#8221; button_text_color=&#8221;#FFFFFF&#8221; button_bg_color=&#8221;#75c9da&#8221; custom_margin=&#8221;-30px||20px|10px|false|false&#8221; locked=&#8221;off&#8221; button_bg_color__hover=&#8221;#E16627&#8243; button_text_color__hover=&#8221;#FFFFFF&#8221;][\/et_pb_button][\/et_pb_column][et_pb_column type=&#8221;1_3&#8243; _builder_version=&#8221;4.4.3&#8243;][\/et_pb_column][\/et_pb_row][\/et_pb_section][et_pb_section fb_built=&#8221;1&#8243; admin_label=&#8221;1 &#8221; module_id=&#8221;contribuer-au-developpement-durable&#8221; _builder_version=&#8221;4.4.4&#8243; custom_padding=&#8221;||0px|||&#8221; bottom_divider_color=&#8221;#dceef5&#8243; locked=&#8221;off&#8221; collapsed=&#8221;off&#8221;][et_pb_row column_structure=&#8221;1_3,2_3&#8243; module_id=&#8221;integrer-l-environnement-lors-de-la-conception-de-projets-techniques&#8221; _builder_version=&#8221;4.9.4&#8243; max_width=&#8221;1280px&#8221; custom_margin=&#8221;60px||||false|false&#8221; custom_padding=&#8221;||||false|false&#8221; locked=&#8221;off&#8221; collapsed=&#8221;on&#8221;][et_pb_column type=&#8221;1_3&#8243; _builder_version=&#8221;4.4.3&#8243;][\/et_pb_column][et_pb_column type=&#8221;2_3&#8243; _builder_version=&#8221;4.4.3&#8243;][et_pb_text _builder_version=&#8221;4.9.4&#8243; header_font=&#8221;ISIDORA &#8211; BOLD -ALT||||||||&#8221; header_font_size=&#8221;40px&#8221; header_2_font=&#8221;ISIDORA &#8211; BOLD -ALT||||||||&#8221; header_2_text_color=&#8221;#154455&#8243; header_2_font_size=&#8221;30px&#8221; header_2_line_height=&#8221;1.2em&#8221; header_3_font=&#8221;ISIDORA &#8211; BOLD -ALT||||||||&#8221; header_4_font=&#8221;ISIDORA &#8211; SEMIBOLD-https||||||||&#8221; header_4_text_color=&#8221;#eb9e2b&#8221; custom_margin=&#8221;||||false|false&#8221; custom_margin_tablet=&#8221;&#8221; custom_margin_phone=&#8221;-150px||||false|false&#8221; custom_margin_last_edited=&#8221;on|phone&#8221; custom_padding=&#8221;|||30px|false|false&#8221; custom_padding_tablet=&#8221;&#8221; custom_padding_phone=&#8221;|||0px|false|false&#8221; custom_padding_last_edited=&#8221;on|phone&#8221;]<\/p>\n<h4> Int\u00e9grer l\u2019environnement lors de la conception de projets techniques <\/h4>\n<p>Pendant les \u00e9tudes de ses projets techniques, la SWDE prend \u00e9galement en compte les aspects environnementaux. En collaboration avec les instances charg\u00e9es de la protection de l\u2019environnement, tout est mis en \u0153uvre pour r\u00e9duire les nuisances sonores des chantiers et des solutions techniques sont adopt\u00e9es pour une int\u00e9gration paysag\u00e8re des projets dans l\u2019environnement.<\/p>\n<p>Pour \u00e9viter les risques de pollution, la SWDE adapte ses ouvrages de traitement et de rejet avec, par exemple, l\u2019\u00e9tanch\u00e9ification des bassins de d\u00e9cantations \u00e0 Eupen ou la cr\u00e9ation d\u2019un \u00e9tang \u00e0 Burtonville. Les \u00e9quipements \u00e9nergivores lors de la r\u00e9novation des installations sont remplac\u00e9s au fur et \u00e0 mesure.[\/et_pb_text][\/et_pb_column][\/et_pb_row][et_pb_row column_structure=&#8221;1_3,2_3&#8243; module_id=&#8221;utiliser-moins-de-consommables&#8221; _builder_version=&#8221;4.9.4&#8243; max_width=&#8221;1280px&#8221; custom_margin=&#8221;60px||||false|false&#8221; custom_margin_tablet=&#8221;&#8221; custom_margin_phone=&#8221;10px||||false|false&#8221; custom_margin_last_edited=&#8221;on|phone&#8221; custom_padding=&#8221;||||false|false&#8221; locked=&#8221;off&#8221; collapsed=&#8221;on&#8221;][et_pb_column type=&#8221;1_3&#8243; _builder_version=&#8221;4.4.3&#8243;][et_pb_cta title=&#8221;2 %&#8221; _builder_version=&#8221;4.9.10&#8243; header_text_align=&#8221;center&#8221; header_text_color=&#8221;#e16627&#8243; body_font=&#8221;|700|||||||&#8221; body_text_align=&#8221;center&#8221; body_text_color=&#8221;#eb9e2b&#8221; body_line_height=&#8221;1.4em&#8221; background_color=&#8221;rgba(247,199,83,0.1)&#8221; custom_margin=&#8221;||||false|false&#8221; custom_padding=&#8221;10px|10px|0px|10px|false|false&#8221; scroll_vertical_motion_enable=&#8221;on&#8221; scroll_vertical_motion=&#8221;0|50|50|100|1|0|-1&#8243; scroll_vertical_motion_tablet=&#8221;&#8221; scroll_vertical_motion_phone=&#8221;0|50|50|100|0|0|0&#8243; scroll_vertical_motion_last_edited=&#8221;on|phone&#8221;]<\/p>\n<p>C\u2019est la diminution des \u00e9missions de GES li\u00e9es au poste \u00ab Intrants \u00bb, entre 2019 et 2020. Elle s\u2019explique notamment par une r\u00e9duction des achats divers, sans doute li\u00e9e \u00e0 la crise sanitaire.<\/p>\n<p>[\/et_pb_cta][et_pb_cta title=&#8221;35,16 %&#8221; _builder_version=&#8221;4.9.10&#8243; header_text_align=&#8221;center&#8221; header_text_color=&#8221;#e16627&#8243; body_font=&#8221;|700|||||||&#8221; body_text_align=&#8221;center&#8221; body_text_color=&#8221;#eb9e2b&#8221; body_line_height=&#8221;1.4em&#8221; background_color=&#8221;rgba(247,199,83,0.1)&#8221; custom_margin=&#8221;||||false|false&#8221; custom_padding=&#8221;10px|10px|0px|10px|false|false&#8221; scroll_vertical_motion_enable=&#8221;on&#8221; scroll_vertical_motion=&#8221;0|50|50|100|1.5|0|-1.5&#8243; scroll_vertical_motion_tablet=&#8221;&#8221; scroll_vertical_motion_phone=&#8221;0|50|50|100|0|0|0&#8243; scroll_vertical_motion_last_edited=&#8221;on|phone&#8221;]<\/p>\n<p>C\u2019est le taux de d\u00e9mat\u00e9rialisation des factures. Plus d\u2019un tiers des clients ont accept\u00e9 de recevoir leur facture par voie \u00e9lectronique, soit une \u00e9conomie de \u00b1 22 tonnes de papier\u00a0!<\/p>\n<p>[\/et_pb_cta][\/et_pb_column][et_pb_column type=&#8221;2_3&#8243; _builder_version=&#8221;4.4.3&#8243;][et_pb_text _builder_version=&#8221;4.9.4&#8243; header_font=&#8221;ISIDORA &#8211; BOLD -ALT||||||||&#8221; header_font_size=&#8221;40px&#8221; header_2_font=&#8221;ISIDORA &#8211; BOLD -ALT||||||||&#8221; header_2_text_color=&#8221;#154455&#8243; header_2_font_size=&#8221;30px&#8221; header_2_line_height=&#8221;1.2em&#8221; header_3_font=&#8221;ISIDORA &#8211; BOLD -ALT||||||||&#8221; header_4_font=&#8221;ISIDORA &#8211; SEMIBOLD-https||||||||&#8221; header_4_text_color=&#8221;#eb9e2b&#8221; custom_margin=&#8221;||||false|false&#8221; custom_padding=&#8221;|||30px|false|false&#8221; custom_padding_tablet=&#8221;&#8221; custom_padding_phone=&#8221;|||0px|false|false&#8221; custom_padding_last_edited=&#8221;on|phone&#8221;]<\/p>\n<h4> Utiliser moins de consommables <\/h4>\n<p>\u00c0 l\u2019instar de toutes les grandes entreprises, la SWDE consomme une grande quantit\u00e9 de produits dans le cadre de son fonctionnement journalier. Il s\u2019agit en premier lieu d\u2019articles de bureau sp\u00e9cifiques et d\u2019articles jetables. <\/p>\n<p>La SWDE sensibilise ses collaborateurs \u00e0 une consommation plus responsable du papier bureautique. Depuis juin 2020, les bulletins de paie du personnel ne sont plus envoy\u00e9s par courrier, mais disponibles par voie \u00e9lectronique. <\/p>\n<p>Depuis 2017, la SWDE invite \u00e9galement ses clients \u00e0 adopter la facturation \u00e9lectronique.[\/et_pb_text][\/et_pb_column][\/et_pb_row][\/et_pb_section][et_pb_section fb_built=&#8221;1&#8243; prev_background_color=&#8221;#ffffff&#8221; disabled_on=&#8221;on|on|off&#8221; admin_label=&#8221;Section 1 &#8221; module_id=&#8221;green-bond&#8221; _builder_version=&#8221;4.9.4&#8243; background_color=&#8221;#dceef5&#8243; custom_margin=&#8221;||||false|false&#8221; custom_padding=&#8221;||||false|false&#8221; top_divider_style=&#8221;wave2&#8243; top_divider_height=&#8221;200px&#8221; top_divider_flip=&#8221;horizontal&#8221; top_divider_height_tablet=&#8221;&#8221; top_divider_height_phone=&#8221;200px&#8221; top_divider_height_last_edited=&#8221;on|phone&#8221; bottom_divider_style=&#8221;wave2&#8243; bottom_divider_color=&#8221;#ffffff&#8221; bottom_divider_height=&#8221;50px&#8221; bottom_divider_flip=&#8221;horizontal&#8221; locked=&#8221;off&#8221; collapsed=&#8221;on&#8221;][\/et_pb_section][et_pb_section fb_built=&#8221;1&#8243; admin_label=&#8221;Section&#8221; module_id=&#8221;les-energies-alternatives-et-renouvelables&#8221; _builder_version=&#8221;4.4.4&#8243;][et_pb_row column_structure=&#8221;2_3,1_3&#8243; module_id=&#8221;reduire-les-consommations-energetiques&#8221; _builder_version=&#8221;4.9.4&#8243; max_width=&#8221;1280px&#8221; custom_margin=&#8221;30px||||false|false&#8221; custom_padding=&#8221;||0px||false|false&#8221; locked=&#8221;off&#8221; collapsed=&#8221;on&#8221;][et_pb_column type=&#8221;2_3&#8243; _builder_version=&#8221;4.4.3&#8243;][et_pb_text _builder_version=&#8221;4.9.4&#8243; header_font=&#8221;ISIDORA &#8211; BOLD -ALT||||||||&#8221; header_font_size=&#8221;40px&#8221; header_2_font=&#8221;ISIDORA &#8211; BOLD -ALT||||||||&#8221; header_2_text_color=&#8221;#154455&#8243; header_2_font_size=&#8221;30px&#8221; header_2_line_height=&#8221;1.2em&#8221; header_3_font=&#8221;ISIDORA &#8211; BOLD -ALT||||||||&#8221; header_4_font=&#8221;ISIDORA &#8211; SEMIBOLD-https||||||||&#8221; header_4_text_color=&#8221;#eb9e2b&#8221; custom_margin=&#8221;||10px||false|false&#8221; custom_padding=&#8221;|||30px|false|false&#8221; custom_padding_tablet=&#8221;&#8221; custom_padding_phone=&#8221;|||0px|false|false&#8221; custom_padding_last_edited=&#8221;on|phone&#8221;]<\/p>\n<h2> La r\u00e9duction de l&#8217;empreinte carbone<\/h2>\n<p>[\/et_pb_text][et_pb_divider color=&#8221;#29b6c1&#8243; divider_weight=&#8221;7px&#8221; _builder_version=&#8221;4.4.3&#8243; max_width=&#8221;60px&#8221; custom_margin=&#8221;||20px|30px|false|false&#8221; global_module=&#8221;162&#8243; saved_tabs=&#8221;all&#8221;][\/et_pb_divider][et_pb_text module_id=&#8221;reduire-les-consommations-\u00e9nerg\u00e9tiques&#8221; _builder_version=&#8221;4.9.4&#8243; header_font=&#8221;ISIDORA &#8211; BOLD -ALT||||||||&#8221; header_font_size=&#8221;40px&#8221; header_2_font=&#8221;ISIDORA &#8211; BOLD -ALT||||||||&#8221; header_2_text_color=&#8221;#154455&#8243; header_2_font_size=&#8221;30px&#8221; header_2_line_height=&#8221;1.2em&#8221; header_3_font=&#8221;ISIDORA &#8211; BOLD -ALT||||||||&#8221; header_4_font=&#8221;ISIDORA &#8211; SEMIBOLD-https||||||||&#8221; header_4_text_color=&#8221;#eb9e2b&#8221; custom_margin=&#8221;||||false|false&#8221; custom_padding=&#8221;|||30px|false|false&#8221; custom_padding_tablet=&#8221;&#8221; custom_padding_phone=&#8221;|||0px|false|false&#8221; custom_padding_last_edited=&#8221;on|phone&#8221;]<\/p>\n<h4>R\u00e9duire les consommations \u00e9nerg\u00e9tiques<\/h4>\n<p>Les d\u00e9penses en \u00e9nergie \u00e9lectrique sur tous les sites de production de la SWDE (op\u00e9rations de captage, de pompage, de traitement des eaux, sites administratifs, etc.) repr\u00e9sentent l\u2019un des postes les plus importants parmi les param\u00e8tres rentrant en ligne de compte dans le calcul du juste prix de l\u2019eau (CVD). La SWDE a besoin de 100 millions kWh, soit la consommation de 25.000 m\u00e9nages.<\/p>\n<p>La SWDE s\u2019est engag\u00e9e \u00e0 diminuer ses consommations \u00e9nerg\u00e9tiques de 2 GWh\/an (2%) pour 2022.<\/p>\n<h5>Le Bilan Carbone\u00a0<\/h5>\n<p>Depuis 2011, le Bilan Carbone permet \u00e0 la SWDE de r\u00e9aliser un diagnostic annuel de ses \u00e9missions de gaz \u00e0 effet de serre (GES) engendr\u00e9es par l\u2019ensemble de ses activit\u00e9s. En mati\u00e8re de gaz \u00e0 effet de serre, la SWDE s\u2019\u00e9tait fix\u00e9 l\u2019objectif de r\u00e9duire ses \u00e9missions de 6%, soit 5.804 tonnes de CO2, entre 2012 et 2020.<\/p>\n<p>[\/et_pb_text][\/et_pb_column][et_pb_column type=&#8221;1_3&#8243; _builder_version=&#8221;4.4.3&#8243;][et_pb_cta title=&#8221;4,30 %&#8221; _builder_version=&#8221;4.9.4&#8243; header_text_align=&#8221;center&#8221; header_text_color=&#8221;#e16627&#8243; body_font=&#8221;|700|||||||&#8221; body_text_align=&#8221;center&#8221; body_text_color=&#8221;#eb9e2b&#8221; body_line_height=&#8221;1.4em&#8221; background_color=&#8221;rgba(247,199,83,0.1)&#8221; custom_margin=&#8221;||||false|false&#8221; custom_padding=&#8221;10px|10px|0px|10px|false|false&#8221; scroll_vertical_motion_enable=&#8221;on&#8221; scroll_vertical_motion=&#8221;0|50|50|100|1|0|-1&#8243;]<\/p>\n<p class=\"p1\"><span class=\"s1\"> <\/span>C\u2019est la r\u00e9duction des GES en 2020, soit un pourcent en moins que la cible fix\u00e9e pour l\u2019ann\u00e9e (5,30 %). <br \/>Ce r\u00e9sultat s\u2019explique principalement par un probl\u00e8me de conversion \u00e9nerg\u00e9tique d\u2019un probl\u00e8me comptable d\u2019enregistrement de l\u2019\u00e9lectricit\u00e9 basse tension qui impacte n\u00e9gativement la performance de l\u2019ann\u00e9e. <br \/>De grosses r\u00e9gularisations de facturation des ann\u00e9es 2018-2019 sont la cause de cette augmentation en 2020. Les composants du Bilan Carbone restent stables, malgr\u00e9 tout.<\/p>\n<p>[\/et_pb_cta][\/et_pb_column][\/et_pb_row][et_pb_row column_structure=&#8221;2_3,1_3&#8243; module_id=&#8221;reduire-les-consommations-energetiques&#8221; _builder_version=&#8221;4.9.4&#8243; max_width=&#8221;1280px&#8221; custom_margin=&#8221;30px||||false|false&#8221; custom_padding=&#8221;||0px||false|false&#8221; locked=&#8221;off&#8221; collapsed=&#8221;on&#8221;][et_pb_column type=&#8221;2_3&#8243; _builder_version=&#8221;4.4.3&#8243;][et_pb_image src=&#8221;https:\/\/rapportannuelswde.be\/2020\/wp-content\/uploads\/2021\/05\/OPP-1655-Graphique-Camembert.jpg&#8221; title_text=&#8221;OPP-1655-Graphique-Camembert&#8221; _builder_version=&#8221;4.9.4&#8243; _module_preset=&#8221;default&#8221;][\/et_pb_image][\/et_pb_column][et_pb_column type=&#8221;1_3&#8243; _builder_version=&#8221;4.4.3&#8243;][et_pb_text _builder_version=&#8221;4.9.4&#8243; header_font=&#8221;ISIDORA &#8211; BOLD -ALT||||||||&#8221; header_font_size=&#8221;40px&#8221; header_2_font=&#8221;ISIDORA &#8211; BOLD -ALT||||||||&#8221; header_2_text_color=&#8221;#154455&#8243; header_2_font_size=&#8221;30px&#8221; header_2_line_height=&#8221;1.2em&#8221; header_3_font=&#8221;ISIDORA &#8211; BOLD -ALT||||||||&#8221; header_4_font=&#8221;ISIDORA &#8211; SEMIBOLD-https||||||||&#8221; header_4_text_color=&#8221;#eb9e2b&#8221; custom_margin=&#8221;||||false|false&#8221; custom_padding=&#8221;|||30px|false|false&#8221; custom_padding_tablet=&#8221;&#8221; custom_padding_phone=&#8221;|||0px|false|false&#8221; custom_padding_last_edited=&#8221;on|phone&#8221;]<\/p>\n<p>Les trois principales sources d\u2019\u00e9missions de Gaz \u00e0 Effet de Serre (GES) concernent\u00a0:<\/p>\n<ul style=\"padding-top: 25px;\">\n<li>L\u2019\u00e9nergie<br \/>(+3 % des \u00e9missions par rapport \u00e0 2019)<\/li>\n<li>Les achats de biens et services<br \/>(-2% des \u00e9missions par rapport \u00e0 2019)<\/li>\n<li>L\u2019immobilisation<br \/>(b\u00e2timents, parkings, conduites de r\u00e9seau, raccordements, \u00e9quipements informatiques (similaire \u00e0 2019)<\/li>\n<\/ul>\n<p>[\/et_pb_text][\/et_pb_column][\/et_pb_row][et_pb_row column_structure=&#8221;1_3,1_3,1_3&#8243; custom_padding_last_edited=&#8221;on|phone&#8221; module_id=&#8221;accelerer-le-recours-aux-energies-renouvelables&#8221; _builder_version=&#8221;4.9.4&#8243; max_width=&#8221;1280px&#8221; custom_margin=&#8221;30px||||false|false&#8221; custom_padding=&#8221;90px||0px||false|false&#8221; custom_padding_tablet=&#8221;&#8221; custom_padding_phone=&#8221;30px||0px||false|false&#8221; locked=&#8221;off&#8221; collapsed=&#8221;on&#8221;][et_pb_column type=&#8221;1_3&#8243; _builder_version=&#8221;4.4.3&#8243;][et_pb_text _builder_version=&#8221;4.9.4&#8243; header_font=&#8221;ISIDORA &#8211; BOLD -ALT||||||||&#8221; header_font_size=&#8221;40px&#8221; header_2_font=&#8221;ISIDORA &#8211; BOLD -ALT||||||||&#8221; header_2_text_color=&#8221;#154455&#8243; header_2_font_size=&#8221;30px&#8221; header_2_line_height=&#8221;1.2em&#8221; header_3_font=&#8221;ISIDORA &#8211; BOLD -ALT||||||||&#8221; header_4_font=&#8221;ISIDORA &#8211; SEMIBOLD-https||||||||&#8221; header_4_text_color=&#8221;#eb9e2b&#8221; custom_margin=&#8221;||||false|false&#8221; custom_padding=&#8221;|||30px|false|false&#8221; custom_padding_tablet=&#8221;&#8221; custom_padding_phone=&#8221;|||0px|false|false&#8221; custom_padding_last_edited=&#8221;on|phone&#8221;]<\/p>\n<h4>Acc\u00e9l\u00e9rer le recours aux \u00e9nergies renouvelables<\/h4>\n<p class=\"p1\">Dans le cadre de sa politique environnementale, la SWDE met en place des actions pour tenter de diminuer sa consommation et se tourner vers des alternatives plus durables, dont les \u00e9missions qui y sont associ\u00e9es sont faibles.<\/p>\n<p class=\"p1\">La SWDE utilise depuis longtemps d\u00e9j\u00e0 l\u2019\u00e9nergie renouvelable produite par ses\u00a0deux centrales hydro\u00e9lectriques\u00a0d\u2019Eupen et de Nisramont, mais aussi via\u00a0six installations photovolta\u00efques\u00a0qui fonctionnent \u00e0 plein r\u00e9gime, notamment \u00e0 Aye, Stembert ou Gaurain-Ramecroix.<\/p>\n<p>[\/et_pb_text][\/et_pb_column][et_pb_column type=&#8221;1_3&#8243; _builder_version=&#8221;4.4.3&#8243;][et_pb_cta title=&#8221;10 MW&#8221; _builder_version=&#8221;4.9.10&#8243; header_text_align=&#8221;center&#8221; header_text_color=&#8221;#e16627&#8243; body_font=&#8221;|700|||||||&#8221; body_text_align=&#8221;center&#8221; body_text_color=&#8221;#eb9e2b&#8221; body_line_height=&#8221;1.4em&#8221; background_color=&#8221;rgba(247,199,83,0.1)&#8221; custom_margin=&#8221;||||false|false&#8221; custom_padding=&#8221;10px|10px|0px|10px|false|false&#8221; scroll_vertical_motion_enable=&#8221;on&#8221; scroll_vertical_motion=&#8221;0|50|50|100|1|0|-1&#8243;]<\/p>\n<p class=\"p1\"><span class=\"s1\"> <\/span>C\u2019est la puissance envisag\u00e9e par deux importants march\u00e9s que la SWDE a lanc\u00e9s en 2019 et 2020 pour implanter de nouvelles installations photovolta\u00efques. La puissance actuelle s\u2019\u00e9l\u00e8ve \u00e0 1,2 MW. Ces installations offrent un double avantage\u00a0: elles permettent \u00e0 la SWDE de\u00a0r\u00e9duire d\u2019une part son empreinte carbone, et d\u2019autre part\u00a0sa facture \u00e9nerg\u00e9tique.<\/p>\n<p>[\/et_pb_cta][\/et_pb_column][et_pb_column type=&#8221;1_3&#8243; _builder_version=&#8221;4.4.3&#8243;][et_pb_text _builder_version=&#8221;4.9.4&#8243; header_font=&#8221;ISIDORA &#8211; BOLD -ALT||||||||&#8221; header_font_size=&#8221;40px&#8221; header_2_font=&#8221;ISIDORA &#8211; BOLD -ALT||||||||&#8221; header_2_font_size=&#8221;30px&#8221; header_3_font=&#8221;ISIDORA &#8211; BOLD -ALT||||||||&#8221; header_4_font=&#8221;ISIDORA &#8211; SEMIBOLD-https||||||||&#8221; header_4_text_color=&#8221;#008fc3&#8243; background_color=&#8221;#ffffff&#8221; custom_padding=&#8221;30px|30px|30px|30px|false|false&#8221; custom_padding_tablet=&#8221;&#8221; custom_padding_phone=&#8221;|||30px|false|false&#8221; custom_padding_last_edited=&#8221;on|phone&#8221; border_width_all=&#8221;2px&#8221; border_color_all=&#8221;#008fc3&#8243; locked=&#8221;off&#8221;]<\/p>\n<h4>Le d\u00e9veloppement du photovolta\u00efque<\/h4>\n<p class=\"p1\">Deux chantiers embl\u00e9matiques ont \u00e9t\u00e9 entam\u00e9s en 2020. Le premier se situe \u00e0 Stembert. Il s\u2019agira de du plus important site photovolta\u00efque de la SWDE avec une puissance de pr\u00e8s de\u00a02 MW, soit plus de\u00a06.000 panneaux.<\/p>\n<p class=\"p1\">Le deuxi\u00e8me concerne le parking du site de Couillet. Les panneaux photovolta\u00efques seront install\u00e9s sur des carports, \u00e0 la fois pour alimenter les b\u00e2timents, mais aussi la future flotte de v\u00e9hicules \u00e9lectriques.<\/p>\n<p>[\/et_pb_text][\/et_pb_column][\/et_pb_row][\/et_pb_section][et_pb_section fb_built=&#8221;1&#8243; admin_label=&#8221;interv&#8221; _builder_version=&#8221;4.9.4&#8243; background_color=&#8221;#dceef5&#8243; custom_padding=&#8221;90px||45px||false|false&#8221; top_divider_style=&#8221;waves2&#8243; top_divider_color=&#8221;#ffffff&#8221; top_divider_flip=&#8221;horizontal&#8221; top_divider_height_tablet=&#8221;&#8221; top_divider_height_phone=&#8221;50px&#8221; top_divider_height_last_edited=&#8221;on|phone&#8221; bottom_divider_style=&#8221;waves2&#8243; bottom_divider_color=&#8221;#ffffff&#8221; bottom_divider_height=&#8221;175px&#8221; bottom_divider_height_tablet=&#8221;&#8221; bottom_divider_height_phone=&#8221;80px&#8221; bottom_divider_height_last_edited=&#8221;on|phone&#8221; locked=&#8221;off&#8221; collapsed=&#8221;on&#8221;][et_pb_row column_structure=&#8221;2_3,1_3&#8243; _builder_version=&#8221;4.4.4&#8243; max_width=&#8221;1280px&#8221; custom_margin=&#8221;60px||||false|false&#8221; custom_padding=&#8221;||0px||false|false&#8221; collapsed=&#8221;on&#8221;][et_pb_column type=&#8221;2_3&#8243; _builder_version=&#8221;4.4.3&#8243;][et_pb_text _builder_version=&#8221;4.9.4&#8243; text_font=&#8221;ISIDORA &#8211; SEMIBOLD-https||||||||&#8221; text_text_color=&#8221;#eb9e2b&#8221; text_font_size=&#8221;25px&#8221; text_line_height=&#8221;2em&#8221; header_font=&#8221;ISIDORA &#8211; BOLD -ALT||||||||&#8221; header_font_size=&#8221;40px&#8221; header_2_font=&#8221;ISIDORA &#8211; BOLD -ALT||||||||&#8221; header_2_font_size=&#8221;30px&#8221; header_3_font=&#8221;ISIDORA &#8211; BOLD -ALT||||||||&#8221; header_4_font=&#8221;ISIDORA &#8211; SEMIBOLD-https||||||||&#8221; header_4_text_color=&#8221;#eb9e2b&#8221; text_orientation=&#8221;center&#8221; custom_padding=&#8221;|||30px|false|false&#8221; custom_padding_tablet=&#8221;&#8221; custom_padding_phone=&#8221;|||0px|false|false&#8221; custom_padding_last_edited=&#8221;on|phone&#8221; text_font_size_tablet=&#8221;&#8221; text_font_size_phone=&#8221;18px&#8221; text_font_size_last_edited=&#8221;on|phone&#8221;]\u00c0 l\u2019horizon 2030, 30% de toute l\u2019\u00e9nergie consomm\u00e9e en interne devra \u00eatre produite \u00e0 partir de nos propres installations hydro\u00e9lectriques, \u00e9oliennes ou photovolta\u00efques<br \/>\n<span style=\"font-size:20px;\">(actuellement : moins de 5%)<\/span>[\/et_pb_text][et_pb_button button_url=&#8221;https:\/\/nous.swde.be\/article\/energie-renouvelable-mais-a-quoi-servent-nos-panneaux-photovoltaiques?utm_source=rapportannuelswde.be&#038;utm_medium=referral&#038;utm_campaign=photovoltaique&#038;utm_content=ra2020&#8243; url_new_window=&#8221;on&#8221; button_text=&#8221;En savoir +&#8221; button_alignment=&#8221;right&#8221; _builder_version=&#8221;4.9.4&#8243; _module_preset=&#8221;default&#8221; button_text_size=&#8221;10px&#8221; button_text_color=&#8221;#FFFFFF&#8221; button_bg_color=&#8221;#75c9da&#8221; custom_margin=&#8221;-30px||20px|10px|false|false&#8221; locked=&#8221;off&#8221; button_bg_color__hover=&#8221;#E16627&#8243; button_text_color__hover=&#8221;#FFFFFF&#8221;][\/et_pb_button][\/et_pb_column][et_pb_column type=&#8221;1_3&#8243; _builder_version=&#8221;4.4.3&#8243;][et_pb_image src=&#8221;https:\/\/rapportannuelswde.be\/2020\/wp-content\/uploads\/2020\/05\/Bernard-Pevee-ITW-RA-19.png&#8221; title_text=&#8221;Bernard-Pevee-ITW-RA-19&#8243; _builder_version=&#8221;4.4.4&#8243; background_color=&#8221;rgba(0,0,0,0)&#8221; custom_margin=&#8221;-50px||-100px||false|false&#8221;][\/et_pb_image][et_pb_text _builder_version=&#8221;4.4.4&#8243; header_font=&#8221;ISIDORA &#8211; BOLD -ALT||||||||&#8221; header_font_size=&#8221;40px&#8221; header_2_font=&#8221;ISIDORA &#8211; BOLD -ALT||||||||&#8221; header_2_text_color=&#8221;#29b6c1&#8243; header_2_font_size=&#8221;30px&#8221; header_3_font=&#8221;ISIDORA &#8211; BOLD -ALT||||||||&#8221; header_3_text_color=&#8221;#ffffff&#8221; header_4_font=&#8221;ISIDORA &#8211; SEMIBOLD-https||||||||&#8221; header_4_text_color=&#8221;#29b6c1&#8243; header_4_font_size=&#8221;14px&#8221; background_color=&#8221;#29b6c1&#8243; width=&#8221;170px&#8221; module_alignment=&#8221;left&#8221; custom_margin=&#8221;||||false|false&#8221; custom_padding=&#8221;12px|||12px|false|false&#8221; custom_padding_tablet=&#8221;&#8221; custom_padding_phone=&#8221;|||10px|false|false&#8221; custom_padding_last_edited=&#8221;on|phone&#8221; locked=&#8221;off&#8221;]<\/p>\n<h3> Bernard Pev\u00e9e <\/h3>\n<p>[\/et_pb_text][et_pb_text _builder_version=&#8221;4.9.4&#8243; header_font=&#8221;ISIDORA &#8211; BOLD -ALT||||||||&#8221; header_font_size=&#8221;40px&#8221; header_2_font=&#8221;ISIDORA &#8211; BOLD -ALT||||||||&#8221; header_2_text_color=&#8221;#29b6c1&#8243; header_2_font_size=&#8221;30px&#8221; header_3_font=&#8221;ISIDORA &#8211; BOLD -ALT||||||||&#8221; header_3_text_color=&#8221;#154455&#8243; header_4_font=&#8221;ISIDORA &#8211; SEMIBOLD-https||||||||&#8221; header_4_text_color=&#8221;#154455&#8243; header_4_font_size=&#8221;14px&#8221; background_color=&#8221;#dceef5&#8243; module_alignment=&#8221;left&#8221; custom_margin=&#8221;-25px||||false|false&#8221; custom_padding=&#8221;15px||0px|30px|false|false&#8221; custom_padding_phone=&#8221;|||0px|false|false&#8221; custom_padding_last_edited=&#8221;off|desktop&#8221; locked=&#8221;off&#8221;]<\/p>\n<h4> Ing\u00e9nieur en charge de la gestion de l&#8217;\u00e9nergie <\/h4>\n<p>[\/et_pb_text][\/et_pb_column][\/et_pb_row][\/et_pb_section][et_pb_section fb_built=&#8221;1&#8243; admin_label=&#8221;2&#8243; module_id=&#8221;optimiser-la-performance-energetique-des-batiments&#8221; _builder_version=&#8221;4.9.4&#8243; background_color=&#8221;rgba(0,0,0,0)&#8221; custom_padding=&#8221;||0px|||&#8221; bottom_divider_color=&#8221;#dceef5&#8243; locked=&#8221;off&#8221; collapsed=&#8221;off&#8221;][et_pb_row column_structure=&#8221;2_3,1_3&#8243; module_id=&#8221;evolution-du-cvd-et-du-cva&#8221; _builder_version=&#8221;4.9.4&#8243; max_width=&#8221;1280px&#8221; custom_margin=&#8221;30px||100px||false|false&#8221; custom_padding=&#8221;0px||0px||false|false&#8221; locked=&#8221;off&#8221; collapsed=&#8221;on&#8221;][et_pb_column type=&#8221;2_3&#8243; _builder_version=&#8221;4.4.3&#8243;][et_pb_text _builder_version=&#8221;4.9.4&#8243; header_font=&#8221;ISIDORA &#8211; BOLD -ALT||||||||&#8221; header_font_size=&#8221;40px&#8221; header_2_font=&#8221;ISIDORA &#8211; BOLD -ALT||||||||&#8221; header_2_text_color=&#8221;#154455&#8243; header_2_font_size=&#8221;30px&#8221; header_2_line_height=&#8221;1.2em&#8221; header_3_font=&#8221;ISIDORA &#8211; BOLD -ALT||||||||&#8221; header_4_font=&#8221;ISIDORA &#8211; SEMIBOLD-https||||||||&#8221; header_4_text_color=&#8221;#eb9e2b&#8221; custom_margin=&#8221;||||false|false&#8221; custom_padding=&#8221;30px|||30px|false|false&#8221; custom_padding_tablet=&#8221;&#8221; custom_padding_phone=&#8221;|||0px|false|false&#8221; custom_padding_last_edited=&#8221;on|phone&#8221;]<\/p>\n<h4>Optimiser la performance \u00e9nerg\u00e9tique des b\u00e2timents<\/h4>\n<p class=\"p1\">Afin de limiter la consommation d\u2019\u00e9nergie et r\u00e9duire les \u00e9missions de gaz \u00e0 effet de serre, la SWDE int\u00e8gre dans chacun de ses projets de construction et de r\u00e9novation les standards de performance climatique et \u00e9nerg\u00e9tique (\u00e9nergies renouvelables, isolation, \u00e9co-mat\u00e9riaux, efficacit\u00e9 \u00e9nerg\u00e9tique, etc.).<\/p>\n<p class=\"p1\">La soci\u00e9t\u00e9 orchestre \u00e9galement une d\u00e9marche de rationalisation de son parc de b\u00e2timents pour optimiser ses consommations \u00e9nerg\u00e9tiques et ses d\u00e9penses.<\/p>\n<p>[\/et_pb_text][\/et_pb_column][et_pb_column type=&#8221;1_3&#8243; _builder_version=&#8221;4.4.3&#8243;][\/et_pb_column][\/et_pb_row][\/et_pb_section][et_pb_section fb_built=&#8221;1&#8243; admin_label=&#8221;interv&#8221; _builder_version=&#8221;4.9.4&#8243; background_color=&#8221;#dceef5&#8243; custom_padding=&#8221;45px||190px||false|false&#8221; top_divider_style=&#8221;wave2&#8243; top_divider_color=&#8221;#ffffff&#8221; top_divider_height=&#8221;150px&#8221; top_divider_repeat=&#8221;0x&#8221; top_divider_height_tablet=&#8221;&#8221; top_divider_height_phone=&#8221;50px&#8221; top_divider_height_last_edited=&#8221;on|phone&#8221; bottom_divider_style=&#8221;wave2&#8243; bottom_divider_color=&#8221;#ffffff&#8221; bottom_divider_height=&#8221;253px&#8221; bottom_divider_height_tablet=&#8221;&#8221; bottom_divider_height_phone=&#8221;80px&#8221; bottom_divider_height_last_edited=&#8221;on|phone&#8221; locked=&#8221;off&#8221; collapsed=&#8221;on&#8221;][et_pb_row column_structure=&#8221;2_3,1_3&#8243; _builder_version=&#8221;4.4.4&#8243; max_width=&#8221;1280px&#8221; custom_margin=&#8221;60px||||false|false&#8221; custom_padding=&#8221;||0px||false|false&#8221; collapsed=&#8221;on&#8221;][et_pb_column type=&#8221;2_3&#8243; _builder_version=&#8221;4.4.3&#8243;][et_pb_text content_tablet=&#8221;&#8221; content_phone=&#8221;<\/p>\n<h5 class=%22p1%22 style=%22padding-bottom: 45px; padding-left: 0px; text-align: left;%22>Le nouveau b\u00e2timent \u00ab Jardon \u00bb au si\u00e8ge social de Verviers : plus <i>\u00e9co-responsable <\/i>!<\/h5>\n<p>Cette nouvelle construction a obtenu la certification BREEAM* \u00ab Excellent \u00bb gr\u00e2ce \u00e0 des mesures pouss\u00e9es en mati\u00e8re de durabilit\u00e9, telles que l\u2019installation de panneaux photovolta\u00efques, la plantation d\u2019arbres fruitiers, l\u2019\u00e9clairage LED et des syst\u00e8mes de chauffage et de refroidissement adapt\u00e9s<\/p>\n<p style=%22font-size: 8px; text-align: left; padding-left: 0px;%22>*La certification BREEAM est une norme internationale de construction durable qui tient compte de tous les aspects d\u2019un b\u00e2timent : \u00e9nergie, transport, eau, mat\u00e9riaux, d\u00e9chets, utilisation des terres et collaborateur<\/p>\n<p>&#8221; content_last_edited=&#8221;on|phone&#8221; _builder_version=&#8221;4.9.10&#8243; text_font=&#8221;ISIDORA &#8211; SEMIBOLD-https||||||||&#8221; text_text_color=&#8221;#eb9e2b&#8221; text_font_size=&#8221;25px&#8221; text_line_height=&#8221;2em&#8221; header_font=&#8221;ISIDORA &#8211; BOLD -ALT||||||||&#8221; header_font_size=&#8221;40px&#8221; header_2_font=&#8221;ISIDORA &#8211; BOLD -ALT||||||||&#8221; header_2_font_size=&#8221;30px&#8221; header_3_font=&#8221;ISIDORA &#8211; BOLD -ALT||||||||&#8221; header_4_font=&#8221;ISIDORA &#8211; SEMIBOLD-https||||||||&#8221; header_4_text_color=&#8221;#eb9e2b&#8221; header_6_font=&#8221;||||||||&#8221; header_6_text_align=&#8221;left&#8221; text_orientation=&#8221;center&#8221; custom_padding=&#8221;|||30px|false|false&#8221; custom_padding_tablet=&#8221;&#8221; custom_padding_phone=&#8221;|||0px|false|false&#8221; custom_padding_last_edited=&#8221;on|phone&#8221; hover_enabled=&#8221;0&#8243; text_font_size_tablet=&#8221;&#8221; text_font_size_phone=&#8221;18px&#8221; text_font_size_last_edited=&#8221;on|phone&#8221; sticky_enabled=&#8221;0&#8243;]<\/p>\n<h5 class=\"p1\" style=\"padding-bottom: 45px; padding-left: 40px; text-align: left;\">Le nouveau b\u00e2timent \u00ab Jardon \u00bb au si\u00e8ge social de Verviers : plus <i>\u00e9co-responsable <\/i>!<\/h5>\n<p>Cette nouvelle construction a obtenu la certification BREEAM* \u00ab\u00a0Excellent \u00bb gr\u00e2ce \u00e0 des mesures pouss\u00e9es en mati\u00e8re de durabilit\u00e9, telles que l\u2019installation de panneaux photovolta\u00efques, la plantation d\u2019arbres fruitiers, l\u2019\u00e9clairage LED et des syst\u00e8mes de chauffage et de refroidissement adapt\u00e9s<\/p>\n<p style=\"font-size: 12px; text-align: left; padding-left: 80px; line-height: 1.5em;\">*La certification BREEAM est une norme internationale de construction durable qui tient compte de tous les aspects d\u2019un b\u00e2timent : \u00e9nergie, transport, eau, mat\u00e9riaux, d\u00e9chets, utilisation des terres et collaborateur<\/p>\n<p>[\/et_pb_text][\/et_pb_column][et_pb_column type=&#8221;1_3&#8243; _builder_version=&#8221;4.4.3&#8243;][et_pb_image src=&#8221;https:\/\/rapportannuelswde.be\/2020\/wp-content\/uploads\/2021\/05\/Gwendoline-geronez.png&#8221; title_text=&#8221;Gwendoline-geronez&#8221; _builder_version=&#8221;4.9.4&#8243; background_color=&#8221;rgba(0,0,0,0)&#8221; custom_margin=&#8221;-50px||-100px||false|false&#8221;][\/et_pb_image][et_pb_text _builder_version=&#8221;4.9.10&#8243; header_font=&#8221;ISIDORA &#8211; BOLD -ALT||||||||&#8221; header_font_size=&#8221;40px&#8221; header_2_font=&#8221;ISIDORA &#8211; BOLD -ALT||||||||&#8221; header_2_text_color=&#8221;#29b6c1&#8243; header_2_font_size=&#8221;30px&#8221; header_3_font=&#8221;ISIDORA &#8211; BOLD -ALT||||||||&#8221; header_3_text_color=&#8221;#ffffff&#8221; header_4_font=&#8221;ISIDORA &#8211; SEMIBOLD-https||||||||&#8221; header_4_text_color=&#8221;#29b6c1&#8243; header_4_font_size=&#8221;14px&#8221; background_color=&#8221;#29b6c1&#8243; width=&#8221;150px&#8221; module_alignment=&#8221;left&#8221; custom_margin=&#8221;||||false|false&#8221; custom_padding=&#8221;12px|||12px|false|false&#8221; custom_padding_tablet=&#8221;&#8221; custom_padding_phone=&#8221;|||10px|false|false&#8221; custom_padding_last_edited=&#8221;on|phone&#8221; hover_enabled=&#8221;0&#8243; locked=&#8221;off&#8221; sticky_enabled=&#8221;0&#8243;]<\/p>\n<h3>Gwendoline Geronnez<\/h3>\n<p>[\/et_pb_text][et_pb_text _builder_version=&#8221;4.9.4&#8243; header_font=&#8221;ISIDORA &#8211; BOLD -ALT||||||||&#8221; header_font_size=&#8221;40px&#8221; header_2_font=&#8221;ISIDORA &#8211; BOLD -ALT||||||||&#8221; header_2_text_color=&#8221;#29b6c1&#8243; header_2_font_size=&#8221;30px&#8221; header_3_font=&#8221;ISIDORA &#8211; BOLD -ALT||||||||&#8221; header_3_text_color=&#8221;#154455&#8243; header_4_font=&#8221;ISIDORA &#8211; SEMIBOLD-https||||||||&#8221; header_4_text_color=&#8221;#154455&#8243; header_4_font_size=&#8221;14px&#8221; background_color=&#8221;#dceef5&#8243; module_alignment=&#8221;left&#8221; custom_margin=&#8221;-25px||||false|false&#8221; custom_padding=&#8221;15px||0px|30px|false|false&#8221; custom_padding_phone=&#8221;|||0px|false|false&#8221; custom_padding_last_edited=&#8221;off|desktop&#8221; locked=&#8221;off&#8221;]<\/p>\n<h4> Architecte SWDE <\/h4>\n<p>[\/et_pb_text][\/et_pb_column][\/et_pb_row][\/et_pb_section][et_pb_section fb_built=&#8221;1&#8243; admin_label=&#8221;2&#8243; module_id=&#8221;des-achats-et-partenariats-durables&#8221; _builder_version=&#8221;4.9.4&#8243; background_color=&#8221;rgba(0,0,0,0)&#8221; custom_margin=&#8221;||150px||false|false&#8221; custom_padding=&#8221;||0px|||&#8221; bottom_divider_color=&#8221;#dceef5&#8243; locked=&#8221;off&#8221; collapsed=&#8221;off&#8221;][et_pb_row column_structure=&#8221;2_3,1_3&#8243; _builder_version=&#8221;4.9.4&#8243; max_width=&#8221;1280px&#8221; custom_margin=&#8221;30px||||false|false&#8221; custom_padding=&#8221;||0px||false|false&#8221; locked=&#8221;off&#8221; collapsed=&#8221;on&#8221;][et_pb_column type=&#8221;2_3&#8243; _builder_version=&#8221;4.4.3&#8243;][et_pb_text module_id=&#8221;favoriser-la-mobilite-verte&#8221; _builder_version=&#8221;4.9.4&#8243; header_font=&#8221;ISIDORA &#8211; BOLD -ALT||||||||&#8221; header_font_size=&#8221;40px&#8221; header_2_font=&#8221;ISIDORA &#8211; BOLD -ALT||||||||&#8221; header_2_text_color=&#8221;#154455&#8243; header_2_font_size=&#8221;30px&#8221; header_2_line_height=&#8221;1.2em&#8221; header_3_font=&#8221;ISIDORA &#8211; BOLD -ALT||||||||&#8221; header_4_font=&#8221;ISIDORA &#8211; SEMIBOLD-https||||||||&#8221; header_4_text_color=&#8221;#eb9e2b&#8221; custom_margin=&#8221;||||false|false&#8221; custom_padding=&#8221;30px|||30px|false|false&#8221; custom_padding_tablet=&#8221;&#8221; custom_padding_phone=&#8221;|||0px|false|false&#8221; custom_padding_last_edited=&#8221;on|phone&#8221;]<\/p>\n<h4>Favoriser la mobilit\u00e9 verte<\/h4>\n<p>D\u2019ici 2030, la SWDE souhaite bannir les motorisations Diesel et devenir exemplaire en mati\u00e8re de verdissement de sa flotte de v\u00e9hicules et de r\u00e9duction de ses \u00e9missions de gaz \u00e0 effet de serre. Suite \u00e0 une mesure du Gouvernement wallon, notre soci\u00e9t\u00e9 s\u2019engage \u00e0 ne plus acqu\u00e9rir de nouvelles voitures Diesel. Seules exceptions : les camions et camionnettes des fontainiers pour lesquelles aucune solution n\u2019existe encore sur le march\u00e9.<\/p>\n<p>Pour verdir son parc automobile, la SWDE investit dans diff\u00e9rents types de v\u00e9hicules plus \u00ab\u00a0\u00e9cologiques \u00bb. En 2020, elle a fait l\u2019acquisition de 25 nouveaux v\u00e9hicules <strong>\u00e0 carburant alternatif<\/strong>. En deux ans, la part de v\u00e9hicules \u00e0 carburant alternatif \u00e0 la SWDE est pass\u00e9e de 5,5% \u00e0 12,4%. Par ailleurs, la soci\u00e9t\u00e9 mise \u00e9galement sur <strong>la formule hybride\/essence<\/strong>\u00a0: 4 v\u00e9hicules de fonction sont \u00e9quip\u00e9s d\u2019une motorisation alternative.<\/p>\n<p>[\/et_pb_text][\/et_pb_column][et_pb_column type=&#8221;1_3&#8243; _builder_version=&#8221;4.4.3&#8243;][et_pb_cta title=&#8221;15&#8243; _builder_version=&#8221;4.9.4&#8243; header_text_align=&#8221;center&#8221; header_text_color=&#8221;#e16627&#8243; body_font=&#8221;|700|||||||&#8221; body_text_align=&#8221;center&#8221; body_text_color=&#8221;#eb9e2b&#8221; body_line_height=&#8221;1.4em&#8221; background_color=&#8221;rgba(247,199,83,0.1)&#8221; custom_margin=&#8221;||||false|false&#8221; custom_padding=&#8221;10px|10px|0px|10px|false|false&#8221; scroll_vertical_motion_enable=&#8221;on&#8221; scroll_vertical_motion=&#8221;0|50|50|100|1|0|-1&#8243; scroll_vertical_motion_tablet=&#8221;&#8221; scroll_vertical_motion_phone=&#8221;0|50|50|100|0|0|0&#8243; scroll_vertical_motion_last_edited=&#8221;on|phone&#8221; locked=&#8221;off&#8221;]La politique de verdissement de sa flotte de v\u00e9hicules permet \u00e0 la SWDE de r\u00e9aliser des \u00e9conomies carbone estim\u00e9es \u00e0 15 tonnes \u00e9quivalentes de CO2 par an. [\/et_pb_cta][\/et_pb_column][\/et_pb_row][et_pb_row column_structure=&#8221;1_3,1_3,1_3&#8243; _builder_version=&#8221;4.9.4&#8243; max_width=&#8221;1280px&#8221; custom_margin=&#8221;30px||||false|false&#8221; custom_padding=&#8221;||0px||false|false&#8221; locked=&#8221;off&#8221; collapsed=&#8221;on&#8221;][et_pb_column type=&#8221;1_3&#8243; _builder_version=&#8221;4.4.3&#8243;][et_pb_text _builder_version=&#8221;4.9.10&#8243; header_font=&#8221;ISIDORA &#8211; BOLD -ALT||||||||&#8221; header_font_size=&#8221;40px&#8221; header_2_font=&#8221;ISIDORA &#8211; BOLD -ALT||||||||&#8221; header_2_font_size=&#8221;30px&#8221; header_3_font=&#8221;ISIDORA &#8211; BOLD -ALT||||||||&#8221; header_4_font=&#8221;ISIDORA &#8211; SEMIBOLD-https||||||||&#8221; header_4_text_color=&#8221;#008fc3&#8243; background_color=&#8221;#ffffff&#8221; custom_padding=&#8221;30px|30px|30px|30px|false|false&#8221; custom_padding_tablet=&#8221;&#8221; custom_padding_phone=&#8221;|||30px|false|false&#8221; custom_padding_last_edited=&#8221;on|phone&#8221; scroll_vertical_motion_enable=&#8221;on&#8221; scroll_vertical_motion=&#8221;0|50|50|100|3|1.5|0.5&#8243; motion_trigger_start=&#8221;top&#8221; hover_enabled=&#8221;0&#8243; scroll_vertical_motion_tablet=&#8221;&#8221; scroll_vertical_motion_phone=&#8221;0|50|50|100|0|0|0&#8243; scroll_vertical_motion_last_edited=&#8221;on|phone&#8221; border_width_all=&#8221;2px&#8221; border_color_all=&#8221;#008fc3&#8243; locked=&#8221;off&#8221; sticky_enabled=&#8221;0&#8243;]<\/p>\n<h4>S\u2019\u00e9quiper pour une flotte plus propre<\/h4>\n<p class=\"p1\">Investir dans des v\u00e9hicules \u00e9lectriques impose de disposer de l&#8217;\u00e9quipement ad\u00e9quat. Tandis que deux bornes de recharge viennent d\u2019\u00eatre mises en service sur le site de Verviers, la SWDE a d\u00e9cid\u00e9 d\u2019\u00e9quiper le parking de Couillet de panneaux photovolta\u00efques. Le surplus d\u2019\u00e9nergie verte produit par la nouvelle installation servira \u00e0 alimenter les v\u00e9hicules \u00e9lectriques. Dix bornes de rechargement sont pr\u00e9vues.<\/p>\n<p>[\/et_pb_text][\/et_pb_column][et_pb_column type=&#8221;1_3&#8243; _builder_version=&#8221;4.4.3&#8243;][et_pb_button button_url=&#8221;https:\/\/nous.swde.be\/article\/stephanie-est-devenue-une-adepte-du-velo-grace-a-un-challenge?utm_source=rapportannuelswde.be&#038;utm_medium=referral&#038;utm_campaign=mobilite_stephanie&#038;utm_content=ra2020%20&#8243; url_new_window=&#8221;on&#8221; button_text=&#8221;En savoir +&#8221; button_alignment=&#8221;right&#8221; _builder_version=&#8221;4.9.4&#8243; _module_preset=&#8221;default&#8221; button_text_size=&#8221;10px&#8221; button_text_color=&#8221;#FFFFFF&#8221; button_bg_color=&#8221;#75c9da&#8221; custom_margin=&#8221;-50px|35px|20px||false|false&#8221; locked=&#8221;off&#8221; button_bg_color__hover=&#8221;#E16627&#8243; button_text_color__hover=&#8221;#FFFFFF&#8221;][\/et_pb_button][et_pb_text module_id=&#8221;priorite-a-la-mobilite-douce-et-durable&#8221; _builder_version=&#8221;4.9.4&#8243; header_font=&#8221;ISIDORA &#8211; BOLD -ALT||||||||&#8221; header_font_size=&#8221;40px&#8221; header_2_font=&#8221;ISIDORA &#8211; BOLD -ALT||||||||&#8221; header_2_text_color=&#8221;#154455&#8243; header_2_font_size=&#8221;30px&#8221; header_2_line_height=&#8221;1.2em&#8221; header_3_font=&#8221;ISIDORA &#8211; BOLD -ALT||||||||&#8221; header_4_font=&#8221;ISIDORA &#8211; SEMIBOLD-https||||||||&#8221; header_4_text_color=&#8221;#eb9e2b&#8221; custom_margin=&#8221;||||false|false&#8221; custom_padding=&#8221;30px|||30px|false|false&#8221; custom_padding_tablet=&#8221;&#8221; custom_padding_phone=&#8221;|||0px|false|false&#8221; custom_padding_last_edited=&#8221;on|phone&#8221;]<\/p>\n<h4>Priorit\u00e9 \u00e0 la mobilit\u00e9 douce et durable<\/h4>\n<p>La SWDE encourage ses collaborateurs \u00e0 rechercher des alternatives \u00e0 l&#8217;automobile, comme le v\u00e9lo et les transports en commun, pour consid\u00e9rer la mobilit\u00e9 autrement.<\/p>\n<p>Pour favoriser l\u2019usage des transports en commun (TEC et SNCB), la SWDE propose aux membres de son personnel le remboursement complet des titres de transport. Chaque ticket est ainsi rembours\u00e9 \u00e0 100%. Par ailleurs, les collaborateurs qui disposent d\u2019un abonnement TEC ou SNCB peuvent b\u00e9n\u00e9ficier du tiers-payant.<\/p>\n<p>L\u2019utilisation du v\u00e9lo est \u00e9galement pr\u00f4n\u00e9e\u00a0gr\u00e2ces \u00e0 des actions telles que l\u2019achat de v\u00e9los \u00e9lectriques pour permettre au personnel de tester le chemin domicile-lieu de travail ou encore la mise \u00e0 disposition d\u2019infrastructures pour les cyclistes (16 places de parking v\u00e9lo sur le site de Verviers, des casiers, douches, \u2026). Une <strong>indemnit\u00e9 v\u00e9lo de 0,24 \u20ac\/km<\/strong> est \u00e9galement propos\u00e9e \u00e0 ceux qui privil\u00e9gient le v\u00e9lo \u00e0 la voiture pour rejoindre leur lieu de travail.<\/p>\n<p>[\/et_pb_text][\/et_pb_column][et_pb_column type=&#8221;1_3&#8243; _builder_version=&#8221;4.4.3&#8243;][et_pb_text _builder_version=&#8221;4.9.4&#8243; header_font=&#8221;ISIDORA &#8211; BOLD -ALT||||||||&#8221; header_font_size=&#8221;40px&#8221; header_2_font=&#8221;ISIDORA &#8211; BOLD -ALT||||||||&#8221; header_2_font_size=&#8221;30px&#8221; header_3_font=&#8221;ISIDORA &#8211; BOLD -ALT||||||||&#8221; header_4_font=&#8221;ISIDORA &#8211; SEMIBOLD-https||||||||&#8221; header_4_text_color=&#8221;#29B6C1&#8243; background_color=&#8221;#ffffff&#8221; custom_padding=&#8221;30px|30px|30px|30px|false|false&#8221; custom_padding_tablet=&#8221;&#8221; custom_padding_phone=&#8221;|||30px|false|false&#8221; custom_padding_last_edited=&#8221;on|phone&#8221; scroll_vertical_motion_enable=&#8221;on&#8221; scroll_vertical_motion=&#8221;0|50|50|100|3|1.5|0&#8243; motion_trigger_start=&#8221;top&#8221; border_width_all=&#8221;2px&#8221; border_color_all=&#8221;#29B6C1&#8243; locked=&#8221;off&#8221;]<\/p>\n<h4 style=\"text-align: center;\">La SWDE lab\u00e9lis\u00e9e<br \/>\u00ab Tous v\u00e9lo-actifs \u00bb<\/h4>\n<p class=\"p1\">Le site de Verviers a remport\u00e9 un label 5 \u00e9toiles \u00ab\u00a0Tous v\u00e9lo-actifs\u00a0\u00bb. Ce label, propos\u00e9 par l\u2019Union Wallonne des Entreprises (UWE) et le collectif Wallonie Mobilit\u00e9, r\u00e9compense les entreprises s\u2019engageant \u00e0 mettre en place un plan d\u2019actions intensif de promotion du v\u00e9lo.<\/p>\n<p>[\/et_pb_text][\/et_pb_column][\/et_pb_row][et_pb_row column_structure=&#8221;2_3,1_3&#8243; module_id=&#8221;evolution-du-cvd-et-du-cva&#8221; _builder_version=&#8221;4.4.4&#8243; max_width=&#8221;1280px&#8221; custom_margin=&#8221;30px||||false|false&#8221; custom_padding=&#8221;||0px||false|false&#8221; locked=&#8221;off&#8221; collapsed=&#8221;on&#8221;][et_pb_column type=&#8221;2_3&#8243; _builder_version=&#8221;4.4.3&#8243;][et_pb_text _builder_version=&#8221;4.9.4&#8243; header_font=&#8221;ISIDORA &#8211; BOLD -ALT||||||||&#8221; header_font_size=&#8221;40px&#8221; header_2_font=&#8221;ISIDORA &#8211; BOLD -ALT||||||||&#8221; header_2_text_color=&#8221;#154455&#8243; header_2_font_size=&#8221;30px&#8221; header_2_line_height=&#8221;1.2em&#8221; header_3_font=&#8221;ISIDORA &#8211; BOLD -ALT||||||||&#8221; header_4_font=&#8221;ISIDORA &#8211; SEMIBOLD-https||||||||&#8221; header_4_text_color=&#8221;#eb9e2b&#8221; custom_margin=&#8221;||10px||false|false&#8221; custom_padding=&#8221;|||30px|false|false&#8221; custom_padding_tablet=&#8221;&#8221; custom_padding_phone=&#8221;|||0px|false|false&#8221; custom_padding_last_edited=&#8221;on|phone&#8221;]<\/p>\n<h2>La sensibilisation et la mobilisation<\/h2>\n<p>[\/et_pb_text][et_pb_divider color=&#8221;#29b6c1&#8243; divider_weight=&#8221;7px&#8221; _builder_version=&#8221;4.4.3&#8243; max_width=&#8221;60px&#8221; custom_margin=&#8221;||20px|30px|false|false&#8221; global_module=&#8221;162&#8243; saved_tabs=&#8221;all&#8221;][\/et_pb_divider][et_pb_text module_id=&#8221;promotion-de-l-eau-du-robinet&#8221; _builder_version=&#8221;4.9.4&#8243; header_font=&#8221;ISIDORA &#8211; BOLD -ALT||||||||&#8221; header_font_size=&#8221;40px&#8221; header_2_font=&#8221;ISIDORA &#8211; BOLD -ALT||||||||&#8221; header_2_text_color=&#8221;#154455&#8243; header_2_font_size=&#8221;30px&#8221; header_2_line_height=&#8221;1.2em&#8221; header_3_font=&#8221;ISIDORA &#8211; BOLD -ALT||||||||&#8221; header_4_font=&#8221;ISIDORA &#8211; SEMIBOLD-https||||||||&#8221; header_4_text_color=&#8221;#eb9e2b&#8221; custom_margin=&#8221;||||false|false&#8221; custom_padding=&#8221;30px|||30px|false|false&#8221; custom_padding_tablet=&#8221;&#8221; custom_padding_phone=&#8221;|||0px|false|false&#8221; custom_padding_last_edited=&#8221;on|phone&#8221;]<\/p>\n<h4>Promotion de l&#8217;eau du robinet<\/h4>\n<p>En raison de mesures sanitaires prises pour emp\u00eacher la propagation du coronavirus, la SWDE a d\u00fb suspendre deux de ses principales actions de sensibilisation qui se d\u00e9roulent traditionnellement de mai \u00e0 septembre\u00a0:<\/p>\n<p><span style=\"color: #eb9e2b;\">\u2794 <\/span>L\u2019op\u00e9ration <strong>O\u2019Festive<\/strong> qui consiste \u00e0 mettre \u00e0 disposition l\u2019infrastructure de fourniture d\u2019eau de distribution comme boisson (fontaines) et \u00e0 offrir gratuitement l\u2019eau aux participants des \u00e9v\u00e9nements retenus (principalement des festivals d\u2019\u00e9t\u00e9). En \u00e9change, la SWDE b\u00e9n\u00e9ficie d\u2019une visibilit\u00e9 sur le site et les supports de communication aff\u00e9rents \u00e0 l\u2019\u00e9v\u00e9nement.<\/p>\n<p><span style=\"color: #eb9e2b;\">\u2794 <\/span>L\u2019op\u00e9ration <strong>O\u2019Sport<\/strong> gr\u00e2ce \u00e0 laquelle la SWDE organise les points de ravitaillement en eau de nombreuses \u00e9preuves sportives (principalement des courses \u00e0 pied) en \u00e9change d\u2019une visibilit\u00e9 sur le site et les supports de communication.<\/p>\n<p>Par contre, la formule du <strong>Beau V\u00e9lo de RAVeL<\/strong> a \u00e9t\u00e9 adapt\u00e9e aux circonstances par la RTBF. Pas de regroupement de masse avec un village o\u00f9 la SWDE d\u00e9ploie un stand de promotion de l\u2019eau du robinet. L\u2019\u00e9v\u00e8nement s\u2019est transform\u00e9 en 10 \u00e9missions radio, TV et web dans lesquelles une s\u00e9quence \u00e9tait \u00e0 chaque fois consacr\u00e9e aux enjeux li\u00e9s \u00e0 la production et la distribution d\u2019eau sur le r\u00e9seau de la SWDE.\u00a0 L\u2019audience moyenne de ces s\u00e9quences en t\u00e9l\u00e9vision \u00e9tait de 150.000 t\u00e9l\u00e9spectateurs.<\/p>\n<p>[\/et_pb_text][et_pb_text _builder_version=&#8221;4.9.4&#8243; header_font=&#8221;ISIDORA &#8211; BOLD -ALT||||||||&#8221; header_font_size=&#8221;40px&#8221; header_2_font=&#8221;ISIDORA &#8211; BOLD -ALT||||||||&#8221; header_2_font_size=&#8221;30px&#8221; header_3_font=&#8221;ISIDORA &#8211; BOLD -ALT||||||||&#8221; header_4_font=&#8221;ISIDORA &#8211; SEMIBOLD-https||||||||&#8221; header_4_text_color=&#8221;#008fc3&#8243; background_color=&#8221;#ffffff&#8221; custom_padding=&#8221;30px|30px|30px|30px|false|false&#8221; custom_padding_tablet=&#8221;&#8221; custom_padding_phone=&#8221;|||30px|false|false&#8221; custom_padding_last_edited=&#8221;on|phone&#8221; scroll_vertical_motion=&#8221;0|50|50|100|3|0.5|-2&#8243; motion_trigger_start=&#8221;top&#8221; border_width_all=&#8221;2px&#8221; border_color_all=&#8221;#008fc3&#8243; locked=&#8221;off&#8221;]<\/p>\n<h4>Un soutien exceptionnel au secteur associatif et culturel<\/h4>\n<p class=\"p1\">Troisi\u00e8me levier de sensibilisation, le projet <b>O\u2019Th\u00e9\u00e2tre<\/b> de la SWDE a b\u00e9n\u00e9fici\u00e9, quant \u00e0 lui, d\u2019une mise en lumi\u00e8re exceptionnelle. Comme la culture figure parmi les secteurs les plus fragilis\u00e9s depuis le d\u00e9but de la pand\u00e9mie, la SWDE a d\u00e9cid\u00e9 d\u2019apporter un gros coup de main aux quatre troupes de th\u00e9\u00e2tre\u00a0jeune public qu\u2019elle parraine depuis de longues ann\u00e9es: Kramik Th\u00e9\u00e2tre (Tournai), Chakipesz Th\u00e9\u00e2tre (Lobbes), la Compagnie Zanni (Walhain) et la Compagnie histoires publiques (Saint-Gilles).<\/p>\n<p class=\"p1\">Les moyens financiers traditionnellement d\u00e9di\u00e9s aux op\u00e9rations O\u2019Festive et O\u2019Sport ont \u00e9t\u00e9 convertis pour proposer les spectacles de sensibilisation \u00e0 l\u2019eau que ces troupes v\u00e9hiculent, <b>gratuitement<\/b> aux \u00e9coles situ\u00e9es sur le territoire des communes associ\u00e9es.\u00a0Alors qu\u2019elle n\u2019intervient habituellement que pour moiti\u00e9 dans le prix des places, la SWDE a d\u00e9cid\u00e9 de prendre en charge <b>l\u2019int\u00e9gralit\u00e9 des frais<\/b> de repr\u00e9sentation.<\/p>\n<p>[\/et_pb_text][et_pb_button button_url=&#8221;https:\/\/nous.swde.be\/article\/a-fond-solidaire-avec-nos-compagnies-de-theatre?utm_source=rapportannuelswde.be&#038;utm_medium=referral&#038;utm_campaign=otheatre_soutien&#038;utm_content=ra2020&#8243; url_new_window=&#8221;on&#8221; button_text=&#8221;En savoir +&#8221; button_alignment=&#8221;right&#8221; _builder_version=&#8221;4.9.4&#8243; _module_preset=&#8221;default&#8221; button_text_size=&#8221;10px&#8221; button_text_color=&#8221;#FFFFFF&#8221; button_bg_color=&#8221;#75c9da&#8221; custom_margin=&#8221;-50px|35px|20px||false|false&#8221; locked=&#8221;off&#8221; button_bg_color__hover=&#8221;#E16627&#8243; button_text_color__hover=&#8221;#FFFFFF&#8221;][\/et_pb_button][\/et_pb_column][et_pb_column type=&#8221;1_3&#8243; _builder_version=&#8221;4.4.3&#8243;][et_pb_cta title=&#8221;42.000&#8243; _builder_version=&#8221;4.9.4&#8243; header_text_align=&#8221;center&#8221; header_text_color=&#8221;#e16627&#8243; body_font=&#8221;|700|||||||&#8221; body_text_align=&#8221;center&#8221; body_text_color=&#8221;#eb9e2b&#8221; body_line_height=&#8221;1.4em&#8221; background_color=&#8221;rgba(247,199,83,0.1)&#8221; custom_margin=&#8221;||||false|false&#8221; custom_padding=&#8221;10px|10px|0px|10px|false|false&#8221; scroll_vertical_motion_enable=&#8221;on&#8221; scroll_vertical_motion=&#8221;0|50|50|100|1|0|-1&#8243; scroll_vertical_motion_tablet=&#8221;&#8221; scroll_vertical_motion_phone=&#8221;0|50|50|100|0|0|0&#8243; scroll_vertical_motion_last_edited=&#8221;on|phone&#8221; locked=&#8221;off&#8221;]<\/p>\n<p class=\"p1\"><span class=\"s1\"> <\/span>C\u2019est le nombre d\u2019enfants qui auront assist\u00e9 \u00e0 l\u2019un<br \/>des 5 spectacles du catalogue O\u2019Th\u00e9\u00e2tre tout au long de l\u2019ann\u00e9e scolaire 2019-2020.<\/p>\n<p class=\"p1\">Soit un peu plus de <b>10% des enfants scolaris\u00e9s<br \/><\/b>de l&#8217;enseignement fondamental en Wallonie ! Certains spectacles, pourtant r\u00e9serv\u00e9s, n\u2019ont pas pu \u00eatre jou\u00e9s en raison du code rouge dans l\u2019enseignement primaire et fondamental. La SWDE a propos\u00e9 de les postposer \u00e0 l\u2019ann\u00e9e scolaire suivante, aux m\u00eames conditions.<\/p>\n<p class=\"p1\"><span class=\"s2\">En <\/span>temps normal, l\u2019op\u00e9ration O\u2019Th\u00e9\u00e2tre permet de sensibiliser \u00b1 12.000 \u00e9l\u00e8ves.<\/p>\n<p>[\/et_pb_cta][\/et_pb_column][\/et_pb_row][et_pb_row column_structure=&#8221;2_3,1_3&#8243; module_id=&#8221;evolution-du-cvd-et-du-cva&#8221; _builder_version=&#8221;4.4.4&#8243; max_width=&#8221;1280px&#8221; custom_margin=&#8221;30px||||false|false&#8221; custom_padding=&#8221;||0px||false|false&#8221; locked=&#8221;off&#8221; collapsed=&#8221;on&#8221;][et_pb_column type=&#8221;2_3&#8243; _builder_version=&#8221;4.4.3&#8243;][et_pb_text module_id=&#8221;la-dimension-internationale&#8221; _builder_version=&#8221;4.9.4&#8243; header_font=&#8221;ISIDORA &#8211; BOLD -ALT||||||||&#8221; header_font_size=&#8221;40px&#8221; header_2_font=&#8221;ISIDORA &#8211; BOLD -ALT||||||||&#8221; header_2_text_color=&#8221;#154455&#8243; header_2_font_size=&#8221;30px&#8221; header_2_line_height=&#8221;1.2em&#8221; header_3_font=&#8221;ISIDORA &#8211; BOLD -ALT||||||||&#8221; header_4_font=&#8221;ISIDORA &#8211; SEMIBOLD-https||||||||&#8221; header_4_text_color=&#8221;#eb9e2b&#8221; custom_margin=&#8221;||||false|false&#8221; custom_padding=&#8221;30px|||30px|false|false&#8221; custom_padding_tablet=&#8221;&#8221; custom_padding_phone=&#8221;|||0px|false|false&#8221; custom_padding_last_edited=&#8221;on|phone&#8221;]<\/p>\n<h4>La dimension internationale<\/h4>\n<p><strong>Au niveau international, la SWDE est membre de r\u00e9seaux internationaux de gestion publique de l\u2019eau comme Aqua Publica et s\u2019engage dans des projets de coop\u00e9ration internationale principalement en Afrique.<\/strong><\/p>\n<p><strong>Depuis quelques ann\u00e9es, la lutte contre le r\u00e9chauffement climatique est devenue l\u2019\u00e9l\u00e9ment transversal pour l\u2019ensemble des projets de la SWDE \u00e0 l\u2019\u00e9tranger. En partageant son savoir-faire sur la protection de la ressource, la SWDE participe pleinement \u00e0 l&#8217;atteinte des\u00a0objectifs de d\u00e9veloppement durable d\u00e9finis par l&#8217;ONU.<\/strong><\/p>\n<p>Les activit\u00e9s internationales de terrain ont, bien s\u00fbr, \u00e9t\u00e9 tr\u00e8s fortement impact\u00e9es en 2020, suite aux contraintes sanitaires.<\/p>\n<p>Celles pouvant \u00eatre men\u00e9es \u00e0 distance ont pu continuer, en particulier le projet de jumelage en Tunisie. Les liens ont toutefois \u00e9t\u00e9 maintenus avec les partenaires \u00e9trangers, notamment en \u00e9changeant avec eux le v\u00e9cu organisationnel de la gestion de crise sanitaire. La SWDE a, par exemple, partag\u00e9 ses plans de continuit\u00e9 de service et de d\u00e9confinement.<\/p>\n<p>La r\u00e9duction des activit\u00e9s n\u00e9cessitant les voyages a cependant \u00e9t\u00e9 propice \u00e0 l\u2019approche et au d\u00e9veloppement de nouvelles perspectives de collaboration en Belgique et \u00e0 l\u2019\u00e9tranger.<\/p>\n<p>Quelques missions et accueils ont \u00e9t\u00e9 r\u00e9alis\u00e9s en Tunisie et au Maroc aux mois de janvier et f\u00e9vrier.\u00a0 Apr\u00e8s la suspension des d\u00e9placements, une approche permettant de poursuivre les activit\u00e9s \u00e0 distance a \u00e9t\u00e9 pens\u00e9e et mise en place, pour les projets qui le permettaient.<\/p>\n<ul>\n<li style=\"list-style-type: none;\">\n<ul>\n<li><strong>Tunisie<\/strong> &#8211; Le projet de jumelage avec le MARHP s\u2019est poursuivi en mode distanciel, permettant ainsi de limiter le retard de r\u00e9alisation \u00e0 3 mois.<\/li>\n<li><strong>Maroc<\/strong>\u00a0&#8211; A la demande de l\u2019EMINES (Universit\u00e9 Mohammed VI Polytechnique), la SWDE a entam\u00e9 l\u2019animation de s\u00e9minaires dans le cadre de \u00ab Executive Master in Water Management &amp; Supply Chain \u00bb.<\/li>\n<li><strong>S\u00e9n\u00e9gal<\/strong>\u00a0&#8211; Le projet relatif \u00e0 la protection et au suivi de la qualit\u00e9 des eaux lac de Guiers s\u2019est poursuivi en particulier, avec l\u2019accueil d\u2019une d\u00e9l\u00e9gation de l\u2019OLAC au laboratoire et au Barrage de la Gileppe.<\/li>\n<\/ul>\n<\/li>\n<\/ul>\n<p>Un nouveau projet va \u00eatre r\u00e9alis\u00e9 en <strong>Guin\u00e9e Conakry<\/strong>. En effet la SWDE, en groupement avec EIFFAGE G\u00e9nie Civil, a remport\u00e9 l\u2019appel d\u2019offres international visant \u00e0 am\u00e9liorer les performances des r\u00e9seaux et du service commercial de 6 agences de l\u2019eau au nord de la ville de Conakry. La dur\u00e9e du projet, qui d\u00e9butera au deuxi\u00e8me trimestre 2021, est de 3 ans.<\/p>\n<p>[\/et_pb_text][\/et_pb_column][et_pb_column type=&#8221;1_3&#8243; _builder_version=&#8221;4.4.3&#8243;][\/et_pb_column][\/et_pb_row][\/et_pb_section][et_pb_section fb_built=&#8221;1&#8243; admin_label=&#8221;section 2&#8243; module_id=&#8221;minazola-miantuadi&#8221; _builder_version=&#8221;4.4.4&#8243; background_color=&#8221;#dceef5&#8243; custom_padding=&#8221;90px||0px|||&#8221; top_divider_style=&#8221;waves2&#8243; top_divider_color=&#8221;#ffffff&#8221; top_divider_flip=&#8221;horizontal&#8221; top_divider_height_tablet=&#8221;&#8221; top_divider_height_phone=&#8221;50px&#8221; top_divider_height_last_edited=&#8221;on|phone&#8221; bottom_divider_color=&#8221;#ffffff&#8221; locked=&#8221;off&#8221; collapsed=&#8221;on&#8221;][\/et_pb_section]<\/p>\n","protected":false},"excerpt":{"rendered":"<p>Nos Actions et le bilan 2020L\u2019eau wallonne est une ressource essentielle, a\u0300 pr\u00e9server pour les g\u00e9n\u00e9rations futures. Dans cet esprit, la SWDE continue a\u0300 valoriser son expertise dans les m\u00e9tiers de l\u2019eau et a\u0300 faire de l\u2019environnement une pr\u00e9occupation permanente.5 Contribuerau d\u00e9veloppement durableCompte tenu du caract\u00e8re essentiel de son activit\u00e9, la contribution de la SWDE [&hellip;]<\/p>\n","protected":false},"author":2,"featured_media":0,"parent":0,"menu_order":0,"comment_status":"closed","ping_status":"closed","template":"","meta":{"_et_pb_use_builder":"on","_et_pb_old_content":"","_et_gb_content_width":""},"yoast_head":"<!-- This site is optimized with the Yoast SEO plugin v16.3 - https:\/\/yoast.com\/wordpress\/plugins\/seo\/ -->\n<title>Actions et bilan-5-Contribuer au d\u00e9veloppement durable - Rapport Annuel SWDE<\/title>\n<meta name=\"robots\" content=\"index, follow, max-snippet:-1, max-image-preview:large, max-video-preview:-1\" \/>\n<link rel=\"canonical\" href=\"https:\/\/rapportannuelswde.be\/2020\/actions-et-bilan-5\/\" \/>\n<meta property=\"og:locale\" content=\"fr_FR\" \/>\n<meta property=\"og:type\" content=\"article\" \/>\n<meta property=\"og:title\" content=\"Actions et bilan-5-Contribuer au d\u00e9veloppement durable - Rapport Annuel SWDE\" \/>\n<meta property=\"og:description\" content=\"Nos Actions et le bilan 2020L\u2019eau wallonne est une ressource essentielle, a\u0300 pr\u00e9server pour les g\u00e9n\u00e9rations futures. Dans cet esprit, la SWDE continue a\u0300 valoriser son expertise dans les m\u00e9tiers de l\u2019eau et a\u0300 faire de l\u2019environnement une pr\u00e9occupation permanente.5 Contribuerau d\u00e9veloppement durableCompte tenu du caract\u00e8re essentiel de son activit\u00e9, la contribution de la SWDE [&hellip;]\" \/>\n<meta property=\"og:url\" content=\"https:\/\/rapportannuelswde.be\/2020\/actions-et-bilan-5\/\" \/>\n<meta property=\"og:site_name\" content=\"Rapport Annuel SWDE\" \/>\n<meta property=\"article:modified_time\" content=\"2021-07-20T15:00:12+00:00\" \/>\n<meta property=\"og:image\" content=\"https:\/\/rapportannuelswde.be\/2020\/wp-content\/uploads\/2021\/05\/safe-rapport-annuel_2020.jpg\" \/>\n\t<meta property=\"og:image:width\" content=\"1200\" \/>\n\t<meta property=\"og:image:height\" content=\"630\" \/>\n<meta name=\"twitter:card\" content=\"summary_large_image\" \/>\n<meta name=\"twitter:label1\" content=\"Dur\u00e9e de lecture est.\">\n\t<meta name=\"twitter:data1\" content=\"53 minutes\">\n<script type=\"application\/ld+json\" class=\"yoast-schema-graph\">{\"@context\":\"https:\/\/schema.org\",\"@graph\":[{\"@type\":\"Organization\",\"@id\":\"https:\/\/rapportannuelswde.be\/2020\/#organization\",\"name\":\"SWDE\",\"url\":\"https:\/\/rapportannuelswde.be\/2020\/\",\"sameAs\":[],\"logo\":{\"@type\":\"ImageObject\",\"@id\":\"https:\/\/rapportannuelswde.be\/2020\/#logo\",\"inLanguage\":\"fr-FR\",\"url\":\"https:\/\/rapportannuelswde.be\/2020\/wp-content\/uploads\/2020\/05\/header-logo-swde.svg\",\"contentUrl\":\"https:\/\/rapportannuelswde.be\/2020\/wp-content\/uploads\/2020\/05\/header-logo-swde.svg\",\"width\":\"1024\",\"height\":\"1024\",\"caption\":\"SWDE\"},\"image\":{\"@id\":\"https:\/\/rapportannuelswde.be\/2020\/#logo\"}},{\"@type\":\"WebSite\",\"@id\":\"https:\/\/rapportannuelswde.be\/2020\/#website\",\"url\":\"https:\/\/rapportannuelswde.be\/2020\/\",\"name\":\"Rapport Annuel SWDE\",\"description\":\"le rapport d&#039;activit\\u00e9 de la SWDE\",\"publisher\":{\"@id\":\"https:\/\/rapportannuelswde.be\/2020\/#organization\"},\"potentialAction\":[{\"@type\":\"SearchAction\",\"target\":\"https:\/\/rapportannuelswde.be\/2020\/?s={search_term_string}\",\"query-input\":\"required name=search_term_string\"}],\"inLanguage\":\"fr-FR\"},{\"@type\":\"WebPage\",\"@id\":\"https:\/\/rapportannuelswde.be\/2020\/actions-et-bilan-5\/#webpage\",\"url\":\"https:\/\/rapportannuelswde.be\/2020\/actions-et-bilan-5\/\",\"name\":\"Actions et bilan-5-Contribuer au d\\u00e9veloppement durable - Rapport Annuel SWDE\",\"isPartOf\":{\"@id\":\"https:\/\/rapportannuelswde.be\/2020\/#website\"},\"datePublished\":\"2020-04-28T10:26:02+00:00\",\"dateModified\":\"2021-07-20T15:00:12+00:00\",\"breadcrumb\":{\"@id\":\"https:\/\/rapportannuelswde.be\/2020\/actions-et-bilan-5\/#breadcrumb\"},\"inLanguage\":\"fr-FR\",\"potentialAction\":[{\"@type\":\"ReadAction\",\"target\":[\"https:\/\/rapportannuelswde.be\/2020\/actions-et-bilan-5\/\"]}]},{\"@type\":\"BreadcrumbList\",\"@id\":\"https:\/\/rapportannuelswde.be\/2020\/actions-et-bilan-5\/#breadcrumb\",\"itemListElement\":[{\"@type\":\"ListItem\",\"position\":1,\"item\":{\"@type\":\"WebPage\",\"@id\":\"https:\/\/rapportannuelswde.be\/2020\/\",\"url\":\"https:\/\/rapportannuelswde.be\/2020\/\",\"name\":\"Accueil\"}},{\"@type\":\"ListItem\",\"position\":2,\"item\":{\"@id\":\"https:\/\/rapportannuelswde.be\/2020\/actions-et-bilan-5\/#webpage\"}}]}]}<\/script>\n<!-- \/ Yoast SEO plugin. -->","_links":{"self":[{"href":"https:\/\/rapportannuelswde.be\/2020\/wp-json\/wp\/v2\/pages\/485"}],"collection":[{"href":"https:\/\/rapportannuelswde.be\/2020\/wp-json\/wp\/v2\/pages"}],"about":[{"href":"https:\/\/rapportannuelswde.be\/2020\/wp-json\/wp\/v2\/types\/page"}],"author":[{"embeddable":true,"href":"https:\/\/rapportannuelswde.be\/2020\/wp-json\/wp\/v2\/users\/2"}],"replies":[{"embeddable":true,"href":"https:\/\/rapportannuelswde.be\/2020\/wp-json\/wp\/v2\/comments?post=485"}],"version-history":[{"count":180,"href":"https:\/\/rapportannuelswde.be\/2020\/wp-json\/wp\/v2\/pages\/485\/revisions"}],"predecessor-version":[{"id":2957,"href":"https:\/\/rapportannuelswde.be\/2020\/wp-json\/wp\/v2\/pages\/485\/revisions\/2957"}],"wp:attachment":[{"href":"https:\/\/rapportannuelswde.be\/2020\/wp-json\/wp\/v2\/media?parent=485"}],"curies":[{"name":"wp","href":"https:\/\/api.w.org\/{rel}","templated":true}]}}